{"id":4463,"date":"2025-01-14T10:13:51","date_gmt":"2025-01-14T10:13:51","guid":{"rendered":"https:\/\/lasventastour.com\/pack-tablao-tour-las-ventas\/"},"modified":"2025-01-31T12:25:12","modified_gmt":"2025-01-31T12:25:12","slug":"pack-tablao-tour-las-ventas","status":"publish","type":"page","link":"https:\/\/lasventastour.com\/pt-pt\/pack-tablao-tour-las-ventas\/","title":{"rendered":"Pack tablao + tour las ventas"},"content":{"rendered":"<section class=\"l-section wpb_row height_auto color_primary with_img parallax_ver parallaxdir_reversed\"><div class=\"l-section-img\" role=\"img\" aria-label=\"Imagem\" data-img-width=\"1300\" data-img-height=\"729\" style=\"background-image: url(https:\/\/lasventastour.com\/wp-content\/uploads\/2025\/01\/Show-flamenco-Madrid.webp);\"><\/div><div class=\"l-section-h i-cf\"><div class=\"g-cols vc_row via_grid cols_1 laptops-cols_inherit tablets-cols_inherit mobiles-cols_1 valign_middle type_default stacking_default\" style=\"--columns-gap:0rem;\"><div class=\"wpb_column vc_column_container\"><div class=\"vc_column-inner\"><div class=\"w-separator size_medium\"><\/div><h1 class=\"w-text us_custom_51aa7753 us_animate_this\"><span class=\"w-text-h\"><span class=\"w-text-value\">Flamenco Tablao<\/span><\/span><\/h1><div class=\"w-separator size_small\"><\/div><div class=\"w-text us_custom_444d1fbc us_animate_this\"><span class=\"w-text-h\"><span class=\"w-text-value\">Flamenco Tablao + Tour da Pra\u00e7a de Touros + Museu + \u00c1udio Guia<\/span><\/span><\/div><div class=\"w-separator size_medium\"><\/div><div class=\"w-btn-wrapper align_none\"><a class=\"w-btn us-btn-style_1\" target=\"_blank\" rel=\"nofollow\" href=\"https:\/\/tickets.lasventastour.com\/es\/426-web-individual\/2116-las-ventas-tour-experience-visita-con-audioguia\"><span class=\"w-btn-label\">Compra bilhetes<\/span><\/a><\/div><div class=\"w-separator size_large\"><\/div><\/div><\/div><\/div><\/div><\/section><section class=\"l-section wpb_row height_medium\"><div class=\"l-section-h i-cf\"><div class=\"g-cols vc_row via_grid cols_1 laptops-cols_inherit tablets-cols_inherit mobiles-cols_1 valign_top type_default stacking_default\"><div class=\"wpb_column vc_column_container\"><div class=\"vc_column-inner\"><div class=\"wpb_text_column\"><div class=\"wpb_wrapper\"><h2 style=\"text-align: center;\">Inclu\u00eddo na embalagem<\/h2>\n<\/div><\/div><div class=\"w-separator size_large\"><\/div><div class=\"g-cols wpb_row via_grid cols_3 laptops-cols_inherit tablets-cols_inherit mobiles-cols_1 valign_top type_default stacking_default\" style=\"--columns-gap:3rem;\"><div class=\"wpb_column vc_column_container\"><div class=\"vc_column-inner\"><div class=\"w-iconbox iconpos_left style_outlined color_primary align_left\"><div class=\"w-iconbox-icon\" style=\"font-size:2rem;\"><i class=\"fad fa-volume-up\"><\/i><\/div><div class=\"w-iconbox-meta\"><h3 class=\"w-iconbox-title\">Guia \u00e1udio em 10 l\u00ednguas<\/h3><div class=\"w-iconbox-text\"><p>Conhece a hist\u00f3ria e as curiosidades da pra\u00e7a de touros de uma forma simples e divertida, ao teu ritmo.<\/p>\n<\/div><\/div><\/div><\/div><\/div><div class=\"wpb_column vc_column_container\"><div class=\"vc_column-inner\"><div class=\"w-iconbox iconpos_left style_outlined color_primary align_left\"><div class=\"w-iconbox-icon\" style=\"font-size:2rem;\"><i class=\"fad fa-ticket\"><\/i><\/div><div class=\"w-iconbox-meta\"><h3 class=\"w-iconbox-title\">Pra\u00e7a de Touros<\/h3><div class=\"w-iconbox-text\"><p>Visita audioguiada \u00e0 pra\u00e7a de touros de Madrid e ao seu museu taurom\u00e1quico, onde descobrir\u00e1 todos os seus segredos.<\/p>\n<\/div><\/div><\/div><\/div><\/div><div class=\"wpb_column vc_column_container\"><div class=\"vc_column-inner\"><div class=\"w-iconbox iconpos_left style_outlined color_primary align_left\"><div class=\"w-iconbox-icon\" style=\"font-size:2rem;\"><i class=\"fad fa-ticket\"><\/i><\/div><div class=\"w-iconbox-meta\"><h3 class=\"w-iconbox-title\">Flamenco Tablao<\/h3><div class=\"w-iconbox-text\"><p>Bilhete para assistir a um espet\u00e1culo de flamenco no famoso tablao flamenco de la Villa, um dos melhores de Espanha.<\/p>\n<\/div><\/div><\/div><\/div><\/div><\/div><div class=\"w-separator size_small with_line width_default thick_1 style_solid color_border align_center\"><div class=\"w-separator-h\"><\/div><\/div><\/div><\/div><\/div><\/div><\/section><section class=\"l-section wpb_row height_small\"><div class=\"l-section-h i-cf\"><div class=\"g-cols vc_row via_grid cols_1 laptops-cols_inherit tablets-cols_inherit mobiles-cols_1 valign_top type_default stacking_default\"><div class=\"wpb_column vc_column_container\"><div class=\"vc_column-inner\"><div class=\"wpb_text_column us_custom_2e9da019\"><div class=\"wpb_wrapper\"><h2 style=\"text-align: center;\">Tour da Pra\u00e7a de Touros<\/h2>\n<\/div><\/div><div class=\"w-separator size_huge\"><\/div><div class=\"g-cols wpb_row via_grid cols_2 laptops-cols_inherit tablets-cols_inherit mobiles-cols_1 valign_middle type_default reversed stacking_default\" style=\"--columns-gap:4vw;\"><div class=\"wpb_column vc_column_container\"><div class=\"vc_column-inner\"><div class=\"w-video us_custom_96ecd230 align_none ratio_initial with_overlay has_iframe\" style=\"background-image:url(https:\/\/lasventastour.com\/wp-content\/uploads\/2023\/11\/juego-toreo-virtual.webp);\" onclick=\"return {&quot;player_id&quot;:&quot;youtube-r1a0&quot;,&quot;player_api&quot;:&quot;\\\/\\\/www.youtube.com\\\/player_api&quot;,&quot;player_html&quot;:&quot;&lt;div id=\\&quot;youtube-r1a0\\&quot;&gt;&lt;\\\/div&gt;&lt;script&gt;\\r\\n\\t\\t\\twindow.USYTPlayers = ( window.USYTPlayers || { initYTFunctions: [], optionsYT: [], USYTInited: false } );\\r\\n\\t\\t\\twindow.USYTPlayers.optionsYT.push( {\\r\\n\\t\\t\\t\\tplayerID: \\&quot;youtube-r1a0\\&quot;,\\r\\n\\t\\t\\t\\tvideoID: \\&quot;sucbjmJRf0U\\&quot;,\\r\\n\\t\\t\\t\\tplayerVars: {\\&quot;autoplay\\&quot;:1,\\&quot;controls\\&quot;:1,\\&quot;origin\\&quot;:\\&quot;https:\\\\\\\/\\\\\\\/lasventastour.com\\\\\\\/pt-pt\\\\\\\/\\&quot;,\\&quot;loop\\&quot;:0,\\&quot;mute\\&quot;:0,\\&quot;playlist\\&quot;:\\&quot;sucbjmJRf0U\\&quot;}\\r\\n\\t\\t\\t} );\\r\\n\\t\\t\\tif ( window.USYTPlayers.USYTInited === false ) {\\r\\n\\t\\t\\t\\t\\\/\\\/ Trying to override other possible WP YT API calls if our element is used\\r\\n\\t\\t\\t\\twindow.USYTPlayers.USYTInited = true;\\r\\n\\r\\n\\t\\t\\t\\twindow.onYouTubePlayerAPIReady = function() {\\r\\n\\t\\t\\t\\t\\tfor ( var i in window.USYTPlayers.optionsYT ) {\\r\\n\\t\\t\\t\\t\\t\\tvar _playerParams = window.USYTPlayers.optionsYT[ i ];\\r\\n\\t\\t\\t\\t\\t\\t$us.YTPlayers[ _playerParams.playerID ] = new YT.Player( _playerParams.playerID, {\\r\\n\\t\\t\\t\\t\\t\\t\\tvideoId: _playerParams.videoID,\\r\\n\\t\\t\\t\\t\\t\\t\\tplayerVars: _playerParams.playerVars\\r\\n\\t\\t\\t\\t\\t\\t} );\\r\\n\\t\\t\\t\\t\\t}\\r\\n\\t\\t\\t\\t}\\r\\n\\t\\t\\t}\\r\\n\\t\\t\\tif ( !!window.YT ) {\\r\\n\\t\\t\\t\\t$us.YTPlayers[\\&quot;youtube-r1a0\\&quot;] = new YT.Player( \\&quot;youtube-r1a0\\&quot;, {\\r\\n\\t\\t\\t\\t\\tvideoId: \\&quot;sucbjmJRf0U\\&quot;,\\r\\n\\t\\t\\t\\t\\tplayerVars: {\\&quot;autoplay\\&quot;:1,\\&quot;controls\\&quot;:1,\\&quot;origin\\&quot;:\\&quot;https:\\\\\\\/\\\\\\\/lasventastour.com\\\\\\\/pt-pt\\\\\\\/\\&quot;,\\&quot;loop\\&quot;:0,\\&quot;mute\\&quot;:0,\\&quot;playlist\\&quot;:\\&quot;sucbjmJRf0U\\&quot;}\\r\\n\\t\\t\\t\\t} );\\r\\n\\t\\t\\t}\\r\\n\\t\\t&lt;\\\/script&gt;&quot;}\"><button class=\"w-video-play\" type=\"button\" aria-label=\"Reproduzir\"><span class=\"w-video-play-icon\" style=\"font-size:1.5rem;background:var(--color-header-middle-text-hover);color:#ffffff\"><\/span><\/button><div class=\"w-video-h\"><\/div><\/div><\/div><\/div><div class=\"wpb_column vc_column_container\"><div class=\"vc_column-inner\"><div class=\"wpb_text_column us_custom_d98eb4eb\"><div class=\"wpb_wrapper\"><h3>1. jogo de realidade virtual<\/h3>\n<p>Queres tornar-te um toureiro por alguns minutos? Entre na nossa mini pra\u00e7a de touros, coloque os seus \u00f3culos e enfrente um touro virtual de 600 kg, na pra\u00e7a de touros de Las Ventas. O nosso pessoal ensinar-lhe-\u00e1 a tourear com arte para que possa sair da arena pela porta principal. Ganha quem fizer mais pontos!<\/p>\n<\/div><\/div><\/div><\/div><\/div><div class=\"w-separator size_large\"><\/div><div class=\"g-cols wpb_row via_grid cols_2 laptops-cols_inherit tablets-cols_inherit mobiles-cols_1 valign_middle type_default stacking_default\" style=\"--columns-gap:4vw;\"><div class=\"wpb_column vc_column_container\"><div class=\"vc_column-inner\"><div class=\"wpb_text_column\"><div class=\"wpb_wrapper\"><h3>2. sala imersiva<\/h3>\n<p>Nesta sala poder\u00e1 conhecer o mundo das touradas de uma forma divertida e l\u00fadica. A sala disp\u00f5e de ecr\u00e3s onde poder\u00e1 ver v\u00eddeos muito interessantes sobre a hist\u00f3ria da pra\u00e7a de touros, os toureiros mais famosos que lutaram em Las Ventas, bem como fotografias e arte taurom\u00e1quica. Entre e respire a paix\u00e3o taurom\u00e1quica!<\/p>\n<\/div><\/div><\/div><\/div><div class=\"wpb_column vc_column_container\"><div class=\"vc_column-inner\"><div class=\"w-image has_ratio align_none\"><div class=\"w-image-h\"><div style=\"padding-bottom:75%\"><\/div><img decoding=\"async\" width=\"750\" height=\"500\" src=\"https:\/\/lasventastour.com\/wp-content\/uploads\/2023\/11\/sala-antonete-las-ventas-1.webp\" class=\"attachment-large size-large\" alt=\"sala de vendas envolvente\" loading=\"lazy\" \/><\/div><\/div><\/div><\/div><\/div><div class=\"w-separator size_large\"><\/div><div class=\"g-cols wpb_row via_grid cols_2 laptops-cols_inherit tablets-cols_inherit mobiles-cols_1 valign_middle type_default reversed stacking_default\" style=\"--columns-gap:4vw;\"><div class=\"wpb_column vc_column_container\"><div class=\"vc_column-inner\"><div class=\"w-image has_ratio align_none\"><div class=\"w-image-h\"><div style=\"padding-bottom:75%\"><\/div><img decoding=\"async\" width=\"750\" height=\"500\" src=\"https:\/\/lasventastour.com\/wp-content\/uploads\/2023\/11\/sala-inmersiva-las-ventas.webp\" class=\"attachment-large size-large\" alt=\"\u00d3culos de visita virtual\" loading=\"lazy\" \/><\/div><\/div><\/div><\/div><div class=\"wpb_column vc_column_container\"><div class=\"vc_column-inner\"><div class=\"wpb_text_column\"><div class=\"wpb_wrapper\"><h3>3. Experi\u00eancias virtuais<\/h3>\n<p>Ainda queres mais? Dentro da sala de imers\u00e3o pode utilizar os nossos \u00f3culos de realidade virtual. Poder\u00e1 ver, em 360\u00ba, eventos taurom\u00e1quicos t\u00e3o interessantes como as touradas de San Fermines, como se estivesse l\u00e1 a correr \u00e0 frente dos touros! Poder\u00e1 tamb\u00e9m sobrevoar a Pra\u00e7a de Touros de Las Ventas, ver como s\u00e3o criados os touros nas ganadarias, e muito mais&#8230; Uma verdadeira experi\u00eancia!<\/p>\n<\/div><\/div><\/div><\/div><\/div><\/div><\/div><\/div><\/div><\/section><section class=\"l-section wpb_row height_medium\"><div class=\"l-section-h i-cf\"><div class=\"g-cols vc_row via_grid cols_1 laptops-cols_inherit tablets-cols_inherit mobiles-cols_1 valign_middle type_default stacking_default\"><div class=\"wpb_column vc_column_container\"><div class=\"vc_column-inner\"><div class=\"wpb_text_column\"><div class=\"wpb_wrapper\"><h2 style=\"text-align: center;\">Tudo o que vais ver<\/h2>\n<\/div><\/div><div class=\"w-separator size_medium\"><\/div><div class=\"g-cols wpb_row via_grid cols_2 laptops-cols_inherit tablets-cols_inherit mobiles-cols_1 valign_top type_default reversed stacking_default\" style=\"--columns-gap:3rem;\"><div class=\"wpb_column vc_column_container\"><div class=\"vc_column-inner\"><div class=\"wpb_text_column\"><div class=\"wpb_wrapper\"><ul>\n<li><strong>PUERTA GRANDE:<\/strong> O lugar onde os toureiros sonham em ser carregados nos ombros dos melhores f\u00e3s do mundo.<\/li>\n<li><strong>O TERRA\u00c7O<\/strong>: Descobrir\u00e1s os detalhes arquitect\u00f3nicos da pra\u00e7a.<\/li>\n<li><strong>TORO BRAVO:<\/strong> O rei da festa, \u00e9 criado em condi\u00e7\u00f5es excepcionais, no meio da natureza.<\/li>\n<li><strong>TENDIDOS Y PALCO:<\/strong> Uma visita panor\u00e2mica dos tendidos para compreenderes o desenvolvimento de uma tourada.<\/li>\n<li><strong>PUERTA DE ARRASTRE:<\/strong> La puerta que cuza el toro tras su heroica muerte entre los aplausos del p\u00fablico.<br \/>\n<strong>RUEDO:<\/strong> Donde lo importante ocurre, el lugar que enfrenta al toro y al torero.<\/li>\n<li><strong>PORT\u00c3O DE TORILHAS:<\/strong> Da escurid\u00e3o de um espa\u00e7o estreito, o touro sai para enfrentar o seu destino.<\/li>\n<li><strong>PORT\u00c3O DAS QUADRILHAS E DO PASE\u00cdLLO:<\/strong> Neste port\u00e3o os toureiros esperam o pase\u00edllo entre nervos e medos, um lugar onde a emo\u00e7\u00e3o est\u00e1 no auge.<\/li>\n<li><strong>O<\/strong> lugar que nenhum toureiro quer visitar, mas que todos acabam por visitar.<\/li>\n<li><strong>CAPELA:<\/strong> Local de culto religioso para a intimidade dos toureiros.<\/li>\n<li><strong>MUSEU DE TORTURA DE MADRID<\/strong>: A sua estrutura foi concebida para destacar os touros e os toureiros.<\/li>\n<\/ul>\n<p>*O itiner\u00e1rio pode ser alterado devido a trabalhos de manuten\u00e7\u00e3o ou outros obst\u00e1culos.<\/p>\n<\/div><\/div><\/div><\/div><div class=\"wpb_column vc_column_container\"><div class=\"vc_column-inner\"><div class=\"w-image align_none\"><div class=\"w-image-h\"><img decoding=\"async\" width=\"922\" height=\"1024\" src=\"https:\/\/lasventastour.com\/wp-content\/uploads\/2024\/08\/Recorrido-tour-plaza-toros-madrid.webp\" class=\"attachment-large size-large\" alt=\"O que ver na pra\u00e7a de touros de Madrid\" loading=\"lazy\" srcset=\"https:\/\/lasventastour.com\/wp-content\/uploads\/2024\/08\/Recorrido-tour-plaza-toros-madrid.webp 922w, https:\/\/lasventastour.com\/wp-content\/uploads\/2024\/08\/Recorrido-tour-plaza-toros-madrid-600x666.webp 600w, https:\/\/lasventastour.com\/wp-content\/uploads\/2024\/08\/Recorrido-tour-plaza-toros-madrid-270x300.webp 270w\" sizes=\"auto, (max-width: 922px) 100vw, 922px\" \/><\/div><\/div><\/div><\/div><\/div><\/div><\/div><\/div><\/div><\/section><section class=\"l-section wpb_row height_medium\"><div class=\"l-section-h i-cf\"><div class=\"g-cols vc_row via_grid cols_1 laptops-cols_inherit tablets-cols_inherit mobiles-cols_1 valign_top type_default stacking_default\"><div class=\"wpb_column vc_column_container\"><div class=\"vc_column-inner\"><div class=\"wpb_text_column\"><div class=\"wpb_wrapper\"><h2 style=\"text-align: center;\">Flamenco Tablao<\/h2>\n<\/div><\/div><div class=\"w-separator size_large\"><\/div><div class=\"w-tabs layout_ver navwidth_auto navpos_left style_trendy switch_click\" style=\"--sections-title-size:1.6em\" data-accordion-at-width=\"1024\"><div class=\"w-tabs-list items_2 align_none\" style=\"font-family:var(--h1-font-family);font-weight:700;line-height:1.7;\"><div class=\"w-tabs-list-h\"><button class=\"w-tabs-item active defined-active\" aria-controls=\"content-qef2\" aria-expanded=\"true\"><span class=\"w-tabs-item-title\">Show<\/span><\/button><button class=\"w-tabs-item\" aria-controls=\"content-b713\" aria-expanded=\"false\"><span class=\"w-tabs-item-title\">Local<\/span><\/button><\/div><\/div><div class=\"w-tabs-sections titles-align_none icon_chevron cpos_right\"><div class=\"w-tabs-section active\" id=\"qef2\"><button class=\"w-tabs-section-header active\" aria-controls=\"content-qef2\" aria-expanded=\"true\"><h4 class=\"w-tabs-section-title\">Show<\/h4><div class=\"w-tabs-section-control\"><\/div><\/button><div  class=\"w-tabs-section-content\" id=\"content-qef2\"><div class=\"w-tabs-section-content-h i-cf\"><div class=\"g-cols wpb_row via_grid cols_2 laptops-cols_inherit tablets-cols_inherit mobiles-cols_1 valign_top type_default stacking_default\" style=\"--columns-gap:3rem;\"><div class=\"wpb_column vc_column_container\"><div class=\"vc_column-inner\"><div class=\"w-image align_none\"><div class=\"w-image-h\"><img decoding=\"async\" width=\"600\" height=\"400\" src=\"https:\/\/lasventastour.com\/wp-content\/uploads\/2025\/01\/Diseno-sin-titulo-2.jpg\" class=\"attachment-large size-large\" alt=\"\" loading=\"lazy\" srcset=\"https:\/\/lasventastour.com\/wp-content\/uploads\/2025\/01\/Diseno-sin-titulo-2.jpg 600w, https:\/\/lasventastour.com\/wp-content\/uploads\/2025\/01\/Diseno-sin-titulo-2-300x200.jpg 300w\" sizes=\"auto, (max-width: 600px) 100vw, 600px\" \/><\/div><\/div><\/div><\/div><div class=\"wpb_column vc_column_container\"><div class=\"vc_column-inner\"><div class=\"wpb_text_column\"><div class=\"wpb_wrapper\"><div class=\"flex-shrink-0 flex flex-col relative items-end\">\n<div>\n<div class=\"pt-0\">\n<div class=\"gizmo-bot-avatar flex h-8 w-8 items-center justify-center overflow-hidden rounded-full\">\n<div class=\"relative p-1 rounded-sm flex items-center justify-center bg-token-main-surface-primary text-token-text-primary h-8 w-8\"><\/div>\n<\/div>\n<\/div>\n<\/div>\n<\/div>\n<div class=\"group\/conversation-turn relative flex w-full min-w-0 flex-col agent-turn\">\n<div class=\"flex-col gap-1 md:gap-3\">\n<div class=\"flex max-w-full flex-col flex-grow\">\n<div class=\"min-h-8 text-message flex w-full flex-col items-end gap-2 whitespace-normal break-words text-start &#091;.text-message+&amp;&#093;:mt-5\" dir=\"auto\" data-message-author-role=\"assistant\" data-message-id=\"857497a8-49c5-4f46-b508-a43a61f93b4e\" data-message-model-slug=\"gpt-4o\">\n<div class=\"flex w-full flex-col gap-1 empty:hidden first:pt-&#091;3px&#093;\">\n<div class=\"markdown prose w-full break-words dark:prose-invert light\">\n<p><strong>Descubra a ess\u00eancia do flamenco mais aut\u00eantico, longe de clich\u00e9s e artif\u00edcios.<\/strong> No <em>El Tablao de la Villa <\/em>oferecemos espect\u00e1culos que captam a pureza desta forma de arte, tal como \u00e9 vivida nas ruas de Espanha. Sob a c\u00e1lida luz das velas, cada nota de guitarra, cada \u201cquej\u00edo\u201d e cada \u201czapateo\u201d ressoa com a paix\u00e3o e o sentimento que o tornam \u00fanico. Temos in\u00fameros espect\u00e1culos que mudam de tempos a tempos, com diferentes bailarinos, m\u00fasicos e cantores que trazem o seu pr\u00f3prio estilo \u00fanico. Aqui n\u00e3o encontrar\u00e1 um espet\u00e1culo adaptado para turistas, mas uma experi\u00eancia real, \u00edntima e cheia de alma. O Flamenco na sua forma mais pura, como deve ser vivido. <\/p>\n<\/div>\n<\/div>\n<\/div>\n<\/div>\n<\/div>\n<\/div>\n<\/div><\/div><\/div><\/div><\/div><\/div><\/div><\/div><div class=\"w-tabs-section\" id=\"b713\"><button class=\"w-tabs-section-header\" aria-controls=\"content-b713\" aria-expanded=\"false\"><h4 class=\"w-tabs-section-title\">Local<\/h4><div class=\"w-tabs-section-control\"><\/div><\/button><div  class=\"w-tabs-section-content\" id=\"content-b713\"><div class=\"w-tabs-section-content-h i-cf\"><div class=\"g-cols wpb_row via_grid cols_2 laptops-cols_inherit tablets-cols_inherit mobiles-cols_1 valign_top type_default stacking_default\" style=\"--columns-gap:3rem;\"><div class=\"wpb_column vc_column_container\"><div class=\"vc_column-inner\"><div class=\"w-image has_ratio align_none\"><div class=\"w-image-h\"><div style=\"padding-bottom:66.6667%\"><\/div><img decoding=\"async\" width=\"600\" height=\"401\" src=\"https:\/\/lasventastour.com\/wp-content\/uploads\/2025\/01\/Tablao-flamenco-la-villa.webp\" class=\"attachment-large size-large\" alt=\"\" loading=\"lazy\" \/><\/div><\/div><\/div><\/div><div class=\"wpb_column vc_column_container\"><div class=\"vc_column-inner\"><div class=\"wpb_text_column\"><div class=\"wpb_wrapper\"><p>El Tablao de la Villa ofrece un flamenco puro y aut\u00e9ntico, en una casa-palacio del siglo XIX situada en el centro hist\u00f3rico de Madrid.<\/p>\n<p>Este es un lugar de encuentro para aficionados y artistas, donde se abre paso el arte flamenco tradicional en el que aparecen el baile que sabe pararse, y la guitarra y el cante que conocen los silencios.<\/p>\n<p>La luz tenue, la cercan\u00eda a los artistas, la excelente visibilidad y una ac\u00fastica \u00fanica completan el ambiente m\u00e1gico de esta taberna flamenca y garantizan una experiencia inolvidable de pasi\u00f3n y hondura flamencas.<\/p>\n<\/div><\/div><\/div><\/div><\/div><\/div><\/div><\/div><\/div><\/div><div class=\"w-separator size_medium\"><\/div><div class=\"wpb_text_column\"><div class=\"wpb_wrapper\"><p style=\"text-align: left;\">*Possibilidade de jantar no local. N\u00e3o inclu\u00eddo no pacote. <\/p>\n<\/div><\/div><\/div><\/div><\/div><\/div><\/section><section class=\"l-section wpb_row height_medium\"><div class=\"l-section-h i-cf\"><div class=\"g-cols vc_row via_grid cols_1 laptops-cols_inherit tablets-cols_inherit mobiles-cols_1 valign_top type_default stacking_default\"><div class=\"wpb_column vc_column_container\"><div class=\"vc_column-inner\"><div class=\"w-grid us_carousel type_carousel layout_gallery_default preload_style_spinner items_4\" id=\"us_grid_1\" style=\"--items:4;--gap:1.5rem;\"><style>.layout_gallery_default .w-grid-item-h{}<\/style><div class=\"w-grid-list owl-carousel valign_stretch dotstyle_circle navstyle_circle arrows-ver-pos_middle arrows-hor-pos_on_sides_outside arrows-disabled_hide owl-responsive-2000\" style=\"--transition-duration:350ms;\">\t<article class=\"w-grid-item post-4415 attachment type-attachment status-inherit hentry\" data-id=\"4415\">\r\n\t\t<div class=\"w-grid-item-h\">\r\n\t\t\t\t\t\t<div class=\"w-post-elm post_image usg_post_image_1 stretched\"><img loading=\"lazy\" decoding=\"async\" width=\"600\" height=\"400\" src=\"https:\/\/lasventastour.com\/wp-content\/uploads\/2025\/01\/Tablao-flamenco-cena-Toroshopping.jpg\" class=\"attachment-large size-large\" alt=\"\" srcset=\"https:\/\/lasventastour.com\/wp-content\/uploads\/2025\/01\/Tablao-flamenco-cena-Toroshopping.jpg 600w, https:\/\/lasventastour.com\/wp-content\/uploads\/2025\/01\/Tablao-flamenco-cena-Toroshopping-300x200.jpg 300w\" sizes=\"auto, (max-width: 600px) 100vw, 600px\" \/><\/div>\t\t<\/div>\r\n\t\t\t<\/article>\r\n\t<article class=\"w-grid-item post-4407 attachment type-attachment status-inherit hentry\" data-id=\"4407\">\r\n\t\t<div class=\"w-grid-item-h\">\r\n\t\t\t\t\t\t<div class=\"w-post-elm post_image usg_post_image_1 stretched\"><img loading=\"lazy\" decoding=\"async\" width=\"600\" height=\"400\" src=\"https:\/\/lasventastour.com\/wp-content\/uploads\/2025\/01\/Tablao-flamenco-Toroshopping-2.jpg\" class=\"attachment-large size-large\" alt=\"\" srcset=\"https:\/\/lasventastour.com\/wp-content\/uploads\/2025\/01\/Tablao-flamenco-Toroshopping-2.jpg 600w, https:\/\/lasventastour.com\/wp-content\/uploads\/2025\/01\/Tablao-flamenco-Toroshopping-2-300x200.jpg 300w\" sizes=\"auto, (max-width: 600px) 100vw, 600px\" \/><\/div>\t\t<\/div>\r\n\t\t\t<\/article>\r\n\t<article class=\"w-grid-item post-4399 attachment type-attachment status-inherit hentry\" data-id=\"4399\">\r\n\t\t<div class=\"w-grid-item-h\">\r\n\t\t\t\t\t\t<div class=\"w-post-elm post_image usg_post_image_1 stretched\"><img loading=\"lazy\" decoding=\"async\" width=\"600\" height=\"400\" src=\"https:\/\/lasventastour.com\/wp-content\/uploads\/2025\/01\/Tablao-flamenco-baile-Toroshopping.jpg\" class=\"attachment-large size-large\" alt=\"\" srcset=\"https:\/\/lasventastour.com\/wp-content\/uploads\/2025\/01\/Tablao-flamenco-baile-Toroshopping.jpg 600w, https:\/\/lasventastour.com\/wp-content\/uploads\/2025\/01\/Tablao-flamenco-baile-Toroshopping-300x200.jpg 300w\" sizes=\"auto, (max-width: 600px) 100vw, 600px\" \/><\/div>\t\t<\/div>\r\n\t\t\t<\/article>\r\n\t<article class=\"w-grid-item post-4391 attachment type-attachment status-inherit hentry\" data-id=\"4391\">\r\n\t\t<div class=\"w-grid-item-h\">\r\n\t\t\t\t\t\t<div class=\"w-post-elm post_image usg_post_image_1 stretched\"><img loading=\"lazy\" decoding=\"async\" width=\"600\" height=\"400\" src=\"https:\/\/lasventastour.com\/wp-content\/uploads\/2025\/01\/Tablao-Toroshopping.jpg\" class=\"attachment-large size-large\" alt=\"\" srcset=\"https:\/\/lasventastour.com\/wp-content\/uploads\/2025\/01\/Tablao-Toroshopping.jpg 600w, https:\/\/lasventastour.com\/wp-content\/uploads\/2025\/01\/Tablao-Toroshopping-300x200.jpg 300w\" sizes=\"auto, (max-width: 600px) 100vw, 600px\" \/><\/div>\t\t<\/div>\r\n\t\t\t<\/article>\r\n<\/div><div class=\"w-grid-carousel-json hidden\" onclick='return {&quot;carousel_settings&quot;:{&quot;aria_labels&quot;:{&quot;prev&quot;:&quot;Anterior&quot;,&quot;next&quot;:&quot;Seguinte&quot;},&quot;autoplayContinual&quot;:true,&quot;autoplayContinualCss&quot;:false,&quot;autoplayHoverPause&quot;:false,&quot;autoplayTimeout&quot;:3000,&quot;autoWidth&quot;:false,&quot;smartSpeed&quot;:350,&quot;margin&quot;:0,&quot;mouseDrag&quot;:true,&quot;rtl&quot;:false,&quot;slideBy&quot;:&quot;1&quot;,&quot;touchDrag&quot;:true,&quot;slideTransition&quot;:&quot;&quot;,&quot;responsive&quot;:{&quot;0&quot;:{&quot;autoHeight&quot;:false,&quot;autoplay&quot;:false,&quot;autoplayContinualCss&quot;:false,&quot;autoWidth&quot;:false,&quot;center&quot;:false,&quot;dots&quot;:false,&quot;items&quot;:1,&quot;loop&quot;:false,&quot;nav&quot;:false,&quot;stagePadding&quot;:0,&quot;slideBy&quot;:&quot;1&quot;,&quot;touchDrag&quot;:true,&quot;mouseDrag&quot;:true},&quot;601&quot;:{&quot;items&quot;:4,&quot;autoplay&quot;:true,&quot;autoplayContinualCss&quot;:false,&quot;center&quot;:false,&quot;dots&quot;:false,&quot;nav&quot;:false,&quot;autoHeight&quot;:false,&quot;autoWidth&quot;:false,&quot;loop&quot;:false,&quot;stagePadding&quot;:0}}}}'><\/div><\/div><\/div><\/div><\/div><\/div><\/section><section class=\"l-section wpb_row height_medium\"><div class=\"l-section-h i-cf\"><div class=\"g-cols vc_row via_grid cols_1 laptops-cols_inherit tablets-cols_inherit mobiles-cols_1 valign_top type_default stacking_default\"><div class=\"wpb_column vc_column_container\"><div class=\"vc_column-inner\"><div class=\"wpb_text_column\"><div class=\"wpb_wrapper\"><h2>Informa\u00e7\u00f5es gerais<\/h2>\n<div class=\"wpb_text_column\">\n<div class=\"wpb_wrapper\">\n<ul>\n<li>As visitas \u00e0 pra\u00e7a de touros de Las Ventas s\u00e3o feitas com um guia \u00e1udio cujo aluguer est\u00e1 inclu\u00eddo no pre\u00e7o do bilhete.<\/li>\n<li><strong>Dispon\u00edvel em 10 idiomas:<\/strong> espanhol, ingl\u00eas, franc\u00eas, italiano, portugu\u00eas, chin\u00eas, russo, alem\u00e3o, japon\u00eas e coreano.<\/li>\n<li>No final da visita, deves devolver o \u00e1udio-guia no Museu Taurino.<\/li>\n<li>As visitas podem ser efectuadas em qualquer altura, desde a abertura at\u00e9 ao encerramento da bilheteira.<span> <\/span><\/li>\n<li>En caso de eventos especiales, ferias, etc. las visitas se realizar\u00e1n en grupo y de forma guiada. Se avisar\u00e1 de forma previa en la taquilla. <\/li>\n<\/ul>\n<\/div>\n<\/div>\n<\/div><\/div><\/div><\/div><\/div><\/div><\/section>\n","protected":false},"excerpt":{"rendered":"","protected":false},"author":1,"featured_media":0,"parent":0,"menu_order":0,"comment_status":"closed","ping_status":"closed","template":"","meta":{"footnotes":""},"class_list":["post-4463","page","type-page","status-publish","hentry"],"yoast_head":"<!-- This site is optimized with the Yoast SEO plugin v27.5 - https:\/\/yoast.com\/product\/yoast-seo-wordpress\/ -->\n<title>Tablao Flamenco Pack tablao + Tour las Ventas<\/title>\n<meta name=\"description\" content=\"Experimente a aut\u00eantica ess\u00eancia de Espanha com o nosso Pacote Especial: Tour Tourada + Espet\u00e1culo num dos melhores tablaos de flamenco de Madrid.\" \/>\n<meta name=\"robots\" content=\"index, follow, max-snippet:-1, max-image-preview:large, max-video-preview:-1\" \/>\n<link rel=\"canonical\" href=\"https:\/\/lasventastour.com\/pt-pt\/pack-tablao-tour-las-ventas\/\" \/>\n<meta property=\"og:locale\" content=\"pt_PT\" \/>\n<meta property=\"og:type\" content=\"article\" \/>\n<meta property=\"og:title\" content=\"Tablao Flamenco Pack tablao + Tour las Ventas\" \/>\n<meta property=\"og:description\" content=\"Experimente a aut\u00eantica ess\u00eancia de Espanha com o nosso Pacote Especial: Tour Tourada + Espet\u00e1culo num dos melhores tablaos de flamenco de Madrid.\" \/>\n<meta property=\"og:url\" content=\"https:\/\/lasventastour.com\/pt-pt\/pack-tablao-tour-las-ventas\/\" \/>\n<meta property=\"og:site_name\" content=\"Las Ventas Tour\" \/>\n<meta property=\"article:modified_time\" content=\"2025-01-31T12:25:12+00:00\" \/>\n<meta property=\"og:image\" content=\"https:\/\/lasventastour.com\/wp-content\/uploads\/2023\/12\/paseillo-en-las-ventas.webp\" \/>\n\t<meta property=\"og:image:width\" content=\"511\" \/>\n\t<meta property=\"og:image:height\" content=\"280\" \/>\n\t<meta property=\"og:image:type\" content=\"image\/webp\" \/>\n<meta name=\"twitter:card\" content=\"summary_large_image\" \/>\n<meta name=\"twitter:label1\" content=\"Tempo estimado de leitura\" \/>\n\t<meta name=\"twitter:data1\" content=\"8 minutos\" \/>\n<script type=\"application\/ld+json\" class=\"yoast-schema-graph\">{\"@context\":\"https:\\\/\\\/schema.org\",\"@graph\":[{\"@type\":\"WebPage\",\"@id\":\"https:\\\/\\\/lasventastour.com\\\/pt-pt\\\/pack-tablao-tour-las-ventas\\\/\",\"url\":\"https:\\\/\\\/lasventastour.com\\\/pt-pt\\\/pack-tablao-tour-las-ventas\\\/\",\"name\":\"Tablao Flamenco Pack tablao + Tour las Ventas\",\"isPartOf\":{\"@id\":\"https:\\\/\\\/lasventastour.com\\\/pt-pt\\\/#website\"},\"datePublished\":\"2025-01-14T10:13:51+00:00\",\"dateModified\":\"2025-01-31T12:25:12+00:00\",\"description\":\"Experimente a aut\u00eantica ess\u00eancia de Espanha com o nosso Pacote Especial: Tour Tourada + Espet\u00e1culo num dos melhores tablaos de flamenco de Madrid.\",\"breadcrumb\":{\"@id\":\"https:\\\/\\\/lasventastour.com\\\/pt-pt\\\/pack-tablao-tour-las-ventas\\\/#breadcrumb\"},\"inLanguage\":\"pt-PT\",\"potentialAction\":[{\"@type\":\"ReadAction\",\"target\":[\"https:\\\/\\\/lasventastour.com\\\/pt-pt\\\/pack-tablao-tour-las-ventas\\\/\"]}]},{\"@type\":\"BreadcrumbList\",\"@id\":\"https:\\\/\\\/lasventastour.com\\\/pt-pt\\\/pack-tablao-tour-las-ventas\\\/#breadcrumb\",\"itemListElement\":[{\"@type\":\"ListItem\",\"position\":1,\"name\":\"Portada\",\"item\":\"https:\\\/\\\/lasventastour.com\\\/pt-pt\\\/\"},{\"@type\":\"ListItem\",\"position\":2,\"name\":\"Pack tablao + tour las ventas\"}]},{\"@type\":\"WebSite\",\"@id\":\"https:\\\/\\\/lasventastour.com\\\/pt-pt\\\/#website\",\"url\":\"https:\\\/\\\/lasventastour.com\\\/pt-pt\\\/\",\"name\":\"Las Ventas Tour\",\"description\":\"Tour Las Ventas | Plaza de Toros de Madrid | Web Oficial\",\"publisher\":{\"@id\":\"https:\\\/\\\/lasventastour.com\\\/pt-pt\\\/#organization\"},\"alternateName\":\"Las Ventas Tour\",\"potentialAction\":[{\"@type\":\"SearchAction\",\"target\":{\"@type\":\"EntryPoint\",\"urlTemplate\":\"https:\\\/\\\/lasventastour.com\\\/pt-pt\\\/?s={search_term_string}\"},\"query-input\":{\"@type\":\"PropertyValueSpecification\",\"valueRequired\":true,\"valueName\":\"search_term_string\"}}],\"inLanguage\":\"pt-PT\"},{\"@type\":\"Organization\",\"@id\":\"https:\\\/\\\/lasventastour.com\\\/pt-pt\\\/#organization\",\"name\":\"Visita a Las Ventas\",\"alternateName\":\"Visita a Las Ventas\",\"url\":\"https:\\\/\\\/lasventastour.com\\\/pt-pt\\\/\",\"logo\":{\"@type\":\"ImageObject\",\"inLanguage\":\"pt-PT\",\"@id\":\"https:\\\/\\\/lasventastour.com\\\/pt-pt\\\/#\\\/schema\\\/logo\\\/image\\\/\",\"url\":\"https:\\\/\\\/lasventastour.com\\\/wp-content\\\/uploads\\\/2024\\\/09\\\/cropped-Logo-Las-Ventas-1.webp\",\"contentUrl\":\"https:\\\/\\\/lasventastour.com\\\/wp-content\\\/uploads\\\/2024\\\/09\\\/cropped-Logo-Las-Ventas-1.webp\",\"width\":512,\"height\":512,\"caption\":\"Visita a Las Ventas\"},\"image\":{\"@id\":\"https:\\\/\\\/lasventastour.com\\\/pt-pt\\\/#\\\/schema\\\/logo\\\/image\\\/\"},\"sameAs\":[\"https:\\\/\\\/www.instagram.com\\\/lasventastour\\\/\"]}]}<\/script>\n<!-- \/ Yoast SEO plugin. -->","yoast_head_json":{"title":"Tablao Flamenco Pack tablao + Tour las Ventas","description":"Experimente a aut\u00eantica ess\u00eancia de Espanha com o nosso Pacote Especial: Tour Tourada + Espet\u00e1culo num dos melhores tablaos de flamenco de Madrid.","robots":{"index":"index","follow":"follow","max-snippet":"max-snippet:-1","max-image-preview":"max-image-preview:large","max-video-preview":"max-video-preview:-1"},"canonical":"https:\/\/lasventastour.com\/pt-pt\/pack-tablao-tour-las-ventas\/","og_locale":"pt_PT","og_type":"article","og_title":"Tablao Flamenco Pack tablao + Tour las Ventas","og_description":"Experimente a aut\u00eantica ess\u00eancia de Espanha com o nosso Pacote Especial: Tour Tourada + Espet\u00e1culo num dos melhores tablaos de flamenco de Madrid.","og_url":"https:\/\/lasventastour.com\/pt-pt\/pack-tablao-tour-las-ventas\/","og_site_name":"Las Ventas Tour","article_modified_time":"2025-01-31T12:25:12+00:00","og_image":[{"width":511,"height":280,"url":"https:\/\/lasventastour.com\/wp-content\/uploads\/2023\/12\/paseillo-en-las-ventas.webp","type":"image\/webp"}],"twitter_card":"summary_large_image","twitter_misc":{"Tempo estimado de leitura":"8 minutos"},"schema":{"@context":"https:\/\/schema.org","@graph":[{"@type":"WebPage","@id":"https:\/\/lasventastour.com\/pt-pt\/pack-tablao-tour-las-ventas\/","url":"https:\/\/lasventastour.com\/pt-pt\/pack-tablao-tour-las-ventas\/","name":"Tablao Flamenco Pack tablao + Tour las Ventas","isPartOf":{"@id":"https:\/\/lasventastour.com\/pt-pt\/#website"},"datePublished":"2025-01-14T10:13:51+00:00","dateModified":"2025-01-31T12:25:12+00:00","description":"Experimente a aut\u00eantica ess\u00eancia de Espanha com o nosso Pacote Especial: Tour Tourada + Espet\u00e1culo num dos melhores tablaos de flamenco de Madrid.","breadcrumb":{"@id":"https:\/\/lasventastour.com\/pt-pt\/pack-tablao-tour-las-ventas\/#breadcrumb"},"inLanguage":"pt-PT","potentialAction":[{"@type":"ReadAction","target":["https:\/\/lasventastour.com\/pt-pt\/pack-tablao-tour-las-ventas\/"]}]},{"@type":"BreadcrumbList","@id":"https:\/\/lasventastour.com\/pt-pt\/pack-tablao-tour-las-ventas\/#breadcrumb","itemListElement":[{"@type":"ListItem","position":1,"name":"Portada","item":"https:\/\/lasventastour.com\/pt-pt\/"},{"@type":"ListItem","position":2,"name":"Pack tablao + tour las ventas"}]},{"@type":"WebSite","@id":"https:\/\/lasventastour.com\/pt-pt\/#website","url":"https:\/\/lasventastour.com\/pt-pt\/","name":"Las Ventas Tour","description":"Tour Las Ventas | Plaza de Toros de Madrid | Web Oficial","publisher":{"@id":"https:\/\/lasventastour.com\/pt-pt\/#organization"},"alternateName":"Las Ventas Tour","potentialAction":[{"@type":"SearchAction","target":{"@type":"EntryPoint","urlTemplate":"https:\/\/lasventastour.com\/pt-pt\/?s={search_term_string}"},"query-input":{"@type":"PropertyValueSpecification","valueRequired":true,"valueName":"search_term_string"}}],"inLanguage":"pt-PT"},{"@type":"Organization","@id":"https:\/\/lasventastour.com\/pt-pt\/#organization","name":"Visita a Las Ventas","alternateName":"Visita a Las Ventas","url":"https:\/\/lasventastour.com\/pt-pt\/","logo":{"@type":"ImageObject","inLanguage":"pt-PT","@id":"https:\/\/lasventastour.com\/pt-pt\/#\/schema\/logo\/image\/","url":"https:\/\/lasventastour.com\/wp-content\/uploads\/2024\/09\/cropped-Logo-Las-Ventas-1.webp","contentUrl":"https:\/\/lasventastour.com\/wp-content\/uploads\/2024\/09\/cropped-Logo-Las-Ventas-1.webp","width":512,"height":512,"caption":"Visita a Las Ventas"},"image":{"@id":"https:\/\/lasventastour.com\/pt-pt\/#\/schema\/logo\/image\/"},"sameAs":["https:\/\/www.instagram.com\/lasventastour\/"]}]}},"_links":{"self":[{"href":"https:\/\/lasventastour.com\/pt-pt\/wp-json\/wp\/v2\/pages\/4463","targetHints":{"allow":["GET"]}}],"collection":[{"href":"https:\/\/lasventastour.com\/pt-pt\/wp-json\/wp\/v2\/pages"}],"about":[{"href":"https:\/\/lasventastour.com\/pt-pt\/wp-json\/wp\/v2\/types\/page"}],"author":[{"embeddable":true,"href":"https:\/\/lasventastour.com\/pt-pt\/wp-json\/wp\/v2\/users\/1"}],"replies":[{"embeddable":true,"href":"https:\/\/lasventastour.com\/pt-pt\/wp-json\/wp\/v2\/comments?post=4463"}],"version-history":[{"count":6,"href":"https:\/\/lasventastour.com\/pt-pt\/wp-json\/wp\/v2\/pages\/4463\/revisions"}],"predecessor-version":[{"id":4490,"href":"https:\/\/lasventastour.com\/pt-pt\/wp-json\/wp\/v2\/pages\/4463\/revisions\/4490"}],"wp:attachment":[{"href":"https:\/\/lasventastour.com\/pt-pt\/wp-json\/wp\/v2\/media?parent=4463"}],"curies":[{"name":"wp","href":"https:\/\/api.w.org\/{rel}","templated":true}]}}