{"id":2487,"date":"2023-09-29T10:24:38","date_gmt":"2023-09-29T10:24:38","guid":{"rendered":"https:\/\/lasventastour.com\/tourada-de-salao\/"},"modified":"2026-04-28T11:09:16","modified_gmt":"2026-04-28T11:09:16","slug":"demonstracao-do-toureio-de-salao","status":"publish","type":"page","link":"https:\/\/lasventastour.com\/pt-pt\/demonstracao-do-toureio-de-salao\/","title":{"rendered":"Tourada de sal\u00e3o"},"content":{"rendered":"<section class=\"l-section wpb_row us_custom_f9d0b101 height_auto color_primary with_img parallax_ver parallaxdir_reversed\"><div class=\"l-section-img\" role=\"img\" aria-label=\"Demonstra\u00e7\u00e3o de touradas em Madrid\" data-img-width=\"1200\" data-img-height=\"803\" style=\"background-image: url(https:\/\/lasventastour.com\/wp-content\/uploads\/2023\/11\/toreo-de-salon-Ruedo.webp);\"><\/div><div class=\"l-section-overlay\" style=\"background:linear-gradient(90deg,#1b122f,rgba(54,54,54,0.00))\"><\/div><div class=\"l-section-h i-cf\"><div class=\"g-cols vc_row via_grid cols_1 laptops-cols_inherit tablets-cols_inherit mobiles-cols_1 valign_middle type_default stacking_default\" style=\"--columns-gap:0rem;\"><div class=\"wpb_column vc_column_container\"><div class=\"vc_column-inner\"><div class=\"w-separator size_medium\"><\/div><h1 class=\"w-text us_custom_51aa7753 us_animate_this\"><span class=\"w-text-h\"><span class=\"w-text-value\">Tourada de sal\u00e3o<\/span><\/span><\/h1><div class=\"w-separator size_small\"><\/div><div class=\"w-text us_custom_444d1fbc us_animate_this\"><span class=\"w-text-h\"><span class=\"w-text-value\">Representado pelos alunos da escola de toureio de Madrid.<\/span><\/span><\/div><div class=\"w-separator size_large\"><\/div><div class=\"w-hwrapper valign_top align_none\" style=\"--hwrapper-gap:1.2rem\"><div class=\"w-btn-wrapper align_none\"><a class=\"w-btn us-btn-style_1\" target=\"_blank\" rel=\"nofollow\" href=\"https:\/\/tickets.lasventastour.com\/es\/426-web-individual\/2148-demostracion-de-toreo-de-salon-tour-de-la-plaza\"><span class=\"w-btn-label\">Visitas individuais<\/span><\/a><\/div><div class=\"w-btn-wrapper align_none\"><a class=\"w-btn us-btn-style_1\" target=\"_blank\" rel=\"nofollow\" href=\"https:\/\/tickets.lasventastour.com\/es\/439-web-grupos\/6110-demostracion-toreo-de-salon-visita-a-la-plaza-grupos\"><span class=\"w-btn-label\">Visitas de grupo<\/span><\/a><\/div><\/div><div class=\"w-separator size_large\"><\/div><\/div><\/div><\/div><\/div><\/section><section class=\"l-section wpb_row height_medium\"><div class=\"l-section-h i-cf\"><div class=\"g-cols vc_row via_grid cols_1 laptops-cols_inherit tablets-cols_inherit mobiles-cols_1 valign_top type_default stacking_default\"><div class=\"wpb_column vc_column_container\"><div class=\"vc_column-inner\"><div class=\"wpb_text_column\"><div class=\"wpb_wrapper\"><h2 style=\"text-align: center;\">Inclu\u00eddo no teu bilhete<\/h2>\n<\/div><\/div><div class=\"w-separator size_large\"><\/div><div class=\"g-cols wpb_row via_grid cols_3 laptops-cols_inherit tablets-cols_inherit mobiles-cols_1 valign_top type_default stacking_default\" style=\"--columns-gap:3rem;\"><div class=\"wpb_column vc_column_container\"><div class=\"vc_column-inner\"><div class=\"w-iconbox iconpos_left style_outlined color_primary align_left\"><div class=\"w-iconbox-icon\" style=\"font-size:2rem;\"><i class=\"fad fa-person-sign\"><\/i><\/div><div class=\"w-iconbox-meta\"><h3 class=\"w-iconbox-title\">Guia privado<\/h3><div class=\"w-iconbox-text\"><p>Ter\u00e1s um dos nossos guias a explicar todos os segredos da pra\u00e7a e a responder a todas as tuas perguntas.<\/p>\n<\/div><\/div><\/div><\/div><\/div><div class=\"wpb_column vc_column_container\"><div class=\"vc_column-inner\"><div class=\"w-iconbox iconpos_left style_outlined color_primary align_left\"><div class=\"w-iconbox-icon\" style=\"font-size:2rem;\"><i class=\"fad fa-users\"><\/i><\/div><div class=\"w-iconbox-meta\"><h3 class=\"w-iconbox-title\">Demonstra\u00e7\u00e3o de touradas<\/h3><div class=\"w-iconbox-text\"><p>Os alunos da escola de toureio de Madrid far\u00e3o uma demonstra\u00e7\u00e3o de toureio profissional.<\/p>\n<\/div><\/div><\/div><\/div><\/div><div class=\"wpb_column vc_column_container\"><div class=\"vc_column-inner\"><div class=\"w-iconbox iconpos_left style_outlined color_primary align_left\"><div class=\"w-iconbox-icon\" style=\"font-size:2rem;\"><i class=\"fad fa-landmark\"><\/i><\/div><div class=\"w-iconbox-meta\"><h3 class=\"w-iconbox-title\">Museu Taurino<\/h3><div class=\"w-iconbox-text\"><p>Explicaremos de uma forma divertida as obras taurom\u00e1quicas que temos no museu taurom\u00e1quico para que possas compreender o que est\u00e1s a ver.<\/p>\n<\/div><\/div><\/div><\/div><\/div><\/div><div class=\"w-separator size_small with_line width_default thick_1 style_solid color_border align_center\"><div class=\"w-separator-h\"><\/div><\/div><\/div><\/div><\/div><\/div><\/section><section class=\"l-section wpb_row height_medium\"><div class=\"l-section-h i-cf\"><div class=\"g-cols vc_row via_grid cols_2 laptops-cols_inherit tablets-cols_inherit mobiles-cols_1 valign_middle type_default stacking_default\"><div class=\"wpb_column vc_column_container\"><div class=\"vc_column-inner\"><div class=\"wpb_text_column\"><div class=\"wpb_wrapper\"><h3>O que \u00e9 uma demonstra\u00e7\u00e3o de tourada?<\/h3>\n<p><span>A demonstra\u00e7\u00e3o de Toreo de Sal\u00f3n ser\u00e1 efectuada pelos alunos da <\/span><b>alunos da Escola de Toureio de Madrid<\/b><span>. Nele, os jovens que se iniciam no ensino e na forma\u00e7\u00e3o pr\u00e1tica da tauromaquia  <\/span>Os visitantes <b>poder\u00e3o mostrar-nos os seus dotes<\/b><span>, bem como a responsabilidade profissional necess\u00e1ria para se dedicar a esta disciplina. <\/span>Atrav\u00e9s desta atividade, os visitantes descobrir\u00e3o os diferentes suertes de capote, banderillas e muleta, e poder\u00e3o inclusivamente praticar, bem como solicitar toda a informa\u00e7\u00e3o que desejarem.<\/p>\n<p><b>A demonstra\u00e7\u00e3o do Toreo de sal\u00f3n tem lugar<span> <\/span><\/b><strong>na pra\u00e7a de touros de Las Ventas, em Madrid.<\/strong><span> <\/span>(se o tempo o permitir e se n\u00e3o houver outros eventos\/obras de manuten\u00e7\u00e3o, caso em que ser\u00e1 transferido para um p\u00e1tio ou galeria na pra\u00e7a).<\/p>\n<\/div><\/div><\/div><\/div><div class=\"wpb_column vc_column_container\"><div class=\"vc_column-inner\"><div class=\"w-video align_none ratio_16x9 has_iframe\"><div class=\"w-video-h\"><iframe title=\"Youtube video player\" src=\"\/\/www.youtube.com\/embed\/3EpVomwUsl0?autoplay=0&controls=1&origin=https:\/\/lasventastour.com\/pt-pt\/&loop=0&mute=0\" allowfullscreen=\"1\" loading=\"lazy\"><\/iframe><\/div><\/div><div class=\"w-separator size_medium\"><\/div><div class=\"w-hwrapper valign_top align_center\" style=\"--hwrapper-gap:1.2rem\"><div class=\"w-btn-wrapper align_center\"><a class=\"w-btn us-btn-style_1\" target=\"_blank\" rel=\"nofollow\" href=\"https:\/\/tickets.lasventastour.com\/es\/426-web-individual\/2148-demostracion-de-toreo-de-salon-tour-de-la-plaza\"><span class=\"w-btn-label\">Visitas individuais<\/span><\/a><\/div><div class=\"w-btn-wrapper align_center\"><a class=\"w-btn us-btn-style_1\" target=\"_blank\" rel=\"nofollow\" href=\"https:\/\/tickets.lasventastour.com\/es\/439-web-grupos\/6110-demostracion-toreo-de-salon-visita-a-la-plaza-grupos\"><span class=\"w-btn-label\">Visitas de grupo<\/span><\/a><\/div><\/div><\/div><\/div><\/div><\/div><\/section><section class=\"l-section wpb_row height_medium\"><div class=\"l-section-h i-cf\"><div class=\"g-cols vc_row via_grid cols_1 laptops-cols_inherit tablets-cols_inherit mobiles-cols_1 valign_top type_default stacking_default\"><div class=\"wpb_column vc_column_container\"><div class=\"vc_column-inner\"><div class=\"wpb_text_column\"><div class=\"wpb_wrapper\"><h2 style=\"text-align: center;\">As experi\u00eancias incluem<\/h2>\n<\/div><\/div><\/div><\/div><\/div><\/div><\/section><section class=\"l-section wpb_row height_auto\"><div class=\"l-section-h i-cf\"><div class=\"g-cols vc_row via_grid cols_2 laptops-cols_inherit tablets-cols_inherit mobiles-cols_1 valign_middle type_boxes reversed stacking_default\" style=\"--columns-gap:0rem;\"><div class=\"wpb_column vc_column_container us_custom_c70c97eb has_bg_color\"><div class=\"vc_column-inner\"><div class=\"wpb_text_column\"><div class=\"wpb_wrapper\"><h3>1. Conhecimento 360\u00ba<\/h3>\n<p>O nosso guia privado ensinar-te-\u00e1 tudo sobre o mundo das touradas e a pra\u00e7a de touros:<\/p>\n<ul>\n<li>Hist\u00f3ria e evolu\u00e7\u00e3o das touradas<\/li>\n<li>Ensinamos-te a arte de tourear como um verdadeiro matador.<\/li>\n<li>Tudo o que aconteceu nos \u00faltimos quase 100 anos: guerras, transi\u00e7\u00e3o espanhola, concertos e eventos, etc.<\/li>\n<li>Curiosidades que muito pouca gente conhece e que tu vais aprender.<\/li>\n<\/ul>\n<\/div><\/div><\/div><\/div><div class=\"wpb_column vc_column_container us_custom_8a76de48 has_bg_color\"><div class=\"vc_column-inner\"><div class=\"w-separator size_custom\" style=\"height:20vh\"><\/div><\/div><\/div><\/div><\/div><\/section><section class=\"l-section wpb_row height_auto\"><div class=\"l-section-h i-cf\"><div class=\"g-cols vc_row via_grid cols_2 laptops-cols_inherit tablets-cols_inherit mobiles-cols_1 valign_middle type_boxes stacking_default\" style=\"--columns-gap:0rem;\"><div class=\"wpb_column vc_column_container us_custom_23b04438 has_bg_color\"><div class=\"vc_column-inner\"><div class=\"w-video us_custom_96ecd230 align_center ratio_16x9 with_overlay has_iframe\" style=\"background-image:url(https:\/\/lasventastour.com\/wp-content\/uploads\/2023\/11\/juego-toreo-virtual.webp);\" onclick=\"return {&quot;player_id&quot;:&quot;youtube-f5fe&quot;,&quot;player_api&quot;:&quot;\\\/\\\/www.youtube.com\\\/player_api&quot;,&quot;player_html&quot;:&quot;&lt;div id=\\&quot;youtube-f5fe\\&quot;&gt;&lt;\\\/div&gt;&lt;script&gt;\\r\\n\\t\\t\\twindow.USYTPlayers = ( window.USYTPlayers || { initYTFunctions: [], optionsYT: [], USYTInited: false } );\\r\\n\\t\\t\\twindow.USYTPlayers.optionsYT.push( {\\r\\n\\t\\t\\t\\tplayerID: \\&quot;youtube-f5fe\\&quot;,\\r\\n\\t\\t\\t\\tvideoID: \\&quot;sucbjmJRf0U\\&quot;,\\r\\n\\t\\t\\t\\tplayerVars: {\\&quot;autoplay\\&quot;:1,\\&quot;controls\\&quot;:1,\\&quot;origin\\&quot;:\\&quot;https:\\\\\\\/\\\\\\\/lasventastour.com\\\\\\\/pt-pt\\\\\\\/\\&quot;,\\&quot;loop\\&quot;:0,\\&quot;mute\\&quot;:0,\\&quot;playlist\\&quot;:\\&quot;sucbjmJRf0U\\&quot;}\\r\\n\\t\\t\\t} );\\r\\n\\t\\t\\tif ( window.USYTPlayers.USYTInited === false ) {\\r\\n\\t\\t\\t\\t\\\/\\\/ Trying to override other possible WP YT API calls if our element is used\\r\\n\\t\\t\\t\\twindow.USYTPlayers.USYTInited = true;\\r\\n\\r\\n\\t\\t\\t\\twindow.onYouTubePlayerAPIReady = function() {\\r\\n\\t\\t\\t\\t\\tfor ( var i in window.USYTPlayers.optionsYT ) {\\r\\n\\t\\t\\t\\t\\t\\tvar _playerParams = window.USYTPlayers.optionsYT[ i ];\\r\\n\\t\\t\\t\\t\\t\\t$us.YTPlayers[ _playerParams.playerID ] = new YT.Player( _playerParams.playerID, {\\r\\n\\t\\t\\t\\t\\t\\t\\tvideoId: _playerParams.videoID,\\r\\n\\t\\t\\t\\t\\t\\t\\tplayerVars: _playerParams.playerVars\\r\\n\\t\\t\\t\\t\\t\\t} );\\r\\n\\t\\t\\t\\t\\t}\\r\\n\\t\\t\\t\\t}\\r\\n\\t\\t\\t}\\r\\n\\t\\t\\tif ( !!window.YT ) {\\r\\n\\t\\t\\t\\t$us.YTPlayers[\\&quot;youtube-f5fe\\&quot;] = new YT.Player( \\&quot;youtube-f5fe\\&quot;, {\\r\\n\\t\\t\\t\\t\\tvideoId: \\&quot;sucbjmJRf0U\\&quot;,\\r\\n\\t\\t\\t\\t\\tplayerVars: {\\&quot;autoplay\\&quot;:1,\\&quot;controls\\&quot;:1,\\&quot;origin\\&quot;:\\&quot;https:\\\\\\\/\\\\\\\/lasventastour.com\\\\\\\/pt-pt\\\\\\\/\\&quot;,\\&quot;loop\\&quot;:0,\\&quot;mute\\&quot;:0,\\&quot;playlist\\&quot;:\\&quot;sucbjmJRf0U\\&quot;}\\r\\n\\t\\t\\t\\t} );\\r\\n\\t\\t\\t}\\r\\n\\t\\t&lt;\\\/script&gt;&quot;}\"><button class=\"w-video-play\" type=\"button\" aria-label=\"Reproduzir\"><span class=\"w-video-play-icon\" style=\"font-size:1.5rem;background:var(--color-header-middle-text-hover);color:#ffffff\"><\/span><\/button><div class=\"w-video-h\"><\/div><\/div><\/div><\/div><div class=\"wpb_column vc_column_container us_custom_c70c97eb has_bg_color\"><div class=\"vc_column-inner\"><div class=\"wpb_text_column\"><div class=\"wpb_wrapper\"><h3>Jogo de realidade virtual<\/h3>\n<p>Queres tornar-te um toureiro? Entra na nossa mini pra\u00e7a de touros, coloca os teus \u00f3culos e enfrenta um touro virtual de 600 kg na pr\u00f3pria pra\u00e7a de touros de Las Ventas. O nosso pessoal ensinar-te-\u00e1 a tourear com arte para que possas sair da arena pela porta principal.  <\/p>\n<p>A pessoa que fizer mais pontos ganha!<\/p>\n<\/div><\/div><\/div><\/div><\/div><\/div><\/section><section class=\"l-section wpb_row height_auto\"><div class=\"l-section-h i-cf\"><div class=\"g-cols vc_row via_grid cols_2 laptops-cols_inherit tablets-cols_inherit mobiles-cols_1 valign_middle type_boxes reversed stacking_default\" style=\"--columns-gap:0rem;\"><div class=\"wpb_column vc_column_container us_custom_c70c97eb has_bg_color\"><div class=\"vc_column-inner\"><div class=\"wpb_text_column\"><div class=\"wpb_wrapper\"><h3>3. sala imersiva<\/h3>\n<p>Nesta sala poder\u00e1s conhecer o mundo das touradas de uma forma divertida e l\u00fadica. A sala tem ecr\u00e3s onde poder\u00e1s ver v\u00eddeos muito interessantes sobre a hist\u00f3ria da pra\u00e7a de touros, os toureiros mais famosos que lutaram em Las Ventas, bem como fotografia e arte taurom\u00e1quica. <\/p>\n<p>Entra e respira a paix\u00e3o das touradas!<\/p>\n<\/div><\/div><\/div><\/div><div class=\"wpb_column vc_column_container us_custom_41195194 has_bg_color\"><div class=\"vc_column-inner\"><div class=\"w-separator size_custom\" style=\"height:20vh\"><\/div><\/div><\/div><\/div><\/div><\/section><section class=\"l-section wpb_row height_auto\"><div class=\"l-section-h i-cf\"><div class=\"g-cols vc_row via_grid cols_2 laptops-cols_inherit tablets-cols_inherit mobiles-cols_1 valign_middle type_boxes stacking_default\" style=\"--columns-gap:0rem;\"><div class=\"wpb_column vc_column_container us_custom_f1b3e985 has_bg_color\"><div class=\"vc_column-inner\"><div class=\"w-separator size_custom\" style=\"height:20vh\"><\/div><\/div><\/div><div class=\"wpb_column vc_column_container us_custom_c70c97eb has_bg_color\"><div class=\"vc_column-inner\"><div class=\"wpb_text_column\"><div class=\"wpb_wrapper\"><h3>4. Experi\u00eancias virtuais<\/h3>\n<p>Ainda queres mais? Dentro da sala imersiva poder\u00e1s utilizar os nossos \u00f3culos de realidade virtual. Poder\u00e1s ver, em 360\u00ba, eventos taurom\u00e1quicos t\u00e3o interessantes como o de San Fermines. Vai parecer que est\u00e1s a correr em frente aos touros!  <\/p>\n<p>Tamb\u00e9m poder\u00e1s ver v\u00eddeos de 360\u00ba da pra\u00e7a de touros, das fazendas de touros e muito mais. Uma verdadeira experi\u00eancia!<\/p>\n<\/div><\/div><\/div><\/div><\/div><\/div><\/section><section class=\"l-section wpb_row height_medium\"><div class=\"l-section-h i-cf\"><div class=\"g-cols vc_row via_grid cols_1 laptops-cols_inherit tablets-cols_inherit mobiles-cols_1 valign_middle type_default stacking_default\"><div class=\"wpb_column vc_column_container\"><div class=\"vc_column-inner\"><div class=\"wpb_text_column\"><div class=\"wpb_wrapper\"><h2 style=\"text-align: center;\">Tudo o que vais ver<\/h2>\n<\/div><\/div><div class=\"w-separator size_medium\"><\/div><div class=\"g-cols wpb_row via_grid cols_2 laptops-cols_inherit tablets-cols_inherit mobiles-cols_1 valign_top type_default reversed stacking_default\" style=\"--columns-gap:3rem;\"><div class=\"wpb_column vc_column_container\"><div class=\"vc_column-inner\"><div class=\"wpb_text_column\"><div class=\"wpb_wrapper\"><ul>\n<li><strong>PUERTA GRANDE:<\/strong> O lugar onde os toureiros sonham em ser carregados nos ombros dos melhores f\u00e3s do mundo.<\/li>\n<li><strong>O TERRA\u00c7O<\/strong>: Descobrir\u00e1s os detalhes arquitect\u00f3nicos da pra\u00e7a.<\/li>\n<li><strong>TORO BRAVO:<\/strong> O rei da festa, \u00e9 criado em condi\u00e7\u00f5es excepcionais, no meio da natureza.<\/li>\n<li><strong>TENDIDOS Y PALCO:<\/strong> Uma visita panor\u00e2mica dos tendidos para compreenderes o desenvolvimento de uma tourada.<\/li>\n<li><strong>PUERTA DE ARRASTRE:<\/strong> A porta que o touro bate depois da sua morte her\u00f3ica, sob os aplausos do p\u00fablico.<br \/><strong>RUEDO:<\/strong> Onde acontece o mais importante, o lugar onde o touro e o toureiro se enfrentam.<\/li>\n<li><strong>PORT\u00c3O DE TORILHAS:<\/strong> Da escurid\u00e3o de um espa\u00e7o estreito, o touro sai para enfrentar o seu destino.<\/li>\n<li><strong>PORT\u00c3O DAS QUADRILHAS E DO PASE\u00cdLLO:<\/strong> Neste port\u00e3o os toureiros esperam o pase\u00edllo entre nervos e medos, um lugar onde a emo\u00e7\u00e3o est\u00e1 no auge.<\/li>\n<li><strong>O<\/strong> lugar que nenhum toureiro quer visitar, mas que todos acabam por visitar.<\/li>\n<li><strong>CAPELA:<\/strong> Recanto de culto religioso para a intimidade dos toureiros.<br \/>O MUSEU DE TORTURA DE MADRID: A sua estrutura foi concebida para destacar os touros e os toureiros.<\/li>\n<\/ul>\n<p>*O itiner\u00e1rio pode ser alterado devido a trabalhos de manuten\u00e7\u00e3o ou outros obst\u00e1culos.<\/p>\n<\/div><\/div><\/div><\/div><div class=\"wpb_column vc_column_container\"><div class=\"vc_column-inner\"><div class=\"w-image align_none\"><div class=\"w-image-h\"><img decoding=\"async\" width=\"922\" height=\"1024\" src=\"https:\/\/lasventastour.com\/wp-content\/uploads\/2024\/08\/Recorrido-tour-plaza-toros-madrid.webp\" class=\"attachment-large size-large\" alt=\"O que ver na pra\u00e7a de touros de Madrid\" loading=\"lazy\" srcset=\"https:\/\/lasventastour.com\/wp-content\/uploads\/2024\/08\/Recorrido-tour-plaza-toros-madrid.webp 922w, https:\/\/lasventastour.com\/wp-content\/uploads\/2024\/08\/Recorrido-tour-plaza-toros-madrid-600x666.webp 600w, https:\/\/lasventastour.com\/wp-content\/uploads\/2024\/08\/Recorrido-tour-plaza-toros-madrid-270x300.webp 270w\" sizes=\"auto, (max-width: 922px) 100vw, 922px\" \/><\/div><\/div><\/div><\/div><\/div><\/div><\/div><\/div><\/div><\/section><section class=\"l-section wpb_row height_medium\"><div class=\"l-section-h i-cf\"><div class=\"g-cols vc_row via_grid cols_1 laptops-cols_inherit tablets-cols_inherit mobiles-cols_1 valign_top type_default stacking_default\"><div class=\"wpb_column vc_column_container\"><div class=\"vc_column-inner\"><div class=\"w-grid us_carousel type_carousel layout_gallery_default preload_style_spinner items_4\" id=\"us_grid_1\" style=\"--items:4;--gap:5px;\"><style>.layout_gallery_default .w-grid-item-h{}<\/style><div class=\"w-grid-list owl-carousel valign_stretch dotstyle_circle navstyle_circle arrows-ver-pos_middle arrows-hor-pos_on_sides_outside arrows-disabled_hide owl-responsive-2000 with_arrows\" style=\"--transition-duration:350ms;--arrows-size:1.5rem;--arrows-hor-offset:calc(0px + 5px);--arrows-gap:10px;\">\t<article class=\"w-grid-item post-1101 attachment type-attachment status-inherit hentry\" data-id=\"1101\">\r\n\t\t<div class=\"w-grid-item-h\">\r\n\t\t\t\t\t\t<div class=\"w-post-elm post_image usg_post_image_1 stretched\"><img loading=\"lazy\" decoding=\"async\" width=\"750\" height=\"500\" src=\"https:\/\/lasventastour.com\/wp-content\/uploads\/2023\/11\/Foto-grande-LVT-750x500-15.png\" class=\"attachment-large size-large\" alt=\"Visite a pra\u00e7a de touros de Madrid\" srcset=\"https:\/\/lasventastour.com\/wp-content\/uploads\/2023\/11\/Foto-grande-LVT-750x500-15.png 750w, https:\/\/lasventastour.com\/wp-content\/uploads\/2023\/11\/Foto-grande-LVT-750x500-15-600x400.png 600w, https:\/\/lasventastour.com\/wp-content\/uploads\/2023\/11\/Foto-grande-LVT-750x500-15-300x200.png 300w\" sizes=\"auto, (max-width: 750px) 100vw, 750px\" \/><\/div>\t\t<\/div>\r\n\t\t\t<\/article>\r\n\t<article class=\"w-grid-item post-1069 attachment type-attachment status-inherit hentry\" data-id=\"1069\">\r\n\t\t<div class=\"w-grid-item-h\">\r\n\t\t\t\t\t\t<div class=\"w-post-elm post_image usg_post_image_1 stretched\"><img loading=\"lazy\" decoding=\"async\" width=\"750\" height=\"500\" src=\"https:\/\/lasventastour.com\/wp-content\/uploads\/2023\/11\/ruedo-plaza-toros.webp\" class=\"attachment-large size-large\" alt=\"ruedo de las ventas madrid\" srcset=\"https:\/\/lasventastour.com\/wp-content\/uploads\/2023\/11\/ruedo-plaza-toros.webp 750w, https:\/\/lasventastour.com\/wp-content\/uploads\/2023\/11\/ruedo-plaza-toros-600x400.webp 600w, https:\/\/lasventastour.com\/wp-content\/uploads\/2023\/11\/ruedo-plaza-toros-300x200.webp 300w\" sizes=\"auto, (max-width: 750px) 100vw, 750px\" \/><\/div>\t\t<\/div>\r\n\t\t\t<\/article>\r\n\t<article class=\"w-grid-item post-1053 attachment type-attachment status-inherit hentry\" data-id=\"1053\">\r\n\t\t<div class=\"w-grid-item-h\">\r\n\t\t\t\t\t\t<div class=\"w-post-elm post_image usg_post_image_1 stretched\"><img loading=\"lazy\" decoding=\"async\" width=\"750\" height=\"500\" src=\"https:\/\/lasventastour.com\/wp-content\/uploads\/2023\/11\/museo-plaza-toros-madrid.webp\" class=\"attachment-large size-large\" alt=\"museu taurino madrid\" srcset=\"https:\/\/lasventastour.com\/wp-content\/uploads\/2023\/11\/museo-plaza-toros-madrid.webp 750w, https:\/\/lasventastour.com\/wp-content\/uploads\/2023\/11\/museo-plaza-toros-madrid-600x400.webp 600w, https:\/\/lasventastour.com\/wp-content\/uploads\/2023\/11\/museo-plaza-toros-madrid-300x200.webp 300w\" sizes=\"auto, (max-width: 750px) 100vw, 750px\" \/><\/div>\t\t<\/div>\r\n\t\t\t<\/article>\r\n\t<article class=\"w-grid-item post-1013 attachment type-attachment status-inherit hentry\" data-id=\"1013\">\r\n\t\t<div class=\"w-grid-item-h\">\r\n\t\t\t\t\t\t<div class=\"w-post-elm post_image usg_post_image_1 stretched\"><img loading=\"lazy\" decoding=\"async\" width=\"750\" height=\"500\" src=\"https:\/\/lasventastour.com\/wp-content\/uploads\/2023\/11\/toreo-de-salon-las-ventas.webp\" class=\"attachment-large size-large\" alt=\"Tour de touradas em Las Ventas\" srcset=\"https:\/\/lasventastour.com\/wp-content\/uploads\/2023\/11\/toreo-de-salon-las-ventas.webp 750w, https:\/\/lasventastour.com\/wp-content\/uploads\/2023\/11\/toreo-de-salon-las-ventas-600x400.webp 600w, https:\/\/lasventastour.com\/wp-content\/uploads\/2023\/11\/toreo-de-salon-las-ventas-300x200.webp 300w\" sizes=\"auto, (max-width: 750px) 100vw, 750px\" \/><\/div>\t\t<\/div>\r\n\t\t\t<\/article>\r\n\t<article class=\"w-grid-item post-1029 attachment type-attachment status-inherit hentry\" data-id=\"1029\">\r\n\t\t<div class=\"w-grid-item-h\">\r\n\t\t\t\t\t\t<div class=\"w-post-elm post_image usg_post_image_1 stretched\"><img loading=\"lazy\" decoding=\"async\" width=\"750\" height=\"500\" src=\"https:\/\/lasventastour.com\/wp-content\/uploads\/2023\/11\/visitas-a-las-ventas.webp\" class=\"attachment-large size-large\" alt=\"O que ver no tour da pra\u00e7a de touros de Madri\" srcset=\"https:\/\/lasventastour.com\/wp-content\/uploads\/2023\/11\/visitas-a-las-ventas.webp 750w, https:\/\/lasventastour.com\/wp-content\/uploads\/2023\/11\/visitas-a-las-ventas-600x400.webp 600w, https:\/\/lasventastour.com\/wp-content\/uploads\/2023\/11\/visitas-a-las-ventas-300x200.webp 300w\" sizes=\"auto, (max-width: 750px) 100vw, 750px\" \/><\/div>\t\t<\/div>\r\n\t\t\t<\/article>\r\n\t<article class=\"w-grid-item post-1093 attachment type-attachment status-inherit hentry\" data-id=\"1093\">\r\n\t\t<div class=\"w-grid-item-h\">\r\n\t\t\t\t\t\t<div class=\"w-post-elm post_image usg_post_image_1 stretched\"><img loading=\"lazy\" decoding=\"async\" width=\"750\" height=\"500\" src=\"https:\/\/lasventastour.com\/wp-content\/uploads\/2023\/11\/Evento-taurino-las-ventas.webp\" class=\"attachment-large size-large\" alt=\"Tourada Madrid\" srcset=\"https:\/\/lasventastour.com\/wp-content\/uploads\/2023\/11\/Evento-taurino-las-ventas.webp 750w, https:\/\/lasventastour.com\/wp-content\/uploads\/2023\/11\/Evento-taurino-las-ventas-600x400.webp 600w, https:\/\/lasventastour.com\/wp-content\/uploads\/2023\/11\/Evento-taurino-las-ventas-300x200.webp 300w\" sizes=\"auto, (max-width: 750px) 100vw, 750px\" \/><\/div>\t\t<\/div>\r\n\t\t\t<\/article>\r\n\t<article class=\"w-grid-item post-1005 attachment type-attachment status-inherit hentry\" data-id=\"1005\">\r\n\t\t<div class=\"w-grid-item-h\">\r\n\t\t\t\t\t\t<div class=\"w-post-elm post_image usg_post_image_1 stretched\"><img loading=\"lazy\" decoding=\"async\" width=\"750\" height=\"500\" src=\"https:\/\/lasventastour.com\/wp-content\/uploads\/2023\/11\/muestra-de-toreo.webp\" class=\"attachment-large size-large\" alt=\"demonstra\u00e7\u00e3o de touradas em vendas\" srcset=\"https:\/\/lasventastour.com\/wp-content\/uploads\/2023\/11\/muestra-de-toreo.webp 750w, https:\/\/lasventastour.com\/wp-content\/uploads\/2023\/11\/muestra-de-toreo-600x400.webp 600w, https:\/\/lasventastour.com\/wp-content\/uploads\/2023\/11\/muestra-de-toreo-300x200.webp 300w\" sizes=\"auto, (max-width: 750px) 100vw, 750px\" \/><\/div>\t\t<\/div>\r\n\t\t\t<\/article>\r\n<\/div><div class=\"w-grid-carousel-json hidden\" onclick='return {&quot;carousel_settings&quot;:{&quot;aria_labels&quot;:{&quot;prev&quot;:&quot;Anterior&quot;,&quot;next&quot;:&quot;Seguinte&quot;},&quot;autoplayContinual&quot;:false,&quot;autoplayContinualCss&quot;:false,&quot;autoplayHoverPause&quot;:false,&quot;autoplayTimeout&quot;:3000,&quot;autoWidth&quot;:false,&quot;smartSpeed&quot;:350,&quot;margin&quot;:0,&quot;mouseDrag&quot;:true,&quot;rtl&quot;:false,&quot;slideBy&quot;:&quot;1&quot;,&quot;touchDrag&quot;:true,&quot;slideTransition&quot;:&quot;&quot;,&quot;responsive&quot;:{&quot;0&quot;:{&quot;autoHeight&quot;:false,&quot;autoplay&quot;:true,&quot;autoplayContinualCss&quot;:false,&quot;autoWidth&quot;:false,&quot;center&quot;:false,&quot;dots&quot;:false,&quot;items&quot;:1,&quot;loop&quot;:true,&quot;nav&quot;:false,&quot;stagePadding&quot;:0,&quot;slideBy&quot;:&quot;1&quot;,&quot;touchDrag&quot;:true,&quot;mouseDrag&quot;:true},&quot;601&quot;:{&quot;autoHeight&quot;:false,&quot;autoplay&quot;:true,&quot;autoplayContinualCss&quot;:false,&quot;autoWidth&quot;:false,&quot;center&quot;:false,&quot;dots&quot;:false,&quot;items&quot;:2,&quot;loop&quot;:true,&quot;nav&quot;:true,&quot;stagePadding&quot;:0,&quot;slideBy&quot;:&quot;1&quot;,&quot;touchDrag&quot;:true,&quot;mouseDrag&quot;:true},&quot;1025&quot;:{&quot;autoHeight&quot;:false,&quot;autoplay&quot;:true,&quot;autoplayContinualCss&quot;:false,&quot;autoWidth&quot;:false,&quot;center&quot;:false,&quot;dots&quot;:false,&quot;items&quot;:3,&quot;loop&quot;:true,&quot;nav&quot;:true,&quot;stagePadding&quot;:0,&quot;slideBy&quot;:&quot;1&quot;,&quot;touchDrag&quot;:true,&quot;mouseDrag&quot;:true},&quot;1381&quot;:{&quot;items&quot;:4,&quot;autoplay&quot;:false,&quot;autoplayContinualCss&quot;:false,&quot;center&quot;:false,&quot;dots&quot;:false,&quot;nav&quot;:true,&quot;autoHeight&quot;:false,&quot;autoWidth&quot;:false,&quot;loop&quot;:true,&quot;stagePadding&quot;:0}}}}'><\/div><\/div><\/div><\/div><\/div><\/div><\/section><section class=\"l-section wpb_row height_medium\"><div class=\"l-section-h i-cf\"><div class=\"g-cols vc_row via_grid cols_1 laptops-cols_inherit tablets-cols_inherit mobiles-cols_1 valign_middle type_default stacking_default\"><div class=\"wpb_column vc_column_container\"><div class=\"vc_column-inner\"><div class=\"wpb_text_column\"><div class=\"wpb_wrapper\"><h2>Informa\u00e7\u00f5es gerais<\/h2>\n<ul>\n<li><strong>Dispon\u00edvel nas seguintes l\u00ednguas:<\/strong> ingl\u00eas, espanhol e franc\u00eas.<\/li>\n<li>As visitas privadas com demonstra\u00e7\u00e3o de touradas <strong>devem ser reservadas com anteced\u00eancia.<\/strong><\/li>\n<li><strong>A dura\u00e7\u00e3o m\u00e9dia da visita<\/strong> \u00e9 de 1:30h.<\/li>\n<\/ul>\n<\/div><\/div><\/div><\/div><\/div><\/div><\/section><section class=\"l-section wpb_row height_medium\"><div class=\"l-section-h i-cf\"><div class=\"g-cols vc_row via_grid cols_1 laptops-cols_inherit tablets-cols_inherit mobiles-cols_1 valign_middle type_default stacking_default\"><div class=\"wpb_column vc_column_container\"><div class=\"vc_column-inner\"><div class=\"wpb_text_column\"><div class=\"wpb_wrapper\"><h2 style=\"text-align: center;\" data-start=\"511\" data-end=\"597\">Perguntas frequentes - Touradas em <span class=\"hover:entity-accent entity-underline inline cursor-pointer align-baseline\"><span class=\"whitespace-normal\">Pra\u00e7a de touros de Las Ventas<\/span><\/span><\/h2>\n<\/div><\/div><div class=\"w-separator size_medium\"><\/div><div class=\"w-tabs style_default switch_click accordion has_scrolling\" style=\"--sections-title-size:inherit\"><div class=\"w-tabs-sections titles-align_none icon_chevron cpos_right\"><div class=\"w-tabs-section\" id=\"ne11\"><button class=\"w-tabs-section-header\" aria-controls=\"content-ne11\" aria-expanded=\"false\"><div class=\"w-tabs-section-title\">O que \u00e9 a tourada na Plaza de Toros de Las Ventas?<\/div><div class=\"w-tabs-section-control\"><\/div><\/button><div  class=\"w-tabs-section-content\" id=\"content-ne11\"><div class=\"w-tabs-section-content-h i-cf\"><div class=\"wpb_text_column\"><div class=\"wpb_wrapper\"><p data-start=\"758\" data-end=\"996\">A tourada na Pra\u00e7a de Touros de Las Ventas \u00e9 uma demonstra\u00e7\u00e3o t\u00e9cnico-pedag\u00f3gica em que se simulam os movimentos da tourada tradicional sem a presen\u00e7a de um touro real, utilizando capa e muleta num ambiente controlado.<\/p>\n<\/div><\/div><\/div><\/div><\/div><div class=\"w-tabs-section\" id=\"zf41\"><button class=\"w-tabs-section-header\" aria-controls=\"content-zf41\" aria-expanded=\"false\"><div class=\"w-tabs-section-title\">S\u00e3o utilizados touros verdadeiros durante a demonstra\u00e7\u00e3o?<\/div><div class=\"w-tabs-section-control\"><\/div><\/button><div  class=\"w-tabs-section-content\" id=\"content-zf41\"><div class=\"w-tabs-section-content-h i-cf\"><div class=\"wpb_text_column\"><div class=\"wpb_wrapper\"><p data-start=\"1059\" data-end=\"1212\">N\u00e3o. A tauromaquia \u00e9 uma atividade educativa e cultural que se realiza sem animais, recriando os movimentos e as t\u00e9cnicas da tauromaquia de uma forma segura. <\/p>\n<\/div><\/div><\/div><\/div><\/div><div class=\"w-tabs-section\" id=\"q06b\"><button class=\"w-tabs-section-header\" aria-controls=\"content-q06b\" aria-expanded=\"false\"><div class=\"w-tabs-section-title\">Em que consiste a demonstra\u00e7\u00e3o de touradas?<\/div><div class=\"w-tabs-section-control\"><\/div><\/button><div  class=\"w-tabs-section-content\" id=\"content-q06b\"><div class=\"w-tabs-section-content-h i-cf\"><div class=\"wpb_text_column\"><div class=\"wpb_wrapper\"><p data-start=\"1276\" data-end=\"1492\">A demonstra\u00e7\u00e3o inclui a explica\u00e7\u00e3o dos suertes b\u00e1sicos do toureio, os movimentos com a capa e a muleta, o posicionamento do corpo e a t\u00e9cnica, tudo explicado por profissionais ou alunos de escolas de toureio.<\/p>\n<\/div><\/div><\/div><\/div><\/div><div class=\"w-tabs-section\" id=\"r1a7\"><button class=\"w-tabs-section-header\" aria-controls=\"content-r1a7\" aria-expanded=\"false\"><div class=\"w-tabs-section-title\">Quanto tempo dura a experi\u00eancia da tourada?<\/div><div class=\"w-tabs-section-control\"><\/div><\/button><div  class=\"w-tabs-section-content\" id=\"content-r1a7\"><div class=\"w-tabs-section-content-h i-cf\"><div class=\"wpb_text_column\"><div class=\"wpb_wrapper\"><p data-start=\"1551\" data-end=\"1664\">A atividade dura normalmente entre 45 e 60 minutos, dependendo do formato contratado e do n\u00famero de participantes.<\/p>\n<\/div><\/div><\/div><\/div><\/div><div class=\"w-tabs-section\" id=\"w2bb\"><button class=\"w-tabs-section-header\" aria-controls=\"content-w2bb\" aria-expanded=\"false\"><div class=\"w-tabs-section-title\">A tauromaquia \u00e9 uma atividade participativa?<\/div><div class=\"w-tabs-section-control\"><\/div><\/button><div  class=\"w-tabs-section-content\" id=\"content-w2bb\"><div class=\"w-tabs-section-content-h i-cf\"><div class=\"wpb_text_column\"><div class=\"wpb_wrapper\"><p data-start=\"1727\" data-end=\"1876\">Sim, em alguns formatos, os participantes podem participar, aprendendo movimentos b\u00e1sicos sob supervis\u00e3o profissional, sempre num ambiente seguro. <\/p>\n<\/div><\/div><\/div><\/div><\/div><div class=\"w-tabs-section\" id=\"i3c4\"><button class=\"w-tabs-section-header\" aria-controls=\"content-i3c4\" aria-expanded=\"false\"><div class=\"w-tabs-section-title\">A atividade \u00e9 adequada para crian\u00e7as e fam\u00edlias?<\/div><div class=\"w-tabs-section-control\"><\/div><\/button><div  class=\"w-tabs-section-content\" id=\"content-i3c4\"><div class=\"w-tabs-section-content-h i-cf\"><div class=\"wpb_text_column\"><div class=\"wpb_wrapper\"><p data-start=\"1937\" data-end=\"2120\">Sim, a tauromaquia \u00e9 uma experi\u00eancia cultural e educativa adequada \u00e0s fam\u00edlias, aos grupos escolares e aos visitantes interessados em conhecer a t\u00e9cnica da tauromaquia a partir de uma abordagem did\u00e1tica. <\/p>\n<\/div><\/div><\/div><\/div><\/div><div class=\"w-tabs-section\" id=\"g4e9\"><button class=\"w-tabs-section-header\" aria-controls=\"content-g4e9\" aria-expanded=\"false\"><div class=\"w-tabs-section-title\">Onde \u00e9 que se realizam as corridas de touros em Las Ventas?<\/div><div class=\"w-tabs-section-control\"><\/div><\/button><div  class=\"w-tabs-section-content\" id=\"content-g4e9\"><div class=\"w-tabs-section-content-h i-cf\"><div class=\"wpb_text_column\"><div class=\"wpb_wrapper\"><p data-start=\"2183\" data-end=\"2342\">A atividade decorre no interior da Plaza de Toros de Las Ventas, em espa\u00e7os reservados para as demonstra\u00e7\u00f5es, consoante a disponibilidade e a organiza\u00e7\u00e3o do dia.<\/p>\n<\/div><\/div><\/div><\/div><\/div><div class=\"w-tabs-section\" id=\"b5f8\"><button class=\"w-tabs-section-header\" aria-controls=\"content-b5f8\" aria-expanded=\"false\"><div class=\"w-tabs-section-title\">Quem faz a demonstra\u00e7\u00e3o de toureio?<\/div><div class=\"w-tabs-section-control\"><\/div><\/button><div  class=\"w-tabs-section-content\" id=\"content-b5f8\"><div class=\"w-tabs-section-content-h i-cf\"><div class=\"wpb_text_column\"><div class=\"wpb_wrapper\"><p data-start=\"2395\" data-end=\"2542\">A demonstra\u00e7\u00e3o pode ser feita por profissionais do mundo taurom\u00e1quico ou por alunos de escolas de toureio, com experi\u00eancia t\u00e9cnica e pedag\u00f3gica.<\/p>\n<\/div><\/div><\/div><\/div><\/div><div class=\"w-tabs-section\" id=\"v6fc\"><button class=\"w-tabs-section-header\" aria-controls=\"content-v6fc\" aria-expanded=\"false\"><div class=\"w-tabs-section-title\">Preciso de reservar com anteced\u00eancia?<\/div><div class=\"w-tabs-section-control\"><\/div><\/button><div  class=\"w-tabs-section-content\" id=\"content-v6fc\"><div class=\"w-tabs-section-content-h i-cf\"><div class=\"wpb_text_column\"><div class=\"wpb_wrapper\"><p data-start=\"2593\" data-end=\"2699\">Sim, a atividade requer reserva pr\u00e9via para garantir a disponibilidade e a correta organiza\u00e7\u00e3o do grupo. <\/p>\n<\/div><\/div><\/div><\/div><\/div><div class=\"w-tabs-section\" id=\"r809\"><button class=\"w-tabs-section-header\" aria-controls=\"content-r809\" aria-expanded=\"false\"><div class=\"w-tabs-section-title\">Podes combinar uma tourada com uma visita guiada a Las Ventas?<\/div><div class=\"w-tabs-section-control\"><\/div><\/button><div  class=\"w-tabs-section-content\" id=\"content-r809\"><div class=\"w-tabs-section-content-h i-cf\"><div class=\"wpb_text_column\"><div class=\"wpb_wrapper\"><p data-start=\"2784\" data-end=\"2949\">Sim, a experi\u00eancia pode ser complementada com uma visita guiada \u00e0 Pra\u00e7a de Touros de Las Ventas e ao Museu Taurino, oferecendo uma experi\u00eancia cultural mais completa. <\/p>\n<\/div><\/div><\/div><\/div><\/div><div class=\"w-tabs-section\" id=\"i928\"><button class=\"w-tabs-section-header\" aria-controls=\"content-i928\" aria-expanded=\"false\"><div class=\"w-tabs-section-title\">A atividade est\u00e1 dispon\u00edvel em v\u00e1rias l\u00ednguas?<\/div><div class=\"w-tabs-section-control\"><\/div><\/button><div  class=\"w-tabs-section-content\" id=\"content-i928\"><div class=\"w-tabs-section-content-h i-cf\"><div class=\"wpb_text_column\"><div class=\"wpb_wrapper\"><p data-start=\"3010\" data-end=\"3133\">Sim, dependendo da disponibilidade, a experi\u00eancia pode ser conduzida em diferentes l\u00ednguas para acomodar visitantes internacionais. <\/p>\n<\/div><\/div><\/div><\/div><\/div><div class=\"w-tabs-section\" id=\"da35\"><button class=\"w-tabs-section-header\" aria-controls=\"content-da35\" aria-expanded=\"false\"><div class=\"w-tabs-section-title\">Qual \u00e9 a diferen\u00e7a entre uma tourada e uma corrida de touros?<\/div><div class=\"w-tabs-section-control\"><\/div><\/button><div  class=\"w-tabs-section-content\" id=\"content-da35\"><div class=\"w-tabs-section-content-h i-cf\"><div class=\"wpb_text_column\"><div class=\"wpb_wrapper\"><p data-start=\"3213\" data-end=\"3411\">A tauromaquia \u00e9 um espet\u00e1culo taurom\u00e1quico com um touro real, enquanto a tourada \u00e9 uma demonstra\u00e7\u00e3o t\u00e9cnica sem animais, centrada no ensino dos movimentos e dos fundamentos da tauromaquia.<\/p>\n<\/div><\/div><\/div><\/div><\/div><\/div><\/div><\/div><\/div><\/div><\/div><\/section><section class=\"l-section wpb_row height_medium\"><div class=\"l-section-h i-cf\"><div class=\"g-cols vc_row via_grid cols_1 laptops-cols_inherit tablets-cols_inherit mobiles-cols_1 valign_top type_default stacking_default\"><div class=\"wpb_column vc_column_container\"><div class=\"vc_column-inner\"><\/div><\/div><\/div><\/div><\/section>\n","protected":false},"excerpt":{"rendered":"","protected":false},"author":1,"featured_media":1135,"parent":0,"menu_order":0,"comment_status":"closed","ping_status":"closed","template":"","meta":{"footnotes":""},"class_list":["post-2487","page","type-page","status-publish","has-post-thumbnail","hentry"],"yoast_head":"<!-- This site is optimized with the Yoast SEO plugin v27.5 - https:\/\/yoast.com\/product\/yoast-seo-wordpress\/ -->\n<title>\u25b7 Demonstra\u00e7\u00e3o Taurom\u00e1quica + Tour Plaza las Ventas | Experi\u00eancias de touradas<\/title>\n<meta name=\"description\" content=\"Assiste a um verdadeiro espet\u00e1culo de Toreo de Sal\u00f3n na pra\u00e7a de touros de Las Ventas [Visita \u00e0 pra\u00e7a de touros inclu\u00edda].\" \/>\n<meta name=\"robots\" content=\"index, follow, max-snippet:-1, max-image-preview:large, max-video-preview:-1\" \/>\n<link rel=\"canonical\" href=\"https:\/\/lasventastour.com\/pt-pt\/demonstracao-do-toureio-de-salao\/\" \/>\n<meta property=\"og:locale\" content=\"pt_PT\" \/>\n<meta property=\"og:type\" content=\"article\" \/>\n<meta property=\"og:title\" content=\"\u25b7 Demonstra\u00e7\u00e3o Taurom\u00e1quica + Tour Plaza las Ventas | Experi\u00eancias de touradas\" \/>\n<meta property=\"og:description\" content=\"Assiste a um verdadeiro espet\u00e1culo de Toreo de Sal\u00f3n na pra\u00e7a de touros de Las Ventas [Visita \u00e0 pra\u00e7a de touros inclu\u00edda].\" \/>\n<meta property=\"og:url\" content=\"https:\/\/lasventastour.com\/pt-pt\/demonstracao-do-toureio-de-salao\/\" \/>\n<meta property=\"og:site_name\" content=\"Las Ventas Tour\" \/>\n<meta property=\"article:modified_time\" content=\"2026-04-28T11:09:16+00:00\" \/>\n<meta property=\"og:image\" content=\"https:\/\/lasventastour.com\/wp-content\/uploads\/2023\/11\/toreo-de-salon-Ruedo.webp\" \/>\n\t<meta property=\"og:image:width\" content=\"1200\" \/>\n\t<meta property=\"og:image:height\" content=\"803\" \/>\n\t<meta property=\"og:image:type\" content=\"image\/webp\" \/>\n<meta name=\"twitter:card\" content=\"summary_large_image\" \/>\n<meta name=\"twitter:label1\" content=\"Tempo estimado de leitura\" \/>\n\t<meta name=\"twitter:data1\" content=\"4 minutos\" \/>\n<script type=\"application\/ld+json\" class=\"yoast-schema-graph\">{\"@context\":\"https:\\\/\\\/schema.org\",\"@graph\":[{\"@type\":\"WebPage\",\"@id\":\"https:\\\/\\\/lasventastour.com\\\/pt-pt\\\/demonstracao-do-toureio-de-salao\\\/\",\"url\":\"https:\\\/\\\/lasventastour.com\\\/pt-pt\\\/demonstracao-do-toureio-de-salao\\\/\",\"name\":\"\u25b7 Demonstra\u00e7\u00e3o Taurom\u00e1quica + Tour Plaza las Ventas | Experi\u00eancias de touradas\",\"isPartOf\":{\"@id\":\"https:\\\/\\\/lasventastour.com\\\/pt-pt\\\/#website\"},\"primaryImageOfPage\":{\"@id\":\"https:\\\/\\\/lasventastour.com\\\/pt-pt\\\/demonstracao-do-toureio-de-salao\\\/#primaryimage\"},\"image\":{\"@id\":\"https:\\\/\\\/lasventastour.com\\\/pt-pt\\\/demonstracao-do-toureio-de-salao\\\/#primaryimage\"},\"thumbnailUrl\":\"https:\\\/\\\/lasventastour.com\\\/wp-content\\\/uploads\\\/2023\\\/11\\\/toreo-de-salon-Ruedo.webp\",\"datePublished\":\"2023-09-29T10:24:38+00:00\",\"dateModified\":\"2026-04-28T11:09:16+00:00\",\"description\":\"Assiste a um verdadeiro espet\u00e1culo de Toreo de Sal\u00f3n na pra\u00e7a de touros de Las Ventas [Visita \u00e0 pra\u00e7a de touros inclu\u00edda].\",\"breadcrumb\":{\"@id\":\"https:\\\/\\\/lasventastour.com\\\/pt-pt\\\/demonstracao-do-toureio-de-salao\\\/#breadcrumb\"},\"inLanguage\":\"pt-PT\",\"potentialAction\":[{\"@type\":\"ReadAction\",\"target\":[\"https:\\\/\\\/lasventastour.com\\\/pt-pt\\\/demonstracao-do-toureio-de-salao\\\/\"]}]},{\"@type\":\"ImageObject\",\"inLanguage\":\"pt-PT\",\"@id\":\"https:\\\/\\\/lasventastour.com\\\/pt-pt\\\/demonstracao-do-toureio-de-salao\\\/#primaryimage\",\"url\":\"https:\\\/\\\/lasventastour.com\\\/wp-content\\\/uploads\\\/2023\\\/11\\\/toreo-de-salon-Ruedo.webp\",\"contentUrl\":\"https:\\\/\\\/lasventastour.com\\\/wp-content\\\/uploads\\\/2023\\\/11\\\/toreo-de-salon-Ruedo.webp\",\"width\":1200,\"height\":803,\"caption\":\"Demonstra\u00e7\u00e3o de touradas em Madrid\"},{\"@type\":\"BreadcrumbList\",\"@id\":\"https:\\\/\\\/lasventastour.com\\\/pt-pt\\\/demonstracao-do-toureio-de-salao\\\/#breadcrumb\",\"itemListElement\":[{\"@type\":\"ListItem\",\"position\":1,\"name\":\"Portada\",\"item\":\"https:\\\/\\\/lasventastour.com\\\/pt-pt\\\/\"},{\"@type\":\"ListItem\",\"position\":2,\"name\":\"Tourada de sal\u00e3o\"}]},{\"@type\":\"WebSite\",\"@id\":\"https:\\\/\\\/lasventastour.com\\\/pt-pt\\\/#website\",\"url\":\"https:\\\/\\\/lasventastour.com\\\/pt-pt\\\/\",\"name\":\"Las Ventas Tour\",\"description\":\"Tour Las Ventas | Plaza de Toros de Madrid | Web Oficial\",\"publisher\":{\"@id\":\"https:\\\/\\\/lasventastour.com\\\/pt-pt\\\/#organization\"},\"alternateName\":\"Las Ventas Tour\",\"potentialAction\":[{\"@type\":\"SearchAction\",\"target\":{\"@type\":\"EntryPoint\",\"urlTemplate\":\"https:\\\/\\\/lasventastour.com\\\/pt-pt\\\/?s={search_term_string}\"},\"query-input\":{\"@type\":\"PropertyValueSpecification\",\"valueRequired\":true,\"valueName\":\"search_term_string\"}}],\"inLanguage\":\"pt-PT\"},{\"@type\":\"Organization\",\"@id\":\"https:\\\/\\\/lasventastour.com\\\/pt-pt\\\/#organization\",\"name\":\"Las Ventas Tour\",\"alternateName\":\"Las Ventas Tour\",\"url\":\"https:\\\/\\\/lasventastour.com\\\/pt-pt\\\/\",\"logo\":{\"@type\":\"ImageObject\",\"inLanguage\":\"pt-PT\",\"@id\":\"https:\\\/\\\/lasventastour.com\\\/pt-pt\\\/#\\\/schema\\\/logo\\\/image\\\/\",\"url\":\"https:\\\/\\\/lasventastour.com\\\/wp-content\\\/uploads\\\/2024\\\/09\\\/cropped-Logo-Las-Ventas-1.webp\",\"contentUrl\":\"https:\\\/\\\/lasventastour.com\\\/wp-content\\\/uploads\\\/2024\\\/09\\\/cropped-Logo-Las-Ventas-1.webp\",\"width\":512,\"height\":512,\"caption\":\"Las Ventas Tour\"},\"image\":{\"@id\":\"https:\\\/\\\/lasventastour.com\\\/pt-pt\\\/#\\\/schema\\\/logo\\\/image\\\/\"},\"sameAs\":[\"https:\\\/\\\/www.instagram.com\\\/lasventastour\\\/\"]}]}<\/script>\n<!-- \/ Yoast SEO plugin. -->","yoast_head_json":{"title":"\u25b7 Demonstra\u00e7\u00e3o Taurom\u00e1quica + Tour Plaza las Ventas | Experi\u00eancias de touradas","description":"Assiste a um verdadeiro espet\u00e1culo de Toreo de Sal\u00f3n na pra\u00e7a de touros de Las Ventas [Visita \u00e0 pra\u00e7a de touros inclu\u00edda].","robots":{"index":"index","follow":"follow","max-snippet":"max-snippet:-1","max-image-preview":"max-image-preview:large","max-video-preview":"max-video-preview:-1"},"canonical":"https:\/\/lasventastour.com\/pt-pt\/demonstracao-do-toureio-de-salao\/","og_locale":"pt_PT","og_type":"article","og_title":"\u25b7 Demonstra\u00e7\u00e3o Taurom\u00e1quica + Tour Plaza las Ventas | Experi\u00eancias de touradas","og_description":"Assiste a um verdadeiro espet\u00e1culo de Toreo de Sal\u00f3n na pra\u00e7a de touros de Las Ventas [Visita \u00e0 pra\u00e7a de touros inclu\u00edda].","og_url":"https:\/\/lasventastour.com\/pt-pt\/demonstracao-do-toureio-de-salao\/","og_site_name":"Las Ventas Tour","article_modified_time":"2026-04-28T11:09:16+00:00","og_image":[{"width":1200,"height":803,"url":"https:\/\/lasventastour.com\/wp-content\/uploads\/2023\/11\/toreo-de-salon-Ruedo.webp","type":"image\/webp"}],"twitter_card":"summary_large_image","twitter_misc":{"Tempo estimado de leitura":"4 minutos"},"schema":{"@context":"https:\/\/schema.org","@graph":[{"@type":"WebPage","@id":"https:\/\/lasventastour.com\/pt-pt\/demonstracao-do-toureio-de-salao\/","url":"https:\/\/lasventastour.com\/pt-pt\/demonstracao-do-toureio-de-salao\/","name":"\u25b7 Demonstra\u00e7\u00e3o Taurom\u00e1quica + Tour Plaza las Ventas | Experi\u00eancias de touradas","isPartOf":{"@id":"https:\/\/lasventastour.com\/pt-pt\/#website"},"primaryImageOfPage":{"@id":"https:\/\/lasventastour.com\/pt-pt\/demonstracao-do-toureio-de-salao\/#primaryimage"},"image":{"@id":"https:\/\/lasventastour.com\/pt-pt\/demonstracao-do-toureio-de-salao\/#primaryimage"},"thumbnailUrl":"https:\/\/lasventastour.com\/wp-content\/uploads\/2023\/11\/toreo-de-salon-Ruedo.webp","datePublished":"2023-09-29T10:24:38+00:00","dateModified":"2026-04-28T11:09:16+00:00","description":"Assiste a um verdadeiro espet\u00e1culo de Toreo de Sal\u00f3n na pra\u00e7a de touros de Las Ventas [Visita \u00e0 pra\u00e7a de touros inclu\u00edda].","breadcrumb":{"@id":"https:\/\/lasventastour.com\/pt-pt\/demonstracao-do-toureio-de-salao\/#breadcrumb"},"inLanguage":"pt-PT","potentialAction":[{"@type":"ReadAction","target":["https:\/\/lasventastour.com\/pt-pt\/demonstracao-do-toureio-de-salao\/"]}]},{"@type":"ImageObject","inLanguage":"pt-PT","@id":"https:\/\/lasventastour.com\/pt-pt\/demonstracao-do-toureio-de-salao\/#primaryimage","url":"https:\/\/lasventastour.com\/wp-content\/uploads\/2023\/11\/toreo-de-salon-Ruedo.webp","contentUrl":"https:\/\/lasventastour.com\/wp-content\/uploads\/2023\/11\/toreo-de-salon-Ruedo.webp","width":1200,"height":803,"caption":"Demonstra\u00e7\u00e3o de touradas em Madrid"},{"@type":"BreadcrumbList","@id":"https:\/\/lasventastour.com\/pt-pt\/demonstracao-do-toureio-de-salao\/#breadcrumb","itemListElement":[{"@type":"ListItem","position":1,"name":"Portada","item":"https:\/\/lasventastour.com\/pt-pt\/"},{"@type":"ListItem","position":2,"name":"Tourada de sal\u00e3o"}]},{"@type":"WebSite","@id":"https:\/\/lasventastour.com\/pt-pt\/#website","url":"https:\/\/lasventastour.com\/pt-pt\/","name":"Las Ventas Tour","description":"Tour Las Ventas | Plaza de Toros de Madrid | Web Oficial","publisher":{"@id":"https:\/\/lasventastour.com\/pt-pt\/#organization"},"alternateName":"Las Ventas Tour","potentialAction":[{"@type":"SearchAction","target":{"@type":"EntryPoint","urlTemplate":"https:\/\/lasventastour.com\/pt-pt\/?s={search_term_string}"},"query-input":{"@type":"PropertyValueSpecification","valueRequired":true,"valueName":"search_term_string"}}],"inLanguage":"pt-PT"},{"@type":"Organization","@id":"https:\/\/lasventastour.com\/pt-pt\/#organization","name":"Las Ventas Tour","alternateName":"Las Ventas Tour","url":"https:\/\/lasventastour.com\/pt-pt\/","logo":{"@type":"ImageObject","inLanguage":"pt-PT","@id":"https:\/\/lasventastour.com\/pt-pt\/#\/schema\/logo\/image\/","url":"https:\/\/lasventastour.com\/wp-content\/uploads\/2024\/09\/cropped-Logo-Las-Ventas-1.webp","contentUrl":"https:\/\/lasventastour.com\/wp-content\/uploads\/2024\/09\/cropped-Logo-Las-Ventas-1.webp","width":512,"height":512,"caption":"Las Ventas Tour"},"image":{"@id":"https:\/\/lasventastour.com\/pt-pt\/#\/schema\/logo\/image\/"},"sameAs":["https:\/\/www.instagram.com\/lasventastour\/"]}]}},"_links":{"self":[{"href":"https:\/\/lasventastour.com\/pt-pt\/wp-json\/wp\/v2\/pages\/2487","targetHints":{"allow":["GET"]}}],"collection":[{"href":"https:\/\/lasventastour.com\/pt-pt\/wp-json\/wp\/v2\/pages"}],"about":[{"href":"https:\/\/lasventastour.com\/pt-pt\/wp-json\/wp\/v2\/types\/page"}],"author":[{"embeddable":true,"href":"https:\/\/lasventastour.com\/pt-pt\/wp-json\/wp\/v2\/users\/1"}],"replies":[{"embeddable":true,"href":"https:\/\/lasventastour.com\/pt-pt\/wp-json\/wp\/v2\/comments?post=2487"}],"version-history":[{"count":11,"href":"https:\/\/lasventastour.com\/pt-pt\/wp-json\/wp\/v2\/pages\/2487\/revisions"}],"predecessor-version":[{"id":43314,"href":"https:\/\/lasventastour.com\/pt-pt\/wp-json\/wp\/v2\/pages\/2487\/revisions\/43314"}],"wp:featuredmedia":[{"embeddable":true,"href":"https:\/\/lasventastour.com\/pt-pt\/wp-json\/wp\/v2\/media\/1135"}],"wp:attachment":[{"href":"https:\/\/lasventastour.com\/pt-pt\/wp-json\/wp\/v2\/media?parent=2487"}],"curies":[{"name":"wp","href":"https:\/\/api.w.org\/{rel}","templated":true}]}}