{"id":2451,"date":"2023-09-28T11:31:33","date_gmt":"2023-09-28T11:31:33","guid":{"rendered":"https:\/\/lasventastour.com\/visita-individual\/"},"modified":"2026-04-28T09:54:22","modified_gmt":"2026-04-28T09:54:22","slug":"visitas-individuais","status":"publish","type":"page","link":"https:\/\/lasventastour.com\/pt-pt\/visitas-individuais\/","title":{"rendered":"Visita guiada por \u00e1udio"},"content":{"rendered":"<section class=\"l-section wpb_row us_custom_e9fd2ce4 height_auto color_primary with_img parallax_ver parallaxdir_reversed\"><div class=\"l-section-img\" role=\"img\" aria-label=\"Visita com \u00e1udio-guia \u00e0 Pra\u00e7a de Touros\" data-img-width=\"1300\" data-img-height=\"867\" style=\"background-image: url(https:\/\/lasventastour.com\/wp-content\/uploads\/2023\/11\/entrada-individual-tour-las-ventas.webp);\"><\/div><div class=\"l-section-overlay\" style=\"background:linear-gradient(90deg,#1b122f,rgba(54,54,54,0.00))\"><\/div><div class=\"l-section-h i-cf\"><div class=\"g-cols vc_row via_grid cols_1 laptops-cols_inherit tablets-cols_inherit mobiles-cols_1 valign_middle type_default stacking_default\" style=\"--columns-gap:0rem;\"><div class=\"wpb_column vc_column_container\"><div class=\"vc_column-inner\"><div class=\"w-separator size_medium\"><\/div><h1 class=\"w-text us_custom_51aa7753 us_animate_this\"><span class=\"w-text-h\"><span class=\"w-text-value\">Visita guiada por \u00e1udio<\/span><\/span><\/h1><div class=\"w-separator size_small\"><\/div><div class=\"w-text us_custom_444d1fbc us_animate_this\"><span class=\"w-text-h\"><span class=\"w-text-value\">Visita de entrada + Museu + Audioguia<\/span><\/span><\/div><div class=\"w-separator size_medium\"><\/div><div class=\"w-btn-wrapper align_none\"><a class=\"w-btn us-btn-style_1\" target=\"_blank\" rel=\"nofollow\" href=\"https:\/\/tickets.lasventastour.com\/es\/426-web-individual\/2116-las-ventas-tour-experience-visita-con-audioguia\"><span class=\"w-btn-label\">Marca uma visita<\/span><\/a><\/div><div class=\"w-separator size_large\"><\/div><\/div><\/div><\/div><\/div><\/section><section class=\"l-section wpb_row height_medium\"><div class=\"l-section-h i-cf\"><div class=\"g-cols vc_row via_grid cols_1 laptops-cols_inherit tablets-cols_inherit mobiles-cols_1 valign_top type_default stacking_default\"><div class=\"wpb_column vc_column_container\"><div class=\"vc_column-inner\"><div class=\"wpb_text_column\"><div class=\"wpb_wrapper\"><h2 style=\"text-align: center;\">Inclu\u00eddo no teu bilhete para a Pra\u00e7a de Touros Las Ventas Madrid<\/h2>\n<\/div><\/div><div class=\"w-separator size_large\"><\/div><div class=\"g-cols wpb_row via_grid cols_3 laptops-cols_inherit tablets-cols_inherit mobiles-cols_1 valign_top type_default stacking_default\" style=\"--columns-gap:3rem;\"><div class=\"wpb_column vc_column_container\"><div class=\"vc_column-inner\"><div class=\"w-iconbox iconpos_left style_outlined color_primary align_left\"><div class=\"w-iconbox-icon\" style=\"font-size:2rem;\"><i class=\"fad fa-volume-up\"><\/i><\/div><div class=\"w-iconbox-meta\"><h3 class=\"w-iconbox-title\">Guia \u00e1udio em 10 l\u00ednguas<\/h3><div class=\"w-iconbox-text\"><p>Conhece a hist\u00f3ria e as curiosidades da pra\u00e7a de touros de uma forma simples e divertida, ao teu ritmo.<\/p>\n<\/div><\/div><\/div><\/div><\/div><div class=\"wpb_column vc_column_container\"><div class=\"vc_column-inner\"><div class=\"w-iconbox iconpos_left style_outlined color_primary align_left\"><div class=\"w-iconbox-icon\" style=\"font-size:2rem;\"><i class=\"fad fa-street-view\"><\/i><\/div><div class=\"w-iconbox-meta\"><h3 class=\"w-iconbox-title\">Visita 360\u00ba<\/h3><div class=\"w-iconbox-text\"><p>Visitar\u00e1s todos os cantos da pra\u00e7a para ter uma vis\u00e3o de 360\u00ba deste monumento madrileno, declarado Bem de Interesse Cultural.<\/p>\n<\/div><\/div><\/div><\/div><\/div><div class=\"wpb_column vc_column_container\"><div class=\"vc_column-inner\"><div class=\"w-iconbox iconpos_left style_outlined color_primary align_left\"><div class=\"w-iconbox-icon\" style=\"font-size:2rem;\"><i class=\"fad fa-hourglass-start\"><\/i><\/div><div class=\"w-iconbox-meta\"><h3 class=\"w-iconbox-title\">Liberdade de circula\u00e7\u00e3o<\/h3><div class=\"w-iconbox-text\"><p>Podes passar o tempo que quiseres a visitar a pra\u00e7a e os teus lugares preferidos.<\/p>\n<\/div><\/div><\/div><\/div><\/div><\/div><div class=\"w-separator size_small with_line width_default thick_1 style_solid color_border align_center\"><div class=\"w-separator-h\"><\/div><\/div><\/div><\/div><\/div><\/div><\/section><section class=\"l-section wpb_row us_custom_eef79b84 height_medium\"><div class=\"l-section-h i-cf\"><div class=\"g-cols vc_row via_grid cols_1 laptops-cols_inherit tablets-cols_inherit mobiles-cols_1 valign_top type_default stacking_default\"><div class=\"wpb_column vc_column_container\"><div class=\"vc_column-inner\"><div class=\"g-cols wpb_row via_grid cols_2 laptops-cols_inherit tablets-cols_inherit mobiles-cols_1 valign_top type_default stacking_default\" style=\"--columns-gap:3rem;\"><div class=\"wpb_column vc_column_container\"><div class=\"vc_column-inner\"><h2 class=\"w-text\"><span class=\"w-text-h\"><span class=\"w-text-value\">Pre\u00e7os e l\u00ednguas<\/span><\/span><\/h2><div class=\"wpb_text_column\"><div class=\"wpb_wrapper\"><p class=\"w-iconbox-title\">Audioguia em 10 l\u00ednguas: ingl\u00eas, espanhol, franc\u00eas, alem\u00e3o, italiano, portugu\u00eas, chin\u00eas, japon\u00eas, coreano, russo e espanhol.<\/p>\n<\/div><\/div><div class=\"w-separator us_custom_da7ceeb3 size_small has_font_size with_line width_default thick_1 style_solid color_border align_none with_text with_content\"><div class=\"w-separator-h\"><h6 class=\"w-separator-text\"><span>Tipos de entrada<\/span><\/h6><\/div><\/div><div class=\"w-text icon_atleft\"><span class=\"w-text-h\"><i class=\"material-icons\">check_circle<\/i><span class=\"w-text-value\">Bilhete normal: 16 euros.<\/span><\/span><\/div><div class=\"w-text icon_atleft\"><span class=\"w-text-h\"><i class=\"material-icons\">check_circle<\/i><span class=\"w-text-value\">Por cada 10 bilhetes de entrada geral, um ser\u00e1 gratuito: 0,00 euros.<\/span><\/span><\/div><div class=\"w-text icon_atleft\"><span class=\"w-text-h\"><i class=\"material-icons\">check_circle<\/i><span class=\"w-text-value\">Estudantes e idosos: 13 euros.<\/span><\/span><\/div><div class=\"w-text icon_atleft\"><span class=\"w-text-h\"><i class=\"material-icons\">check_circle<\/i><span class=\"w-text-value\">Crian\u00e7as dos 13 aos 18 anos: 13 euros.<\/span><\/span><\/div><div class=\"w-text icon_atleft\"><span class=\"w-text-h\"><i class=\"material-icons\">check_circle<\/i><span class=\"w-text-value\">Crian\u00e7as dos 5 aos 12 anos: 7 euros.<\/span><\/span><\/div><div class=\"w-text icon_atleft\"><span class=\"w-text-h\"><i class=\"material-icons\">check_circle<\/i><span class=\"w-text-value\">Pessoa com diversidade funcional: 7 euros.<\/span><\/span><\/div><\/div><\/div><div class=\"wpb_column vc_column_container\"><div class=\"vc_column-inner\"><h3 class=\"w-text\"><span class=\"w-text-h\"><span class=\"w-text-value\">Bilhetes dispon\u00edveis!<\/span><\/span><\/h3><div class=\"w-separator size_small\"><\/div><div class=\"w-btn-wrapper align_none\"><a class=\"w-btn us-btn-style_1\" href=\"https:\/\/tickets.lasventastour.com\/es\/426-web-individual\/2116-las-ventas-tour-experience-visita-con-audioguia-museo\"><span class=\"w-btn-label\">Marca uma visita<\/span><\/a><\/div><\/div><\/div><\/div><\/div><\/div><\/div><\/div><\/section><section class=\"l-section wpb_row height_medium\"><div class=\"l-section-h i-cf\"><div class=\"g-cols vc_row via_grid cols_1 laptops-cols_inherit tablets-cols_inherit mobiles-cols_1 valign_top type_default stacking_default\"><div class=\"wpb_column vc_column_container\"><div class=\"vc_column-inner\"><div class=\"wpb_text_column\"><div class=\"wpb_wrapper\"><h2 style=\"text-align: center;\">Experi\u00eancias virtuais inclu\u00eddas<\/h2>\n<\/div><\/div><\/div><\/div><\/div><\/div><\/section><section class=\"l-section wpb_row height_auto\"><div class=\"l-section-h i-cf\"><div class=\"g-cols vc_row via_grid cols_2 laptops-cols_inherit tablets-cols_inherit mobiles-cols_1 valign_middle type_boxes stacking_default\" style=\"--columns-gap:0rem;\"><div class=\"wpb_column vc_column_container us_custom_23b04438 has_bg_color\"><div class=\"vc_column-inner\"><div class=\"w-video us_custom_96ecd230 align_center ratio_16x9 with_overlay has_iframe\" style=\"background-image:url(https:\/\/lasventastour.com\/wp-content\/uploads\/2023\/11\/juego-toreo-virtual.webp);\" onclick=\"return {&quot;player_id&quot;:&quot;youtube-sa2a&quot;,&quot;player_api&quot;:&quot;\\\/\\\/www.youtube.com\\\/player_api&quot;,&quot;player_html&quot;:&quot;&lt;div id=\\&quot;youtube-sa2a\\&quot;&gt;&lt;\\\/div&gt;&lt;script&gt;\\r\\n\\t\\t\\twindow.USYTPlayers = ( window.USYTPlayers || { initYTFunctions: [], optionsYT: [], USYTInited: false } );\\r\\n\\t\\t\\twindow.USYTPlayers.optionsYT.push( {\\r\\n\\t\\t\\t\\tplayerID: \\&quot;youtube-sa2a\\&quot;,\\r\\n\\t\\t\\t\\tvideoID: \\&quot;sucbjmJRf0U\\&quot;,\\r\\n\\t\\t\\t\\tplayerVars: {\\&quot;autoplay\\&quot;:1,\\&quot;controls\\&quot;:1,\\&quot;origin\\&quot;:\\&quot;https:\\\\\\\/\\\\\\\/lasventastour.com\\\\\\\/pt-pt\\\\\\\/\\&quot;,\\&quot;loop\\&quot;:0,\\&quot;mute\\&quot;:0,\\&quot;playlist\\&quot;:\\&quot;sucbjmJRf0U\\&quot;}\\r\\n\\t\\t\\t} );\\r\\n\\t\\t\\tif ( window.USYTPlayers.USYTInited === false ) {\\r\\n\\t\\t\\t\\t\\\/\\\/ Trying to override other possible WP YT API calls if our element is used\\r\\n\\t\\t\\t\\twindow.USYTPlayers.USYTInited = true;\\r\\n\\r\\n\\t\\t\\t\\twindow.onYouTubePlayerAPIReady = function() {\\r\\n\\t\\t\\t\\t\\tfor ( var i in window.USYTPlayers.optionsYT ) {\\r\\n\\t\\t\\t\\t\\t\\tvar _playerParams = window.USYTPlayers.optionsYT[ i ];\\r\\n\\t\\t\\t\\t\\t\\t$us.YTPlayers[ _playerParams.playerID ] = new YT.Player( _playerParams.playerID, {\\r\\n\\t\\t\\t\\t\\t\\t\\tvideoId: _playerParams.videoID,\\r\\n\\t\\t\\t\\t\\t\\t\\tplayerVars: _playerParams.playerVars\\r\\n\\t\\t\\t\\t\\t\\t} );\\r\\n\\t\\t\\t\\t\\t}\\r\\n\\t\\t\\t\\t}\\r\\n\\t\\t\\t}\\r\\n\\t\\t\\tif ( !!window.YT ) {\\r\\n\\t\\t\\t\\t$us.YTPlayers[\\&quot;youtube-sa2a\\&quot;] = new YT.Player( \\&quot;youtube-sa2a\\&quot;, {\\r\\n\\t\\t\\t\\t\\tvideoId: \\&quot;sucbjmJRf0U\\&quot;,\\r\\n\\t\\t\\t\\t\\tplayerVars: {\\&quot;autoplay\\&quot;:1,\\&quot;controls\\&quot;:1,\\&quot;origin\\&quot;:\\&quot;https:\\\\\\\/\\\\\\\/lasventastour.com\\\\\\\/pt-pt\\\\\\\/\\&quot;,\\&quot;loop\\&quot;:0,\\&quot;mute\\&quot;:0,\\&quot;playlist\\&quot;:\\&quot;sucbjmJRf0U\\&quot;}\\r\\n\\t\\t\\t\\t} );\\r\\n\\t\\t\\t}\\r\\n\\t\\t&lt;\\\/script&gt;&quot;}\"><button class=\"w-video-play\" type=\"button\" aria-label=\"Reproduzir\"><span class=\"w-video-play-icon\" style=\"font-size:1.5rem;background:var(--color-header-middle-text-hover);color:#ffffff\"><\/span><\/button><div class=\"w-video-h\"><\/div><\/div><\/div><\/div><div class=\"wpb_column vc_column_container us_custom_c70c97eb has_bg_color\"><div class=\"vc_column-inner\"><div class=\"wpb_text_column\"><div class=\"wpb_wrapper\"><h3>1. jogo de realidade virtual<\/h3>\n<p>Queres tornar-te um toureiro por alguns minutos? Entra na nossa mini pra\u00e7a de touros, coloca os teus \u00f3culos e enfrenta um touro virtual de 600 kg, na pra\u00e7a de touros de Las Ventas. O nosso pessoal ensinar-te-\u00e1 a tourear com arte para que possas sair da arena pela porta principal.  <\/p>\n<p>A pessoa que fizer mais pontos ganha!<\/p>\n<\/div><\/div><\/div><\/div><\/div><\/div><\/section><section class=\"l-section wpb_row height_auto\"><div class=\"l-section-h i-cf\"><div class=\"g-cols vc_row via_grid cols_2 laptops-cols_inherit tablets-cols_inherit mobiles-cols_1 valign_middle type_boxes reversed stacking_default\" style=\"--columns-gap:0rem;\"><div class=\"wpb_column vc_column_container us_custom_c70c97eb has_bg_color\"><div class=\"vc_column-inner\"><div class=\"wpb_text_column\"><div class=\"wpb_wrapper\"><h3>2. sala imersiva<\/h3>\n<p>Nesta sala poder\u00e1s conhecer o mundo das touradas de uma forma divertida e l\u00fadica. A sala tem ecr\u00e3s onde podes ver v\u00eddeos muito interessantes sobre a hist\u00f3ria da pra\u00e7a de touros, os toureiros mais famosos que lutaram em Las Ventas, bem como fotografias e arte taurom\u00e1quica. <\/p>\n<p>Entra e respira a paix\u00e3o das touradas!<\/p>\n<\/div><\/div><\/div><\/div><div class=\"wpb_column vc_column_container us_custom_41195194 has_bg_color\"><div class=\"vc_column-inner\"><div class=\"w-separator size_custom\" style=\"height:20vh\"><\/div><\/div><\/div><\/div><\/div><\/section><section class=\"l-section wpb_row height_auto\"><div class=\"l-section-h i-cf\"><div class=\"g-cols vc_row via_grid cols_2 laptops-cols_inherit tablets-cols_inherit mobiles-cols_1 valign_middle type_boxes stacking_default\" style=\"--columns-gap:0rem;\"><div class=\"wpb_column vc_column_container us_custom_f1b3e985 has_bg_color\"><div class=\"vc_column-inner\"><div class=\"w-separator size_custom\" style=\"height:20vh\"><\/div><\/div><\/div><div class=\"wpb_column vc_column_container us_custom_c70c97eb has_bg_color\"><div class=\"vc_column-inner\"><div class=\"wpb_text_column\"><div class=\"wpb_wrapper\"><h3>3. Experi\u00eancias virtuais<\/h3>\n<p>Ainda queres mais? Dentro da sala imersiva poder\u00e1s utilizar os nossos \u00f3culos de realidade virtual. Poder\u00e1s ver, em 360\u00ba, eventos taurom\u00e1quicos t\u00e3o interessantes como o de San Fermines. Vai parecer que est\u00e1s a correr em frente aos touros!  <\/p>\n<p>Tamb\u00e9m poder\u00e1s sobrevoar a Plaza de Toros de Las Ventas, ver como se criam os touros nas ganadarias do campo e muito mais!<\/p>\n<\/div><\/div><\/div><\/div><\/div><\/div><\/section><section class=\"l-section wpb_row height_medium\"><div class=\"l-section-h i-cf\"><div class=\"g-cols vc_row via_grid cols_1 laptops-cols_inherit tablets-cols_inherit mobiles-cols_1 valign_middle type_default stacking_default\"><div class=\"wpb_column vc_column_container\"><div class=\"vc_column-inner\"><div class=\"wpb_text_column\"><div class=\"wpb_wrapper\"><h2 style=\"text-align: center;\">Tudo o que ver\u00e1s na tua visita \u00e0 Plaza de Toros de Las Ventas Madrid<\/h2>\n<p style=\"text-align: center;\">A <strong data-start=\"5126\" data-end=\"5164\">visita \u00e1udio-guiada a Las Ventas<\/strong> permite-te percorrer a pra\u00e7a de touros ao teu pr\u00f3prio ritmo, com explica\u00e7\u00f5es claras e acess\u00edveis em v\u00e1rias l\u00ednguas.<\/p>\n<p style=\"text-align: center;\">\u00c9 a escolha ideal para aqueles que querem uma experi\u00eancia cultural flex\u00edvel durante a sua visita a Madrid.<\/p>\n<\/div><\/div><div class=\"w-separator size_medium\"><\/div><div class=\"g-cols wpb_row via_grid cols_2 laptops-cols_inherit tablets-cols_inherit mobiles-cols_1 valign_top type_default reversed stacking_default\" style=\"--columns-gap:3rem;\"><div class=\"wpb_column vc_column_container\"><div class=\"vc_column-inner\"><div class=\"wpb_text_column\"><div class=\"wpb_wrapper\"><ol>\n<li><strong>PUERTA GRANDE:<\/strong> O lugar onde os toureiros sonham em ser carregados nos ombros dos melhores f\u00e3s do mundo.<\/li>\n<li><strong>O TERRA\u00c7O: <\/strong>Descobrir\u00e1s os detalhes arquitect\u00f3nicos da pra\u00e7a.<\/li>\n<li><strong>TORO BRAVO:<\/strong> O rei da festa, \u00e9 criado em condi\u00e7\u00f5es excepcionais, no meio da natureza.<\/li>\n<li><strong>TENDIDOS Y PALCO: <\/strong>Uma visita panor\u00e2mica dos tendidos para compreenderes o desenvolvimento de uma tourada.<\/li>\n<li><strong>PUERTA DE ARRASTRE:<\/strong> A porta que o touro atravessa depois da sua morte her\u00f3ica, sob os aplausos do p\u00fablico.<\/li>\n<li><strong>RUEDO:<\/strong> Onde acontece o mais importante, o lugar onde o touro e o toureiro se enfrentam.<\/li>\n<li><strong>PORT\u00c3O DE TORILHAS:<\/strong> Da escurid\u00e3o de um espa\u00e7o estreito, o touro sai para enfrentar o seu destino.<\/li>\n<li><b>PORT\u00c3O DAS QUADRILHAS E DO PASE\u00cdLLO:<\/b> Neste port\u00e3o os toureiros esperam o pase\u00edllo entre nervos e medos, um lugar onde a emo\u00e7\u00e3o est\u00e1 no auge.<\/li>\n<li><strong>O<\/strong> lugar que nenhum toureiro quer visitar, mas que todos acabam por visitar.<\/li>\n<li><strong>CAPELA:<\/strong> Local de culto religioso para a intimidade dos toureiros.<\/li>\n<li><strong>MUSEU DE TORTURA DE MADRID: <\/strong>A sua estrutura foi concebida para destacar os touros e os toureiros<strong>. <\/strong><\/li>\n<\/ol>\n<p>*O itiner\u00e1rio pode ser alterado devido a trabalhos de manuten\u00e7\u00e3o ou outros obst\u00e1culos.<\/p>\n<\/div><\/div><\/div><\/div><div class=\"wpb_column vc_column_container\"><div class=\"vc_column-inner\"><div class=\"w-image align_none\"><div class=\"w-image-h\"><img decoding=\"async\" width=\"922\" height=\"1024\" src=\"https:\/\/lasventastour.com\/wp-content\/uploads\/2024\/08\/Recorrido-tour-plaza-toros-madrid.webp\" class=\"attachment-large size-large\" alt=\"O que ver na pra\u00e7a de touros de Madrid\" loading=\"lazy\" srcset=\"https:\/\/lasventastour.com\/wp-content\/uploads\/2024\/08\/Recorrido-tour-plaza-toros-madrid.webp 922w, https:\/\/lasventastour.com\/wp-content\/uploads\/2024\/08\/Recorrido-tour-plaza-toros-madrid-600x666.webp 600w, https:\/\/lasventastour.com\/wp-content\/uploads\/2024\/08\/Recorrido-tour-plaza-toros-madrid-270x300.webp 270w\" sizes=\"auto, (max-width: 922px) 100vw, 922px\" \/><\/div><\/div><\/div><\/div><\/div><\/div><\/div><\/div><\/div><\/section><section class=\"l-section wpb_row height_medium\"><div class=\"l-section-h i-cf\"><div class=\"g-cols vc_row via_grid cols_1 laptops-cols_inherit tablets-cols_inherit mobiles-cols_1 valign_top type_default stacking_default\"><div class=\"wpb_column vc_column_container\"><div class=\"vc_column-inner\"><div class=\"w-grid us_carousel type_carousel layout_gallery_default preload_style_spinner items_4\" id=\"us_grid_1\" style=\"--items:4;--gap:5px;\"><style>.layout_gallery_default .w-grid-item-h{}<\/style><div class=\"w-grid-list owl-carousel valign_stretch dotstyle_circle navstyle_circle arrows-ver-pos_middle arrows-hor-pos_on_sides_outside arrows-disabled_hide owl-responsive-2000 with_arrows\" style=\"--transition-duration:350ms;--arrows-size:1.5rem;--arrows-hor-offset:calc(0px + 5px);--arrows-gap:10px;\">\t<article class=\"w-grid-item post-1093 attachment type-attachment status-inherit hentry\" data-id=\"1093\">\r\n\t\t<div class=\"w-grid-item-h\">\r\n\t\t\t\t\t\t<div class=\"w-post-elm post_image usg_post_image_1 stretched\"><img loading=\"lazy\" decoding=\"async\" width=\"750\" height=\"500\" src=\"https:\/\/lasventastour.com\/wp-content\/uploads\/2023\/11\/Evento-taurino-las-ventas.webp\" class=\"attachment-large size-large\" alt=\"Tourada Madrid\" srcset=\"https:\/\/lasventastour.com\/wp-content\/uploads\/2023\/11\/Evento-taurino-las-ventas.webp 750w, https:\/\/lasventastour.com\/wp-content\/uploads\/2023\/11\/Evento-taurino-las-ventas-600x400.webp 600w, https:\/\/lasventastour.com\/wp-content\/uploads\/2023\/11\/Evento-taurino-las-ventas-300x200.webp 300w\" sizes=\"auto, (max-width: 750px) 100vw, 750px\" \/><\/div>\t\t<\/div>\r\n\t\t\t<\/article>\r\n\t<article class=\"w-grid-item post-1069 attachment type-attachment status-inherit hentry\" data-id=\"1069\">\r\n\t\t<div class=\"w-grid-item-h\">\r\n\t\t\t\t\t\t<div class=\"w-post-elm post_image usg_post_image_1 stretched\"><img loading=\"lazy\" decoding=\"async\" width=\"750\" height=\"500\" src=\"https:\/\/lasventastour.com\/wp-content\/uploads\/2023\/11\/ruedo-plaza-toros.webp\" class=\"attachment-large size-large\" alt=\"ruedo de las ventas madrid\" srcset=\"https:\/\/lasventastour.com\/wp-content\/uploads\/2023\/11\/ruedo-plaza-toros.webp 750w, https:\/\/lasventastour.com\/wp-content\/uploads\/2023\/11\/ruedo-plaza-toros-600x400.webp 600w, https:\/\/lasventastour.com\/wp-content\/uploads\/2023\/11\/ruedo-plaza-toros-300x200.webp 300w\" sizes=\"auto, (max-width: 750px) 100vw, 750px\" \/><\/div>\t\t<\/div>\r\n\t\t\t<\/article>\r\n\t<article class=\"w-grid-item post-1077 attachment type-attachment status-inherit hentry\" data-id=\"1077\">\r\n\t\t<div class=\"w-grid-item-h\">\r\n\t\t\t\t\t\t<div class=\"w-post-elm post_image usg_post_image_1 stretched\"><img loading=\"lazy\" decoding=\"async\" width=\"750\" height=\"500\" src=\"https:\/\/lasventastour.com\/wp-content\/uploads\/2023\/11\/feria-taurina-madrid.webp\" class=\"attachment-large size-large\" alt=\"Apresentado na feira de Madrid\" srcset=\"https:\/\/lasventastour.com\/wp-content\/uploads\/2023\/11\/feria-taurina-madrid.webp 750w, https:\/\/lasventastour.com\/wp-content\/uploads\/2023\/11\/feria-taurina-madrid-600x400.webp 600w, https:\/\/lasventastour.com\/wp-content\/uploads\/2023\/11\/feria-taurina-madrid-300x200.webp 300w\" sizes=\"auto, (max-width: 750px) 100vw, 750px\" \/><\/div>\t\t<\/div>\r\n\t\t\t<\/article>\r\n\t<article class=\"w-grid-item post-1029 attachment type-attachment status-inherit hentry\" data-id=\"1029\">\r\n\t\t<div class=\"w-grid-item-h\">\r\n\t\t\t\t\t\t<div class=\"w-post-elm post_image usg_post_image_1 stretched\"><img loading=\"lazy\" decoding=\"async\" width=\"750\" height=\"500\" src=\"https:\/\/lasventastour.com\/wp-content\/uploads\/2023\/11\/visitas-a-las-ventas.webp\" class=\"attachment-large size-large\" alt=\"O que ver no tour da pra\u00e7a de touros de Madri\" srcset=\"https:\/\/lasventastour.com\/wp-content\/uploads\/2023\/11\/visitas-a-las-ventas.webp 750w, https:\/\/lasventastour.com\/wp-content\/uploads\/2023\/11\/visitas-a-las-ventas-600x400.webp 600w, https:\/\/lasventastour.com\/wp-content\/uploads\/2023\/11\/visitas-a-las-ventas-300x200.webp 300w\" sizes=\"auto, (max-width: 750px) 100vw, 750px\" \/><\/div>\t\t<\/div>\r\n\t\t\t<\/article>\r\n\t<article class=\"w-grid-item post-1053 attachment type-attachment status-inherit hentry\" data-id=\"1053\">\r\n\t\t<div class=\"w-grid-item-h\">\r\n\t\t\t\t\t\t<div class=\"w-post-elm post_image usg_post_image_1 stretched\"><img loading=\"lazy\" decoding=\"async\" width=\"750\" height=\"500\" src=\"https:\/\/lasventastour.com\/wp-content\/uploads\/2023\/11\/museo-plaza-toros-madrid.webp\" class=\"attachment-large size-large\" alt=\"museu taurino madrid\" srcset=\"https:\/\/lasventastour.com\/wp-content\/uploads\/2023\/11\/museo-plaza-toros-madrid.webp 750w, https:\/\/lasventastour.com\/wp-content\/uploads\/2023\/11\/museo-plaza-toros-madrid-600x400.webp 600w, https:\/\/lasventastour.com\/wp-content\/uploads\/2023\/11\/museo-plaza-toros-madrid-300x200.webp 300w\" sizes=\"auto, (max-width: 750px) 100vw, 750px\" \/><\/div>\t\t<\/div>\r\n\t\t\t<\/article>\r\n\t<article class=\"w-grid-item post-1101 attachment type-attachment status-inherit hentry\" data-id=\"1101\">\r\n\t\t<div class=\"w-grid-item-h\">\r\n\t\t\t\t\t\t<div class=\"w-post-elm post_image usg_post_image_1 stretched\"><img loading=\"lazy\" decoding=\"async\" width=\"750\" height=\"500\" src=\"https:\/\/lasventastour.com\/wp-content\/uploads\/2023\/11\/Foto-grande-LVT-750x500-15.png\" class=\"attachment-large size-large\" alt=\"Visite a pra\u00e7a de touros de Madrid\" srcset=\"https:\/\/lasventastour.com\/wp-content\/uploads\/2023\/11\/Foto-grande-LVT-750x500-15.png 750w, https:\/\/lasventastour.com\/wp-content\/uploads\/2023\/11\/Foto-grande-LVT-750x500-15-600x400.png 600w, https:\/\/lasventastour.com\/wp-content\/uploads\/2023\/11\/Foto-grande-LVT-750x500-15-300x200.png 300w\" sizes=\"auto, (max-width: 750px) 100vw, 750px\" \/><\/div>\t\t<\/div>\r\n\t\t\t<\/article>\r\n\t<article class=\"w-grid-item post-1085 attachment type-attachment status-inherit hentry\" data-id=\"1085\">\r\n\t\t<div class=\"w-grid-item-h\">\r\n\t\t\t\t\t\t<div class=\"w-post-elm post_image usg_post_image_1 stretched\"><img loading=\"lazy\" decoding=\"async\" width=\"750\" height=\"500\" src=\"https:\/\/lasventastour.com\/wp-content\/uploads\/2023\/11\/puerta-grande-plaza-toros.webp\" class=\"attachment-large size-large\" alt=\"Grandes vendas \u00e0 porta\" srcset=\"https:\/\/lasventastour.com\/wp-content\/uploads\/2023\/11\/puerta-grande-plaza-toros.webp 750w, https:\/\/lasventastour.com\/wp-content\/uploads\/2023\/11\/puerta-grande-plaza-toros-600x400.webp 600w, https:\/\/lasventastour.com\/wp-content\/uploads\/2023\/11\/puerta-grande-plaza-toros-300x200.webp 300w\" sizes=\"auto, (max-width: 750px) 100vw, 750px\" \/><\/div>\t\t<\/div>\r\n\t\t\t<\/article>\r\n<\/div><div class=\"w-grid-carousel-json hidden\" onclick='return {&quot;carousel_settings&quot;:{&quot;aria_labels&quot;:{&quot;prev&quot;:&quot;Anterior&quot;,&quot;next&quot;:&quot;Seguinte&quot;},&quot;autoplayContinual&quot;:false,&quot;autoplayContinualCss&quot;:false,&quot;autoplayHoverPause&quot;:false,&quot;autoplayTimeout&quot;:3000,&quot;autoWidth&quot;:false,&quot;smartSpeed&quot;:350,&quot;margin&quot;:0,&quot;mouseDrag&quot;:true,&quot;rtl&quot;:false,&quot;slideBy&quot;:&quot;1&quot;,&quot;touchDrag&quot;:true,&quot;slideTransition&quot;:&quot;&quot;,&quot;responsive&quot;:{&quot;0&quot;:{&quot;autoHeight&quot;:false,&quot;autoplay&quot;:true,&quot;autoplayContinualCss&quot;:false,&quot;autoWidth&quot;:false,&quot;center&quot;:false,&quot;dots&quot;:false,&quot;items&quot;:1,&quot;loop&quot;:true,&quot;nav&quot;:false,&quot;stagePadding&quot;:0,&quot;slideBy&quot;:&quot;1&quot;,&quot;touchDrag&quot;:true,&quot;mouseDrag&quot;:true},&quot;601&quot;:{&quot;autoHeight&quot;:false,&quot;autoplay&quot;:true,&quot;autoplayContinualCss&quot;:false,&quot;autoWidth&quot;:false,&quot;center&quot;:false,&quot;dots&quot;:false,&quot;items&quot;:2,&quot;loop&quot;:true,&quot;nav&quot;:true,&quot;stagePadding&quot;:0,&quot;slideBy&quot;:&quot;1&quot;,&quot;touchDrag&quot;:true,&quot;mouseDrag&quot;:true},&quot;1025&quot;:{&quot;autoHeight&quot;:false,&quot;autoplay&quot;:true,&quot;autoplayContinualCss&quot;:false,&quot;autoWidth&quot;:false,&quot;center&quot;:false,&quot;dots&quot;:false,&quot;items&quot;:3,&quot;loop&quot;:true,&quot;nav&quot;:true,&quot;stagePadding&quot;:0,&quot;slideBy&quot;:&quot;1&quot;,&quot;touchDrag&quot;:true,&quot;mouseDrag&quot;:true},&quot;1381&quot;:{&quot;items&quot;:4,&quot;autoplay&quot;:false,&quot;autoplayContinualCss&quot;:false,&quot;center&quot;:false,&quot;dots&quot;:false,&quot;nav&quot;:true,&quot;autoHeight&quot;:false,&quot;autoWidth&quot;:false,&quot;loop&quot;:true,&quot;stagePadding&quot;:0}}}}'><\/div><\/div><\/div><\/div><\/div><\/div><\/section><section class=\"l-section wpb_row height_medium\"><div class=\"l-section-h i-cf\"><div class=\"g-cols vc_row via_grid cols_1 laptops-cols_inherit tablets-cols_inherit mobiles-cols_1 valign_middle type_default stacking_default\"><div class=\"wpb_column vc_column_container\"><div class=\"vc_column-inner\"><div class=\"wpb_text_column\"><div class=\"wpb_wrapper\"><h2>Informa\u00e7\u00f5es gerais<\/h2>\n<ul>\n<li>As visitas \u00e0 pra\u00e7a de touros de Las Ventas s\u00e3o feitas com um guia \u00e1udio cujo aluguer est\u00e1 inclu\u00eddo no pre\u00e7o do bilhete.<\/li>\n<li><strong>Dispon\u00edvel em 10 idiomas:<\/strong> espanhol, ingl\u00eas, franc\u00eas, italiano, portugu\u00eas, chin\u00eas, russo, alem\u00e3o, japon\u00eas e coreano.<\/li>\n<li>No final da visita, deves devolver o \u00e1udio-guia no Museu Taurino.<\/li>\n<li>As visitas podem ser efectuadas em qualquer altura, desde a abertura at\u00e9 ao encerramento da bilheteira.  <a href=\"https:\/\/lasventastour.com\/pt-pt\/horarios\/\">Consulta os hor\u00e1rios<\/a><\/li>\n<li>Onde \u00e9 que est\u00e1s? Porta Grande da Pra\u00e7a de Touros de Las Ventas: <a href=\"https:\/\/maps.app.goo.gl\/yNc5bbgRqQHyKoia8\">Google Maps<\/a> <\/li>\n<li>En caso de eventos especiales, ferias, etc. las visitas se realizar\u00e1n en grupo y de forma guiada. Se avisar\u00e1 de forma previa en la taquilla. <\/li>\n<\/ul>\n<\/div><\/div><div class=\"w-separator size_medium\"><\/div><div class=\"w-btn-wrapper align_center\"><a class=\"w-btn us-btn-style_1\" target=\"_blank\" rel=\"nofollow\" href=\"https:\/\/tickets.lasventastour.com\/es\/426-web-individual\/2116-las-ventas-tour-experience-visita-con-audioguia\"><span class=\"w-btn-label\">Marca uma visita<\/span><\/a><\/div><\/div><\/div><\/div><\/div><\/section><section class=\"l-section wpb_row us_custom_04b5345d height_medium\"><div class=\"l-section-h i-cf\"><div class=\"g-cols vc_row via_grid cols_2 laptops-cols_inherit tablets-cols_inherit mobiles-cols_1 valign_top type_default stacking_default\"><div class=\"wpb_column vc_column_container\"><div class=\"vc_column-inner\"><div class=\"wpb_text_column\"><div class=\"wpb_wrapper\"><h2>Procuras uma experi\u00eancia VIP?<\/h2>\n<p>Se a visita individual \u00e0 pra\u00e7a de touros n\u00e3o te convence, ent\u00e3o est\u00e1s \u00e0 procura da visita VIP. Com este bilhete ter\u00e1s um guia privado que te mostrar\u00e1 em detalhe e de uma forma divertida, as maravilhas escondidas de Las Ventas. <\/p>\n<p><strong>Vive uma experi\u00eancia VIP de tourada.<\/strong><\/p>\n<\/div><\/div><div class=\"w-separator size_medium\"><\/div><div class=\"w-btn-wrapper align_none\"><a class=\"w-btn us-btn-style_1\" title=\"visita privada a las ventas\" href=\"https:\/\/lasventastour.com\/pt-pt\/visita-guiada-privada\/\"><span class=\"w-btn-label\">Ver mais<\/span><\/a><\/div><\/div><\/div><div class=\"wpb_column vc_column_container\"><div class=\"vc_column-inner\"><div class=\"w-image align_none\"><div class=\"w-image-h\"><img decoding=\"async\" width=\"640\" height=\"440\" src=\"https:\/\/lasventastour.com\/wp-content\/uploads\/2023\/09\/tour-visitas-privadas.jpg\" class=\"attachment-large size-large\" alt=\"visita guiada privada\" loading=\"lazy\" srcset=\"https:\/\/lasventastour.com\/wp-content\/uploads\/2023\/09\/tour-visitas-privadas.jpg 640w, https:\/\/lasventastour.com\/wp-content\/uploads\/2023\/09\/tour-visitas-privadas-600x413.jpg 600w, https:\/\/lasventastour.com\/wp-content\/uploads\/2023\/09\/tour-visitas-privadas-300x206.jpg 300w\" sizes=\"auto, (max-width: 640px) 100vw, 640px\" \/><\/div><\/div><\/div><\/div><\/div><\/div><\/section><section class=\"l-section wpb_row height_medium\"><div class=\"l-section-h i-cf\"><div class=\"g-cols vc_row via_grid cols_1 laptops-cols_inherit tablets-cols_inherit mobiles-cols_1 valign_middle type_default stacking_default\"><div class=\"wpb_column vc_column_container\"><div class=\"vc_column-inner\"><div class=\"wpb_text_column\"><div class=\"wpb_wrapper\"><h2 style=\"text-align: center;\" data-start=\"511\" data-end=\"597\">Perguntas frequentes - Visita audioguiada \u00e0 <span class=\"hover:entity-accent entity-underline inline cursor-pointer align-baseline\"><span class=\"whitespace-normal\">Pra\u00e7a de Touros de Las Ventas<\/span><\/span><\/h2>\n<\/div><\/div><div class=\"w-separator size_medium\"><\/div><div class=\"w-tabs style_default switch_click accordion has_scrolling\" style=\"--sections-title-size:inherit\"><div class=\"w-tabs-sections titles-align_none icon_chevron cpos_right\"><div class=\"w-tabs-section\" id=\"ge23\"><button class=\"w-tabs-section-header\" aria-controls=\"content-ge23\" aria-expanded=\"false\"><div class=\"w-tabs-section-title\">Em que consiste a visita \u00e1udio-guiada \u00e0 Plaza de Toros de Las Ventas?<\/div><div class=\"w-tabs-section-control\"><\/div><\/button><div  class=\"w-tabs-section-content\" id=\"content-ge23\"><div class=\"w-tabs-section-content-h i-cf\"><div class=\"wpb_text_column\"><div class=\"wpb_wrapper\"><p data-start=\"676\" data-end=\"900\">A visita \u00e1udio-guiada oferece um percurso gratuito pela Pra\u00e7a de Touros de Las Ventas e pelo Museu Taurino, com explica\u00e7\u00f5es claras sobre a sua hist\u00f3ria, arquitetura e tradi\u00e7\u00e3o, ideal para descobrires este monumento ao teu pr\u00f3prio ritmo.<\/p>\n<\/div><\/div><\/div><\/div><\/div><div class=\"w-tabs-section\" id=\"gf7e\"><button class=\"w-tabs-section-header\" aria-controls=\"content-gf7e\" aria-expanded=\"false\"><div class=\"w-tabs-section-title\">O que inclui o bilhete da visita \u00e1udio-guiada?<\/div><div class=\"w-tabs-section-control\"><\/div><\/button><div  class=\"w-tabs-section-content\" id=\"content-gf7e\"><div class=\"w-tabs-section-content-h i-cf\"><div class=\"wpb_text_column\"><div class=\"wpb_wrapper\"><p data-start=\"960\" data-end=\"979\">O bilhete inclui:<\/p>\n<ul>\n<li data-start=\"982\" data-end=\"1024\">Acesso \u00e0 Pra\u00e7a de Touros de Las Ventas<\/li>\n<li data-start=\"1027\" data-end=\"1052\">Acesso ao Museu Taurino<\/li>\n<li data-start=\"1055\" data-end=\"1112\">Visita as zonas mais emblem\u00e1ticas da pra\u00e7a<\/li>\n<li data-start=\"1115\" data-end=\"1171\">Audioguia (se selecionado na modalidade escolhida)<\/li>\n<\/ul>\n<\/div><\/div><\/div><\/div><\/div><div class=\"w-tabs-section\" id=\"l0be\"><button class=\"w-tabs-section-header\" aria-controls=\"content-l0be\" aria-expanded=\"false\"><div class=\"w-tabs-section-title\">A visita \u00e9 guiada?<\/div><div class=\"w-tabs-section-control\"><\/div><\/button><div  class=\"w-tabs-section-content\" id=\"content-l0be\"><div class=\"w-tabs-section-content-h i-cf\"><div class=\"wpb_text_column\"><div class=\"wpb_wrapper\"><p>N\u00e3o. A visita individual \u00e0 Pra\u00e7a de Touros de Las Ventas \u00e9 uma visita livre e autoguiada que inclui o acesso \u00e0 pra\u00e7a de touros e ao Museu Taurino, sem guia.<\/p>\n<\/div><\/div><\/div><\/div><\/div><div class=\"w-tabs-section\" id=\"z205\"><button class=\"w-tabs-section-header\" aria-controls=\"content-z205\" aria-expanded=\"false\"><div class=\"w-tabs-section-title\">Quanto tempo dura a visita \u00e1udio-guiada?<\/div><div class=\"w-tabs-section-control\"><\/div><\/button><div  class=\"w-tabs-section-content\" id=\"content-z205\"><div class=\"w-tabs-section-content-h i-cf\"><div class=\"wpb_text_column\"><div class=\"wpb_wrapper\"><p data-start=\"1451\" data-end=\"1601\">A dura\u00e7\u00e3o m\u00e9dia \u00e9 entre <strong data-start=\"1481\" data-end=\"1504\">45 minutos e 1 hora<\/strong>, embora possas adapt\u00e1-la completamente ao teu ritmo e ao tempo que desejas dedicar a cada espa\u00e7o.<\/p>\n<\/div><\/div><\/div><\/div><\/div><div class=\"w-tabs-section\" id=\"l375\"><button class=\"w-tabs-section-header\" aria-controls=\"content-l375\" aria-expanded=\"false\"><div class=\"w-tabs-section-title\">Em que l\u00ednguas est\u00e1 dispon\u00edvel o audioguia?<\/div><div class=\"w-tabs-section-control\"><\/div><\/button><div  class=\"w-tabs-section-content\" id=\"content-l375\"><div class=\"w-tabs-section-content-h i-cf\"><div class=\"wpb_text_column\"><div class=\"wpb_wrapper\"><p data-start=\"2848\" data-end=\"3000\">O guia \u00e1udio est\u00e1 dispon\u00edvel em v\u00e1rias l\u00ednguas, ideal para visitantes internacionais. As l\u00ednguas dispon\u00edveis s\u00e3o indicadas durante o processo de reserva. <\/p>\n<ul>\n<li data-start=\"130\" data-end=\"144\">\ud83c\uddea\ud83c\uddf8 Ingl\u00eas<\/li>\n<li data-start=\"147\" data-end=\"160\">\ud83c\uddec\ud83c\udde7 Ingl\u00eas<\/li>\n<li data-start=\"163\" data-end=\"177\">\ud83c\uddeb\ud83c\uddf7 Franc\u00eas<\/li>\n<li data-start=\"180\" data-end=\"195\">\ud83c\uddee\ud83c\uddf9 Italiano<\/li>\n<li data-start=\"198\" data-end=\"211\">\ud83c\udde9\ud83c\uddea Alem\u00e3o<\/li>\n<li data-start=\"214\" data-end=\"230\">\ud83c\uddf5\ud83c\uddf9 Portugu\u00eas<\/li>\n<li data-start=\"233\" data-end=\"245\">\ud83c\udde8\ud83c\uddf3 Chin\u00eas<\/li>\n<li data-start=\"248\" data-end=\"259\">\ud83c\uddf7\ud83c\uddfa Russo<\/li>\n<\/ul>\n<\/div><\/div><\/div><\/div><\/div><div class=\"w-tabs-section\" id=\"t499\"><button class=\"w-tabs-section-header\" aria-controls=\"content-t499\" aria-expanded=\"false\"><div class=\"w-tabs-section-title\">Preciso de reservar com anteced\u00eancia?<\/div><div class=\"w-tabs-section-control\"><\/div><\/button><div  class=\"w-tabs-section-content\" id=\"content-t499\"><div class=\"w-tabs-section-content-h i-cf\"><div class=\"wpb_text_column\"><div class=\"wpb_wrapper\"><p>N\u00e3o \u00e9 necess\u00e1rio. No entanto, podes sempre reservar online com anteced\u00eancia para garantir a disponibilidade, especialmente aos fins-de-semana, feriados e \u00e9poca alta do turismo em Madrid.<\/p>\n<\/div><\/div><\/div><\/div><\/div><div class=\"w-tabs-section\" id=\"i5a8\"><button class=\"w-tabs-section-header\" aria-controls=\"content-i5a8\" aria-expanded=\"false\"><div class=\"w-tabs-section-title\">Posso visitar a pra\u00e7a de touros no dia de uma tourada?<\/div><div class=\"w-tabs-section-control\"><\/div><\/button><div  class=\"w-tabs-section-content\" id=\"content-i5a8\"><div class=\"w-tabs-section-content-h i-cf\"><div class=\"wpb_text_column\"><div class=\"wpb_wrapper\"><p data-start=\"1886\" data-end=\"2057\">Nos dias de funcionamento, alguns espa\u00e7os podem n\u00e3o estar dispon\u00edveis ou o percurso pode ser alterado por raz\u00f5es operacionais.<\/p>\n<\/div><\/div><\/div><\/div><\/div><div class=\"w-tabs-section\" id=\"t752\"><button class=\"w-tabs-section-header\" aria-controls=\"content-t752\" aria-expanded=\"false\"><div class=\"w-tabs-section-title\">Que zonas s\u00e3o visitadas durante a visita?<\/div><div class=\"w-tabs-section-control\"><\/div><\/button><div  class=\"w-tabs-section-content\" id=\"content-t752\"><div class=\"w-tabs-section-content-h i-cf\"><div class=\"wpb_text_column\"><div class=\"wpb_wrapper\"><p data-start=\"2112\" data-end=\"2192\">Durante a visita individual, poder\u00e1s aceder, consoante a disponibilidade, a \u00e1reas como:<\/p>\n<ol>\n<li><strong>PUERTA GRANDE:<\/strong> O lugar onde os toureiros sonham em ser carregados nos ombros dos melhores f\u00e3s do mundo.<\/li>\n<li><strong>O TERRA\u00c7O: <\/strong>Descobrir\u00e1s os detalhes arquitect\u00f3nicos da pra\u00e7a.<\/li>\n<li><strong>TORO BRAVO:<\/strong> O rei da festa, \u00e9 criado em condi\u00e7\u00f5es excepcionais, no meio da natureza.<\/li>\n<li><strong>TENDIDOS Y PALCO: <\/strong>Uma visita panor\u00e2mica dos tendidos para compreenderes o desenvolvimento de uma tourada.<\/li>\n<li><strong>PUERTA DE ARRASTRE:<\/strong> A porta que o touro atravessa depois da sua morte her\u00f3ica, sob os aplausos do p\u00fablico.<\/li>\n<li><strong>RUEDO:<\/strong> Onde acontece o mais importante, o lugar onde o touro e o toureiro se enfrentam.<\/li>\n<li><strong>PORT\u00c3O DE TORILHAS:<\/strong> Da escurid\u00e3o de um espa\u00e7o estreito, o touro sai para enfrentar o seu destino.<\/li>\n<li><b>PORT\u00c3O DAS QUADRILHAS E DO PASE\u00cdLLO:<\/b> Neste port\u00e3o os toureiros esperam o pase\u00edllo entre nervos e medos, um lugar onde a emo\u00e7\u00e3o est\u00e1 no auge.<\/li>\n<li><strong>O<\/strong> lugar que nenhum toureiro quer visitar, mas que todos acabam por visitar.<\/li>\n<li><strong>CAPELA:<\/strong> Local de culto religioso para a intimidade dos toureiros.<\/li>\n<li><strong>MUSEU DE TORTURA DE MADRID: <\/strong>A sua estrutura foi concebida para destacar os touros e os toureiros<strong>. <\/strong><\/li>\n<\/ol>\n<p>*O itiner\u00e1rio pode ser alterado devido a trabalhos de manuten\u00e7\u00e3o ou outros obst\u00e1culos.<\/p>\n<\/div><\/div><\/div><\/div><\/div><div class=\"w-tabs-section\" id=\"u871\"><button class=\"w-tabs-section-header\" aria-controls=\"content-u871\" aria-expanded=\"false\"><div class=\"w-tabs-section-title\">A visita \u00e9 adequada para crian\u00e7as?<\/div><div class=\"w-tabs-section-control\"><\/div><\/button><div  class=\"w-tabs-section-content\" id=\"content-u871\"><div class=\"w-tabs-section-content-h i-cf\"><div class=\"wpb_text_column\"><div class=\"wpb_wrapper\"><p>Sim, \u00e9 uma visita cultural adequada para todos. \u00c9 uma forma educativa de conhecer a hist\u00f3ria e a arquitetura de um dos monumentos mais importantes de Madrid.<\/p>\n<\/div><\/div><\/div><\/div><\/div><div class=\"w-tabs-section\" id=\"f97a\"><button class=\"w-tabs-section-header\" aria-controls=\"content-f97a\" aria-expanded=\"false\"><div class=\"w-tabs-section-title\">\u00c9 acess\u00edvel a pessoas com mobilidade reduzida?<\/div><div class=\"w-tabs-section-control\"><\/div><\/button><div  class=\"w-tabs-section-content\" id=\"content-f97a\"><div class=\"w-tabs-section-content-h i-cf\"><div class=\"wpb_text_column\"><div class=\"wpb_wrapper\"><p data-start=\"2593\" data-end=\"2791\">Grande parte da visita \u00e9 acess\u00edvel, embora, devido \u00e0 arquitetura hist\u00f3rica do edif\u00edcio, possa haver \u00e1reas com acesso limitado. Recomenda-se a consulta pr\u00e9via para necessidades espec\u00edficas. <\/p>\n<\/div><\/div><\/div><\/div><\/div><div class=\"w-tabs-section\" id=\"na7a\"><button class=\"w-tabs-section-header\" aria-controls=\"content-na7a\" aria-expanded=\"false\"><div class=\"w-tabs-section-title\">Posso tirar fotografias durante a visita?<\/div><div class=\"w-tabs-section-control\"><\/div><\/button><div  class=\"w-tabs-section-content\" id=\"content-na7a\"><div class=\"w-tabs-section-content-h i-cf\"><div class=\"wpb_text_column\"><div class=\"wpb_wrapper\"><p data-start=\"3049\" data-end=\"3125\">Sim, \u00e9 permitido tirar fotografias para uso pessoal durante a visita. No entanto, n\u00e3o \u00e9 permitido no Museu Taurino. <\/p>\n<\/div><\/div><\/div><\/div><\/div><div class=\"w-tabs-section\" id=\"cb97\"><button class=\"w-tabs-section-header\" aria-controls=\"content-cb97\" aria-expanded=\"false\"><div class=\"w-tabs-section-title\">A visita pode ser cancelada ou alterada?<\/div><div class=\"w-tabs-section-control\"><\/div><\/button><div  class=\"w-tabs-section-content\" id=\"content-cb97\"><div class=\"w-tabs-section-content-h i-cf\"><div class=\"wpb_text_column\"><div class=\"wpb_wrapper\"><p data-start=\"3354\" data-end=\"3497\">As condi\u00e7\u00f5es de cancelamento ou altera\u00e7\u00e3o dependem do tipo de bilhete adquirido. Esta informa\u00e7\u00e3o \u00e9 detalhada durante o processo de compra. <\/p>\n<\/div><\/div><\/div><\/div><\/div><div class=\"w-tabs-section\" id=\"acb0\"><button class=\"w-tabs-section-header\" aria-controls=\"content-acb0\" aria-expanded=\"false\"><div class=\"w-tabs-section-title\">Porqu\u00ea visitar a Plaza de Toros de Las Ventas?<\/div><div class=\"w-tabs-section-control\"><\/div><\/button><div  class=\"w-tabs-section-content\" id=\"content-acb0\"><div class=\"w-tabs-section-content-h i-cf\"><div class=\"wpb_text_column\"><div class=\"wpb_wrapper\"><p data-start=\"3558\" data-end=\"3755\">Porque \u00e9 um dos monumentos mais emblem\u00e1ticos de Madrid, um s\u00edmbolo da cultura e da tradi\u00e7\u00e3o espanholas e uma visita imprescind\u00edvel para compreender a hist\u00f3ria das touradas e da arquitetura neomud\u00e9jar.<\/p>\n<\/div><\/div><\/div><\/div><\/div><\/div><\/div><\/div><\/div><\/div><\/div><\/section><section class=\"l-section wpb_row height_medium\"><div class=\"l-section-h i-cf\"><div class=\"g-cols vc_row via_grid cols_1 laptops-cols_inherit tablets-cols_inherit mobiles-cols_1 valign_top type_default stacking_default\"><div class=\"wpb_column vc_column_container\"><div class=\"vc_column-inner\"><\/div><\/div><\/div><\/div><\/section>\n","protected":false},"excerpt":{"rendered":"","protected":false},"author":1,"featured_media":0,"parent":0,"menu_order":0,"comment_status":"closed","ping_status":"closed","template":"","meta":{"footnotes":""},"class_list":["post-2451","page","type-page","status-publish","hentry"],"yoast_head":"<!-- This site is optimized with the Yoast SEO plugin v27.5 - https:\/\/yoast.com\/product\/yoast-seo-wordpress\/ -->\n<title>\u25b7 Visita com Audioguia | Tour Plaza de Toros Las Ventas Madrid<\/title>\n<meta name=\"description\" content=\"Visita com audioguia \u00e0 Pra\u00e7a de Touros Las Ventas Madrid : Visita + Museu + Audioguia + Experi\u00eancias Virtuais [Inclu\u00eddo no teu bilhete].\" \/>\n<meta name=\"robots\" content=\"index, follow, max-snippet:-1, max-image-preview:large, max-video-preview:-1\" \/>\n<link rel=\"canonical\" href=\"https:\/\/lasventastour.com\/pt-pt\/visitas-individuais\/\" \/>\n<meta property=\"og:locale\" content=\"pt_PT\" \/>\n<meta property=\"og:type\" content=\"article\" \/>\n<meta property=\"og:title\" content=\"\u25b7 Visita com Audioguia | Tour Plaza de Toros Las Ventas Madrid\" \/>\n<meta property=\"og:description\" content=\"Visita com audioguia \u00e0 Pra\u00e7a de Touros Las Ventas Madrid : Visita + Museu + Audioguia + Experi\u00eancias Virtuais [Inclu\u00eddo no teu bilhete].\" \/>\n<meta property=\"og:url\" content=\"https:\/\/lasventastour.com\/pt-pt\/visitas-individuais\/\" \/>\n<meta property=\"og:site_name\" content=\"Las Ventas Tour\" \/>\n<meta property=\"article:modified_time\" content=\"2026-04-28T09:54:22+00:00\" \/>\n<meta property=\"og:image\" content=\"https:\/\/lasventastour.com\/wp-content\/uploads\/2023\/12\/paseillo-en-las-ventas.webp\" \/>\n\t<meta property=\"og:image:width\" content=\"511\" \/>\n\t<meta property=\"og:image:height\" content=\"280\" \/>\n\t<meta property=\"og:image:type\" content=\"image\/webp\" \/>\n<meta name=\"twitter:card\" content=\"summary_large_image\" \/>\n<meta name=\"twitter:label1\" content=\"Tempo estimado de leitura\" \/>\n\t<meta name=\"twitter:data1\" content=\"4 minutos\" \/>\n<script type=\"application\/ld+json\" class=\"yoast-schema-graph\">{\"@context\":\"https:\\\/\\\/schema.org\",\"@graph\":[{\"@type\":\"WebPage\",\"@id\":\"https:\\\/\\\/lasventastour.com\\\/pt-pt\\\/visitas-individuais\\\/\",\"url\":\"https:\\\/\\\/lasventastour.com\\\/pt-pt\\\/visitas-individuais\\\/\",\"name\":\"\u25b7 Visita com Audioguia | Tour Plaza de Toros Las Ventas Madrid\",\"isPartOf\":{\"@id\":\"https:\\\/\\\/lasventastour.com\\\/pt-pt\\\/#website\"},\"datePublished\":\"2023-09-28T11:31:33+00:00\",\"dateModified\":\"2026-04-28T09:54:22+00:00\",\"description\":\"Visita com audioguia \u00e0 Pra\u00e7a de Touros Las Ventas Madrid : Visita + Museu + Audioguia + Experi\u00eancias Virtuais [Inclu\u00eddo no teu bilhete].\",\"breadcrumb\":{\"@id\":\"https:\\\/\\\/lasventastour.com\\\/pt-pt\\\/visitas-individuais\\\/#breadcrumb\"},\"inLanguage\":\"pt-PT\",\"potentialAction\":[{\"@type\":\"ReadAction\",\"target\":[\"https:\\\/\\\/lasventastour.com\\\/pt-pt\\\/visitas-individuais\\\/\"]}]},{\"@type\":\"BreadcrumbList\",\"@id\":\"https:\\\/\\\/lasventastour.com\\\/pt-pt\\\/visitas-individuais\\\/#breadcrumb\",\"itemListElement\":[{\"@type\":\"ListItem\",\"position\":1,\"name\":\"Portada\",\"item\":\"https:\\\/\\\/lasventastour.com\\\/pt-pt\\\/\"},{\"@type\":\"ListItem\",\"position\":2,\"name\":\"Visita guiada por \u00e1udio\"}]},{\"@type\":\"WebSite\",\"@id\":\"https:\\\/\\\/lasventastour.com\\\/pt-pt\\\/#website\",\"url\":\"https:\\\/\\\/lasventastour.com\\\/pt-pt\\\/\",\"name\":\"Las Ventas Tour\",\"description\":\"Tour Las Ventas | Plaza de Toros de Madrid | Web Oficial\",\"publisher\":{\"@id\":\"https:\\\/\\\/lasventastour.com\\\/pt-pt\\\/#organization\"},\"alternateName\":\"Las Ventas Tour\",\"potentialAction\":[{\"@type\":\"SearchAction\",\"target\":{\"@type\":\"EntryPoint\",\"urlTemplate\":\"https:\\\/\\\/lasventastour.com\\\/pt-pt\\\/?s={search_term_string}\"},\"query-input\":{\"@type\":\"PropertyValueSpecification\",\"valueRequired\":true,\"valueName\":\"search_term_string\"}}],\"inLanguage\":\"pt-PT\"},{\"@type\":\"Organization\",\"@id\":\"https:\\\/\\\/lasventastour.com\\\/pt-pt\\\/#organization\",\"name\":\"Las Ventas Tour\",\"alternateName\":\"Las Ventas Tour\",\"url\":\"https:\\\/\\\/lasventastour.com\\\/pt-pt\\\/\",\"logo\":{\"@type\":\"ImageObject\",\"inLanguage\":\"pt-PT\",\"@id\":\"https:\\\/\\\/lasventastour.com\\\/pt-pt\\\/#\\\/schema\\\/logo\\\/image\\\/\",\"url\":\"https:\\\/\\\/lasventastour.com\\\/wp-content\\\/uploads\\\/2024\\\/09\\\/cropped-Logo-Las-Ventas-1.webp\",\"contentUrl\":\"https:\\\/\\\/lasventastour.com\\\/wp-content\\\/uploads\\\/2024\\\/09\\\/cropped-Logo-Las-Ventas-1.webp\",\"width\":512,\"height\":512,\"caption\":\"Las Ventas Tour\"},\"image\":{\"@id\":\"https:\\\/\\\/lasventastour.com\\\/pt-pt\\\/#\\\/schema\\\/logo\\\/image\\\/\"},\"sameAs\":[\"https:\\\/\\\/www.instagram.com\\\/lasventastour\\\/\"]}]}<\/script>\n<!-- \/ Yoast SEO plugin. -->","yoast_head_json":{"title":"\u25b7 Visita com Audioguia | Tour Plaza de Toros Las Ventas Madrid","description":"Visita com audioguia \u00e0 Pra\u00e7a de Touros Las Ventas Madrid : Visita + Museu + Audioguia + Experi\u00eancias Virtuais [Inclu\u00eddo no teu bilhete].","robots":{"index":"index","follow":"follow","max-snippet":"max-snippet:-1","max-image-preview":"max-image-preview:large","max-video-preview":"max-video-preview:-1"},"canonical":"https:\/\/lasventastour.com\/pt-pt\/visitas-individuais\/","og_locale":"pt_PT","og_type":"article","og_title":"\u25b7 Visita com Audioguia | Tour Plaza de Toros Las Ventas Madrid","og_description":"Visita com audioguia \u00e0 Pra\u00e7a de Touros Las Ventas Madrid : Visita + Museu + Audioguia + Experi\u00eancias Virtuais [Inclu\u00eddo no teu bilhete].","og_url":"https:\/\/lasventastour.com\/pt-pt\/visitas-individuais\/","og_site_name":"Las Ventas Tour","article_modified_time":"2026-04-28T09:54:22+00:00","og_image":[{"width":511,"height":280,"url":"https:\/\/lasventastour.com\/wp-content\/uploads\/2023\/12\/paseillo-en-las-ventas.webp","type":"image\/webp"}],"twitter_card":"summary_large_image","twitter_misc":{"Tempo estimado de leitura":"4 minutos"},"schema":{"@context":"https:\/\/schema.org","@graph":[{"@type":"WebPage","@id":"https:\/\/lasventastour.com\/pt-pt\/visitas-individuais\/","url":"https:\/\/lasventastour.com\/pt-pt\/visitas-individuais\/","name":"\u25b7 Visita com Audioguia | Tour Plaza de Toros Las Ventas Madrid","isPartOf":{"@id":"https:\/\/lasventastour.com\/pt-pt\/#website"},"datePublished":"2023-09-28T11:31:33+00:00","dateModified":"2026-04-28T09:54:22+00:00","description":"Visita com audioguia \u00e0 Pra\u00e7a de Touros Las Ventas Madrid : Visita + Museu + Audioguia + Experi\u00eancias Virtuais [Inclu\u00eddo no teu bilhete].","breadcrumb":{"@id":"https:\/\/lasventastour.com\/pt-pt\/visitas-individuais\/#breadcrumb"},"inLanguage":"pt-PT","potentialAction":[{"@type":"ReadAction","target":["https:\/\/lasventastour.com\/pt-pt\/visitas-individuais\/"]}]},{"@type":"BreadcrumbList","@id":"https:\/\/lasventastour.com\/pt-pt\/visitas-individuais\/#breadcrumb","itemListElement":[{"@type":"ListItem","position":1,"name":"Portada","item":"https:\/\/lasventastour.com\/pt-pt\/"},{"@type":"ListItem","position":2,"name":"Visita guiada por \u00e1udio"}]},{"@type":"WebSite","@id":"https:\/\/lasventastour.com\/pt-pt\/#website","url":"https:\/\/lasventastour.com\/pt-pt\/","name":"Las Ventas Tour","description":"Tour Las Ventas | Plaza de Toros de Madrid | Web Oficial","publisher":{"@id":"https:\/\/lasventastour.com\/pt-pt\/#organization"},"alternateName":"Las Ventas Tour","potentialAction":[{"@type":"SearchAction","target":{"@type":"EntryPoint","urlTemplate":"https:\/\/lasventastour.com\/pt-pt\/?s={search_term_string}"},"query-input":{"@type":"PropertyValueSpecification","valueRequired":true,"valueName":"search_term_string"}}],"inLanguage":"pt-PT"},{"@type":"Organization","@id":"https:\/\/lasventastour.com\/pt-pt\/#organization","name":"Las Ventas Tour","alternateName":"Las Ventas Tour","url":"https:\/\/lasventastour.com\/pt-pt\/","logo":{"@type":"ImageObject","inLanguage":"pt-PT","@id":"https:\/\/lasventastour.com\/pt-pt\/#\/schema\/logo\/image\/","url":"https:\/\/lasventastour.com\/wp-content\/uploads\/2024\/09\/cropped-Logo-Las-Ventas-1.webp","contentUrl":"https:\/\/lasventastour.com\/wp-content\/uploads\/2024\/09\/cropped-Logo-Las-Ventas-1.webp","width":512,"height":512,"caption":"Las Ventas Tour"},"image":{"@id":"https:\/\/lasventastour.com\/pt-pt\/#\/schema\/logo\/image\/"},"sameAs":["https:\/\/www.instagram.com\/lasventastour\/"]}]}},"_links":{"self":[{"href":"https:\/\/lasventastour.com\/pt-pt\/wp-json\/wp\/v2\/pages\/2451","targetHints":{"allow":["GET"]}}],"collection":[{"href":"https:\/\/lasventastour.com\/pt-pt\/wp-json\/wp\/v2\/pages"}],"about":[{"href":"https:\/\/lasventastour.com\/pt-pt\/wp-json\/wp\/v2\/types\/page"}],"author":[{"embeddable":true,"href":"https:\/\/lasventastour.com\/pt-pt\/wp-json\/wp\/v2\/users\/1"}],"replies":[{"embeddable":true,"href":"https:\/\/lasventastour.com\/pt-pt\/wp-json\/wp\/v2\/comments?post=2451"}],"version-history":[{"count":29,"href":"https:\/\/lasventastour.com\/pt-pt\/wp-json\/wp\/v2\/pages\/2451\/revisions"}],"predecessor-version":[{"id":43111,"href":"https:\/\/lasventastour.com\/pt-pt\/wp-json\/wp\/v2\/pages\/2451\/revisions\/43111"}],"wp:attachment":[{"href":"https:\/\/lasventastour.com\/pt-pt\/wp-json\/wp\/v2\/media?parent=2451"}],"curies":[{"name":"wp","href":"https:\/\/api.w.org\/{rel}","templated":true}]}}