{"id":2245,"date":"2023-11-08T10:24:41","date_gmt":"2023-11-08T10:24:41","guid":{"rendered":"https:\/\/lasventastour.com\/sobre-a-praca\/museu-taurino\/"},"modified":"2026-04-28T11:12:57","modified_gmt":"2026-04-28T11:12:57","slug":"museu-taurino","status":"publish","type":"page","link":"https:\/\/lasventastour.com\/pt-pt\/informacoes-praca-touros\/museu-taurino\/","title":{"rendered":"Museu Taurino"},"content":{"rendered":"<section class=\"l-section wpb_row height_auto color_primary with_img\"><div class=\"l-section-img\" role=\"img\" aria-label=\"pinturas do museu taurom\u00e1quico de madrid\" data-img-width=\"1000\" data-img-height=\"669\" style=\"background-image: url(https:\/\/lasventastour.com\/wp-content\/uploads\/2023\/11\/cuadros-y-carteles-taurinos.webp);\"><\/div><div class=\"l-section-overlay\" style=\"background:linear-gradient(90deg,#1b122f,rgba(54,54,54,0.00))\"><\/div><div class=\"l-section-h i-cf\"><div class=\"g-cols vc_row via_grid cols_1 laptops-cols_inherit tablets-cols_inherit mobiles-cols_1 valign_middle type_default stacking_default\" style=\"--columns-gap:0rem;\"><div class=\"wpb_column vc_column_container\"><div class=\"vc_column-inner\"><div class=\"w-separator size_huge\"><\/div><h1 class=\"w-text us_custom_51aa7753 us_animate_this\"><span class=\"w-text-h\"><span class=\"w-text-value\">Museu Taurino de Madrid<\/span><\/span><\/h1><div class=\"w-text us_custom_444d1fbc us_animate_this no_text\"><span class=\"w-text-h\"><span class=\"w-text-value\"><\/span><\/span><\/div><div class=\"w-separator size_small\"><\/div><div class=\"w-text us_custom_444d1fbc us_animate_this\"><span class=\"w-text-h\"><span class=\"w-text-value\">Visita o Museu + Tour Plaza com Audioguia: A partir de 7\u20ac.<\/span><\/span><\/div><div class=\"w-separator size_huge\"><\/div><\/div><\/div><\/div><\/div><\/section><section class=\"l-section wpb_row height_medium\"><div class=\"l-section-h i-cf\"><div class=\"g-cols vc_row via_grid cols_1 laptops-cols_inherit tablets-cols_inherit mobiles-cols_1 valign_top type_default stacking_default\"><div class=\"wpb_column vc_column_container\"><div class=\"vc_column-inner\"><div class=\"wpb_text_column\"><div class=\"wpb_wrapper\"><h2 style=\"text-align: center;\">O que ver\u00e1s no Museu Taurino de Madrid<\/h2>\n<\/div><\/div><\/div><\/div><\/div><\/div><\/section><section class=\"l-section wpb_row height_auto\"><div class=\"l-section-h i-cf\"><div class=\"g-cols vc_row via_grid cols_2 laptops-cols_inherit tablets-cols_inherit mobiles-cols_1 valign_middle type_boxes stacking_default\" style=\"--columns-gap:0rem;\"><div class=\"wpb_column vc_column_container us_custom_076f58d9 has_bg_color\"><div class=\"vc_column-inner\"><div class=\"w-separator size_custom\" style=\"height:20vh\"><\/div><\/div><\/div><div class=\"wpb_column vc_column_container us_custom_c70c97eb has_bg_color\"><div class=\"vc_column-inner\"><div class=\"wpb_text_column\"><div class=\"wpb_wrapper\"><h3><b>Fatos aut\u00eanticos<\/b><\/h3>\n<div><strong>Sabes de onde vem o ditado &#8220;amarra a tua peugada&#8221;?<\/strong> Na tua visita ao Museu vais descobrir, al\u00e9m de contemplar aut\u00eanticas maravilhas da alfaiataria taurom\u00e1quica:<strong> trajes taurom\u00e1quicos que pertenceram a Marcial Lalanda, Joselito, Belmonte, Bienvenida<\/strong>, e muitas mais figuras&#8230; hist\u00f3rias, lendas e os aspectos mais desconhecidos da ess\u00eancia do traje taurom\u00e1quico.<\/div>\n<\/div><\/div><\/div><\/div><\/div><\/div><\/section><section class=\"l-section wpb_row height_auto\"><div class=\"l-section-h i-cf\"><div class=\"g-cols vc_row via_grid cols_2 laptops-cols_inherit tablets-cols_inherit mobiles-cols_1 valign_middle type_boxes reversed stacking_default\" style=\"--columns-gap:0rem;\"><div class=\"wpb_column vc_column_container us_custom_c70c97eb has_bg_color\"><div class=\"vc_column-inner\"><div class=\"wpb_text_column\"><div class=\"wpb_wrapper\"><h3><b>Capas e outros objectos lend\u00e1rios<\/b><\/h3>\n<div>Na nossa visita, teremos a oportunidade de ver capas de toureiro e outras j\u00f3ias do Museu: a que pertenceu a <strong>Bombita<\/strong>, a<strong> Luis Manzzaniti,<\/strong> uma que <strong>Belmonte<\/strong> usou ou ainda uma impressionante capa de toureiro de Domingo Ortega bordada com flores roxas e ouro e com a figura do Nazareno. Tamb\u00e9m podes ver outros objectos curiosos como, por exemplo, <strong>stoques e fundones, monteras, &#8220;mo\u00f1as&#8221;, tesouras, bengalas ou bandarilhas<\/strong>, que fazem parte da hist\u00f3ria da tauromaquia. <\/div>\n<\/div><\/div><\/div><\/div><div class=\"wpb_column vc_column_container us_custom_a9b9ec38 has_bg_color\"><div class=\"vc_column-inner\"><div class=\"w-separator size_custom\" style=\"height:20vh\"><\/div><\/div><\/div><\/div><\/div><\/section><section class=\"l-section wpb_row height_auto\"><div class=\"l-section-h i-cf\"><div class=\"g-cols vc_row via_grid cols_2 laptops-cols_inherit tablets-cols_inherit mobiles-cols_1 valign_middle type_boxes stacking_default\" style=\"--columns-gap:0rem;\"><div class=\"wpb_column vc_column_container us_custom_a1eb8f80 has_bg_color\"><div class=\"vc_column-inner\"><div class=\"w-separator size_custom\" style=\"height:20vh\"><\/div><\/div><\/div><div class=\"wpb_column vc_column_container us_custom_c70c97eb has_bg_color\"><div class=\"vc_column-inner\"><div class=\"wpb_text_column\"><div class=\"wpb_wrapper\"><h3><b>Pinturas e cartazes da \u00e9poca<\/b><\/h3>\n<div>Durante a nossa visita, admir\u00e1mos a importante cole\u00e7\u00e3o de <strong>cartazes de touradas<\/strong>, incluindo o que anuncia a <strong>tourada inaugural da pra\u00e7a de touros de Las Ventas<\/strong>, em 17 de junho de 1931, e os que ilustram os cartazes de v\u00e1rias touradas extraordin\u00e1rias de benefic\u00eancia.<\/div>\n<\/div><\/div><\/div><\/div><\/div><\/div><\/section><section class=\"l-section wpb_row height_auto\"><div class=\"l-section-h i-cf\"><div class=\"g-cols vc_row via_grid cols_2 laptops-cols_inherit tablets-cols_inherit mobiles-cols_1 valign_middle type_boxes reversed stacking_default\" style=\"--columns-gap:0rem;\"><div class=\"wpb_column vc_column_container us_custom_c70c97eb has_bg_color\"><div class=\"vc_column-inner\"><div class=\"wpb_text_column\"><div class=\"wpb_wrapper\"><h3><b>Cabe\u00e7as de touro lend\u00e1rias<\/b><\/h3>\n<div>O Museu conta tamb\u00e9m com algumas das <strong>cabe\u00e7as de touros<\/strong> mais significativas da hist\u00f3ria da tauromaquia, destacando-se a do touro &#8220;Perdig\u00f3n&#8221;, da coudelaria de Antonio Miura, que feriu mortalmente Manuel Garc\u00eda<strong>&#8220;el Espartero&#8221;<\/strong>em 27 de maio de 1894 na pra\u00e7a de touros de Madrid, ou a do touro &#8220;Burlero&#8221; que feriu mortalmente o toureiro Jos\u00e9 Cubero &#8220;Yiyo&#8221;.<\/div>\n<\/div><\/div><\/div><\/div><div class=\"wpb_column vc_column_container us_custom_b9314d6e has_bg_color\"><div class=\"vc_column-inner\"><div class=\"w-separator size_custom\" style=\"height:20vh\"><\/div><\/div><\/div><\/div><\/div><\/section><section class=\"l-section wpb_row height_medium\"><div class=\"l-section-h i-cf\"><div class=\"g-cols vc_row via_grid cols_1 laptops-cols_inherit tablets-cols_inherit mobiles-cols_1 valign_top type_default stacking_default\"><div class=\"wpb_column vc_column_container\"><div class=\"vc_column-inner\"><div class=\"wpb_text_column\"><div class=\"wpb_wrapper\"><h2 style=\"text-align: center;\">Pre\u00e7os dos bilhetes para o museu<\/h2>\n<\/div><\/div><div class=\"w-separator size_medium\"><\/div><div class=\"w-pricing style_simple items_1\"><div class=\"w-pricing-item type_featured\"><div class=\"w-pricing-item-h\"><div class=\"w-pricing-item-header\"><div class=\"w-pricing-item-title\">Museu + Tour Plaza<\/div><div class=\"w-pricing-item-price\">A partir de 7 euros<small>Por pessoa<\/small><\/div><\/div><ul class=\"w-pricing-item-features\"><li class=\"w-pricing-item-feature\">Museu Taurino<\/li><li class=\"w-pricing-item-feature\">Visita \u00e1udio-guiada<\/li><li class=\"w-pricing-item-feature\">Visita toda a pra\u00e7a de touros<\/li><li class=\"w-pricing-item-feature\">Experi\u00eancias audiovisuais<\/li><\/ul><div class=\"w-pricing-item-footer\"><a class=\"w-btn us-btn-style_1\" style=\"font-size:15px\" href=\"\/% alicante%\"><span class=\"w-btn-label\">Ver mais<\/span><\/a><\/div><\/div><\/div><\/div><\/div><\/div><\/div><\/div><\/section><section class=\"l-section wpb_row height_medium\"><div class=\"l-section-h i-cf\"><div class=\"g-cols vc_row via_grid cols_2 laptops-cols_inherit tablets-cols_inherit mobiles-cols_1 valign_top type_default stacking_default\"><div class=\"wpb_column vc_column_container\"><div class=\"vc_column-inner\"><div class=\"wpb_text_column\"><div class=\"wpb_wrapper\"><h2>Hor\u00e1rios<\/h2>\n<ul>\n<li><strong>Aberto todos os dias<\/strong><\/li>\n<li><strong>Hor\u00e1rio de abertura de abril a outubro:<\/strong> 10:00 - 19:00h<\/li>\n<li><strong>Hor\u00e1rio de abertura de novembro a mar\u00e7o:<\/strong> 10:00 - 18:00h<\/li>\n<li><strong>Hor\u00e1rio de abertura nos dias de tourada:<\/strong> \u00daltima entrada \u00e0s 14:30h.<\/li>\n<\/ul>\n<\/div><\/div><\/div><\/div><div class=\"wpb_column vc_column_container\"><div class=\"vc_column-inner\"><div class=\"wpb_text_column\"><div class=\"wpb_wrapper\"><h2>Acesso<\/h2>\n<ul>\n<li><strong>Visita ao museu:<\/strong> O museu taurom\u00e1quico est\u00e1 situado no interior da pra\u00e7a de touros de Las Ventas, acesso junto \u00e0 porta da tourada (C\/ Alcal\u00e1, 237<br \/>\n28028 Madrid).<\/li>\n<li><strong>Pra\u00e7a + Visita ao Museu:<\/strong> Entra pelo port\u00e3o principal da pra\u00e7a de touros, o museu \u00e9 visto durante a visita.<\/li>\n<\/ul>\n<\/div><\/div><\/div><\/div><\/div><\/div><\/section><section class=\"l-section wpb_row height_medium\"><div class=\"l-section-h i-cf\"><div class=\"g-cols vc_row via_grid cols_1 laptops-cols_inherit tablets-cols_inherit mobiles-cols_1 valign_top type_default stacking_default\"><div class=\"wpb_column vc_column_container\"><div class=\"vc_column-inner\"><div class=\"wpb_text_column\"><div class=\"wpb_wrapper\"><h2 style=\"text-align: center;\">Imagens do Museu Taurino de Madrid<\/h2>\n<\/div><\/div><div class=\"w-separator size_medium\"><\/div><div class=\"w-grid us_grid type_grid layout_portf\u00f3lio_1 cols_4 preload_style_spinner\" id=\"us_grid_1\" style=\"--columns:4;--gap:1.5rem;\" data-filterable=\"true\"><style>@media (max-width:1380px){#us_grid_1{--columns:3!important}}@media (max-width:1024px){#us_grid_1{--columns:2!important}}@media (max-width:600px){#us_grid_1{--columns:1!important}}.layout_portf\u00f3lio_1 .w-grid-item-h{}.layout_portf\u00f3lio_1 .usg_post_image_1{margin-bottom:0.5rem!important}.layout_portf\u00f3lio_1 .usg_post_title_1{font-size:1rem!important}<\/style><div class=\"w-grid-list\">\t<article class=\"w-grid-item size_1x1 post-905 attachment type-attachment status-inherit hentry\" data-id=\"905\">\r\n\t\t<div class=\"w-grid-item-h\">\r\n\t\t\t\t\t\t<div class=\"w-post-elm post_image usg_post_image_1 stretched\"><a href=\"https:\/\/lasventastour.com\/pt-pt\/informacoes-praca-touros\/museu-taurino\/capotes-de-paseo-2\/\" aria-label=\"Capas de caminhada\"><img loading=\"lazy\" decoding=\"async\" width=\"300\" height=\"201\" src=\"https:\/\/lasventastour.com\/wp-content\/uploads\/2023\/11\/Capotes-de-paseo-300x201.webp\" class=\"attachment-medium size-medium\" alt=\"Capas ambulantes do museu taurino\" srcset=\"https:\/\/lasventastour.com\/wp-content\/uploads\/2023\/11\/Capotes-de-paseo-300x201.webp 300w, https:\/\/lasventastour.com\/wp-content\/uploads\/2023\/11\/Capotes-de-paseo-600x402.webp 600w, https:\/\/lasventastour.com\/wp-content\/uploads\/2023\/11\/Capotes-de-paseo.webp 896w\" sizes=\"auto, (max-width: 300px) 100vw, 300px\" \/><\/a><\/div><h2 class=\"w-post-elm post_title usg_post_title_1 entry-title color_link_inherit\"><a href=\"https:\/\/lasventastour.com\/pt-pt\/informacoes-praca-touros\/museu-taurino\/capotes-de-paseo-2\/\">Capas de caminhada<\/a><\/h2>\t\t<\/div>\r\n\t\t\t<\/article>\r\n\t<article class=\"w-grid-item size_1x1 post-897 attachment type-attachment status-inherit hentry\" data-id=\"897\">\r\n\t\t<div class=\"w-grid-item-h\">\r\n\t\t\t\t\t\t<div class=\"w-post-elm post_image usg_post_image_1 stretched\"><a href=\"https:\/\/lasventastour.com\/pt-pt\/informacoes-praca-touros\/museu-taurino\/traje-de-manolete-2\/\" aria-label=\"Traje Manolete\"><img loading=\"lazy\" decoding=\"async\" width=\"300\" height=\"201\" src=\"https:\/\/lasventastour.com\/wp-content\/uploads\/2023\/11\/Traje-de-Manolete-300x201.webp\" class=\"attachment-medium size-medium\" alt=\"Museu Taurino Manolete de Madri\" srcset=\"https:\/\/lasventastour.com\/wp-content\/uploads\/2023\/11\/Traje-de-Manolete-300x201.webp 300w, https:\/\/lasventastour.com\/wp-content\/uploads\/2023\/11\/Traje-de-Manolete-600x402.webp 600w, https:\/\/lasventastour.com\/wp-content\/uploads\/2023\/11\/Traje-de-Manolete.webp 896w\" sizes=\"auto, (max-width: 300px) 100vw, 300px\" \/><\/a><\/div><h2 class=\"w-post-elm post_title usg_post_title_1 entry-title color_link_inherit\"><a href=\"https:\/\/lasventastour.com\/pt-pt\/informacoes-praca-touros\/museu-taurino\/traje-de-manolete-2\/\">Traje Manolete<\/a><\/h2>\t\t<\/div>\r\n\t\t\t<\/article>\r\n\t<article class=\"w-grid-item size_1x1 post-889 attachment type-attachment status-inherit hentry\" data-id=\"889\">\r\n\t\t<div class=\"w-grid-item-h\">\r\n\t\t\t\t\t\t<div class=\"w-post-elm post_image usg_post_image_1 stretched\"><a href=\"https:\/\/lasventastour.com\/pt-pt\/informacoes-praca-touros\/museu-taurino\/escultura-2-2\/\" aria-label=\"Escultura\"><img loading=\"lazy\" decoding=\"async\" width=\"300\" height=\"201\" src=\"https:\/\/lasventastour.com\/wp-content\/uploads\/2023\/11\/Escultura-1-300x201.webp\" class=\"attachment-medium size-medium\" alt=\"escultura de touro\" srcset=\"https:\/\/lasventastour.com\/wp-content\/uploads\/2023\/11\/Escultura-1-300x201.webp 300w, https:\/\/lasventastour.com\/wp-content\/uploads\/2023\/11\/Escultura-1-600x402.webp 600w, https:\/\/lasventastour.com\/wp-content\/uploads\/2023\/11\/Escultura-1.webp 896w\" sizes=\"auto, (max-width: 300px) 100vw, 300px\" \/><\/a><\/div><h2 class=\"w-post-elm post_title usg_post_title_1 entry-title color_link_inherit\"><a href=\"https:\/\/lasventastour.com\/pt-pt\/informacoes-praca-touros\/museu-taurino\/escultura-2-2\/\">Escultura<\/a><\/h2>\t\t<\/div>\r\n\t\t\t<\/article>\r\n\t<article class=\"w-grid-item size_1x1 post-881 attachment type-attachment status-inherit hentry\" data-id=\"881\">\r\n\t\t<div class=\"w-grid-item-h\">\r\n\t\t\t\t\t\t<div class=\"w-post-elm post_image usg_post_image_1 stretched\"><a href=\"https:\/\/lasventastour.com\/pt-pt\/informacoes-praca-touros\/museu-taurino\/carteles-taurinos-2\/\" aria-label=\"cartazes de touradas\"><img loading=\"lazy\" decoding=\"async\" width=\"201\" height=\"300\" src=\"https:\/\/lasventastour.com\/wp-content\/uploads\/2023\/11\/carteles-taurinos-201x300.webp\" class=\"attachment-medium size-medium\" alt=\"Cartazes do museu taurino\" srcset=\"https:\/\/lasventastour.com\/wp-content\/uploads\/2023\/11\/carteles-taurinos-201x300.webp 201w, https:\/\/lasventastour.com\/wp-content\/uploads\/2023\/11\/carteles-taurinos.webp 600w\" sizes=\"auto, (max-width: 201px) 100vw, 201px\" \/><\/a><\/div><h2 class=\"w-post-elm post_title usg_post_title_1 entry-title color_link_inherit\"><a href=\"https:\/\/lasventastour.com\/pt-pt\/informacoes-praca-touros\/museu-taurino\/carteles-taurinos-2\/\">cartazes de touradas<\/a><\/h2>\t\t<\/div>\r\n\t\t\t<\/article>\r\n\t<article class=\"w-grid-item size_1x1 post-873 attachment type-attachment status-inherit hentry\" data-id=\"873\">\r\n\t\t<div class=\"w-grid-item-h\">\r\n\t\t\t\t\t\t<div class=\"w-post-elm post_image usg_post_image_1 stretched\"><a href=\"https:\/\/lasventastour.com\/pt-pt\/informacoes-praca-touros\/museu-taurino\/esculturas-2\/\" aria-label=\"Esculturas\"><img loading=\"lazy\" decoding=\"async\" width=\"300\" height=\"201\" src=\"https:\/\/lasventastour.com\/wp-content\/uploads\/2023\/11\/Esculturas-300x201.webp\" class=\"attachment-medium size-medium\" alt=\"Escultura do toureiro Las Ventas\" srcset=\"https:\/\/lasventastour.com\/wp-content\/uploads\/2023\/11\/Esculturas-300x201.webp 300w, https:\/\/lasventastour.com\/wp-content\/uploads\/2023\/11\/Esculturas-600x402.webp 600w, https:\/\/lasventastour.com\/wp-content\/uploads\/2023\/11\/Esculturas.webp 896w\" sizes=\"auto, (max-width: 300px) 100vw, 300px\" \/><\/a><\/div><h2 class=\"w-post-elm post_title usg_post_title_1 entry-title color_link_inherit\"><a href=\"https:\/\/lasventastour.com\/pt-pt\/informacoes-praca-touros\/museu-taurino\/esculturas-2\/\">Esculturas<\/a><\/h2>\t\t<\/div>\r\n\t\t\t<\/article>\r\n\t<article class=\"w-grid-item size_1x1 post-865 attachment type-attachment status-inherit hentry\" data-id=\"865\">\r\n\t\t<div class=\"w-grid-item-h\">\r\n\t\t\t\t\t\t<div class=\"w-post-elm post_image usg_post_image_1 stretched\"><a href=\"https:\/\/lasventastour.com\/pt-pt\/informacoes-praca-touros\/museu-taurino\/sala-2\/\" aria-label=\"Sal\u00e3o\"><img loading=\"lazy\" decoding=\"async\" width=\"300\" height=\"201\" src=\"https:\/\/lasventastour.com\/wp-content\/uploads\/2023\/11\/Sala-300x201.webp\" class=\"attachment-medium size-medium\" alt=\"Salas de exposi\u00e7\u00e3o do museu\" srcset=\"https:\/\/lasventastour.com\/wp-content\/uploads\/2023\/11\/Sala-300x201.webp 300w, https:\/\/lasventastour.com\/wp-content\/uploads\/2023\/11\/Sala-600x402.webp 600w, https:\/\/lasventastour.com\/wp-content\/uploads\/2023\/11\/Sala.webp 896w\" sizes=\"auto, (max-width: 300px) 100vw, 300px\" \/><\/a><\/div><h2 class=\"w-post-elm post_title usg_post_title_1 entry-title color_link_inherit\"><a href=\"https:\/\/lasventastour.com\/pt-pt\/informacoes-praca-touros\/museu-taurino\/sala-2\/\">Sal\u00e3o<\/a><\/h2>\t\t<\/div>\r\n\t\t\t<\/article>\r\n\t<article class=\"w-grid-item size_1x1 post-857 attachment type-attachment status-inherit hentry\" data-id=\"857\">\r\n\t\t<div class=\"w-grid-item-h\">\r\n\t\t\t\t\t\t<div class=\"w-post-elm post_image usg_post_image_1 stretched\"><a href=\"https:\/\/lasventastour.com\/pt-pt\/informacoes-praca-touros\/museu-taurino\/grabados-2\/\" aria-label=\"Gravuras\"><img loading=\"lazy\" decoding=\"async\" width=\"300\" height=\"201\" src=\"https:\/\/lasventastour.com\/wp-content\/uploads\/2023\/11\/Grabados-300x201.webp\" class=\"attachment-medium size-medium\" alt=\"Gravuras do museu taurino\" srcset=\"https:\/\/lasventastour.com\/wp-content\/uploads\/2023\/11\/Grabados-300x201.webp 300w, https:\/\/lasventastour.com\/wp-content\/uploads\/2023\/11\/Grabados-600x402.webp 600w, https:\/\/lasventastour.com\/wp-content\/uploads\/2023\/11\/Grabados.webp 896w\" sizes=\"auto, (max-width: 300px) 100vw, 300px\" \/><\/a><\/div><h2 class=\"w-post-elm post_title usg_post_title_1 entry-title color_link_inherit\"><a href=\"https:\/\/lasventastour.com\/pt-pt\/informacoes-praca-touros\/museu-taurino\/grabados-2\/\">Gravuras<\/a><\/h2>\t\t<\/div>\r\n\t\t\t<\/article>\r\n\t<article class=\"w-grid-item size_1x1 post-849 attachment type-attachment status-inherit hentry\" data-id=\"849\">\r\n\t\t<div class=\"w-grid-item-h\">\r\n\t\t\t\t\t\t<div class=\"w-post-elm post_image usg_post_image_1 stretched\"><a href=\"https:\/\/lasventastour.com\/pt-pt\/informacoes-praca-touros\/museu-taurino\/trajes-de-torero-2\/\" aria-label=\"Fantasias de toureiro\"><img loading=\"lazy\" decoding=\"async\" width=\"300\" height=\"201\" src=\"https:\/\/lasventastour.com\/wp-content\/uploads\/2023\/11\/Trajes-de-Torero-300x201.webp\" class=\"attachment-medium size-medium\" alt=\"Trajes de luzes do museu taurinoTrajes de luzes do museu taurino\" srcset=\"https:\/\/lasventastour.com\/wp-content\/uploads\/2023\/11\/Trajes-de-Torero-300x201.webp 300w, https:\/\/lasventastour.com\/wp-content\/uploads\/2023\/11\/Trajes-de-Torero-600x402.webp 600w, https:\/\/lasventastour.com\/wp-content\/uploads\/2023\/11\/Trajes-de-Torero.webp 896w\" sizes=\"auto, (max-width: 300px) 100vw, 300px\" \/><\/a><\/div><h2 class=\"w-post-elm post_title usg_post_title_1 entry-title color_link_inherit\"><a href=\"https:\/\/lasventastour.com\/pt-pt\/informacoes-praca-touros\/museu-taurino\/trajes-de-torero-2\/\">Fantasias de toureiro<\/a><\/h2>\t\t<\/div>\r\n\t\t\t<\/article>\r\n\t<article class=\"w-grid-item size_1x1 post-841 attachment type-attachment status-inherit hentry\" data-id=\"841\">\r\n\t\t<div class=\"w-grid-item-h\">\r\n\t\t\t\t\t\t<div class=\"w-post-elm post_image usg_post_image_1 stretched\"><a href=\"https:\/\/lasventastour.com\/pt-pt\/informacoes-praca-touros\/museu-taurino\/cabezas-de-toro-2\/\" aria-label=\"cabe\u00e7as de touro\"><img loading=\"lazy\" decoding=\"async\" width=\"300\" height=\"201\" src=\"https:\/\/lasventastour.com\/wp-content\/uploads\/2023\/11\/cabezas-de-toro-300x201.webp\" class=\"attachment-medium size-medium\" alt=\"Cabe\u00e7as de touro do museu taurino\" srcset=\"https:\/\/lasventastour.com\/wp-content\/uploads\/2023\/11\/cabezas-de-toro-300x201.webp 300w, https:\/\/lasventastour.com\/wp-content\/uploads\/2023\/11\/cabezas-de-toro-600x402.webp 600w, https:\/\/lasventastour.com\/wp-content\/uploads\/2023\/11\/cabezas-de-toro.webp 896w\" sizes=\"auto, (max-width: 300px) 100vw, 300px\" \/><\/a><\/div><h2 class=\"w-post-elm post_title usg_post_title_1 entry-title color_link_inherit\"><a href=\"https:\/\/lasventastour.com\/pt-pt\/informacoes-praca-touros\/museu-taurino\/cabezas-de-toro-2\/\">cabe\u00e7as de touro<\/a><\/h2>\t\t<\/div>\r\n\t\t\t<\/article>\r\n\t<article class=\"w-grid-item size_1x1 post-833 attachment type-attachment status-inherit hentry\" data-id=\"833\">\r\n\t\t<div class=\"w-grid-item-h\">\r\n\t\t\t\t\t\t<div class=\"w-post-elm post_image usg_post_image_1 stretched\"><a href=\"https:\/\/lasventastour.com\/pt-pt\/informacoes-praca-touros\/museu-taurino\/escultura-2\/\" aria-label=\"Escultura\"><img loading=\"lazy\" decoding=\"async\" width=\"300\" height=\"201\" src=\"https:\/\/lasventastour.com\/wp-content\/uploads\/2023\/11\/Escultura-300x201.webp\" class=\"attachment-medium size-medium\" alt=\"Esculturas do museu taurino\" srcset=\"https:\/\/lasventastour.com\/wp-content\/uploads\/2023\/11\/Escultura-300x201.webp 300w, https:\/\/lasventastour.com\/wp-content\/uploads\/2023\/11\/Escultura-600x402.webp 600w, https:\/\/lasventastour.com\/wp-content\/uploads\/2023\/11\/Escultura.webp 896w\" sizes=\"auto, (max-width: 300px) 100vw, 300px\" \/><\/a><\/div><h2 class=\"w-post-elm post_title usg_post_title_1 entry-title color_link_inherit\"><a href=\"https:\/\/lasventastour.com\/pt-pt\/informacoes-praca-touros\/museu-taurino\/escultura-2\/\">Escultura<\/a><\/h2>\t\t<\/div>\r\n\t\t\t<\/article>\r\n\t<article class=\"w-grid-item size_1x1 post-823 attachment type-attachment status-inherit hentry\" data-id=\"823\">\r\n\t\t<div class=\"w-grid-item-h\">\r\n\t\t\t\t\t\t<div class=\"w-post-elm post_image usg_post_image_1 stretched\"><a href=\"https:\/\/lasventastour.com\/pt-pt\/informacoes-praca-touros\/museu-taurino\/pintura-2\/\" aria-label=\"Fotos\"><img loading=\"lazy\" decoding=\"async\" width=\"201\" height=\"300\" src=\"https:\/\/lasventastour.com\/wp-content\/uploads\/2023\/11\/pintura-201x300.webp\" class=\"attachment-medium size-medium\" alt=\"Fotos do museu taurino\" srcset=\"https:\/\/lasventastour.com\/wp-content\/uploads\/2023\/11\/pintura-201x300.webp 201w, https:\/\/lasventastour.com\/wp-content\/uploads\/2023\/11\/pintura.webp 600w\" sizes=\"auto, (max-width: 201px) 100vw, 201px\" \/><\/a><\/div><h2 class=\"w-post-elm post_title usg_post_title_1 entry-title color_link_inherit\"><a href=\"https:\/\/lasventastour.com\/pt-pt\/informacoes-praca-touros\/museu-taurino\/pintura-2\/\">Fotos<\/a><\/h2>\t\t<\/div>\r\n\t\t\t<\/article>\r\n\t<article class=\"w-grid-item size_1x1 post-815 attachment type-attachment status-inherit hentry\" data-id=\"815\">\r\n\t\t<div class=\"w-grid-item-h\">\r\n\t\t\t\t\t\t<div class=\"w-post-elm post_image usg_post_image_1 stretched\"><a href=\"https:\/\/lasventastour.com\/pt-pt\/informacoes-praca-touros\/museu-taurino\/capote-2\/\" aria-label=\"Capote\"><img loading=\"lazy\" decoding=\"async\" width=\"300\" height=\"201\" src=\"https:\/\/lasventastour.com\/wp-content\/uploads\/2023\/11\/Capote-300x201.webp\" class=\"attachment-medium size-medium\" alt=\"Capas de museu de touradas\" srcset=\"https:\/\/lasventastour.com\/wp-content\/uploads\/2023\/11\/Capote-300x201.webp 300w, https:\/\/lasventastour.com\/wp-content\/uploads\/2023\/11\/Capote-600x402.webp 600w, https:\/\/lasventastour.com\/wp-content\/uploads\/2023\/11\/Capote.webp 896w\" sizes=\"auto, (max-width: 300px) 100vw, 300px\" \/><\/a><\/div><h2 class=\"w-post-elm post_title usg_post_title_1 entry-title color_link_inherit\"><a href=\"https:\/\/lasventastour.com\/pt-pt\/informacoes-praca-touros\/museu-taurino\/capote-2\/\">Capote<\/a><\/h2>\t\t<\/div>\r\n\t\t\t<\/article>\r\n<\/div>\t<div class=\"w-grid-preloader\">\r\n\t\t<div class=\"g-preloader type_1\">\r\n\t\t\t<div><\/div>\r\n\t\t<\/div>\r\n\t<\/div>\r\n\t\t<div class=\"w-grid-json hidden\" onclick='return {&quot;action&quot;:&quot;us_ajax_grid&quot;,&quot;infinite_scroll&quot;:0,&quot;max_num_pages&quot;:2,&quot;pagination&quot;:&quot;none&quot;,&quot;template_vars&quot;:{&quot;columns&quot;:&quot;4&quot;,&quot;exclude_items&quot;:&quot;none&quot;,&quot;img_size&quot;:&quot;medium&quot;,&quot;ignore_items_size&quot;:0,&quot;items_layout&quot;:&quot;portf\\u00f3lio_1&quot;,&quot;items_offset&quot;:&quot;1&quot;,&quot;load_animation&quot;:&quot;none&quot;,&quot;overriding_link&quot;:&quot;%7B%22url%22%3A%22%22%7D&quot;,&quot;post_id&quot;:0,&quot;query_args&quot;:{&quot;post_type&quot;:[&quot;attachment&quot;],&quot;post__in&quot;:[&quot;801&quot;,&quot;809&quot;,&quot;817&quot;,&quot;827&quot;,&quot;835&quot;,&quot;843&quot;,&quot;851&quot;,&quot;859&quot;,&quot;867&quot;,&quot;875&quot;,&quot;883&quot;,&quot;891&quot;,&quot;899&quot;],&quot;post_status&quot;:&quot;inherit&quot;,&quot;post_mime_type&quot;:&quot;image&quot;,&quot;posts_per_page&quot;:&quot;12&quot;},&quot;orderby_query_args&quot;:{&quot;orderby&quot;:{&quot;date&quot;:&quot;DESC&quot;}},&quot;type&quot;:&quot;grid&quot;,&quot;us_grid_post_type&quot;:&quot;attachment&quot;,&quot;us_grid_ajax_index&quot;:1,&quot;us_grid_filter_query_string&quot;:null,&quot;us_grid_index&quot;:1,&quot;page_args&quot;:[],&quot;lang&quot;:&quot;pt-pt&quot;}}'><\/div>\r\n\t<\/div><\/div><\/div><\/div><\/div><\/section><section class=\"l-section wpb_row height_medium\"><div class=\"l-section-h i-cf\"><div class=\"g-cols vc_row via_grid cols_1 laptops-cols_inherit tablets-cols_inherit mobiles-cols_1 valign_top type_default stacking_default\"><div class=\"wpb_column vc_column_container\"><div class=\"vc_column-inner\"><div class=\"wpb_text_column\"><div class=\"wpb_wrapper\"><h2><strong>69 anos de hist\u00f3ria taurom\u00e1quica que ainda est\u00e1 a ser escrita.<\/strong><\/h2>\n<p>O Museu Taurino de Madrid, situado na pra\u00e7a de touros de Las Ventas, foi inaugurado em 15 de maio de 1951 pelo Conselho Provincial, sob a presid\u00eancia de Mariano Ossorio Ar\u00e9valo, Marqu\u00eas de Valdavia. Realiza-se no \u00e2mbito da festa de San Isidro Labrador, padroeiro da cidade. <\/p>\n<p>Em 1988, o Museu passou para a gest\u00e3o da Comunidade de Madrid. Atualmente, depende do Centro de Tauromaquia, organismo de promo\u00e7\u00e3o taurom\u00e1quica do Departamento da Presid\u00eancia, Justi\u00e7a e Porta-Voz do Governo da Comunidade de Madrid. <\/p>\n<p>Desde a sua inaugura\u00e7\u00e3o, o n\u00facleo principal das suas instala\u00e7\u00f5es foi a cole\u00e7\u00e3o Ortiz Ca\u00f1abate, recentemente adquirida. A disposi\u00e7\u00e3o das salas manteve-se at\u00e9 1968, ano em que foi efectuada a primeira remodela\u00e7\u00e3o. <\/p>\n<p>Em 2011, o <strong>Museu Taurino de Las Ventas<\/strong> foi completamente renovado para modernizar a sua climatiza\u00e7\u00e3o, elementos expositivos e seguran\u00e7a, incorporando crit\u00e9rios tem\u00e1ticos e cronol\u00f3gicos e instalando uma sala dedicada \u00e0 proje\u00e7\u00e3o, mostrando a hist\u00f3ria da tauromaquia e da sua cultura com imagens e textos.<\/p>\n<p>Depois, em 2014, foi constru\u00edda uma nova extens\u00e3o que deu aos visitantes acesso ao museu diretamente a partir do exterior, sem terem de passar, como no passado, pela pra\u00e7a de touros. Foi tamb\u00e9m instalada uma sala para a proje\u00e7\u00e3o de filmes, document\u00e1rios e reportagens.<\/p>\n<\/div><\/div><\/div><\/div><\/div><\/div><\/section>\n","protected":false},"excerpt":{"rendered":"","protected":false},"author":1,"featured_media":0,"parent":2224,"menu_order":0,"comment_status":"closed","ping_status":"closed","template":"","meta":{"footnotes":""},"class_list":["post-2245","page","type-page","status-publish","hentry"],"yoast_head":"<!-- This site is optimized with the Yoast SEO plugin v27.5 - https:\/\/yoast.com\/product\/yoast-seo-wordpress\/ -->\n<title>\u25b7 Museu Taurino de Madrid | Visita oficial a Las Ventas<\/title>\n<meta name=\"description\" content=\"Visita o Museu Taurino de Madrid : Plaza de Toros de Las Ventas : Consultar hor\u00e1rios e actividades Visita-nos!\" \/>\n<meta name=\"robots\" content=\"index, follow, max-snippet:-1, max-image-preview:large, max-video-preview:-1\" \/>\n<link rel=\"canonical\" href=\"https:\/\/lasventastour.com\/pt-pt\/informacoes-praca-touros\/museu-taurino\/\" \/>\n<meta property=\"og:locale\" content=\"pt_PT\" \/>\n<meta property=\"og:type\" content=\"article\" \/>\n<meta property=\"og:title\" content=\"\u25b7 Museu Taurino de Madrid | Visita oficial a Las Ventas\" \/>\n<meta property=\"og:description\" content=\"Visita o Museu Taurino de Madrid : Plaza de Toros de Las Ventas : Consultar hor\u00e1rios e actividades Visita-nos!\" \/>\n<meta property=\"og:url\" content=\"https:\/\/lasventastour.com\/pt-pt\/informacoes-praca-touros\/museu-taurino\/\" \/>\n<meta property=\"og:site_name\" content=\"Las Ventas Tour\" \/>\n<meta property=\"article:modified_time\" content=\"2026-04-28T11:12:57+00:00\" \/>\n<meta property=\"og:image\" content=\"https:\/\/lasventastour.com\/wp-content\/uploads\/2023\/12\/paseillo-en-las-ventas.webp\" \/>\n\t<meta property=\"og:image:width\" content=\"511\" \/>\n\t<meta property=\"og:image:height\" content=\"280\" \/>\n\t<meta property=\"og:image:type\" content=\"image\/webp\" \/>\n<meta name=\"twitter:card\" content=\"summary_large_image\" \/>\n<meta name=\"twitter:label1\" content=\"Tempo estimado de leitura\" \/>\n\t<meta name=\"twitter:data1\" content=\"4 minutos\" \/>\n<script type=\"application\/ld+json\" class=\"yoast-schema-graph\">{\"@context\":\"https:\\\/\\\/schema.org\",\"@graph\":[{\"@type\":\"WebPage\",\"@id\":\"https:\\\/\\\/lasventastour.com\\\/pt-pt\\\/informacoes-praca-touros\\\/museu-taurino\\\/\",\"url\":\"https:\\\/\\\/lasventastour.com\\\/pt-pt\\\/informacoes-praca-touros\\\/museu-taurino\\\/\",\"name\":\"\u25b7 Museu Taurino de Madrid | Visita oficial a Las Ventas\",\"isPartOf\":{\"@id\":\"https:\\\/\\\/lasventastour.com\\\/pt-pt\\\/#website\"},\"datePublished\":\"2023-11-08T10:24:41+00:00\",\"dateModified\":\"2026-04-28T11:12:57+00:00\",\"description\":\"Visita o Museu Taurino de Madrid : Plaza de Toros de Las Ventas : Consultar hor\u00e1rios e actividades Visita-nos!\",\"breadcrumb\":{\"@id\":\"https:\\\/\\\/lasventastour.com\\\/pt-pt\\\/informacoes-praca-touros\\\/museu-taurino\\\/#breadcrumb\"},\"inLanguage\":\"pt-PT\",\"potentialAction\":[{\"@type\":\"ReadAction\",\"target\":[\"https:\\\/\\\/lasventastour.com\\\/pt-pt\\\/informacoes-praca-touros\\\/museu-taurino\\\/\"]}]},{\"@type\":\"BreadcrumbList\",\"@id\":\"https:\\\/\\\/lasventastour.com\\\/pt-pt\\\/informacoes-praca-touros\\\/museu-taurino\\\/#breadcrumb\",\"itemListElement\":[{\"@type\":\"ListItem\",\"position\":1,\"name\":\"Portada\",\"item\":\"https:\\\/\\\/lasventastour.com\\\/pt-pt\\\/\"},{\"@type\":\"ListItem\",\"position\":2,\"name\":\"Sobre a pra\u00e7a\",\"item\":\"https:\\\/\\\/lasventastour.com\\\/pt-pt\\\/informacoes-praca-touros\\\/\"},{\"@type\":\"ListItem\",\"position\":3,\"name\":\"Museu Taurino\"}]},{\"@type\":\"WebSite\",\"@id\":\"https:\\\/\\\/lasventastour.com\\\/pt-pt\\\/#website\",\"url\":\"https:\\\/\\\/lasventastour.com\\\/pt-pt\\\/\",\"name\":\"Las Ventas Tour\",\"description\":\"Tour Las Ventas | Plaza de Toros de Madrid | Web Oficial\",\"publisher\":{\"@id\":\"https:\\\/\\\/lasventastour.com\\\/pt-pt\\\/#organization\"},\"alternateName\":\"Las Ventas Tour\",\"potentialAction\":[{\"@type\":\"SearchAction\",\"target\":{\"@type\":\"EntryPoint\",\"urlTemplate\":\"https:\\\/\\\/lasventastour.com\\\/pt-pt\\\/?s={search_term_string}\"},\"query-input\":{\"@type\":\"PropertyValueSpecification\",\"valueRequired\":true,\"valueName\":\"search_term_string\"}}],\"inLanguage\":\"pt-PT\"},{\"@type\":\"Organization\",\"@id\":\"https:\\\/\\\/lasventastour.com\\\/pt-pt\\\/#organization\",\"name\":\"Las Ventas Tour\",\"alternateName\":\"Las Ventas Tour\",\"url\":\"https:\\\/\\\/lasventastour.com\\\/pt-pt\\\/\",\"logo\":{\"@type\":\"ImageObject\",\"inLanguage\":\"pt-PT\",\"@id\":\"https:\\\/\\\/lasventastour.com\\\/pt-pt\\\/#\\\/schema\\\/logo\\\/image\\\/\",\"url\":\"https:\\\/\\\/lasventastour.com\\\/wp-content\\\/uploads\\\/2024\\\/09\\\/cropped-Logo-Las-Ventas-1.webp\",\"contentUrl\":\"https:\\\/\\\/lasventastour.com\\\/wp-content\\\/uploads\\\/2024\\\/09\\\/cropped-Logo-Las-Ventas-1.webp\",\"width\":512,\"height\":512,\"caption\":\"Las Ventas Tour\"},\"image\":{\"@id\":\"https:\\\/\\\/lasventastour.com\\\/pt-pt\\\/#\\\/schema\\\/logo\\\/image\\\/\"},\"sameAs\":[\"https:\\\/\\\/www.instagram.com\\\/lasventastour\\\/\"]}]}<\/script>\n<!-- \/ Yoast SEO plugin. -->","yoast_head_json":{"title":"\u25b7 Museu Taurino de Madrid | Visita oficial a Las Ventas","description":"Visita o Museu Taurino de Madrid : Plaza de Toros de Las Ventas : Consultar hor\u00e1rios e actividades Visita-nos!","robots":{"index":"index","follow":"follow","max-snippet":"max-snippet:-1","max-image-preview":"max-image-preview:large","max-video-preview":"max-video-preview:-1"},"canonical":"https:\/\/lasventastour.com\/pt-pt\/informacoes-praca-touros\/museu-taurino\/","og_locale":"pt_PT","og_type":"article","og_title":"\u25b7 Museu Taurino de Madrid | Visita oficial a Las Ventas","og_description":"Visita o Museu Taurino de Madrid : Plaza de Toros de Las Ventas : Consultar hor\u00e1rios e actividades Visita-nos!","og_url":"https:\/\/lasventastour.com\/pt-pt\/informacoes-praca-touros\/museu-taurino\/","og_site_name":"Las Ventas Tour","article_modified_time":"2026-04-28T11:12:57+00:00","og_image":[{"width":511,"height":280,"url":"https:\/\/lasventastour.com\/wp-content\/uploads\/2023\/12\/paseillo-en-las-ventas.webp","type":"image\/webp"}],"twitter_card":"summary_large_image","twitter_misc":{"Tempo estimado de leitura":"4 minutos"},"schema":{"@context":"https:\/\/schema.org","@graph":[{"@type":"WebPage","@id":"https:\/\/lasventastour.com\/pt-pt\/informacoes-praca-touros\/museu-taurino\/","url":"https:\/\/lasventastour.com\/pt-pt\/informacoes-praca-touros\/museu-taurino\/","name":"\u25b7 Museu Taurino de Madrid | Visita oficial a Las Ventas","isPartOf":{"@id":"https:\/\/lasventastour.com\/pt-pt\/#website"},"datePublished":"2023-11-08T10:24:41+00:00","dateModified":"2026-04-28T11:12:57+00:00","description":"Visita o Museu Taurino de Madrid : Plaza de Toros de Las Ventas : Consultar hor\u00e1rios e actividades Visita-nos!","breadcrumb":{"@id":"https:\/\/lasventastour.com\/pt-pt\/informacoes-praca-touros\/museu-taurino\/#breadcrumb"},"inLanguage":"pt-PT","potentialAction":[{"@type":"ReadAction","target":["https:\/\/lasventastour.com\/pt-pt\/informacoes-praca-touros\/museu-taurino\/"]}]},{"@type":"BreadcrumbList","@id":"https:\/\/lasventastour.com\/pt-pt\/informacoes-praca-touros\/museu-taurino\/#breadcrumb","itemListElement":[{"@type":"ListItem","position":1,"name":"Portada","item":"https:\/\/lasventastour.com\/pt-pt\/"},{"@type":"ListItem","position":2,"name":"Sobre a pra\u00e7a","item":"https:\/\/lasventastour.com\/pt-pt\/informacoes-praca-touros\/"},{"@type":"ListItem","position":3,"name":"Museu Taurino"}]},{"@type":"WebSite","@id":"https:\/\/lasventastour.com\/pt-pt\/#website","url":"https:\/\/lasventastour.com\/pt-pt\/","name":"Las Ventas Tour","description":"Tour Las Ventas | Plaza de Toros de Madrid | Web Oficial","publisher":{"@id":"https:\/\/lasventastour.com\/pt-pt\/#organization"},"alternateName":"Las Ventas Tour","potentialAction":[{"@type":"SearchAction","target":{"@type":"EntryPoint","urlTemplate":"https:\/\/lasventastour.com\/pt-pt\/?s={search_term_string}"},"query-input":{"@type":"PropertyValueSpecification","valueRequired":true,"valueName":"search_term_string"}}],"inLanguage":"pt-PT"},{"@type":"Organization","@id":"https:\/\/lasventastour.com\/pt-pt\/#organization","name":"Las Ventas Tour","alternateName":"Las Ventas Tour","url":"https:\/\/lasventastour.com\/pt-pt\/","logo":{"@type":"ImageObject","inLanguage":"pt-PT","@id":"https:\/\/lasventastour.com\/pt-pt\/#\/schema\/logo\/image\/","url":"https:\/\/lasventastour.com\/wp-content\/uploads\/2024\/09\/cropped-Logo-Las-Ventas-1.webp","contentUrl":"https:\/\/lasventastour.com\/wp-content\/uploads\/2024\/09\/cropped-Logo-Las-Ventas-1.webp","width":512,"height":512,"caption":"Las Ventas Tour"},"image":{"@id":"https:\/\/lasventastour.com\/pt-pt\/#\/schema\/logo\/image\/"},"sameAs":["https:\/\/www.instagram.com\/lasventastour\/"]}]}},"_links":{"self":[{"href":"https:\/\/lasventastour.com\/pt-pt\/wp-json\/wp\/v2\/pages\/2245","targetHints":{"allow":["GET"]}}],"collection":[{"href":"https:\/\/lasventastour.com\/pt-pt\/wp-json\/wp\/v2\/pages"}],"about":[{"href":"https:\/\/lasventastour.com\/pt-pt\/wp-json\/wp\/v2\/types\/page"}],"author":[{"embeddable":true,"href":"https:\/\/lasventastour.com\/pt-pt\/wp-json\/wp\/v2\/users\/1"}],"replies":[{"embeddable":true,"href":"https:\/\/lasventastour.com\/pt-pt\/wp-json\/wp\/v2\/comments?post=2245"}],"version-history":[{"count":8,"href":"https:\/\/lasventastour.com\/pt-pt\/wp-json\/wp\/v2\/pages\/2245\/revisions"}],"predecessor-version":[{"id":43661,"href":"https:\/\/lasventastour.com\/pt-pt\/wp-json\/wp\/v2\/pages\/2245\/revisions\/43661"}],"up":[{"embeddable":true,"href":"https:\/\/lasventastour.com\/pt-pt\/wp-json\/wp\/v2\/pages\/2224"}],"wp:attachment":[{"href":"https:\/\/lasventastour.com\/pt-pt\/wp-json\/wp\/v2\/media?parent=2245"}],"curies":[{"name":"wp","href":"https:\/\/api.w.org\/{rel}","templated":true}]}}