{"id":2224,"date":"2023-10-02T09:36:49","date_gmt":"2023-10-02T09:36:49","guid":{"rendered":"https:\/\/lasventastour.com\/sobre-a-praca\/"},"modified":"2026-04-28T11:13:02","modified_gmt":"2026-04-28T11:13:02","slug":"informacoes-praca-touros","status":"publish","type":"page","link":"https:\/\/lasventastour.com\/pt-pt\/informacoes-praca-touros\/","title":{"rendered":"Sobre a pra\u00e7a"},"content":{"rendered":"<section class=\"l-section wpb_row height_huge width_custom color_secondary with_img\" style=\"--site-content-width:900px;\"><div class=\"l-section-img\" role=\"img\" aria-label=\"Visita individual \u00e0s arenas\" data-img-width=\"564\" data-img-height=\"1058\" style=\"background-image: url(https:\/\/lasventastour.com\/wp-content\/uploads\/2023\/09\/plaza-toros-madrid.jpg);\"><\/div><div class=\"l-section-overlay\" style=\"background:rgba(0,0,0,0.65)\"><\/div><div class=\"l-section-h i-cf\"><div class=\"g-cols vc_row via_grid cols_1 laptops-cols_inherit tablets-cols_inherit mobiles-cols_1 valign_top type_default stacking_default\"><div class=\"wpb_column vc_column_container\"><div class=\"vc_column-inner\"><div class=\"w-separator size_medium\"><\/div><h1 class=\"w-text us_custom_eb849559\"><span class=\"w-text-h\"><span class=\"w-text-value\">Informa\u00e7\u00f5es e hist\u00f3ria sobre Las Ventas<\/span><\/span><\/h1><\/div><\/div><\/div><\/div><\/section><section class=\"l-section wpb_row height_medium\"><div class=\"l-section-h i-cf\"><div class=\"g-cols vc_row via_grid cols_1 laptops-cols_inherit tablets-cols_inherit mobiles-cols_1 valign_top type_default stacking_default\"><div class=\"wpb_column vc_column_container\"><div class=\"vc_column-inner\"><div class=\"wpb_text_column\"><div class=\"wpb_wrapper\"><p>A pra\u00e7a de touros de Madrid, tamb\u00e9m conhecida como pra\u00e7a de touros de Las Ventas, \u00e9 sem d\u00favida a pra\u00e7a de touros mais importante de Espanha e do mundo. O seu desenho, dimens\u00f5es e import\u00e2ncia cultural fazem dela o principal monumento taurom\u00e1quico para visitar e assistir aos seus espect\u00e1culos taurom\u00e1quicos. Nesta p\u00e1gina vamos falar-te da pra\u00e7a de touros, da sua hist\u00f3ria e das suas particularidades.<\/p>\n<\/div><\/div><div class=\"w-separator size_large\"><\/div><div class=\"g-cols wpb_row via_grid cols_3 laptops-cols_inherit tablets-cols_inherit mobiles-cols_1 valign_top type_default stacking_default\" style=\"--columns-gap:3rem;\"><div class=\"wpb_column vc_column_container\"><div class=\"vc_column-inner\"><\/div><\/div><div class=\"wpb_column vc_column_container us_custom_3a052013 has_bg_color\"><div class=\"vc_column-inner\"><div class=\"wpb_text_column\"><div class=\"wpb_wrapper\"><h3>\u00cdndice<\/h3>\n<ol>\n<li><a href=\"https:\/\/lasventastour.com\/pt-pt\/informacoes-praca-touros\/#origenes\">Origens da pra\u00e7a<\/a><\/li>\n<li><a href=\"https:\/\/lasventastour.com\/pt-pt\/informacoes-praca-touros\/#arquitectura\">Arquitetura<\/a><\/li>\n<li><a href=\"https:\/\/lasventastour.com\/pt-pt\/informacoes-praca-touros\/#historia\">Hist\u00f3ria das touradas<\/a><\/li>\n<li><a href=\"https:\/\/lasventastour.com\/pt-pt\/informacoes-praca-touros\/#conciertos\">Concertos e eventos<\/a><\/li>\n<\/ol>\n<\/div><\/div><\/div><\/div><div class=\"wpb_column vc_column_container\"><div class=\"vc_column-inner\"><\/div><\/div><\/div><\/div><\/div><\/div><\/div><\/section><section class=\"l-section wpb_row height_medium\" id=\"origenes\"><div class=\"l-section-h i-cf\"><div class=\"g-cols vc_row via_grid cols_1 laptops-cols_inherit tablets-cols_inherit mobiles-cols_1 valign_middle type_default stacking_default\"><div class=\"wpb_column vc_column_container\"><div class=\"vc_column-inner\"><div class=\"g-cols wpb_row via_grid cols_2 laptops-cols_inherit tablets-cols_inherit mobiles-cols_1 valign_top type_default stacking_default\" style=\"--columns-gap:3rem;\"><div class=\"wpb_column vc_column_container\"><div class=\"vc_column-inner\"><div class=\"w-video align_none ratio_initial\"><div class=\"w-video-h\"><video  preload=\"metadata\" playsinline controls autoplay loop muted><source type=\"video\/mp4\" src=\"https:\/\/lasventastour.com\/wp-content\/uploads\/2024\/08\/Gift-puerta-grande.mp4\" \/><\/video><\/div><\/div><\/div><\/div><div class=\"wpb_column vc_column_container\"><div class=\"vc_column-inner\"><div class=\"wpb_text_column us_custom_525019aa\"><div class=\"wpb_wrapper\"><h2>1. origens da pra\u00e7a de touros<\/h2>\n<p>A <strong>Plaza de Las Ventas<\/strong> foi constru\u00edda em 1929 no local denominado <strong>Las Ventas del Esp\u00edritu Santo<\/strong>, ao qual deve o seu nome. <strong>\u00c9 a maior pra\u00e7a de touros de Espanha<\/strong>, com uma superf\u00edcie total de 45.800 metros quadrados e capacidade para 23.797 pessoas. A sua pra\u00e7a de touros, com um di\u00e2metro de 60 metros, \u00e9 tamb\u00e9m uma das maiores do mundo, depois da Plaza de Toros de Ronda. <strong>Las Ventas<\/strong> \u00e9 a terceira maior pra\u00e7a de touros do mundo, depois da Monumental do M\u00e9xico e da Plaza de Toros de Val\u00eancia (Venezuela), e \u00e9 considerada por profissionais, aficionados e cr\u00edticos como a pra\u00e7a de touros mais importante do mundo.  <\/p>\n<p><strong>A Plaza de Toros de Las Ventas<\/strong> \u00e9 tamb\u00e9m conhecida como La c\u00e1tedra de los vientos, pois est\u00e1 situada numa das zonas mais ventosas da cidade de Madrid, no cora\u00e7\u00e3o de La Guindalera, no bairro central de Salamanca.<\/p>\n<\/div><\/div><\/div><\/div><\/div><div class=\"w-separator size_medium\"><\/div><div class=\"wpb_text_column\"><div class=\"wpb_wrapper\"><h3>Patrim\u00f3nio hist\u00f3rico<\/h3>\n<p><span>A Plaza de Toros de Las Ventas foi declarada Patrim\u00f3nio Hist\u00f3rico-Art\u00edstico em 1994 devido \u00e0 sua riqueza hist\u00f3rica e cultural.<\/span><span> O maior evento organizado pela <\/span><strong>Pra\u00e7a de Touros de Las Ventas<\/strong><span> \u00e9, sem d\u00favida, a <\/span><strong>Feira de San Isidro<\/strong><span>um dos eventos que a consolidou como a melhor pra\u00e7a de touros do mundo. A Feria de San Isidro foi criada pelo empres\u00e1rio Livinio Stuyck em 1947, quando criou um bilhete de temporada para ver at\u00e9 5 touradas coincidindo com as festividades de San Isidro. Atualmente, realizam-se at\u00e9 28 touradas di\u00e1rias durante o m\u00eas de maio.  <\/span><\/p>\n<\/div><\/div><\/div><\/div><\/div><\/div><\/section><section class=\"l-section wpb_row height_medium\" id=\"arquitectura\"><div class=\"l-section-h i-cf\"><div class=\"g-cols vc_row via_grid cols_1 laptops-cols_inherit tablets-cols_inherit mobiles-cols_1 valign_top type_default stacking_default\"><div class=\"wpb_column vc_column_container\"><div class=\"vc_column-inner\"><h2 class=\"w-text\"><span class=\"w-text-h\"><span class=\"w-text-value\">2. Arquitetura e design<\/span><\/span><\/h2><div class=\"w-separator size_large\"><\/div><div class=\"w-tabs layout_hor style_radio switch_click has_scrolling\" style=\"--sections-title-size:1.2rem\"><div class=\"w-tabs-list items_3 align_none\" style=\"font-family:var(--h1-font-family);line-height:2;\"><div class=\"w-tabs-list-h\"><button class=\"w-tabs-item active\" aria-controls=\"content-m809\" aria-expanded=\"false\"><span class=\"w-tabs-item-title\">Estilo de constru\u00e7\u00e3o<\/span><\/button><button class=\"w-tabs-item\" aria-controls=\"content-n16b\" aria-expanded=\"false\"><span class=\"w-tabs-item-title\">Fachada<\/span><\/button><button class=\"w-tabs-item\" aria-controls=\"content-sa75\" aria-expanded=\"false\"><span class=\"w-tabs-item-title\">Est\u00e1tuas<\/span><\/button><\/div><\/div><div class=\"w-tabs-sections titles-align_none icon_chevron cpos_right\"><div class=\"w-tabs-section active\" id=\"m809\"><button class=\"w-tabs-section-header active\" aria-controls=\"content-m809\" aria-expanded=\"true\"><div class=\"w-tabs-section-title\">Estilo de constru\u00e7\u00e3o<\/div><div class=\"w-tabs-section-control\"><\/div><\/button><div  class=\"w-tabs-section-content\" id=\"content-m809\"><div class=\"w-tabs-section-content-h i-cf\"><div class=\"g-cols wpb_row via_grid cols_2 laptops-cols_inherit tablets-cols_inherit mobiles-cols_1 valign_middle type_default stacking_default\" style=\"--columns-gap:3rem;\"><div class=\"wpb_column vc_column_container\"><div class=\"vc_column-inner\"><div class=\"w-image has_ratio align_none\"><div class=\"w-image-h\"><div style=\"padding-bottom:66.6667%\"><\/div><img decoding=\"async\" width=\"980\" height=\"633\" src=\"https:\/\/lasventastour.com\/wp-content\/uploads\/2024\/08\/Plaza-de-toros-de-Goya.png\" class=\"attachment-large size-large\" alt=\"O que ver na pra\u00e7a de touros de Madrid\" loading=\"lazy\" \/><\/div><\/div><\/div><\/div><div class=\"wpb_column vc_column_container\"><div class=\"vc_column-inner\"><div class=\"wpb_text_column\"><div class=\"wpb_wrapper\"><h3>Projeto de constru\u00e7\u00e3o<\/h3>\n<p>A <strong>Plaza de Toros de Las Ventas<\/strong> foi projectada e constru\u00edda segundo o estilo <strong>neomud\u00e9jar. <\/strong>Um estilo arquitet\u00f3nico reivindicado como estilo nacional no s\u00e9culo XIX por se basear num desenho tradicionalmente hisp\u00e2nico.<\/p>\n<p>O neomud\u00e9jar \u00e9 o estilo mais carater\u00edstico das <strong>pra\u00e7as de touros em Espanha<\/strong>. Foi a antecessora de Las Ventas, a antiga <strong>Pra\u00e7a de Touros de Goya<\/strong>, o primeiro exemplo conhecido do estilo neomud\u00e9jar no nosso pa\u00eds. Esta obra de Emilio Rodr\u00edguez Ayuso e Lorenzo \u00c1lvarez Capra marcou um antes e um depois na arquitetura das pra\u00e7as de touros de toda a Espanha.<\/p>\n<\/div><\/div><\/div><\/div><\/div><\/div><\/div><\/div><div class=\"w-tabs-section\" id=\"n16b\"><button class=\"w-tabs-section-header\" aria-controls=\"content-n16b\" aria-expanded=\"false\"><div class=\"w-tabs-section-title\">Fachada<\/div><div class=\"w-tabs-section-control\"><\/div><\/button><div  class=\"w-tabs-section-content\" id=\"content-n16b\"><div class=\"w-tabs-section-content-h i-cf\"><div class=\"g-cols wpb_row via_grid cols_2 laptops-cols_inherit tablets-cols_inherit mobiles-cols_1 valign_middle type_default stacking_default\" style=\"--columns-gap:3rem;\"><div class=\"wpb_column vc_column_container\"><div class=\"vc_column-inner\"><div class=\"w-image has_ratio align_none\"><div class=\"w-image-h\"><div style=\"padding-bottom:66.6667%\"><\/div><img decoding=\"async\" width=\"750\" height=\"500\" src=\"https:\/\/lasventastour.com\/wp-content\/uploads\/2024\/08\/Ceramicas-fachada-plaza.webp\" class=\"attachment-large size-large\" alt=\"Decora\u00e7\u00e3o de fachada de pra\u00e7a de touros\" loading=\"lazy\" \/><\/div><\/div><\/div><\/div><div class=\"wpb_column vc_column_container\"><div class=\"vc_column-inner\"><div class=\"wpb_text_column\"><div class=\"wpb_wrapper\"><h3>Exterior e placas<\/h3>\n<p><span>A fachada da Plaza \u00e9 feita de tijolo \u00e0 vista com <strong>decora\u00e7\u00f5es em cer\u00e2mica vidrada<\/strong> que representam os bras\u00f5es de todas as prov\u00edncias espanholas. A t\u00edtulo de curiosidade, sabemos que os bras\u00f5es de <strong>M\u00e1laga, C\u00f3rdova e Huelva<\/strong> est\u00e3o representados em duas ocasi\u00f5es.  <\/span><\/p>\n<p>Por outro lado, Santander, Soria, Tarragona, Teruel, Valladolid, Victoria e Las Palmas est\u00e3o notoriamente ausentes. <strong>Ceuta e Melilla <\/strong> tamb\u00e9m <strong>n\u00e3o est\u00e3o presentes <\/strong>  <span><strong>que, na altura da sua constru\u00e7\u00e3o, eram apenas um protetorado espanhol<\/strong>. Por alguma raz\u00e3o desconhecida, Ronda foi inclu\u00edda, apesar de n\u00e3o ser uma prov\u00edncia.  <\/span><\/p>\n<\/div><\/div><\/div><\/div><\/div><\/div><\/div><\/div><div class=\"w-tabs-section\" id=\"sa75\"><button class=\"w-tabs-section-header\" aria-controls=\"content-sa75\" aria-expanded=\"false\"><div class=\"w-tabs-section-title\">Est\u00e1tuas<\/div><div class=\"w-tabs-section-control\"><\/div><\/button><div  class=\"w-tabs-section-content\" id=\"content-sa75\"><div class=\"w-tabs-section-content-h i-cf\"><div class=\"g-cols wpb_row via_grid cols_2 laptops-cols_inherit tablets-cols_inherit mobiles-cols_1 valign_top type_default stacking_default\" style=\"--columns-gap:3rem;\"><div class=\"wpb_column vc_column_container\"><div class=\"vc_column-inner\"><div class=\"w-image align_none\"><div class=\"w-image-h\"><img decoding=\"async\" width=\"750\" height=\"500\" src=\"https:\/\/lasventastour.com\/wp-content\/uploads\/2023\/11\/Las-ventas-plaza-toros.webp\" class=\"attachment-large size-large\" alt=\"fachada pra\u00e7a tourada madrid\" loading=\"lazy\" srcset=\"https:\/\/lasventastour.com\/wp-content\/uploads\/2023\/11\/Las-ventas-plaza-toros.webp 750w, https:\/\/lasventastour.com\/wp-content\/uploads\/2023\/11\/Las-ventas-plaza-toros-600x400.webp 600w, https:\/\/lasventastour.com\/wp-content\/uploads\/2023\/11\/Las-ventas-plaza-toros-300x200.webp 300w\" sizes=\"auto, (max-width: 750px) 100vw, 750px\" \/><\/div><\/div><\/div><\/div><div class=\"wpb_column vc_column_container\"><div class=\"vc_column-inner\"><div class=\"wpb_text_column\"><div class=\"wpb_wrapper\"><h3>Est\u00e1tuas<\/h3>\n<p>Ao longo dos anos, foram colocadas <strong>est\u00e1tuas<\/strong> no exterior da <strong>Plaza de Las Ventas<\/strong> em homenagem a diferentes toureiros importantes na hist\u00f3ria da pra\u00e7a de touros de Madrid:  <\/p>\n<p><strong>Jos\u00e9 Cubero S\u00e1nchez &#8220;El Yiyo&#8221;,<\/strong> o \u00faltimo matador a ser chifrado at\u00e9 \u00e0 morte em Espanha (Colmenar Viejo), Madrid.<\/p>\n<p><strong>Fleming: <\/strong>muitos ficar\u00e3o surpreendidos por ver Fleming a guardar Las Ventas, mas a verdade \u00e9 que os toureiros t\u00eam muito a agradecer ao inventor da penicilina. Antes da sua exist\u00eancia, os toureiros n\u00e3o s\u00f3 tinham de lutar contra os touros, como tamb\u00e9m tinham de travar duras batalhas contra as infec\u00e7\u00f5es que se seguiam \u00e0s feridas. As feridas infectadas representavam um risco duas vezes maior para um toureiro do que a pr\u00f3pria ferradura.  <\/p>\n<p><strong>Luis Miguel Domingu\u00edn<\/strong>, uma homenagem ao toureiro madrileno que saiu 5 vezes pela <strong>Puerta Grande.<\/strong><\/p>\n<p><strong>Antonio Bienvenida, <\/strong>um dos toureiros preferidos da sua gera\u00e7\u00e3o de Madrid e o que mais vezes toureou em Las Ventas<strong>.<\/strong><\/p>\n<\/div><\/div><\/div><\/div><\/div><\/div><\/div><\/div><\/div><\/div><\/div><\/div><\/div><\/div><\/section><section class=\"l-section wpb_row us_custom_402551d6 height_medium width_custom color_footer-bottom with_shape\" style=\"--site-content-width:1000px;\"><div class=\"l-section-shape type_custom pos_top\" style=\"height:50%;\"><svg xmlns=\"http:\/\/www.w3.org\/2000\/svg\" viewBox=\"0 0 64 8\" preserveAspectRatio=\"none\" width=\"100%\" height=\"100%\">\r\n\t<path fill=\"currentColor\" d=\"M64 8 L0 8 L0 0 L64 0 Z\"\/>\r\n<\/svg><\/div><div class=\"l-section-h i-cf\"><div class=\"g-cols vc_row via_grid cols_1 laptops-cols_inherit tablets-cols_inherit mobiles-cols_1 valign_top type_default stacking_default\"><div class=\"wpb_column vc_column_container us_custom_9cf479d2\"><div class=\"vc_column-inner\"><div class=\"g-cols wpb_row us_custom_9036209b has_text_color via_grid cols_custom laptops-cols_inherit tablets-cols_3-2 mobiles-cols_1 valign_middle type_default stacking_default\" style=\"--columns-gap:2rem;--custom-columns:2.5fr 2fr 1.5fr\"><div class=\"wpb_column vc_column_container\"><div class=\"vc_column-inner\"><div class=\"w-text us_custom_f379e5e9\"><span class=\"w-text-h\"><span class=\"w-text-value\">Gostarias de visitar a pra\u00e7a de touros?<\/span><\/span><\/div><\/div><\/div><div class=\"wpb_column vc_column_container us_custom_e28183d5\"><div class=\"vc_column-inner\"><div class=\"w-text us_custom_e5db0a2d has_text_color\"><span class=\"w-text-h\"><span class=\"w-text-value\">Visitas individuais e privadas<\/span><\/span><\/div><div class=\"w-text\"><span class=\"w-text-h\"><span class=\"w-text-value\">A partir de 16\u20ac.<\/span><\/span><\/div><\/div><\/div><div class=\"wpb_column vc_column_container us_custom_ecbbf48f\"><div class=\"vc_column-inner\"><div class=\"w-btn-wrapper default_align_right laptops_align_right tablets_align_left mobiles_align_center\"><a class=\"w-btn us-btn-style_1 us_custom_b4198c51\" target=\"_blank\" href=\"https:\/\/tickets.lasventastour.com\/es\"><span class=\"w-btn-label\">Compra bilhetes<\/span><\/a><\/div><\/div><\/div><\/div><\/div><\/div><\/div><\/div><\/section><section class=\"l-section wpb_row height_medium\" id=\"historia\"><div class=\"l-section-h i-cf\"><div class=\"g-cols vc_row via_grid cols_1 laptops-cols_inherit tablets-cols_inherit mobiles-cols_1 valign_top type_default stacking_default\"><div class=\"wpb_column vc_column_container\"><div class=\"vc_column-inner\"><div class=\"wpb_text_column\"><div class=\"wpb_wrapper\"><h2>3. Hist\u00f3ria da tourada na pra\u00e7a de touros<\/h2>\n<\/div><\/div><div class=\"w-separator size_large\"><\/div><div class=\"w-tabs layout_hor style_radio switch_click has_scrolling\" style=\"--sections-title-size:1.2rem\"><div class=\"w-tabs-list items_3 align_none\" style=\"font-family:var(--h1-font-family);line-height:2;\"><div class=\"w-tabs-list-h\"><button class=\"w-tabs-item active\" aria-controls=\"content-eeed\" aria-expanded=\"false\"><span class=\"w-tabs-item-title\">Os in\u00edcios<\/span><\/button><button class=\"w-tabs-item\" aria-controls=\"content-f77f\" aria-expanded=\"false\"><span class=\"w-tabs-item-title\">Feiras de touradas<\/span><\/button><button class=\"w-tabs-item\" aria-controls=\"content-j030\" aria-expanded=\"false\"><span class=\"w-tabs-item-title\">Eventos lend\u00e1rios<\/span><\/button><\/div><\/div><div class=\"w-tabs-sections titles-align_none icon_chevron cpos_right\"><div class=\"w-tabs-section active\" id=\"eeed\"><button class=\"w-tabs-section-header active\" aria-controls=\"content-eeed\" aria-expanded=\"true\"><div class=\"w-tabs-section-title\">Os in\u00edcios<\/div><div class=\"w-tabs-section-control\"><\/div><\/button><div  class=\"w-tabs-section-content\" id=\"content-eeed\"><div class=\"w-tabs-section-content-h i-cf\"><div class=\"g-cols wpb_row via_grid cols_2 laptops-cols_inherit tablets-cols_inherit mobiles-cols_1 valign_top type_default stacking_default\" style=\"--columns-gap:3rem;\"><div class=\"wpb_column vc_column_container\"><div class=\"vc_column-inner\"><div class=\"w-image align_none\"><div class=\"w-image-h\"><img decoding=\"async\" width=\"1024\" height=\"573\" src=\"https:\/\/lasventastour.com\/wp-content\/uploads\/2024\/08\/Fotografia-antigua-Las-Ventas-1024x573.webp\" class=\"attachment-large size-large\" alt=\"Decora\u00e7\u00e3o de fachada de pra\u00e7a de touros\" loading=\"lazy\" srcset=\"https:\/\/lasventastour.com\/wp-content\/uploads\/2024\/08\/Fotografia-antigua-Las-Ventas-1024x573.webp 1024w, https:\/\/lasventastour.com\/wp-content\/uploads\/2024\/08\/Fotografia-antigua-Las-Ventas-600x336.webp 600w, https:\/\/lasventastour.com\/wp-content\/uploads\/2024\/08\/Fotografia-antigua-Las-Ventas-300x168.webp 300w, https:\/\/lasventastour.com\/wp-content\/uploads\/2024\/08\/Fotografia-antigua-Las-Ventas.webp 1248w\" sizes=\"auto, (max-width: 1024px) 100vw, 1024px\" \/><\/div><\/div><\/div><\/div><div class=\"wpb_column vc_column_container\"><div class=\"vc_column-inner\"><div class=\"wpb_text_column\"><div class=\"wpb_wrapper\"><h3>Touradas inaugurais<\/h3>\n<ul>\n<li><strong>Primeira corrida de<\/strong> touros: A Pra\u00e7a de Touros de Las Ventas foi inaugurada a 17 de junho de 1931, com uma forma\u00e7\u00e3o hist\u00f3rica que inclu\u00eda os toureiros <strong>Diego Mazquiar\u00e1n &#8220;Fortuna&#8221;<\/strong>, <strong>Manuel Mej\u00edas Rapela &#8220;Bienvenida&#8221;<\/strong> e <strong>Cayetano Ord\u00f3\u00f1ez &#8220;Ni\u00f1o de la Palma&#8221;<\/strong>. Este evento marcou o in\u00edcio de uma \u00e9poca dourada da tauromaquia em Madrid. <\/li>\n<li><strong>Impacto na \u00e9poca<\/strong>: A inaugura\u00e7\u00e3o de Las Ventas foi um marco na hist\u00f3ria da tauromaquia em Espanha, dado que esta pra\u00e7a de touros superou em dimens\u00e3o e capacidade qualquer outra existente no pa\u00eds, consolidando-se como o palco principal das grandes figuras da tauromaquia.<\/li>\n<\/ul>\n<\/div><\/div><\/div><\/div><\/div><\/div><\/div><\/div><div class=\"w-tabs-section\" id=\"f77f\"><button class=\"w-tabs-section-header\" aria-controls=\"content-f77f\" aria-expanded=\"false\"><div class=\"w-tabs-section-title\">Feiras de touradas<\/div><div class=\"w-tabs-section-control\"><\/div><\/button><div  class=\"w-tabs-section-content\" id=\"content-f77f\"><div class=\"w-tabs-section-content-h i-cf\"><div class=\"g-cols wpb_row via_grid cols_2 laptops-cols_inherit tablets-cols_inherit mobiles-cols_1 valign_middle type_default stacking_default\" style=\"--columns-gap:3rem;\"><div class=\"wpb_column vc_column_container\"><div class=\"vc_column-inner\"><div class=\"w-image has_ratio align_none\"><div class=\"w-image-h\"><div style=\"padding-bottom:66.6667%\"><\/div><img decoding=\"async\" width=\"750\" height=\"500\" src=\"https:\/\/lasventastour.com\/wp-content\/uploads\/2023\/11\/feria-taurina-madrid.webp\" class=\"attachment-large size-large\" alt=\"Apresentado na feira de Madrid\" loading=\"lazy\" \/><\/div><\/div><\/div><\/div><div class=\"wpb_column vc_column_container\"><div class=\"vc_column-inner\"><div class=\"wpb_text_column\"><div class=\"wpb_wrapper\"><h4><strong>Temporada de touradas<\/strong><\/h4>\n<ul>\n<li><strong>Import\u00e2ncia da Feria de San Isidro<\/strong>: A Feria de San Isidro \u00e9 o evento taurom\u00e1quico mais importante do mundo e realiza-se todos os anos na Plaza de Las Ventas durante os meses de maio e junho. Esta feira \u00e9 composta por uma s\u00e9rie de touradas di\u00e1rias que atraem os melhores toureiros e um p\u00fablico internacional.\n<ul>\n<li><strong>Dura\u00e7\u00e3o e estrutura<\/strong>: A feira tem uma dura\u00e7\u00e3o aproximada de um m\u00eas e inclui normalmente cerca de 30 touradas, o que a torna numa prova de resist\u00eancia e per\u00edcia tanto para os toureiros como para o gado.<\/li>\n<\/ul>\n<\/li>\n<li><strong>Outros eventos taurom\u00e1quicos<\/strong>: Para al\u00e9m da Feira de San Isidro, Las Ventas acolhe outras touradas importantes, como a Feira de outono, que encerra a temporada taurom\u00e1quica, bem como eventos pontuais durante as festas locais e touradas de benefic\u00eancia.<\/li>\n<\/ul>\n<\/div><\/div><\/div><\/div><\/div><\/div><\/div><\/div><div class=\"w-tabs-section\" id=\"j030\"><button class=\"w-tabs-section-header\" aria-controls=\"content-j030\" aria-expanded=\"false\"><div class=\"w-tabs-section-title\">Eventos lend\u00e1rios<\/div><div class=\"w-tabs-section-control\"><\/div><\/button><div  class=\"w-tabs-section-content\" id=\"content-j030\"><div class=\"w-tabs-section-content-h i-cf\"><div class=\"g-cols wpb_row via_grid cols_2 laptops-cols_inherit tablets-cols_inherit mobiles-cols_1 valign_middle type_default stacking_default\" style=\"--columns-gap:3rem;\"><div class=\"wpb_column vc_column_container\"><div class=\"vc_column-inner\"><div class=\"w-image has_ratio align_none\"><div class=\"w-image-h\"><div style=\"padding-bottom:66.6667%\"><\/div><img decoding=\"async\" width=\"664\" height=\"500\" src=\"https:\/\/lasventastour.com\/wp-content\/uploads\/2024\/08\/Manolete.webp\" class=\"attachment-large size-large\" alt=\"torero manolete\" loading=\"lazy\" \/><\/div><\/div><\/div><\/div><div class=\"wpb_column vc_column_container\"><div class=\"vc_column-inner\"><div class=\"wpb_text_column\"><div class=\"wpb_wrapper\"><h3><strong>Momentos hist\u00f3ricos<\/strong><\/h3>\n<ul>\n<li><strong>Touradas famosas<\/strong>: A pra\u00e7a de touros foi testemunha de touradas memor\u00e1veis que ficaram gravadas na hist\u00f3ria da tauromaquia. Entre elas destaca-se a de <strong>Manuel Rodr\u00edguez &#8220;Manolete&#8221;<\/strong> em 1947, considerada uma das melhores de todos os tempos. Outro momento emblem\u00e1tico foi a atua\u00e7\u00e3o de <strong>Paco Camino<\/strong> em 1964, onde cortou quatro orelhas e uma cauda, um feito excecional em qualquer pra\u00e7a de touros.  <\/li>\n<li><strong>Toureiros lend\u00e1rios<\/strong>: Las Ventas foi o palco onde brilharam os maiores toureiros da hist\u00f3ria, como <strong>Antonio Ord\u00f3\u00f1ez<\/strong>, <strong>Luis Miguel Domingu\u00edn<\/strong>, <strong>El Juli<\/strong>, <strong>Jos\u00e9 Tom\u00e1s<\/strong> e <strong>Enrique Ponce<\/strong>, entre outros. Estas figuras n\u00e3o s\u00f3 deixaram a sua marca na pra\u00e7a de touros, como tamb\u00e9m contribu\u00edram para a sua lenda. <\/li>\n<li><strong>Acontecimentos marcantes<\/strong>: A pra\u00e7a de touros foi tamb\u00e9m palco de acontecimentos tr\u00e1gicos, como a tourada fatal de <strong>Jos\u00e9 Cubero &#8220;Yiyo&#8221;<\/strong> em 1985, que chocou o mundo taurom\u00e1quico e os aficionados das touradas em geral. Al\u00e9m disso, Las Ventas tem sido palco de eventos de car\u00e1cter caritativo e cultural, como concertos e homenagens, o que fez com que o seu impacto fosse al\u00e9m das touradas. <\/li>\n<\/ul>\n<\/div><\/div><\/div><\/div><\/div><\/div><\/div><\/div><\/div><\/div><\/div><\/div><\/div><\/div><\/section><section class=\"l-section wpb_row height_medium\" id=\"conciertos\"><div class=\"l-section-h i-cf\"><div class=\"g-cols vc_row via_grid cols_1 laptops-cols_inherit tablets-cols_inherit mobiles-cols_1 valign_top type_default stacking_default\"><div class=\"wpb_column vc_column_container\"><div class=\"vc_column-inner\"><div class=\"wpb_text_column\"><div class=\"wpb_wrapper\"><h2>4. Eventos hist\u00f3ricos e espect\u00e1culos<\/h2>\n<\/div><\/div><div class=\"w-separator size_medium\"><\/div><div class=\"w-tabs layout_hor style_timeline2 switch_click has_scrolling\" style=\"--sections-title-size:1.2rem\"><div class=\"w-tabs-list items_5 align_justify\" style=\"font-family:var(--h1-font-family);\"><div class=\"w-tabs-list-h\"><button class=\"w-tabs-item active defined-active\" aria-controls=\"content-qd6b\" aria-expanded=\"true\"><span class=\"w-tabs-item-title\">1965<\/span><\/button><button class=\"w-tabs-item\" aria-controls=\"content-deb1\" aria-expanded=\"false\"><span class=\"w-tabs-item-title\">1986<\/span><\/button><button class=\"w-tabs-item\" aria-controls=\"content-yfdd\" aria-expanded=\"false\"><span class=\"w-tabs-item-title\">1990<\/span><\/button><button class=\"w-tabs-item\" aria-controls=\"content-m10f\" aria-expanded=\"false\"><span class=\"w-tabs-item-title\">1991<\/span><\/button><button class=\"w-tabs-item\" aria-controls=\"content-g22f\" aria-expanded=\"false\"><span class=\"w-tabs-item-title\">1996<\/span><\/button><\/div><\/div><div class=\"w-tabs-sections titles-align_none icon_chevron cpos_right\"><div class=\"w-tabs-section active\" id=\"qd6b\"><button class=\"w-tabs-section-header active\" aria-controls=\"content-qd6b\" aria-expanded=\"true\"><div class=\"w-tabs-section-title\">1965<\/div><div class=\"w-tabs-section-control\"><\/div><\/button><div  class=\"w-tabs-section-content\" id=\"content-qd6b\"><div class=\"w-tabs-section-content-h i-cf\"><div class=\"wpb_text_column\"><div class=\"wpb_wrapper\"><p>Os Beatles deram um concerto hist\u00f3rico em Las Ventas a 2 de julho, durante a sua digress\u00e3o por Espanha. Este acontecimento constituiu um marco na hist\u00f3ria do rock no pa\u00eds e atraiu milhares de jovens no auge da efervesc\u00eancia da &#8220;beatlemania&#8221;.<\/p>\n<\/div><\/div><\/div><\/div><\/div><div class=\"w-tabs-section\" id=\"deb1\"><button class=\"w-tabs-section-header\" aria-controls=\"content-deb1\" aria-expanded=\"false\"><div class=\"w-tabs-section-title\">1986<\/div><div class=\"w-tabs-section-control\"><\/div><\/button><div  class=\"w-tabs-section-content\" id=\"content-deb1\"><div class=\"w-tabs-section-content-h i-cf\"><div class=\"wpb_text_column\"><div class=\"wpb_wrapper\"><p>Celebra\u00e7\u00e3o da digress\u00e3o <strong>dos AC\/DC<\/strong> no \u00e2mbito da sua &#8220;Who Made Who Tour&#8221;. A banda australiana encheu a pra\u00e7a com o seu estilo rock carater\u00edstico.<\/p>\n<\/div><\/div><\/div><\/div><\/div><div class=\"w-tabs-section\" id=\"yfdd\"><button class=\"w-tabs-section-header\" aria-controls=\"content-yfdd\" aria-expanded=\"false\"><div class=\"w-tabs-section-title\">1990<\/div><div class=\"w-tabs-section-control\"><\/div><\/button><div  class=\"w-tabs-section-content\" id=\"content-yfdd\"><div class=\"w-tabs-section-content-h i-cf\"><div class=\"wpb_text_column\"><div class=\"wpb_wrapper\"><p>O grupo brit\u00e2nico <strong>The Rolling Stones<\/strong> trouxe a sua &#8220;Urban Jungle Tour&#8221; a Las Ventas, num concerto massivo que confirmou a utiliza\u00e7\u00e3o da pra\u00e7a como palco de grandes eventos musicais.<\/p>\n<\/div><\/div><\/div><\/div><\/div><div class=\"w-tabs-section\" id=\"m10f\"><button class=\"w-tabs-section-header\" aria-controls=\"content-m10f\" aria-expanded=\"false\"><div class=\"w-tabs-section-title\">1991<\/div><div class=\"w-tabs-section-control\"><\/div><\/button><div  class=\"w-tabs-section-content\" id=\"content-m10f\"><div class=\"w-tabs-section-content-h i-cf\"><div class=\"wpb_text_column\"><div class=\"wpb_wrapper\"><p>Realizou-se o <strong>Pernell Whitaker Boxing Evening<\/strong>, onde o famoso pugilista americano defendeu o seu t\u00edtulo mundial.<\/p>\n<\/div><\/div><\/div><\/div><\/div><div class=\"w-tabs-section\" id=\"g22f\"><button class=\"w-tabs-section-header\" aria-controls=\"content-g22f\" aria-expanded=\"false\"><div class=\"w-tabs-section-title\">1996<\/div><div class=\"w-tabs-section-control\"><\/div><\/button><div  class=\"w-tabs-section-content\" id=\"content-g22f\"><div class=\"w-tabs-section-content-h i-cf\"><div class=\"wpb_text_column\"><div class=\"wpb_wrapper\"><p><strong>Bruce Springsteen<\/strong> actuou no Plaza por ocasi\u00e3o da sua digress\u00e3o &#8220;Ghost of Tom Joad&#8221;, demonstrando uma vez mais a versatilidade do local para se adaptar a diferentes estilos musicais.<\/p>\n<\/div><\/div><\/div><\/div><\/div><\/div><\/div><\/div><\/div><\/div><\/div><\/section><section class=\"l-section wpb_row height_medium\"><div class=\"l-section-h i-cf\"><div class=\"g-cols vc_row via_grid cols_1 laptops-cols_inherit tablets-cols_inherit mobiles-cols_1 valign_top type_default stacking_default\"><div class=\"wpb_column vc_column_container\"><div class=\"vc_column-inner\"><div class=\"wpb_text_column\"><div class=\"wpb_wrapper\"><h2 style=\"text-align: center;\">Artigos interessantes sobre a pra\u00e7a de touros<\/h2>\n<\/div><\/div><div class=\"w-separator size_medium\"><\/div><div class=\"w-grid us_carousel type_carousel layout_blog_6 preload_style_spinner items_3 ratio_4x3\" id=\"us_grid_1\" style=\"--items:3;--gap:1.5rem;--item-ratio:0.75;\"><style>.layout_blog_6 .w-grid-item-h{}.layout_blog_6 .usg_post_image_1{transition-duration:0.3s;transform-origin:50% 50%;transform:scale(1) translate(0%,0%)}.layout_blog_6 .w-grid-item-h:focus-within .usg_post_image_1,.layout_blog_6 .w-grid-item-h:hover .usg_post_image_1{transform:scale(1.1) translate(0%,0%);opacity:1}.layout_blog_6 .usg_post_image_1{position:absolute!important;top:0!important;right:0!important;bottom:0!important;left:0!important}.layout_blog_6 .usg_post_title_1{font-size:1.4rem!important;color:inherit!important}.layout_blog_6 .usg_post_taxonomy_1{font-weight:700!important;text-transform:uppercase!important;margin-right:0.6rem!important}.layout_blog_6 .usg_vwrapper_1{color:var(--color-content-heading)!important;position:absolute!important;left:0!important;right:2rem!important;bottom:0!important;padding-top:0.8rem!important;padding-right:2rem!important;background:var(--color-content-bg)!important}.layout_blog_6 .usg_hwrapper_1{font-size:14px!important;line-height:20px!important;color:var(--color-content-faded)!important}@media (max-width:600px){.layout_blog_6 .usg_post_title_1{font-size:1.2rem!important}}<\/style><div class=\"w-grid-list owl-carousel valign_stretch dotstyle_circle navstyle_circle arrows-ver-pos_middle arrows-hor-pos_on_sides_outside arrows-disabled_hide owl-responsive-2000 with_dots with_arrows\" style=\"--transition-duration:350ms;--arrows-size:1.5rem;--arrows-hor-offset:calc(0px + 1.5rem);--arrows-gap:10px;\">\t<article class=\"w-grid-item post-24961 post type-post status-publish format-standard has-post-thumbnail hentry category-cultura-pt-pt category-curiosidades-pt-pt category-noticias-pt-pt category-outras-atividades\" data-id=\"24961\">\r\n\t\t<div class=\"w-grid-item-h\">\r\n\t\t\t\t\t\t<div class=\"w-post-elm post_image usg_post_image_1 stretched\"><a href=\"https:\/\/lasventastour.com\/pt-pt\/espetaculo-de-flamenco-em-madrid-visita-a-las-ventas-o-melhor-flamenco-ao-vivo-num-tablao\/\" aria-label=\"Espet\u00e1culo de flamenco em Madrid + Visita a Las Ventas: o melhor flamenco ao vivo num tablao\"><img loading=\"lazy\" decoding=\"async\" width=\"1024\" height=\"819\" src=\"https:\/\/lasventastour.com\/wp-content\/uploads\/2026\/03\/Espectaculo-Flamenco-en-Madrid10.jpeg\" class=\"attachment-large size-large wp-post-image\" alt=\"ass Flamenco em Madrid10\" srcset=\"https:\/\/lasventastour.com\/wp-content\/uploads\/2026\/03\/Espectaculo-Flamenco-en-Madrid10.jpeg 1024w, https:\/\/lasventastour.com\/wp-content\/uploads\/2026\/03\/Espectaculo-Flamenco-en-Madrid10-600x480.jpeg 600w, https:\/\/lasventastour.com\/wp-content\/uploads\/2026\/03\/Espectaculo-Flamenco-en-Madrid10-300x240.jpeg 300w\" sizes=\"auto, (max-width: 1024px) 100vw, 1024px\" \/><\/a><\/div><div class=\"w-vwrapper usg_vwrapper_1 has_text_color align_none valign_top\" style=\"--vwrapper-gap:0.7rem\"><div class=\"w-hwrapper usg_hwrapper_1 has_text_color align_none valign_top wrap\" style=\"--hwrapper-gap:1.2rem\"><div class=\"w-post-elm post_taxonomy usg_post_taxonomy_1 style_simple\"><a class=\"term-194 term-cultura-pt-pt\" href=\"https:\/\/lasventastour.com\/pt-pt\/category\/cultura-pt-pt\/\">Cultura<\/a><b>, <\/b><a class=\"term-46 term-curiosidades-pt-pt\" href=\"https:\/\/lasventastour.com\/pt-pt\/category\/curiosidades-pt-pt\/\">Curiosidades<\/a><b>, <\/b><a class=\"term-54 term-noticias-pt-pt\" href=\"https:\/\/lasventastour.com\/pt-pt\/category\/noticias-pt-pt\/\">Not\u00edcias<\/a><b>, <\/b><a class=\"term-67 term-outras-atividades\" href=\"https:\/\/lasventastour.com\/pt-pt\/category\/outras-atividades\/\">Outras atividades<\/a><\/div><time class=\"w-post-elm post_date usg_post_date_1 entry-date published\" datetime=\"2026-03-27T16:15:17+00:00\" title=\"27 Mar\u00e7o 2026 \u00e0s 16:15:17 +00:00\">H\u00e1 1 m\u00eas<\/time><\/div><h2 class=\"w-post-elm post_title usg_post_title_1 has_text_color entry-title color_link_inherit\"><a href=\"https:\/\/lasventastour.com\/pt-pt\/espetaculo-de-flamenco-em-madrid-visita-a-las-ventas-o-melhor-flamenco-ao-vivo-num-tablao\/\">Espet\u00e1culo de flamenco em Madrid + Visita a Las Ventas: o melhor flamenco ao vivo num tablao<\/a><\/h2><\/div>\t\t<\/div>\r\n\t\t\t<\/article>\r\n\t<article class=\"w-grid-item post-5403 post type-post status-publish format-standard has-post-thumbnail hentry category-cultura-pt-pt category-curiosidades-pt-pt category-noticias-pt-pt category-outras-atividades\" data-id=\"5403\">\r\n\t\t<div class=\"w-grid-item-h\">\r\n\t\t\t\t\t\t<div class=\"w-post-elm post_image usg_post_image_1 stretched\"><a href=\"https:\/\/lasventastour.com\/pt-pt\/las-ventas-tour-e-o-museu-taurino-de-madrid-apresentam-as-suas-novas-experiencias-de-realidade-virtual-360o-na-fitur-2026\/\" aria-label=\"Las Ventas Tour e o Museu Taurino de Madrid apresentam as suas novas experi\u00eancias de Realidade Virtual 360\u00ba na FITUR 2026\"><img loading=\"lazy\" decoding=\"async\" width=\"700\" height=\"362\" src=\"https:\/\/lasventastour.com\/wp-content\/uploads\/2026\/01\/FITUR-2026.jpg\" class=\"attachment-large size-large wp-post-image\" alt=\"\" srcset=\"https:\/\/lasventastour.com\/wp-content\/uploads\/2026\/01\/FITUR-2026.jpg 700w, https:\/\/lasventastour.com\/wp-content\/uploads\/2026\/01\/FITUR-2026-600x310.jpg 600w, https:\/\/lasventastour.com\/wp-content\/uploads\/2026\/01\/FITUR-2026-300x155.jpg 300w\" sizes=\"auto, (max-width: 700px) 100vw, 700px\" \/><\/a><\/div><div class=\"w-vwrapper usg_vwrapper_1 has_text_color align_none valign_top\" style=\"--vwrapper-gap:0.7rem\"><div class=\"w-hwrapper usg_hwrapper_1 has_text_color align_none valign_top wrap\" style=\"--hwrapper-gap:1.2rem\"><div class=\"w-post-elm post_taxonomy usg_post_taxonomy_1 style_simple\"><a class=\"term-194 term-cultura-pt-pt\" href=\"https:\/\/lasventastour.com\/pt-pt\/category\/cultura-pt-pt\/\">Cultura<\/a><b>, <\/b><a class=\"term-46 term-curiosidades-pt-pt\" href=\"https:\/\/lasventastour.com\/pt-pt\/category\/curiosidades-pt-pt\/\">Curiosidades<\/a><b>, <\/b><a class=\"term-54 term-noticias-pt-pt\" href=\"https:\/\/lasventastour.com\/pt-pt\/category\/noticias-pt-pt\/\">Not\u00edcias<\/a><b>, <\/b><a class=\"term-67 term-outras-atividades\" href=\"https:\/\/lasventastour.com\/pt-pt\/category\/outras-atividades\/\">Outras atividades<\/a><\/div><time class=\"w-post-elm post_date usg_post_date_1 entry-date published\" datetime=\"2026-01-19T13:06:15+00:00\" title=\"19 Janeiro 2026 \u00e0s 13:06:15 +00:00\">H\u00e1 3 meses<\/time><\/div><h2 class=\"w-post-elm post_title usg_post_title_1 has_text_color entry-title color_link_inherit\"><a href=\"https:\/\/lasventastour.com\/pt-pt\/las-ventas-tour-e-o-museu-taurino-de-madrid-apresentam-as-suas-novas-experiencias-de-realidade-virtual-360o-na-fitur-2026\/\">Las Ventas Tour e o Museu Taurino de Madrid apresentam as suas novas experi\u00eancias de Realidade Virtual 360\u00ba na FITUR 2026<\/a><\/h2><\/div>\t\t<\/div>\r\n\t\t\t<\/article>\r\n\t<article class=\"w-grid-item post-5417 post type-post status-publish format-standard has-post-thumbnail hentry category-cultura-pt-pt category-curiosidades-pt-pt category-noticias-pt-pt category-outras-atividades\" data-id=\"5417\">\r\n\t\t<div class=\"w-grid-item-h\">\r\n\t\t\t\t\t\t<div class=\"w-post-elm post_image usg_post_image_1 stretched\"><a href=\"https:\/\/lasventastour.com\/pt-pt\/las-ventas-tour-membro-de-madrid-unique-destination-uma-experiencia-turistica-unica-em-madrid\/\" aria-label=\"Las Ventas Tour, membro de Madrid Unique Destination: uma experi\u00eancia tur\u00edstica \u00fanica em Madrid\"><img loading=\"lazy\" decoding=\"async\" width=\"1024\" height=\"678\" src=\"https:\/\/lasventastour.com\/wp-content\/uploads\/2025\/12\/DSC0228-1-1024x678.jpg\" class=\"attachment-large size-large wp-post-image\" alt=\"Las Ventas Tour membro de Madrid Destino \u00danico\" srcset=\"https:\/\/lasventastour.com\/wp-content\/uploads\/2025\/12\/DSC0228-1-1024x678.jpg 1024w, https:\/\/lasventastour.com\/wp-content\/uploads\/2025\/12\/DSC0228-1-scaled-600x398.jpg 600w, https:\/\/lasventastour.com\/wp-content\/uploads\/2025\/12\/DSC0228-1-300x199.jpg 300w\" sizes=\"auto, (max-width: 1024px) 100vw, 1024px\" \/><\/a><\/div><div class=\"w-vwrapper usg_vwrapper_1 has_text_color align_none valign_top\" style=\"--vwrapper-gap:0.7rem\"><div class=\"w-hwrapper usg_hwrapper_1 has_text_color align_none valign_top wrap\" style=\"--hwrapper-gap:1.2rem\"><div class=\"w-post-elm post_taxonomy usg_post_taxonomy_1 style_simple\"><a class=\"term-194 term-cultura-pt-pt\" href=\"https:\/\/lasventastour.com\/pt-pt\/category\/cultura-pt-pt\/\">Cultura<\/a><b>, <\/b><a class=\"term-46 term-curiosidades-pt-pt\" href=\"https:\/\/lasventastour.com\/pt-pt\/category\/curiosidades-pt-pt\/\">Curiosidades<\/a><b>, <\/b><a class=\"term-54 term-noticias-pt-pt\" href=\"https:\/\/lasventastour.com\/pt-pt\/category\/noticias-pt-pt\/\">Not\u00edcias<\/a><b>, <\/b><a class=\"term-67 term-outras-atividades\" href=\"https:\/\/lasventastour.com\/pt-pt\/category\/outras-atividades\/\">Outras atividades<\/a><\/div><time class=\"w-post-elm post_date usg_post_date_1 entry-date published\" datetime=\"2025-12-17T13:46:51+00:00\" title=\"17 Dezembro 2025 \u00e0s 13:46:51 +00:00\">H\u00e1 4 meses<\/time><\/div><h2 class=\"w-post-elm post_title usg_post_title_1 has_text_color entry-title color_link_inherit\"><a href=\"https:\/\/lasventastour.com\/pt-pt\/las-ventas-tour-membro-de-madrid-unique-destination-uma-experiencia-turistica-unica-em-madrid\/\">Las Ventas Tour, membro de Madrid Unique Destination: uma experi\u00eancia tur\u00edstica \u00fanica em Madrid<\/a><\/h2><\/div>\t\t<\/div>\r\n\t\t\t<\/article>\r\n\t<article class=\"w-grid-item post-3176 post type-post status-publish format-standard has-post-thumbnail hentry category-curiosidades-pt-pt category-noticias-pt-pt category-outras-atividades\" data-id=\"3176\">\r\n\t\t<div class=\"w-grid-item-h\">\r\n\t\t\t\t\t\t<div class=\"w-post-elm post_image usg_post_image_1 stretched\"><a href=\"https:\/\/lasventastour.com\/pt-pt\/os-5-melhores-restaurantes-tauromaquicos-de-madrid\/\" aria-label=\"Guia gastron\u00f3mico: Del Ruedo al Plato: Os sabores essenciais perto de Las Ventas\"><img loading=\"lazy\" decoding=\"async\" width=\"1024\" height=\"768\" src=\"https:\/\/lasventastour.com\/wp-content\/uploads\/2023\/09\/restaurante-taurino.jpg\" class=\"attachment-large size-large wp-post-image\" alt=\"\" srcset=\"https:\/\/lasventastour.com\/wp-content\/uploads\/2023\/09\/restaurante-taurino.jpg 1024w, https:\/\/lasventastour.com\/wp-content\/uploads\/2023\/09\/restaurante-taurino-600x450.jpg 600w, https:\/\/lasventastour.com\/wp-content\/uploads\/2023\/09\/restaurante-taurino-300x225.jpg 300w\" sizes=\"auto, (max-width: 1024px) 100vw, 1024px\" \/><\/a><\/div><div class=\"w-vwrapper usg_vwrapper_1 has_text_color align_none valign_top\" style=\"--vwrapper-gap:0.7rem\"><div class=\"w-hwrapper usg_hwrapper_1 has_text_color align_none valign_top wrap\" style=\"--hwrapper-gap:1.2rem\"><div class=\"w-post-elm post_taxonomy usg_post_taxonomy_1 style_simple\"><a class=\"term-46 term-curiosidades-pt-pt\" href=\"https:\/\/lasventastour.com\/pt-pt\/category\/curiosidades-pt-pt\/\">Curiosidades<\/a><b>, <\/b><a class=\"term-54 term-noticias-pt-pt\" href=\"https:\/\/lasventastour.com\/pt-pt\/category\/noticias-pt-pt\/\">Not\u00edcias<\/a><b>, <\/b><a class=\"term-67 term-outras-atividades\" href=\"https:\/\/lasventastour.com\/pt-pt\/category\/outras-atividades\/\">Outras atividades<\/a><\/div><time class=\"w-post-elm post_date usg_post_date_1 entry-date published\" datetime=\"2024-09-09T11:20:20+00:00\" title=\"9 Setembro 2024 \u00e0s 11:20:20 +00:00\">H\u00e1 2 anos<\/time><\/div><h2 class=\"w-post-elm post_title usg_post_title_1 has_text_color entry-title color_link_inherit\"><a href=\"https:\/\/lasventastour.com\/pt-pt\/os-5-melhores-restaurantes-tauromaquicos-de-madrid\/\">Guia gastron\u00f3mico: Del Ruedo al Plato: Os sabores essenciais perto de Las Ventas<\/a><\/h2><\/div>\t\t<\/div>\r\n\t\t\t<\/article>\r\n\t<article class=\"w-grid-item post-2571 post type-post status-publish format-standard has-post-thumbnail hentry category-curiosidades-pt-pt\" data-id=\"2571\">\r\n\t\t<div class=\"w-grid-item-h\">\r\n\t\t\t\t\t\t<div class=\"w-post-elm post_image usg_post_image_1 stretched\"><a href=\"https:\/\/lasventastour.com\/pt-pt\/plano-de-lugares-da-praca-de-touros-de-las-ventas\/\" aria-label=\"Plano de lugares da pra\u00e7a de touros de Las Ventas\"><img loading=\"lazy\" decoding=\"async\" width=\"700\" height=\"700\" src=\"https:\/\/lasventastour.com\/wp-content\/uploads\/2024\/01\/Mapa-plaza-de-toros.webp\" class=\"attachment-large size-large wp-post-image\" alt=\"Mapa de lugares na pra\u00e7a de touros las ventas\" srcset=\"https:\/\/lasventastour.com\/wp-content\/uploads\/2024\/01\/Mapa-plaza-de-toros.webp 700w, https:\/\/lasventastour.com\/wp-content\/uploads\/2024\/01\/Mapa-plaza-de-toros-300x300.webp 300w, https:\/\/lasventastour.com\/wp-content\/uploads\/2024\/01\/Mapa-plaza-de-toros-150x150.webp 150w, https:\/\/lasventastour.com\/wp-content\/uploads\/2024\/01\/Mapa-plaza-de-toros-600x600.webp 600w\" sizes=\"auto, (max-width: 700px) 100vw, 700px\" \/><\/a><\/div><div class=\"w-vwrapper usg_vwrapper_1 has_text_color align_none valign_top\" style=\"--vwrapper-gap:0.7rem\"><div class=\"w-hwrapper usg_hwrapper_1 has_text_color align_none valign_top wrap\" style=\"--hwrapper-gap:1.2rem\"><div class=\"w-post-elm post_taxonomy usg_post_taxonomy_1 style_simple\"><a class=\"term-46 term-curiosidades-pt-pt\" href=\"https:\/\/lasventastour.com\/pt-pt\/category\/curiosidades-pt-pt\/\">Curiosidades<\/a><\/div><time class=\"w-post-elm post_date usg_post_date_1 entry-date published\" datetime=\"2024-08-29T13:50:14+00:00\" title=\"29 Agosto 2024 \u00e0s 13:50:14 +00:00\">H\u00e1 2 anos<\/time><\/div><h2 class=\"w-post-elm post_title usg_post_title_1 has_text_color entry-title color_link_inherit\"><a href=\"https:\/\/lasventastour.com\/pt-pt\/plano-de-lugares-da-praca-de-touros-de-las-ventas\/\">Plano de lugares da pra\u00e7a de touros de Las Ventas<\/a><\/h2><\/div>\t\t<\/div>\r\n\t\t\t<\/article>\r\n\t<article class=\"w-grid-item post-2600 post type-post status-publish format-standard has-post-thumbnail hentry category-curiosidades-pt-pt\" data-id=\"2600\">\r\n\t\t<div class=\"w-grid-item-h\">\r\n\t\t\t\t\t\t<div class=\"w-post-elm post_image usg_post_image_1 stretched\"><a href=\"https:\/\/lasventastour.com\/pt-pt\/tendidos\/\" aria-label=\"Tendidos\"><img loading=\"lazy\" decoding=\"async\" width=\"750\" height=\"535\" src=\"https:\/\/lasventastour.com\/wp-content\/uploads\/2023\/12\/los-tendidos-y-el-palco-real.webp\" class=\"attachment-large size-large wp-post-image\" alt=\"porta de arrasto las ventas\" srcset=\"https:\/\/lasventastour.com\/wp-content\/uploads\/2023\/12\/los-tendidos-y-el-palco-real.webp 750w, https:\/\/lasventastour.com\/wp-content\/uploads\/2023\/12\/los-tendidos-y-el-palco-real-600x428.webp 600w, https:\/\/lasventastour.com\/wp-content\/uploads\/2023\/12\/los-tendidos-y-el-palco-real-300x214.webp 300w\" sizes=\"auto, (max-width: 750px) 100vw, 750px\" \/><\/a><\/div><div class=\"w-vwrapper usg_vwrapper_1 has_text_color align_none valign_top\" style=\"--vwrapper-gap:0.7rem\"><div class=\"w-hwrapper usg_hwrapper_1 has_text_color align_none valign_top wrap\" style=\"--hwrapper-gap:1.2rem\"><div class=\"w-post-elm post_taxonomy usg_post_taxonomy_1 style_simple\"><a class=\"term-46 term-curiosidades-pt-pt\" href=\"https:\/\/lasventastour.com\/pt-pt\/category\/curiosidades-pt-pt\/\">Curiosidades<\/a><\/div><time class=\"w-post-elm post_date usg_post_date_1 entry-date published\" datetime=\"2024-08-27T11:52:25+00:00\" title=\"27 Agosto 2024 \u00e0s 11:52:25 +00:00\">H\u00e1 2 anos<\/time><\/div><h2 class=\"w-post-elm post_title usg_post_title_1 has_text_color entry-title color_link_inherit\"><a href=\"https:\/\/lasventastour.com\/pt-pt\/tendidos\/\">Tendidos<\/a><\/h2><\/div>\t\t<\/div>\r\n\t\t\t<\/article>\r\n\t<article class=\"w-grid-item post-2662 post type-post status-publish format-standard has-post-thumbnail hentry category-curiosidades-pt-pt\" data-id=\"2662\">\r\n\t\t<div class=\"w-grid-item-h\">\r\n\t\t\t\t\t\t<div class=\"w-post-elm post_image usg_post_image_1 stretched\"><a href=\"https:\/\/lasventastour.com\/pt-pt\/os-terracos\/\" aria-label=\"Os terra\u00e7os\"><img loading=\"lazy\" decoding=\"async\" width=\"1024\" height=\"683\" src=\"https:\/\/lasventastour.com\/wp-content\/uploads\/2024\/08\/Terrazas-plaza-toros-1024x683.webp\" class=\"attachment-large size-large wp-post-image\" alt=\"\" srcset=\"https:\/\/lasventastour.com\/wp-content\/uploads\/2024\/08\/Terrazas-plaza-toros-1024x683.webp 1024w, https:\/\/lasventastour.com\/wp-content\/uploads\/2024\/08\/Terrazas-plaza-toros-600x400.webp 600w, https:\/\/lasventastour.com\/wp-content\/uploads\/2024\/08\/Terrazas-plaza-toros-300x200.webp 300w, https:\/\/lasventastour.com\/wp-content\/uploads\/2024\/08\/Terrazas-plaza-toros.webp 1200w\" sizes=\"auto, (max-width: 1024px) 100vw, 1024px\" \/><\/a><\/div><div class=\"w-vwrapper usg_vwrapper_1 has_text_color align_none valign_top\" style=\"--vwrapper-gap:0.7rem\"><div class=\"w-hwrapper usg_hwrapper_1 has_text_color align_none valign_top wrap\" style=\"--hwrapper-gap:1.2rem\"><div class=\"w-post-elm post_taxonomy usg_post_taxonomy_1 style_simple\"><a class=\"term-46 term-curiosidades-pt-pt\" href=\"https:\/\/lasventastour.com\/pt-pt\/category\/curiosidades-pt-pt\/\">Curiosidades<\/a><\/div><time class=\"w-post-elm post_date usg_post_date_1 entry-date published\" datetime=\"2024-08-27T11:52:09+00:00\" title=\"27 Agosto 2024 \u00e0s 11:52:09 +00:00\">H\u00e1 2 anos<\/time><\/div><h2 class=\"w-post-elm post_title usg_post_title_1 has_text_color entry-title color_link_inherit\"><a href=\"https:\/\/lasventastour.com\/pt-pt\/os-terracos\/\">Os terra\u00e7os<\/a><\/h2><\/div>\t\t<\/div>\r\n\t\t\t<\/article>\r\n\t<article class=\"w-grid-item post-3000 post type-post status-publish format-standard has-post-thumbnail hentry category-curiosidades-pt-pt\" data-id=\"3000\">\r\n\t\t<div class=\"w-grid-item-h\">\r\n\t\t\t\t\t\t<div class=\"w-post-elm post_image usg_post_image_1 stretched\"><a href=\"https:\/\/lasventastour.com\/pt-pt\/porta-do-toriles\/\" aria-label=\"Porta do toriles\"><img loading=\"lazy\" decoding=\"async\" width=\"750\" height=\"535\" src=\"https:\/\/lasventastour.com\/wp-content\/uploads\/2023\/12\/puerta-de-toriles.webp\" class=\"attachment-large size-large wp-post-image\" alt=\"porta de arrasto las ventas\" srcset=\"https:\/\/lasventastour.com\/wp-content\/uploads\/2023\/12\/puerta-de-toriles.webp 750w, https:\/\/lasventastour.com\/wp-content\/uploads\/2023\/12\/puerta-de-toriles-600x428.webp 600w, https:\/\/lasventastour.com\/wp-content\/uploads\/2023\/12\/puerta-de-toriles-300x214.webp 300w\" sizes=\"auto, (max-width: 750px) 100vw, 750px\" \/><\/a><\/div><div class=\"w-vwrapper usg_vwrapper_1 has_text_color align_none valign_top\" style=\"--vwrapper-gap:0.7rem\"><div class=\"w-hwrapper usg_hwrapper_1 has_text_color align_none valign_top wrap\" style=\"--hwrapper-gap:1.2rem\"><div class=\"w-post-elm post_taxonomy usg_post_taxonomy_1 style_simple\"><a class=\"term-46 term-curiosidades-pt-pt\" href=\"https:\/\/lasventastour.com\/pt-pt\/category\/curiosidades-pt-pt\/\">Curiosidades<\/a><\/div><time class=\"w-post-elm post_date usg_post_date_1 entry-date published\" datetime=\"2023-12-26T15:19:00+00:00\" title=\"26 Dezembro 2023 \u00e0s 15:19:00 +00:00\">H\u00e1 2 anos<\/time><\/div><h2 class=\"w-post-elm post_title usg_post_title_1 has_text_color entry-title color_link_inherit\"><a href=\"https:\/\/lasventastour.com\/pt-pt\/porta-do-toriles\/\">Porta do toriles<\/a><\/h2><\/div>\t\t<\/div>\r\n\t\t\t<\/article>\r\n\t<article class=\"w-grid-item post-2985 post type-post status-publish format-standard has-post-thumbnail hentry category-curiosidades-pt-pt\" data-id=\"2985\">\r\n\t\t<div class=\"w-grid-item-h\">\r\n\t\t\t\t\t\t<div class=\"w-post-elm post_image usg_post_image_1 stretched\"><a href=\"https:\/\/lasventastour.com\/pt-pt\/porta-de-arrasto-las-ventas\/\" aria-label=\"Porta de arrasto Las Ventas\"><img loading=\"lazy\" decoding=\"async\" width=\"591\" height=\"478\" src=\"https:\/\/lasventastour.com\/wp-content\/uploads\/2023\/12\/puerta-de-arrastre.webp\" class=\"attachment-large size-large wp-post-image\" alt=\"porta de arrasto las ventas\" srcset=\"https:\/\/lasventastour.com\/wp-content\/uploads\/2023\/12\/puerta-de-arrastre.webp 591w, https:\/\/lasventastour.com\/wp-content\/uploads\/2023\/12\/puerta-de-arrastre-300x243.webp 300w\" sizes=\"auto, (max-width: 591px) 100vw, 591px\" \/><\/a><\/div><div class=\"w-vwrapper usg_vwrapper_1 has_text_color align_none valign_top\" style=\"--vwrapper-gap:0.7rem\"><div class=\"w-hwrapper usg_hwrapper_1 has_text_color align_none valign_top wrap\" style=\"--hwrapper-gap:1.2rem\"><div class=\"w-post-elm post_taxonomy usg_post_taxonomy_1 style_simple\"><a class=\"term-46 term-curiosidades-pt-pt\" href=\"https:\/\/lasventastour.com\/pt-pt\/category\/curiosidades-pt-pt\/\">Curiosidades<\/a><\/div><time class=\"w-post-elm post_date usg_post_date_1 entry-date published\" datetime=\"2023-12-18T15:26:02+00:00\" title=\"18 Dezembro 2023 \u00e0s 15:26:02 +00:00\">H\u00e1 2 anos<\/time><\/div><h2 class=\"w-post-elm post_title usg_post_title_1 has_text_color entry-title color_link_inherit\"><a href=\"https:\/\/lasventastour.com\/pt-pt\/porta-de-arrasto-las-ventas\/\">Porta de arrasto Las Ventas<\/a><\/h2><\/div>\t\t<\/div>\r\n\t\t\t<\/article>\r\n\t<article class=\"w-grid-item post-3003 post type-post status-publish format-standard has-post-thumbnail hentry category-curiosidades-pt-pt\" data-id=\"3003\">\r\n\t\t<div class=\"w-grid-item-h\">\r\n\t\t\t\t\t\t<div class=\"w-post-elm post_image usg_post_image_1 stretched\"><a href=\"https:\/\/lasventastour.com\/pt-pt\/touradas-virtuais\/\" aria-label=\"Touradas virtuais\"><img loading=\"lazy\" decoding=\"async\" width=\"1024\" height=\"576\" src=\"https:\/\/lasventastour.com\/wp-content\/uploads\/2023\/12\/toreo_virtual_2-1024x576.jpg\" class=\"attachment-large size-large wp-post-image\" alt=\"\" srcset=\"https:\/\/lasventastour.com\/wp-content\/uploads\/2023\/12\/toreo_virtual_2-1024x576.jpg 1024w, https:\/\/lasventastour.com\/wp-content\/uploads\/2023\/12\/toreo_virtual_2-600x337.jpg 600w, https:\/\/lasventastour.com\/wp-content\/uploads\/2023\/12\/toreo_virtual_2-300x169.jpg 300w, https:\/\/lasventastour.com\/wp-content\/uploads\/2023\/12\/toreo_virtual_2.jpg 1300w\" sizes=\"auto, (max-width: 1024px) 100vw, 1024px\" \/><\/a><\/div><div class=\"w-vwrapper usg_vwrapper_1 has_text_color align_none valign_top\" style=\"--vwrapper-gap:0.7rem\"><div class=\"w-hwrapper usg_hwrapper_1 has_text_color align_none valign_top wrap\" style=\"--hwrapper-gap:1.2rem\"><div class=\"w-post-elm post_taxonomy usg_post_taxonomy_1 style_simple\"><a class=\"term-46 term-curiosidades-pt-pt\" href=\"https:\/\/lasventastour.com\/pt-pt\/category\/curiosidades-pt-pt\/\">Curiosidades<\/a><\/div><time class=\"w-post-elm post_date usg_post_date_1 entry-date published\" datetime=\"2023-12-14T15:20:51+00:00\" title=\"14 Dezembro 2023 \u00e0s 15:20:51 +00:00\">H\u00e1 2 anos<\/time><\/div><h2 class=\"w-post-elm post_title usg_post_title_1 has_text_color entry-title color_link_inherit\"><a href=\"https:\/\/lasventastour.com\/pt-pt\/touradas-virtuais\/\">Touradas virtuais<\/a><\/h2><\/div>\t\t<\/div>\r\n\t\t\t<\/article>\r\n<\/div><div class=\"w-grid-carousel-json hidden\" onclick='return {&quot;carousel_settings&quot;:{&quot;aria_labels&quot;:{&quot;prev&quot;:&quot;Anterior&quot;,&quot;next&quot;:&quot;Seguinte&quot;},&quot;autoplayContinual&quot;:false,&quot;autoplayContinualCss&quot;:false,&quot;autoplayHoverPause&quot;:false,&quot;autoplayTimeout&quot;:6000,&quot;autoWidth&quot;:false,&quot;smartSpeed&quot;:350,&quot;margin&quot;:0,&quot;mouseDrag&quot;:true,&quot;rtl&quot;:false,&quot;slideBy&quot;:&quot;1&quot;,&quot;touchDrag&quot;:true,&quot;slideTransition&quot;:&quot;&quot;,&quot;responsive&quot;:{&quot;0&quot;:{&quot;autoHeight&quot;:false,&quot;autoplay&quot;:true,&quot;autoplayContinualCss&quot;:false,&quot;autoWidth&quot;:false,&quot;center&quot;:false,&quot;dots&quot;:true,&quot;items&quot;:1,&quot;loop&quot;:true,&quot;nav&quot;:false,&quot;stagePadding&quot;:0,&quot;slideBy&quot;:&quot;1&quot;,&quot;touchDrag&quot;:true,&quot;mouseDrag&quot;:true},&quot;601&quot;:{&quot;autoHeight&quot;:false,&quot;autoplay&quot;:true,&quot;autoplayContinualCss&quot;:false,&quot;autoWidth&quot;:false,&quot;center&quot;:false,&quot;dots&quot;:true,&quot;items&quot;:2,&quot;loop&quot;:true,&quot;nav&quot;:true,&quot;stagePadding&quot;:0,&quot;slideBy&quot;:&quot;1&quot;,&quot;touchDrag&quot;:true,&quot;mouseDrag&quot;:true},&quot;1025&quot;:{&quot;autoHeight&quot;:false,&quot;autoplay&quot;:true,&quot;autoplayContinualCss&quot;:false,&quot;autoWidth&quot;:false,&quot;center&quot;:false,&quot;dots&quot;:true,&quot;items&quot;:3,&quot;loop&quot;:true,&quot;nav&quot;:true,&quot;stagePadding&quot;:0,&quot;slideBy&quot;:&quot;1&quot;,&quot;touchDrag&quot;:true,&quot;mouseDrag&quot;:true},&quot;1381&quot;:{&quot;items&quot;:3,&quot;autoplay&quot;:true,&quot;autoplayContinualCss&quot;:false,&quot;center&quot;:false,&quot;dots&quot;:true,&quot;nav&quot;:true,&quot;autoHeight&quot;:false,&quot;autoWidth&quot;:false,&quot;loop&quot;:true,&quot;stagePadding&quot;:0}}}}'><\/div><\/div><\/div><\/div><\/div><\/div><\/section>\n","protected":false},"excerpt":{"rendered":"O nosso inovador jogo de Touradas Virtuais une toda a emo\u00e7\u00e3o que rodeia o mundo das touradas, desde a bravura e o confronto do medo \u00e0 plasticidade da arte taurom\u00e1quica, numa experi\u00eancia \u00fanica em Realidade Virtual Interactiva. Agora pode sentir-se como um toureiro! Com os \u00f3culos de Realidade Virtual e os seus controladores, os nossos...","protected":false},"author":1,"featured_media":0,"parent":0,"menu_order":0,"comment_status":"closed","ping_status":"closed","template":"","meta":{"footnotes":""},"class_list":["post-2224","page","type-page","status-publish","hentry"],"yoast_head":"<!-- This site is optimized with the Yoast SEO plugin v27.5 - https:\/\/yoast.com\/product\/yoast-seo-wordpress\/ -->\n<title>\u25b7 Sobre a Pra\u00e7a de Touros Madrid | Arquitetura e Hist\u00f3ria<\/title>\n<meta name=\"description\" content=\"Descobre tudo o que precisas de saber sobre a Pra\u00e7a de Touros de Las Ventas: fotografias e informa\u00e7\u00f5es interessantes para te ajudar a compreender o monumento taurom\u00e1quico.\" \/>\n<meta name=\"robots\" content=\"index, follow, max-snippet:-1, max-image-preview:large, max-video-preview:-1\" \/>\n<link rel=\"canonical\" href=\"https:\/\/lasventastour.com\/pt-pt\/informacoes-praca-touros\/\" \/>\n<meta property=\"og:locale\" content=\"pt_PT\" \/>\n<meta property=\"og:type\" content=\"article\" \/>\n<meta property=\"og:title\" content=\"\u25b7 Sobre a Pra\u00e7a de Touros Madrid | Arquitetura e Hist\u00f3ria\" \/>\n<meta property=\"og:description\" content=\"Descobre tudo o que precisas de saber sobre a Pra\u00e7a de Touros de Las Ventas: fotografias e informa\u00e7\u00f5es interessantes para te ajudar a compreender o monumento taurom\u00e1quico.\" \/>\n<meta property=\"og:url\" content=\"https:\/\/lasventastour.com\/pt-pt\/informacoes-praca-touros\/\" \/>\n<meta property=\"og:site_name\" content=\"Las Ventas Tour\" \/>\n<meta property=\"article:modified_time\" content=\"2026-04-28T11:13:02+00:00\" \/>\n<meta property=\"og:image\" content=\"https:\/\/lasventastour.com\/wp-content\/uploads\/2023\/12\/paseillo-en-las-ventas.webp\" \/>\n\t<meta property=\"og:image:width\" content=\"511\" \/>\n\t<meta property=\"og:image:height\" content=\"280\" \/>\n\t<meta property=\"og:image:type\" content=\"image\/webp\" \/>\n<meta name=\"twitter:card\" content=\"summary_large_image\" \/>\n<meta name=\"twitter:label1\" content=\"Tempo estimado de leitura\" \/>\n\t<meta name=\"twitter:data1\" content=\"7 minutos\" \/>\n<script type=\"application\/ld+json\" class=\"yoast-schema-graph\">{\"@context\":\"https:\\\/\\\/schema.org\",\"@graph\":[{\"@type\":\"WebPage\",\"@id\":\"https:\\\/\\\/lasventastour.com\\\/pt-pt\\\/informacoes-praca-touros\\\/\",\"url\":\"https:\\\/\\\/lasventastour.com\\\/pt-pt\\\/informacoes-praca-touros\\\/\",\"name\":\"\u25b7 Sobre a Pra\u00e7a de Touros Madrid | Arquitetura e Hist\u00f3ria\",\"isPartOf\":{\"@id\":\"https:\\\/\\\/lasventastour.com\\\/pt-pt\\\/#website\"},\"datePublished\":\"2023-10-02T09:36:49+00:00\",\"dateModified\":\"2026-04-28T11:13:02+00:00\",\"description\":\"Descobre tudo o que precisas de saber sobre a Pra\u00e7a de Touros de Las Ventas: fotografias e informa\u00e7\u00f5es interessantes para te ajudar a compreender o monumento taurom\u00e1quico.\",\"breadcrumb\":{\"@id\":\"https:\\\/\\\/lasventastour.com\\\/pt-pt\\\/informacoes-praca-touros\\\/#breadcrumb\"},\"inLanguage\":\"pt-PT\",\"potentialAction\":[{\"@type\":\"ReadAction\",\"target\":[\"https:\\\/\\\/lasventastour.com\\\/pt-pt\\\/informacoes-praca-touros\\\/\"]}]},{\"@type\":\"BreadcrumbList\",\"@id\":\"https:\\\/\\\/lasventastour.com\\\/pt-pt\\\/informacoes-praca-touros\\\/#breadcrumb\",\"itemListElement\":[{\"@type\":\"ListItem\",\"position\":1,\"name\":\"Portada\",\"item\":\"https:\\\/\\\/lasventastour.com\\\/pt-pt\\\/\"},{\"@type\":\"ListItem\",\"position\":2,\"name\":\"Sobre a pra\u00e7a\"}]},{\"@type\":\"WebSite\",\"@id\":\"https:\\\/\\\/lasventastour.com\\\/pt-pt\\\/#website\",\"url\":\"https:\\\/\\\/lasventastour.com\\\/pt-pt\\\/\",\"name\":\"Las Ventas Tour\",\"description\":\"Tour Las Ventas | Plaza de Toros de Madrid | Web Oficial\",\"publisher\":{\"@id\":\"https:\\\/\\\/lasventastour.com\\\/pt-pt\\\/#organization\"},\"alternateName\":\"Las Ventas Tour\",\"potentialAction\":[{\"@type\":\"SearchAction\",\"target\":{\"@type\":\"EntryPoint\",\"urlTemplate\":\"https:\\\/\\\/lasventastour.com\\\/pt-pt\\\/?s={search_term_string}\"},\"query-input\":{\"@type\":\"PropertyValueSpecification\",\"valueRequired\":true,\"valueName\":\"search_term_string\"}}],\"inLanguage\":\"pt-PT\"},{\"@type\":\"Organization\",\"@id\":\"https:\\\/\\\/lasventastour.com\\\/pt-pt\\\/#organization\",\"name\":\"Las Ventas Tour\",\"alternateName\":\"Las Ventas Tour\",\"url\":\"https:\\\/\\\/lasventastour.com\\\/pt-pt\\\/\",\"logo\":{\"@type\":\"ImageObject\",\"inLanguage\":\"pt-PT\",\"@id\":\"https:\\\/\\\/lasventastour.com\\\/pt-pt\\\/#\\\/schema\\\/logo\\\/image\\\/\",\"url\":\"https:\\\/\\\/lasventastour.com\\\/wp-content\\\/uploads\\\/2024\\\/09\\\/cropped-Logo-Las-Ventas-1.webp\",\"contentUrl\":\"https:\\\/\\\/lasventastour.com\\\/wp-content\\\/uploads\\\/2024\\\/09\\\/cropped-Logo-Las-Ventas-1.webp\",\"width\":512,\"height\":512,\"caption\":\"Las Ventas Tour\"},\"image\":{\"@id\":\"https:\\\/\\\/lasventastour.com\\\/pt-pt\\\/#\\\/schema\\\/logo\\\/image\\\/\"},\"sameAs\":[\"https:\\\/\\\/www.instagram.com\\\/lasventastour\\\/\"]}]}<\/script>\n<!-- \/ Yoast SEO plugin. -->","yoast_head_json":{"title":"\u25b7 Sobre a Pra\u00e7a de Touros Madrid | Arquitetura e Hist\u00f3ria","description":"Descobre tudo o que precisas de saber sobre a Pra\u00e7a de Touros de Las Ventas: fotografias e informa\u00e7\u00f5es interessantes para te ajudar a compreender o monumento taurom\u00e1quico.","robots":{"index":"index","follow":"follow","max-snippet":"max-snippet:-1","max-image-preview":"max-image-preview:large","max-video-preview":"max-video-preview:-1"},"canonical":"https:\/\/lasventastour.com\/pt-pt\/informacoes-praca-touros\/","og_locale":"pt_PT","og_type":"article","og_title":"\u25b7 Sobre a Pra\u00e7a de Touros Madrid | Arquitetura e Hist\u00f3ria","og_description":"Descobre tudo o que precisas de saber sobre a Pra\u00e7a de Touros de Las Ventas: fotografias e informa\u00e7\u00f5es interessantes para te ajudar a compreender o monumento taurom\u00e1quico.","og_url":"https:\/\/lasventastour.com\/pt-pt\/informacoes-praca-touros\/","og_site_name":"Las Ventas Tour","article_modified_time":"2026-04-28T11:13:02+00:00","og_image":[{"width":511,"height":280,"url":"https:\/\/lasventastour.com\/wp-content\/uploads\/2023\/12\/paseillo-en-las-ventas.webp","type":"image\/webp"}],"twitter_card":"summary_large_image","twitter_misc":{"Tempo estimado de leitura":"7 minutos"},"schema":{"@context":"https:\/\/schema.org","@graph":[{"@type":"WebPage","@id":"https:\/\/lasventastour.com\/pt-pt\/informacoes-praca-touros\/","url":"https:\/\/lasventastour.com\/pt-pt\/informacoes-praca-touros\/","name":"\u25b7 Sobre a Pra\u00e7a de Touros Madrid | Arquitetura e Hist\u00f3ria","isPartOf":{"@id":"https:\/\/lasventastour.com\/pt-pt\/#website"},"datePublished":"2023-10-02T09:36:49+00:00","dateModified":"2026-04-28T11:13:02+00:00","description":"Descobre tudo o que precisas de saber sobre a Pra\u00e7a de Touros de Las Ventas: fotografias e informa\u00e7\u00f5es interessantes para te ajudar a compreender o monumento taurom\u00e1quico.","breadcrumb":{"@id":"https:\/\/lasventastour.com\/pt-pt\/informacoes-praca-touros\/#breadcrumb"},"inLanguage":"pt-PT","potentialAction":[{"@type":"ReadAction","target":["https:\/\/lasventastour.com\/pt-pt\/informacoes-praca-touros\/"]}]},{"@type":"BreadcrumbList","@id":"https:\/\/lasventastour.com\/pt-pt\/informacoes-praca-touros\/#breadcrumb","itemListElement":[{"@type":"ListItem","position":1,"name":"Portada","item":"https:\/\/lasventastour.com\/pt-pt\/"},{"@type":"ListItem","position":2,"name":"Sobre a pra\u00e7a"}]},{"@type":"WebSite","@id":"https:\/\/lasventastour.com\/pt-pt\/#website","url":"https:\/\/lasventastour.com\/pt-pt\/","name":"Las Ventas Tour","description":"Tour Las Ventas | Plaza de Toros de Madrid | Web Oficial","publisher":{"@id":"https:\/\/lasventastour.com\/pt-pt\/#organization"},"alternateName":"Las Ventas Tour","potentialAction":[{"@type":"SearchAction","target":{"@type":"EntryPoint","urlTemplate":"https:\/\/lasventastour.com\/pt-pt\/?s={search_term_string}"},"query-input":{"@type":"PropertyValueSpecification","valueRequired":true,"valueName":"search_term_string"}}],"inLanguage":"pt-PT"},{"@type":"Organization","@id":"https:\/\/lasventastour.com\/pt-pt\/#organization","name":"Las Ventas Tour","alternateName":"Las Ventas Tour","url":"https:\/\/lasventastour.com\/pt-pt\/","logo":{"@type":"ImageObject","inLanguage":"pt-PT","@id":"https:\/\/lasventastour.com\/pt-pt\/#\/schema\/logo\/image\/","url":"https:\/\/lasventastour.com\/wp-content\/uploads\/2024\/09\/cropped-Logo-Las-Ventas-1.webp","contentUrl":"https:\/\/lasventastour.com\/wp-content\/uploads\/2024\/09\/cropped-Logo-Las-Ventas-1.webp","width":512,"height":512,"caption":"Las Ventas Tour"},"image":{"@id":"https:\/\/lasventastour.com\/pt-pt\/#\/schema\/logo\/image\/"},"sameAs":["https:\/\/www.instagram.com\/lasventastour\/"]}]}},"_links":{"self":[{"href":"https:\/\/lasventastour.com\/pt-pt\/wp-json\/wp\/v2\/pages\/2224","targetHints":{"allow":["GET"]}}],"collection":[{"href":"https:\/\/lasventastour.com\/pt-pt\/wp-json\/wp\/v2\/pages"}],"about":[{"href":"https:\/\/lasventastour.com\/pt-pt\/wp-json\/wp\/v2\/types\/page"}],"author":[{"embeddable":true,"href":"https:\/\/lasventastour.com\/pt-pt\/wp-json\/wp\/v2\/users\/1"}],"replies":[{"embeddable":true,"href":"https:\/\/lasventastour.com\/pt-pt\/wp-json\/wp\/v2\/comments?post=2224"}],"version-history":[{"count":10,"href":"https:\/\/lasventastour.com\/pt-pt\/wp-json\/wp\/v2\/pages\/2224\/revisions"}],"predecessor-version":[{"id":43671,"href":"https:\/\/lasventastour.com\/pt-pt\/wp-json\/wp\/v2\/pages\/2224\/revisions\/43671"}],"wp:attachment":[{"href":"https:\/\/lasventastour.com\/pt-pt\/wp-json\/wp\/v2\/media?parent=2224"}],"curies":[{"name":"wp","href":"https:\/\/api.w.org\/{rel}","templated":true}]}}