{"id":2137,"date":"2023-09-27T13:48:55","date_gmt":"2023-09-27T13:48:55","guid":{"rendered":"https:\/\/lasventastour.com\/horarios\/"},"modified":"2026-03-13T14:20:36","modified_gmt":"2026-03-13T14:20:36","slug":"horarios","status":"publish","type":"page","link":"https:\/\/lasventastour.com\/pt-pt\/horarios\/","title":{"rendered":"Hor\u00e1rios"},"content":{"rendered":"<section class=\"l-section wpb_row us_custom_eef79b84 height_medium with_shape\"><div class=\"l-section-shape type_custom pos_bottom hor_flip\" style=\"height:40%;\"><svg xmlns=\"http:\/\/www.w3.org\/2000\/svg\" viewBox=\"0 0 64 8\" preserveAspectRatio=\"none\" width=\"100%\" height=\"100%\">\r\n\t<path fill=\"currentColor\" d=\"M64 8 L0 8 L0 0 L64 0 Z\"\/>\r\n<\/svg><\/div><div class=\"l-section-h i-cf\"><div class=\"g-cols vc_row via_grid cols_1 laptops-cols_inherit tablets-cols_inherit mobiles-cols_1 valign_top type_default stacking_default\"><div class=\"wpb_column vc_column_container\"><div class=\"vc_column-inner\"><h1 class=\"w-text us_custom_eb849559\"><span class=\"w-text-h\"><span class=\"w-text-value\">Hor\u00e1rios - Tour Pra\u00e7a de Touros de Madrid<\/span><\/span><\/h1><div class=\"w-separator size_medium\"><\/div><div class=\"g-cols wpb_row us_custom_d3ffd6e9 via_grid cols_2-1 laptops-cols_3-2 tablets-cols_1 mobiles-cols_1 valign_middle type_default stacking_default\" style=\"--columns-gap:0rem;\"><div class=\"wpb_column vc_column_container us_custom_c25dae36\"><div class=\"vc_column-inner\"><h3 class=\"w-text\"><span class=\"w-text-h\"><span class=\"w-text-value\">Dias de visita<\/span><\/span><\/h3><div class=\"wpb_text_column\"><div class=\"wpb_wrapper\"><ul>\n<li><strong>Abril-Outubro<\/strong><\/li>\n<\/ul>\n<p><strong>Aberto de segunda a domingo, das 10h \u00e0s 19h (\u00faltima entrada \u00e0s 18h)*<\/strong><\/p>\n<p>*Exceto dias de corrida (domingos e feira de San Isidro), quando o passeio encerra 3 horas antes do espet\u00e1culo.<\/p>\n<ul>\n<li><strong>Novembro-Mar\u00e7o<\/strong><\/li>\n<\/ul>\n<p><strong>Aberto de segunda a domingo das 10:00h \u00e0s 18:00h (\u00faltima entrada \u00e0s 17:00h)<br \/>\n<\/strong><\/p>\n<p>*Exceto dias de corrida (domingos e feira de San Isidro), quando o passeio encerra 3 horas antes do espet\u00e1culo.<\/p>\n<p><strong>*S\u00e1bado, 14 de mar\u00e7o, das 10:00h \u00e0s 17:00h (\u00faltima entrada \u00e0s 16:00h)<\/strong><\/p>\n<\/div><\/div><div class=\"w-separator us_custom_da7ceeb3 size_small has_font_size with_line width_default thick_1 style_solid color_border align_none with_text with_content\"><div class=\"w-separator-h\"><h6 class=\"w-separator-text\"><span>Dias de encerramento<\/span><\/h6><\/div><\/div><div class=\"w-hwrapper valign_top wrap align_none\" style=\"--hwrapper-gap:1.2rem\"><div class=\"w-text\"><span class=\"w-text-h\"><span class=\"w-text-value\">12 de outubro<\/span><\/span><\/div><div class=\"w-text\"><span class=\"w-text-h\"><span class=\"w-text-value\">25 de dezembro<\/span><\/span><\/div><div class=\"w-text\"><span class=\"w-text-h\"><span class=\"w-text-value\">1 de janeiro<\/span><\/span><\/div><\/div><\/div><\/div><div class=\"wpb_column vc_column_container us_custom_16085f45 has_bg_color\"><div class=\"vc_column-inner\"><div class=\"w-text us_custom_eb849559\"><span class=\"w-text-h\"><span class=\"w-text-value\">Visita a pra\u00e7a<\/span><\/span><\/div><div class=\"w-text us_custom_494b480a has_text_color\"><span class=\"w-text-h\"><span class=\"w-text-value\">A partir de 16\u20ac.<\/span><\/span><\/div><div class=\"w-btn-wrapper align_justify\"><a class=\"w-btn us-btn-style_1\" target=\"_blank\" href=\"https:\/\/tickets.lasventastour.com\/es\"><span class=\"w-btn-label\">Visita o livro<\/span><\/a><\/div><div class=\"w-separator size_custom\" style=\"height:1rem\"><\/div><\/div><\/div><\/div><\/div><\/div><\/div><\/div><\/section><section class=\"l-section wpb_row height_medium\"><div class=\"l-section-h i-cf\"><div class=\"g-cols vc_row via_grid cols_1 laptops-cols_inherit tablets-cols_inherit mobiles-cols_1 valign_top type_default stacking_default\"><div class=\"wpb_column vc_column_container\"><div class=\"vc_column-inner\"><div class=\"wpb_text_column\"><div class=\"wpb_wrapper\"><h3>Toma nota:<\/h3>\n<ul>\n<li>Por raz\u00f5es de organiza\u00e7\u00e3o, o Tour pode variar o seu percurso e hor\u00e1rio, informando o visitante antes do acesso. Se tiveres alguma d\u00favida, contacta-nos por telefone Tel. info:  <span> <\/span><a href=\"tel:34687739032\" target=\"_blank\" rel=\"noopener\">+34 687 73 90 32<\/a><\/li>\n<li>A visita a Las Ventas \u00e9 acess\u00edvel a pessoas com defici\u00eancia e a utilizadores de cadeiras de rodas.<\/li>\n<li>A bilheteira est\u00e1 aberta at\u00e9 1 hora antes da hora de encerramento.<\/li>\n<\/ul>\n<\/div><\/div><\/div><\/div><\/div><\/div><\/section><section class=\"l-section wpb_row height_medium\"><div class=\"l-section-h i-cf\"><div class=\"g-cols vc_row via_grid cols_1 laptops-cols_inherit tablets-cols_inherit mobiles-cols_1 valign_top type_default stacking_default\"><div class=\"wpb_column vc_column_container\"><div class=\"vc_column-inner\"><div class=\"wpb_text_column\"><div class=\"wpb_wrapper\"><h2>Tipos de visitas que pode realizar:<\/h2>\n<\/div><\/div><div class=\"w-separator size_medium\"><\/div><div class=\"g-cols wpb_row via_grid cols_3 laptops-cols_inherit tablets-cols_inherit mobiles-cols_1 valign_top type_default stacking_default\" style=\"--columns-gap:3rem;\"><div class=\"wpb_column vc_column_container\"><div class=\"vc_column-inner\"><div class=\"w-ibanner us_custom_2d937f4f has_text_color animation_phorcys ratio_3x2 easing_ease\"><a title=\"visita as vendas com a audiguia\" href=\"https:\/\/lasventastour.com\/pt-pt\/visitas-individuais\/\" aria-label=\"Visita audioguiada e experi\u00eancias imersivas\"><\/a><div class=\"w-ibanner-h\"><div class=\"w-ibanner-image\" style=\"background-image: url(https:\/\/lasventastour.com\/wp-content\/uploads\/2023\/09\/tour-Visita-individual.jpg)\"><\/div><div class=\"w-ibanner-content\"><div class=\"w-ibanner-content-h\"><h3 class=\"w-ibanner-title\">Visita audioguiada e experi\u00eancias imersivas<\/h3><div class=\"w-ibanner-desc\"><\/div><\/div><\/div><\/div><\/div><\/div><\/div><div class=\"wpb_column vc_column_container\"><div class=\"vc_column-inner\"><div class=\"w-ibanner us_custom_a10ddd82 has_text_color animation_phorcys ratio_3x2 easing_ease\"><a title=\"visita a las ventas com guia privado\" href=\"https:\/\/lasventastour.com\/pt-pt\/visita-guiada-privada\/\" aria-label=\"Visita VIP com guia privado\"><\/a><div class=\"w-ibanner-h\"><div class=\"w-ibanner-image\" style=\"background-image: url(https:\/\/lasventastour.com\/wp-content\/uploads\/2023\/09\/tour-visitas-privadas.jpg)\"><\/div><div class=\"w-ibanner-content\"><div class=\"w-ibanner-content-h\"><h3 class=\"w-ibanner-title\">Visita VIP com guia privado<\/h3><div class=\"w-ibanner-desc\"><\/div><\/div><\/div><\/div><\/div><\/div><\/div><div class=\"wpb_column vc_column_container\"><div class=\"vc_column-inner\"><div class=\"w-ibanner us_custom_a10ddd82 has_text_color animation_phorcys ratio_3x2 easing_ease\"><a title=\"grupos de vendas de excurs\u00f5es\" href=\"https:\/\/lasventastour.com\/es\/visita-guiada-grupos\/\" aria-label=\"Visitas guiadas em grupo\"><\/a><div class=\"w-ibanner-h\"><div class=\"w-ibanner-image\" style=\"background-image: url(https:\/\/lasventastour.com\/wp-content\/uploads\/2023\/09\/tour-visitas-grupales.jpg)\"><\/div><div class=\"w-ibanner-content\"><div class=\"w-ibanner-content-h\"><h3 class=\"w-ibanner-title\">Visitas guiadas em grupo<\/h3><div class=\"w-ibanner-desc\"><\/div><\/div><\/div><\/div><\/div><\/div><\/div><\/div><\/div><\/div><\/div><\/div><\/section>\n","protected":false},"excerpt":{"rendered":"Hor\u00e1rios - Tour Pra\u00e7a de Touros de MadridDias de visita Abril-Outubro Aberto de segunda a domingo, das 10h \u00e0s 19h (\u00faltima entrada \u00e0s 18h)* *Exceto dias de corrida (domingos e feira de San Isidro), quando o passeio encerra 3 horas antes do espet\u00e1culo. Novembro-Mar\u00e7o Aberto de segunda a domingo das 10:00h \u00e0s 18:00h (\u00faltima entrada...","protected":false},"author":1,"featured_media":0,"parent":0,"menu_order":0,"comment_status":"closed","ping_status":"closed","template":"","meta":{"footnotes":""},"class_list":["post-2137","page","type-page","status-publish","hentry"],"yoast_head":"<!-- This site is optimized with the Yoast SEO plugin v27.5 - https:\/\/yoast.com\/product\/yoast-seo-wordpress\/ -->\n<title>\u25b7 Hor\u00e1rios | Tour Plaza de Toros Las Ventas Madrid [Site oficial] [Site oficial].<\/title>\n<meta name=\"description\" content=\"Visita a Plaza de Toros de Las Ventas em Madrid | Antes de vires, verifica todos os hor\u00e1rios de abertura e fecho da Visita a Las Ventas.\" \/>\n<meta name=\"robots\" content=\"index, follow, max-snippet:-1, max-image-preview:large, max-video-preview:-1\" \/>\n<link rel=\"canonical\" href=\"https:\/\/lasventastour.com\/pt-pt\/horarios\/\" \/>\n<meta property=\"og:locale\" content=\"pt_PT\" \/>\n<meta property=\"og:type\" content=\"article\" \/>\n<meta property=\"og:title\" content=\"\u25b7 Hor\u00e1rios | Tour Plaza de Toros Las Ventas Madrid [Site oficial] [Site oficial].\" \/>\n<meta property=\"og:description\" content=\"Visita a Plaza de Toros de Las Ventas em Madrid | Antes de vires, verifica todos os hor\u00e1rios de abertura e fecho da Visita a Las Ventas.\" \/>\n<meta property=\"og:url\" content=\"https:\/\/lasventastour.com\/pt-pt\/horarios\/\" \/>\n<meta property=\"og:site_name\" content=\"Las Ventas Tour\" \/>\n<meta property=\"article:modified_time\" content=\"2026-03-13T14:20:36+00:00\" \/>\n<meta property=\"og:image\" content=\"https:\/\/lasventastour.com\/wp-content\/uploads\/2023\/12\/paseillo-en-las-ventas.webp\" \/>\n\t<meta property=\"og:image:width\" content=\"511\" \/>\n\t<meta property=\"og:image:height\" content=\"280\" \/>\n\t<meta property=\"og:image:type\" content=\"image\/webp\" \/>\n<meta name=\"twitter:card\" content=\"summary_large_image\" \/>\n<meta name=\"twitter:label1\" content=\"Tempo estimado de leitura\" \/>\n\t<meta name=\"twitter:data1\" content=\"2 minutos\" \/>\n<script type=\"application\/ld+json\" class=\"yoast-schema-graph\">{\"@context\":\"https:\\\/\\\/schema.org\",\"@graph\":[{\"@type\":\"WebPage\",\"@id\":\"https:\\\/\\\/lasventastour.com\\\/pt-pt\\\/horarios\\\/\",\"url\":\"https:\\\/\\\/lasventastour.com\\\/pt-pt\\\/horarios\\\/\",\"name\":\"\u25b7 Hor\u00e1rios | Tour Plaza de Toros Las Ventas Madrid [Site oficial] [Site oficial].\",\"isPartOf\":{\"@id\":\"https:\\\/\\\/lasventastour.com\\\/pt-pt\\\/#website\"},\"datePublished\":\"2023-09-27T13:48:55+00:00\",\"dateModified\":\"2026-03-13T14:20:36+00:00\",\"description\":\"Visita a Plaza de Toros de Las Ventas em Madrid | Antes de vires, verifica todos os hor\u00e1rios de abertura e fecho da Visita a Las Ventas.\",\"breadcrumb\":{\"@id\":\"https:\\\/\\\/lasventastour.com\\\/pt-pt\\\/horarios\\\/#breadcrumb\"},\"inLanguage\":\"pt-PT\",\"potentialAction\":[{\"@type\":\"ReadAction\",\"target\":[\"https:\\\/\\\/lasventastour.com\\\/pt-pt\\\/horarios\\\/\"]}]},{\"@type\":\"BreadcrumbList\",\"@id\":\"https:\\\/\\\/lasventastour.com\\\/pt-pt\\\/horarios\\\/#breadcrumb\",\"itemListElement\":[{\"@type\":\"ListItem\",\"position\":1,\"name\":\"Portada\",\"item\":\"https:\\\/\\\/lasventastour.com\\\/pt-pt\\\/\"},{\"@type\":\"ListItem\",\"position\":2,\"name\":\"Hor\u00e1rios\"}]},{\"@type\":\"WebSite\",\"@id\":\"https:\\\/\\\/lasventastour.com\\\/pt-pt\\\/#website\",\"url\":\"https:\\\/\\\/lasventastour.com\\\/pt-pt\\\/\",\"name\":\"Las Ventas Tour\",\"description\":\"Tour Las Ventas | Plaza de Toros de Madrid | Web Oficial\",\"publisher\":{\"@id\":\"https:\\\/\\\/lasventastour.com\\\/pt-pt\\\/#organization\"},\"alternateName\":\"Las Ventas Tour\",\"potentialAction\":[{\"@type\":\"SearchAction\",\"target\":{\"@type\":\"EntryPoint\",\"urlTemplate\":\"https:\\\/\\\/lasventastour.com\\\/pt-pt\\\/?s={search_term_string}\"},\"query-input\":{\"@type\":\"PropertyValueSpecification\",\"valueRequired\":true,\"valueName\":\"search_term_string\"}}],\"inLanguage\":\"pt-PT\"},{\"@type\":\"Organization\",\"@id\":\"https:\\\/\\\/lasventastour.com\\\/pt-pt\\\/#organization\",\"name\":\"Las Ventas Tour\",\"alternateName\":\"Las Ventas Tour\",\"url\":\"https:\\\/\\\/lasventastour.com\\\/pt-pt\\\/\",\"logo\":{\"@type\":\"ImageObject\",\"inLanguage\":\"pt-PT\",\"@id\":\"https:\\\/\\\/lasventastour.com\\\/pt-pt\\\/#\\\/schema\\\/logo\\\/image\\\/\",\"url\":\"https:\\\/\\\/lasventastour.com\\\/wp-content\\\/uploads\\\/2024\\\/09\\\/cropped-Logo-Las-Ventas-1.webp\",\"contentUrl\":\"https:\\\/\\\/lasventastour.com\\\/wp-content\\\/uploads\\\/2024\\\/09\\\/cropped-Logo-Las-Ventas-1.webp\",\"width\":512,\"height\":512,\"caption\":\"Las Ventas Tour\"},\"image\":{\"@id\":\"https:\\\/\\\/lasventastour.com\\\/pt-pt\\\/#\\\/schema\\\/logo\\\/image\\\/\"},\"sameAs\":[\"https:\\\/\\\/www.instagram.com\\\/lasventastour\\\/\"]}]}<\/script>\n<!-- \/ Yoast SEO plugin. -->","yoast_head_json":{"title":"\u25b7 Hor\u00e1rios | Tour Plaza de Toros Las Ventas Madrid [Site oficial] [Site oficial].","description":"Visita a Plaza de Toros de Las Ventas em Madrid | Antes de vires, verifica todos os hor\u00e1rios de abertura e fecho da Visita a Las Ventas.","robots":{"index":"index","follow":"follow","max-snippet":"max-snippet:-1","max-image-preview":"max-image-preview:large","max-video-preview":"max-video-preview:-1"},"canonical":"https:\/\/lasventastour.com\/pt-pt\/horarios\/","og_locale":"pt_PT","og_type":"article","og_title":"\u25b7 Hor\u00e1rios | Tour Plaza de Toros Las Ventas Madrid [Site oficial] [Site oficial].","og_description":"Visita a Plaza de Toros de Las Ventas em Madrid | Antes de vires, verifica todos os hor\u00e1rios de abertura e fecho da Visita a Las Ventas.","og_url":"https:\/\/lasventastour.com\/pt-pt\/horarios\/","og_site_name":"Las Ventas Tour","article_modified_time":"2026-03-13T14:20:36+00:00","og_image":[{"width":511,"height":280,"url":"https:\/\/lasventastour.com\/wp-content\/uploads\/2023\/12\/paseillo-en-las-ventas.webp","type":"image\/webp"}],"twitter_card":"summary_large_image","twitter_misc":{"Tempo estimado de leitura":"2 minutos"},"schema":{"@context":"https:\/\/schema.org","@graph":[{"@type":"WebPage","@id":"https:\/\/lasventastour.com\/pt-pt\/horarios\/","url":"https:\/\/lasventastour.com\/pt-pt\/horarios\/","name":"\u25b7 Hor\u00e1rios | Tour Plaza de Toros Las Ventas Madrid [Site oficial] [Site oficial].","isPartOf":{"@id":"https:\/\/lasventastour.com\/pt-pt\/#website"},"datePublished":"2023-09-27T13:48:55+00:00","dateModified":"2026-03-13T14:20:36+00:00","description":"Visita a Plaza de Toros de Las Ventas em Madrid | Antes de vires, verifica todos os hor\u00e1rios de abertura e fecho da Visita a Las Ventas.","breadcrumb":{"@id":"https:\/\/lasventastour.com\/pt-pt\/horarios\/#breadcrumb"},"inLanguage":"pt-PT","potentialAction":[{"@type":"ReadAction","target":["https:\/\/lasventastour.com\/pt-pt\/horarios\/"]}]},{"@type":"BreadcrumbList","@id":"https:\/\/lasventastour.com\/pt-pt\/horarios\/#breadcrumb","itemListElement":[{"@type":"ListItem","position":1,"name":"Portada","item":"https:\/\/lasventastour.com\/pt-pt\/"},{"@type":"ListItem","position":2,"name":"Hor\u00e1rios"}]},{"@type":"WebSite","@id":"https:\/\/lasventastour.com\/pt-pt\/#website","url":"https:\/\/lasventastour.com\/pt-pt\/","name":"Las Ventas Tour","description":"Tour Las Ventas | Plaza de Toros de Madrid | Web Oficial","publisher":{"@id":"https:\/\/lasventastour.com\/pt-pt\/#organization"},"alternateName":"Las Ventas Tour","potentialAction":[{"@type":"SearchAction","target":{"@type":"EntryPoint","urlTemplate":"https:\/\/lasventastour.com\/pt-pt\/?s={search_term_string}"},"query-input":{"@type":"PropertyValueSpecification","valueRequired":true,"valueName":"search_term_string"}}],"inLanguage":"pt-PT"},{"@type":"Organization","@id":"https:\/\/lasventastour.com\/pt-pt\/#organization","name":"Las Ventas Tour","alternateName":"Las Ventas Tour","url":"https:\/\/lasventastour.com\/pt-pt\/","logo":{"@type":"ImageObject","inLanguage":"pt-PT","@id":"https:\/\/lasventastour.com\/pt-pt\/#\/schema\/logo\/image\/","url":"https:\/\/lasventastour.com\/wp-content\/uploads\/2024\/09\/cropped-Logo-Las-Ventas-1.webp","contentUrl":"https:\/\/lasventastour.com\/wp-content\/uploads\/2024\/09\/cropped-Logo-Las-Ventas-1.webp","width":512,"height":512,"caption":"Las Ventas Tour"},"image":{"@id":"https:\/\/lasventastour.com\/pt-pt\/#\/schema\/logo\/image\/"},"sameAs":["https:\/\/www.instagram.com\/lasventastour\/"]}]}},"_links":{"self":[{"href":"https:\/\/lasventastour.com\/pt-pt\/wp-json\/wp\/v2\/pages\/2137","targetHints":{"allow":["GET"]}}],"collection":[{"href":"https:\/\/lasventastour.com\/pt-pt\/wp-json\/wp\/v2\/pages"}],"about":[{"href":"https:\/\/lasventastour.com\/pt-pt\/wp-json\/wp\/v2\/types\/page"}],"author":[{"embeddable":true,"href":"https:\/\/lasventastour.com\/pt-pt\/wp-json\/wp\/v2\/users\/1"}],"replies":[{"embeddable":true,"href":"https:\/\/lasventastour.com\/pt-pt\/wp-json\/wp\/v2\/comments?post=2137"}],"version-history":[{"count":30,"href":"https:\/\/lasventastour.com\/pt-pt\/wp-json\/wp\/v2\/pages\/2137\/revisions"}],"predecessor-version":[{"id":9753,"href":"https:\/\/lasventastour.com\/pt-pt\/wp-json\/wp\/v2\/pages\/2137\/revisions\/9753"}],"wp:attachment":[{"href":"https:\/\/lasventastour.com\/pt-pt\/wp-json\/wp\/v2\/media?parent=2137"}],"curies":[{"name":"wp","href":"https:\/\/api.w.org\/{rel}","templated":true}]}}