{"id":2448,"date":"2023-09-28T11:31:33","date_gmt":"2023-09-28T11:31:33","guid":{"rendered":"https:\/\/lasventastour.com\/visita-individuale\/"},"modified":"2026-02-16T15:03:10","modified_gmt":"2026-02-16T15:03:10","slug":"visita-individuale","status":"publish","type":"page","link":"https:\/\/lasventastour.com\/it\/visita-individuale\/","title":{"rendered":"Tour audioguidato"},"content":{"rendered":"<section class=\"l-section wpb_row us_custom_e9fd2ce4 height_auto color_primary with_img parallax_ver parallaxdir_reversed\"><div class=\"l-section-img\" role=\"img\" aria-label=\"Visita con audioguida alla Bullring\" data-img-width=\"1300\" data-img-height=\"867\" style=\"background-image: url(https:\/\/lasventastour.com\/wp-content\/uploads\/2023\/11\/entrada-individual-tour-las-ventas.webp);\"><\/div><div class=\"l-section-overlay\" style=\"background:linear-gradient(90deg,#1b122f,rgba(54,54,54,0.00))\"><\/div><div class=\"l-section-h i-cf\"><div class=\"g-cols vc_row via_grid cols_1 laptops-cols_inherit tablets-cols_inherit mobiles-cols_1 valign_middle type_default stacking_default\" style=\"--columns-gap:0rem;\"><div class=\"wpb_column vc_column_container\"><div class=\"vc_column-inner\"><div class=\"w-separator size_medium\"><\/div><h1 class=\"w-text us_custom_51aa7753 us_animate_this\"><span class=\"w-text-h\"><span class=\"w-text-value\">Tour audioguidato<\/span><\/span><\/h1><div class=\"w-separator size_small\"><\/div><div class=\"w-text us_custom_444d1fbc us_animate_this\"><span class=\"w-text-h\"><span class=\"w-text-value\">Tour d&#039;ingresso + Museo + Audioguida<\/span><\/span><\/div><div class=\"w-separator size_medium\"><\/div><div class=\"w-btn-wrapper align_none\"><a class=\"w-btn us-btn-style_1\" target=\"_blank\" rel=\"nofollow\" href=\"https:\/\/tickets.lasventastour.com\/es\/426-web-individual\/2116-las-ventas-tour-experience-visita-con-audioguia\"><span class=\"w-btn-label\">Acquista i biglietti<\/span><\/a><\/div><div class=\"w-separator size_large\"><\/div><\/div><\/div><\/div><\/div><\/section><section class=\"l-section wpb_row height_medium\"><div class=\"l-section-h i-cf\"><div class=\"g-cols vc_row via_grid cols_1 laptops-cols_inherit tablets-cols_inherit mobiles-cols_1 valign_top type_default stacking_default\"><div class=\"wpb_column vc_column_container\"><div class=\"vc_column-inner\"><div class=\"wpb_text_column\"><div class=\"wpb_wrapper\"><h2 style=\"text-align: center;\">Incluso nel biglietto per l&#8217;arena Las Ventas di Madrid<\/h2>\n<\/div><\/div><div class=\"w-separator size_large\"><\/div><div class=\"g-cols wpb_row via_grid cols_3 laptops-cols_inherit tablets-cols_inherit mobiles-cols_1 valign_top type_default stacking_default\" style=\"--columns-gap:3rem;\"><div class=\"wpb_column vc_column_container\"><div class=\"vc_column-inner\"><div class=\"w-iconbox iconpos_left style_outlined color_primary align_left\"><div class=\"w-iconbox-icon\" style=\"font-size:2rem;\"><i class=\"fad fa-volume-up\"><\/i><\/div><div class=\"w-iconbox-meta\"><h3 class=\"w-iconbox-title\">Guida audio in 10 lingue<\/h3><div class=\"w-iconbox-text\"><p>Scopri la storia e le curiosit\u00e0 dell&#8217;arena in modo semplice e divertente, al tuo ritmo.<\/p>\n<\/div><\/div><\/div><\/div><\/div><div class=\"wpb_column vc_column_container\"><div class=\"vc_column-inner\"><div class=\"w-iconbox iconpos_left style_outlined color_primary align_left\"><div class=\"w-iconbox-icon\" style=\"font-size:2rem;\"><i class=\"fad fa-street-view\"><\/i><\/div><div class=\"w-iconbox-meta\"><h3 class=\"w-iconbox-title\">Tour a 360\u00ba<\/h3><div class=\"w-iconbox-text\"><p>Visiterai ogni angolo della piazza per avere una visione a 360\u00ba di questo monumento di Madrid, dichiarato Bene di Interesse Culturale.<\/p>\n<\/div><\/div><\/div><\/div><\/div><div class=\"wpb_column vc_column_container\"><div class=\"vc_column-inner\"><div class=\"w-iconbox iconpos_left style_outlined color_primary align_left\"><div class=\"w-iconbox-icon\" style=\"font-size:2rem;\"><i class=\"fad fa-hourglass-start\"><\/i><\/div><div class=\"w-iconbox-meta\"><h3 class=\"w-iconbox-title\">Libert\u00e0 di movimento<\/h3><div class=\"w-iconbox-text\"><p>Puoi dedicare tutto il tempo che vuoi alla visita della piazza e dei tuoi luoghi preferiti.<\/p>\n<\/div><\/div><\/div><\/div><\/div><\/div><div class=\"w-separator size_small with_line width_default thick_1 style_solid color_border align_center\"><div class=\"w-separator-h\"><\/div><\/div><\/div><\/div><\/div><\/div><\/section><section class=\"l-section wpb_row us_custom_eef79b84 height_medium\"><div class=\"l-section-h i-cf\"><div class=\"g-cols vc_row via_grid cols_1 laptops-cols_inherit tablets-cols_inherit mobiles-cols_1 valign_top type_default stacking_default\"><div class=\"wpb_column vc_column_container\"><div class=\"vc_column-inner\"><div class=\"g-cols wpb_row via_grid cols_2 laptops-cols_inherit tablets-cols_inherit mobiles-cols_1 valign_top type_default stacking_default\" style=\"--columns-gap:3rem;\"><div class=\"wpb_column vc_column_container\"><div class=\"vc_column-inner\"><h2 class=\"w-text\"><span class=\"w-text-h\"><span class=\"w-text-value\">Prezzi e lingue<\/span><\/span><\/h2><div class=\"wpb_text_column\"><div class=\"wpb_wrapper\"><p class=\"w-iconbox-title\">Audioguida in 10 lingue: inglese, spagnolo, francese, tedesco, italiano, portoghese, cinese, giapponese, coreano, russo e spagnolo.<\/p>\n<\/div><\/div><div class=\"w-separator us_custom_da7ceeb3 size_small has_font_size with_line width_default thick_1 style_solid color_border align_none with_text with_content\"><div class=\"w-separator-h\"><h6 class=\"w-separator-text\"><span>Tipi di ingresso<\/span><\/h6><\/div><\/div><div class=\"w-text icon_atleft\"><span class=\"w-text-h\"><i class=\"material-icons\">check_circle<\/i><span class=\"w-text-value\">Biglietto standard: 16\u20ac.<\/span><\/span><\/div><div class=\"w-text icon_atleft\"><span class=\"w-text-h\"><i class=\"material-icons\">check_circle<\/i><span class=\"w-text-value\">Ogni 10 biglietti d&#039;ingresso generali uno sar\u00e0 gratuito: 0,00\u20ac.<\/span><\/span><\/div><div class=\"w-text icon_atleft\"><span class=\"w-text-h\"><i class=\"material-icons\">check_circle<\/i><span class=\"w-text-value\">Studenti e anziani: 13\u20ac.<\/span><\/span><\/div><div class=\"w-text icon_atleft\"><span class=\"w-text-h\"><i class=\"material-icons\">check_circle<\/i><span class=\"w-text-value\">Bambini e ragazzi dai 13 ai 18 anni: 13\u20ac.<\/span><\/span><\/div><div class=\"w-text icon_atleft\"><span class=\"w-text-h\"><i class=\"material-icons\">check_circle<\/i><span class=\"w-text-value\">Bambini 5-12 anni: 7\u20ac.<\/span><\/span><\/div><div class=\"w-text icon_atleft\"><span class=\"w-text-h\"><i class=\"material-icons\">check_circle<\/i><span class=\"w-text-value\">Persona con diversit\u00e0 funzionale: 7\u20ac.<\/span><\/span><\/div><\/div><\/div><div class=\"wpb_column vc_column_container\"><div class=\"vc_column-inner\"><h3 class=\"w-text\"><span class=\"w-text-h\"><span class=\"w-text-value\">Biglietti disponibili!<\/span><\/span><\/h3><div class=\"w-separator size_small\"><\/div><div class=\"w-btn-wrapper align_none\"><a class=\"w-btn us-btn-style_1\" href=\"https:\/\/tickets.lasventastour.com\/es\/426-web-individual\/2116-las-ventas-tour-experience-visita-con-audioguia-museo\"><span class=\"w-btn-label\">Acquista i biglietti<\/span><\/a><\/div><\/div><\/div><\/div><\/div><\/div><\/div><\/div><\/section><section class=\"l-section wpb_row height_medium\"><div class=\"l-section-h i-cf\"><div class=\"g-cols vc_row via_grid cols_1 laptops-cols_inherit tablets-cols_inherit mobiles-cols_1 valign_top type_default stacking_default\"><div class=\"wpb_column vc_column_container\"><div class=\"vc_column-inner\"><div class=\"wpb_text_column\"><div class=\"wpb_wrapper\"><h2 style=\"text-align: center;\">Esperienze virtuali incluse<\/h2>\n<\/div><\/div><\/div><\/div><\/div><\/div><\/section><section class=\"l-section wpb_row height_auto\"><div class=\"l-section-h i-cf\"><div class=\"g-cols vc_row via_grid cols_2 laptops-cols_inherit tablets-cols_inherit mobiles-cols_1 valign_middle type_boxes stacking_default\" style=\"--columns-gap:0rem;\"><div class=\"wpb_column vc_column_container us_custom_23b04438 has_bg_color\"><div class=\"vc_column-inner\"><div class=\"w-video us_custom_96ecd230 align_center ratio_16x9 with_overlay has_iframe\" style=\"background-image:url(https:\/\/lasventastour.com\/wp-content\/uploads\/2023\/11\/juego-toreo-virtual.webp);\" onclick=\"return {&quot;player_id&quot;:&quot;youtube-g68a&quot;,&quot;player_api&quot;:&quot;\\\/\\\/www.youtube.com\\\/player_api&quot;,&quot;player_html&quot;:&quot;&lt;div id=\\&quot;youtube-g68a\\&quot;&gt;&lt;\\\/div&gt;&lt;script&gt;\\r\\n\\t\\t\\twindow.USYTPlayers = ( window.USYTPlayers || { initYTFunctions: [], optionsYT: [], USYTInited: false } );\\r\\n\\t\\t\\twindow.USYTPlayers.optionsYT.push( {\\r\\n\\t\\t\\t\\tplayerID: \\&quot;youtube-g68a\\&quot;,\\r\\n\\t\\t\\t\\tvideoID: \\&quot;sucbjmJRf0U\\&quot;,\\r\\n\\t\\t\\t\\tplayerVars: {\\&quot;autoplay\\&quot;:1,\\&quot;controls\\&quot;:1,\\&quot;origin\\&quot;:\\&quot;https:\\\\\\\/\\\\\\\/lasventastour.com\\\\\\\/it\\\\\\\/\\&quot;,\\&quot;loop\\&quot;:0,\\&quot;mute\\&quot;:0,\\&quot;playlist\\&quot;:\\&quot;sucbjmJRf0U\\&quot;}\\r\\n\\t\\t\\t} );\\r\\n\\t\\t\\tif ( window.USYTPlayers.USYTInited === false ) {\\r\\n\\t\\t\\t\\t\\\/\\\/ Trying to override other possible WP YT API calls if our element is used\\r\\n\\t\\t\\t\\twindow.USYTPlayers.USYTInited = true;\\r\\n\\r\\n\\t\\t\\t\\twindow.onYouTubePlayerAPIReady = function() {\\r\\n\\t\\t\\t\\t\\tfor ( var i in window.USYTPlayers.optionsYT ) {\\r\\n\\t\\t\\t\\t\\t\\tvar _playerParams = window.USYTPlayers.optionsYT[ i ];\\r\\n\\t\\t\\t\\t\\t\\t$us.YTPlayers[ _playerParams.playerID ] = new YT.Player( _playerParams.playerID, {\\r\\n\\t\\t\\t\\t\\t\\t\\tvideoId: _playerParams.videoID,\\r\\n\\t\\t\\t\\t\\t\\t\\tplayerVars: _playerParams.playerVars\\r\\n\\t\\t\\t\\t\\t\\t} );\\r\\n\\t\\t\\t\\t\\t}\\r\\n\\t\\t\\t\\t}\\r\\n\\t\\t\\t}\\r\\n\\t\\t\\tif ( !!window.YT ) {\\r\\n\\t\\t\\t\\t$us.YTPlayers[\\&quot;youtube-g68a\\&quot;] = new YT.Player( \\&quot;youtube-g68a\\&quot;, {\\r\\n\\t\\t\\t\\t\\tvideoId: \\&quot;sucbjmJRf0U\\&quot;,\\r\\n\\t\\t\\t\\t\\tplayerVars: {\\&quot;autoplay\\&quot;:1,\\&quot;controls\\&quot;:1,\\&quot;origin\\&quot;:\\&quot;https:\\\\\\\/\\\\\\\/lasventastour.com\\\\\\\/it\\\\\\\/\\&quot;,\\&quot;loop\\&quot;:0,\\&quot;mute\\&quot;:0,\\&quot;playlist\\&quot;:\\&quot;sucbjmJRf0U\\&quot;}\\r\\n\\t\\t\\t\\t} );\\r\\n\\t\\t\\t}\\r\\n\\t\\t&lt;\\\/script&gt;&quot;}\"><button class=\"w-video-play\" type=\"button\" aria-label=\"Play\"><span class=\"w-video-play-icon\" style=\"font-size:1.5rem;background:var(--color-header-middle-text-hover);color:#ffffff\"><\/span><\/button><div class=\"w-video-h\"><\/div><\/div><\/div><\/div><div class=\"wpb_column vc_column_container us_custom_c70c97eb has_bg_color\"><div class=\"vc_column-inner\"><div class=\"wpb_text_column\"><div class=\"wpb_wrapper\"><h3>1. Gioco di realt\u00e0 virtuale<\/h3>\n<p>Vuoi diventare un torero per qualche minuto? Entra nella nostra mini arena, indossa gli occhiali e affronta un toro virtuale di 600 kg nell&#8217;arena di Las Ventas. Il nostro staff ti insegner\u00e0 a combattere i tori con arte, in modo che tu possa uscire dall&#8217;arena attraverso il cancello principale.  <\/p>\n<p>Vince chi totalizza pi\u00f9 punti!<\/p>\n<\/div><\/div><\/div><\/div><\/div><\/div><\/section><section class=\"l-section wpb_row height_auto\"><div class=\"l-section-h i-cf\"><div class=\"g-cols vc_row via_grid cols_2 laptops-cols_inherit tablets-cols_inherit mobiles-cols_1 valign_middle type_boxes reversed stacking_default\" style=\"--columns-gap:0rem;\"><div class=\"wpb_column vc_column_container us_custom_c70c97eb has_bg_color\"><div class=\"vc_column-inner\"><div class=\"wpb_text_column\"><div class=\"wpb_wrapper\"><h3>2. Stanza immersiva<\/h3>\n<p>In questa sala potrai conoscere il mondo della corrida in modo divertente e simpatico. La sala \u00e8 dotata di schermi su cui \u00e8 possibile vedere video molto interessanti sulla storia dell&#8217;arena, sui toreri pi\u00f9 famosi che hanno combattuto a Las Ventas, oltre a fotografie e arte della corrida. <\/p>\n<p>Entra e respira la passione della corrida!<\/p>\n<\/div><\/div><\/div><\/div><div class=\"wpb_column vc_column_container us_custom_41195194 has_bg_color\"><div class=\"vc_column-inner\"><div class=\"w-separator size_custom\" style=\"height:20vh\"><\/div><\/div><\/div><\/div><\/div><\/section><section class=\"l-section wpb_row height_auto\"><div class=\"l-section-h i-cf\"><div class=\"g-cols vc_row via_grid cols_2 laptops-cols_inherit tablets-cols_inherit mobiles-cols_1 valign_middle type_boxes stacking_default\" style=\"--columns-gap:0rem;\"><div class=\"wpb_column vc_column_container us_custom_f1b3e985 has_bg_color\"><div class=\"vc_column-inner\"><div class=\"w-separator size_custom\" style=\"height:20vh\"><\/div><\/div><\/div><div class=\"wpb_column vc_column_container us_custom_c70c97eb has_bg_color\"><div class=\"vc_column-inner\"><div class=\"wpb_text_column\"><div class=\"wpb_wrapper\"><h3>3. Esperienze virtuali<\/h3>\n<p>Vuoi ancora di pi\u00f9? All&#8217;interno della sala immersiva potrai utilizzare i nostri occhiali per la realt\u00e0 virtuale. Potrai vedere a 360\u00ba eventi interessanti come la corrida di San Fermines e ti sembrer\u00e0 di correre tu stesso davanti ai tori!  <\/p>\n<p>Potrai anche sorvolare la Plaza de Toros de Las Ventas, vedere come vengono allevati i tori negli allevamenti della campagna della corrida e molto altro ancora!<\/p>\n<\/div><\/div><\/div><\/div><\/div><\/div><\/section><section class=\"l-section wpb_row height_medium\"><div class=\"l-section-h i-cf\"><div class=\"g-cols vc_row via_grid cols_1 laptops-cols_inherit tablets-cols_inherit mobiles-cols_1 valign_middle type_default stacking_default\"><div class=\"wpb_column vc_column_container\"><div class=\"vc_column-inner\"><div class=\"wpb_text_column\"><div class=\"wpb_wrapper\"><h2 style=\"text-align: center;\">Tutto ci\u00f2 che vedrai durante la tua visita alla Plaza de Toros de Las Ventas di Madrid<\/h2>\n<p style=\"text-align: center;\">Il <strong data-start=\"5126\" data-end=\"5164\">tour audio-guidato di Las Ventas<\/strong> ti permette di percorrere l&#8217;arena al tuo ritmo, con spiegazioni chiare e accessibili in diverse lingue.<\/p>\n<p style=\"text-align: center;\">\u00c8 la scelta ideale per chi desidera un&#8217;esperienza culturale flessibile durante la sua visita a Madrid.<\/p>\n<\/div><\/div><div class=\"w-separator size_medium\"><\/div><div class=\"g-cols wpb_row via_grid cols_2 laptops-cols_inherit tablets-cols_inherit mobiles-cols_1 valign_top type_default reversed stacking_default\" style=\"--columns-gap:3rem;\"><div class=\"wpb_column vc_column_container\"><div class=\"vc_column-inner\"><div class=\"wpb_text_column\"><div class=\"wpb_wrapper\"><ol>\n<li><strong>PUERTA GRANDE:<\/strong> il luogo in cui i toreri sognano di essere portati in spalla dai migliori tifosi del mondo.<\/li>\n<li><strong>LA TERRAZZA: <\/strong>scoprirai i dettagli architettonici della piazza.<\/li>\n<li><strong>TORO BRAVO:<\/strong> il re della fiesta, \u00e8 allevato in condizioni eccezionali, in mezzo alla natura.<\/li>\n<li><strong>TENDIDOS Y PALCO: <\/strong>una visita panoramica dai tendidos per capire lo sviluppo di una corrida.<\/li>\n<li><strong>PUERTA DE ARRASTRE:<\/strong> la porta che il toro attraversa dopo la sua eroica morte tra gli applausi del pubblico.<\/li>\n<li><strong>RUEDO:<\/strong> Dove avviene la cosa pi\u00f9 importante, il luogo in cui il toro e il torero si affrontano.<\/li>\n<li><strong>PORTA TORILES:<\/strong> dall&#8217;oscurit\u00e0 di uno spazio ristretto, il toro esce per affrontare il suo destino.<\/li>\n<li><b>PORTA DELLE QUADRILLAS E DEL PASE\u00cdLLO:<\/b> in questa porta i toreri aspettano il pase\u00edllo tra nervi e paure, un luogo dove l&#8217;emozione \u00e8 al massimo.<\/li>\n<li><strong>NURSERY:<\/strong> il luogo che nessun torero vorrebbe visitare, ma che tutti finiscono per visitare.<\/li>\n<li><strong>CAPPELLA:<\/strong> un luogo di culto religioso per l&#8217;intimit\u00e0 dei toreri.<\/li>\n<li><strong>IL MUSEO DEL TORO DI MADRID: <\/strong>la sua struttura \u00e8 stata progettata per mettere in risalto i tori e i toreri<strong>. <\/strong><\/li>\n<\/ol>\n<p>*Il percorso pu\u00f2 essere modificato a causa di lavori di manutenzione o altri impedimenti.<\/p>\n<\/div><\/div><\/div><\/div><div class=\"wpb_column vc_column_container\"><div class=\"vc_column-inner\"><div class=\"w-image align_none\"><div class=\"w-image-h\"><img decoding=\"async\" width=\"922\" height=\"1024\" src=\"https:\/\/lasventastour.com\/wp-content\/uploads\/2024\/08\/Recorrido-tour-plaza-toros-madrid.webp\" class=\"attachment-large size-large\" alt=\"Cosa vedere nell&#039;arena di Madrid\" loading=\"lazy\" srcset=\"https:\/\/lasventastour.com\/wp-content\/uploads\/2024\/08\/Recorrido-tour-plaza-toros-madrid.webp 922w, https:\/\/lasventastour.com\/wp-content\/uploads\/2024\/08\/Recorrido-tour-plaza-toros-madrid-600x666.webp 600w, https:\/\/lasventastour.com\/wp-content\/uploads\/2024\/08\/Recorrido-tour-plaza-toros-madrid-270x300.webp 270w\" sizes=\"auto, (max-width: 922px) 100vw, 922px\" \/><\/div><\/div><\/div><\/div><\/div><\/div><\/div><\/div><\/div><\/section><section class=\"l-section wpb_row height_medium\"><div class=\"l-section-h i-cf\"><div class=\"g-cols vc_row via_grid cols_1 laptops-cols_inherit tablets-cols_inherit mobiles-cols_1 valign_top type_default stacking_default\"><div class=\"wpb_column vc_column_container\"><div class=\"vc_column-inner\"><div class=\"w-grid us_carousel type_carousel layout_galleria_default preload_style_spinner items_4\" id=\"us_grid_1\" style=\"--items:4;--gap:5px;\"><style>.layout_galleria_default .w-grid-item-h{}.layout_galleria_default .usg_post_image_1{margin-bottom:0.5rem!important}.layout_galleria_default .usg_post_title_1{font-size:1rem!important}<\/style><div class=\"w-grid-list owl-carousel valign_stretch dotstyle_circle navstyle_circle arrows-ver-pos_middle arrows-hor-pos_on_sides_outside arrows-disabled_hide owl-responsive-2000 with_arrows\" style=\"--transition-duration:350ms;--arrows-size:1.5rem;--arrows-hor-offset:calc(0px + 5px);--arrows-gap:10px;\">\t<article class=\"w-grid-item post-1076 attachment type-attachment status-inherit hentry\" data-id=\"1076\">\r\n\t\t<div class=\"w-grid-item-h\">\r\n\t\t\t\t\t\t<div class=\"w-post-elm post_image usg_post_image_1 stretched\"><a href=\"https:\/\/lasventastour.com\/it\/feria-taurina-madrid-2\/\" aria-label=\"fiera della corrida di madrid\"><img loading=\"lazy\" decoding=\"async\" width=\"750\" height=\"500\" src=\"https:\/\/lasventastour.com\/wp-content\/uploads\/2023\/11\/feria-taurina-madrid.webp\" class=\"attachment-large size-large\" alt=\"evento corrida madrid\" srcset=\"https:\/\/lasventastour.com\/wp-content\/uploads\/2023\/11\/feria-taurina-madrid.webp 750w, https:\/\/lasventastour.com\/wp-content\/uploads\/2023\/11\/feria-taurina-madrid-600x400.webp 600w, https:\/\/lasventastour.com\/wp-content\/uploads\/2023\/11\/feria-taurina-madrid-300x200.webp 300w\" sizes=\"auto, (max-width: 750px) 100vw, 750px\" \/><\/a><\/div><h2 class=\"w-post-elm post_title usg_post_title_1 entry-title color_link_inherit\"><a href=\"https:\/\/lasventastour.com\/it\/feria-taurina-madrid-2\/\">fiera della corrida di madrid<\/a><\/h2>\t\t<\/div>\r\n\t\t\t<\/article>\r\n\t<article class=\"w-grid-item post-1068 attachment type-attachment status-inherit hentry\" data-id=\"1068\">\r\n\t\t<div class=\"w-grid-item-h\">\r\n\t\t\t\t\t\t<div class=\"w-post-elm post_image usg_post_image_1 stretched\"><a href=\"https:\/\/lasventastour.com\/it\/ruedo-plaza-toros-2\/\" aria-label=\"anello dell&#8217;arena\"><img loading=\"lazy\" decoding=\"async\" width=\"750\" height=\"500\" src=\"https:\/\/lasventastour.com\/wp-content\/uploads\/2023\/11\/ruedo-plaza-toros.webp\" class=\"attachment-large size-large\" alt=\"arena delle vendite di madrid\" srcset=\"https:\/\/lasventastour.com\/wp-content\/uploads\/2023\/11\/ruedo-plaza-toros.webp 750w, https:\/\/lasventastour.com\/wp-content\/uploads\/2023\/11\/ruedo-plaza-toros-600x400.webp 600w, https:\/\/lasventastour.com\/wp-content\/uploads\/2023\/11\/ruedo-plaza-toros-300x200.webp 300w\" sizes=\"auto, (max-width: 750px) 100vw, 750px\" \/><\/a><\/div><h2 class=\"w-post-elm post_title usg_post_title_1 entry-title color_link_inherit\"><a href=\"https:\/\/lasventastour.com\/it\/ruedo-plaza-toros-2\/\">anello dell&#8217;arena<\/a><\/h2>\t\t<\/div>\r\n\t\t\t<\/article>\r\n\t<article class=\"w-grid-item post-1028 attachment type-attachment status-inherit hentry\" data-id=\"1028\">\r\n\t\t<div class=\"w-grid-item-h\">\r\n\t\t\t\t\t\t<div class=\"w-post-elm post_image usg_post_image_1 stretched\"><a href=\"https:\/\/lasventastour.com\/it\/visitas-a-las-ventas-2\/\" aria-label=\"visite all&#8217;arena\"><img loading=\"lazy\" decoding=\"async\" width=\"750\" height=\"500\" src=\"https:\/\/lasventastour.com\/wp-content\/uploads\/2023\/11\/visitas-a-las-ventas.webp\" class=\"attachment-large size-large\" alt=\"Cosa vedere nel tour dell&#039;arena di Madrid\" srcset=\"https:\/\/lasventastour.com\/wp-content\/uploads\/2023\/11\/visitas-a-las-ventas.webp 750w, https:\/\/lasventastour.com\/wp-content\/uploads\/2023\/11\/visitas-a-las-ventas-600x400.webp 600w, https:\/\/lasventastour.com\/wp-content\/uploads\/2023\/11\/visitas-a-las-ventas-300x200.webp 300w\" sizes=\"auto, (max-width: 750px) 100vw, 750px\" \/><\/a><\/div><h2 class=\"w-post-elm post_title usg_post_title_1 entry-title color_link_inherit\"><a href=\"https:\/\/lasventastour.com\/it\/visitas-a-las-ventas-2\/\">visite all&#8217;arena<\/a><\/h2>\t\t<\/div>\r\n\t\t\t<\/article>\r\n\t<article class=\"w-grid-item post-1100 attachment type-attachment status-inherit hentry\" data-id=\"1100\">\r\n\t\t<div class=\"w-grid-item-h\">\r\n\t\t\t\t\t\t<div class=\"w-post-elm post_image usg_post_image_1 stretched\"><a href=\"https:\/\/lasventastour.com\/it\/foto-grande-lvt-750x500-15-2\/\" aria-label=\"Foto grande LVT 750&#215;500 (15)\"><img loading=\"lazy\" decoding=\"async\" width=\"750\" height=\"500\" src=\"https:\/\/lasventastour.com\/wp-content\/uploads\/2023\/11\/Foto-grande-LVT-750x500-15.png\" class=\"attachment-large size-large\" alt=\"visitare l&#039;arena di madrid\" srcset=\"https:\/\/lasventastour.com\/wp-content\/uploads\/2023\/11\/Foto-grande-LVT-750x500-15.png 750w, https:\/\/lasventastour.com\/wp-content\/uploads\/2023\/11\/Foto-grande-LVT-750x500-15-600x400.png 600w, https:\/\/lasventastour.com\/wp-content\/uploads\/2023\/11\/Foto-grande-LVT-750x500-15-300x200.png 300w\" sizes=\"auto, (max-width: 750px) 100vw, 750px\" \/><\/a><\/div><h2 class=\"w-post-elm post_title usg_post_title_1 entry-title color_link_inherit\"><a href=\"https:\/\/lasventastour.com\/it\/foto-grande-lvt-750x500-15-2\/\">Foto grande LVT 750&#215;500 (15)<\/a><\/h2>\t\t<\/div>\r\n\t\t\t<\/article>\r\n\t<article class=\"w-grid-item post-1084 attachment type-attachment status-inherit hentry\" data-id=\"1084\">\r\n\t\t<div class=\"w-grid-item-h\">\r\n\t\t\t\t\t\t<div class=\"w-post-elm post_image usg_post_image_1 stretched\"><a href=\"https:\/\/lasventastour.com\/it\/puerta-grande-plaza-toros-2\/\" aria-label=\"arena della grande porta\"><img loading=\"lazy\" decoding=\"async\" width=\"750\" height=\"500\" src=\"https:\/\/lasventastour.com\/wp-content\/uploads\/2023\/11\/puerta-grande-plaza-toros.webp\" class=\"attachment-large size-large\" alt=\"grandi vendite di porte\" srcset=\"https:\/\/lasventastour.com\/wp-content\/uploads\/2023\/11\/puerta-grande-plaza-toros.webp 750w, https:\/\/lasventastour.com\/wp-content\/uploads\/2023\/11\/puerta-grande-plaza-toros-600x400.webp 600w, https:\/\/lasventastour.com\/wp-content\/uploads\/2023\/11\/puerta-grande-plaza-toros-300x200.webp 300w\" sizes=\"auto, (max-width: 750px) 100vw, 750px\" \/><\/a><\/div><h2 class=\"w-post-elm post_title usg_post_title_1 entry-title color_link_inherit\"><a href=\"https:\/\/lasventastour.com\/it\/puerta-grande-plaza-toros-2\/\">arena della grande porta<\/a><\/h2>\t\t<\/div>\r\n\t\t\t<\/article>\r\n\t<article class=\"w-grid-item post-1052 attachment type-attachment status-inherit hentry\" data-id=\"1052\">\r\n\t\t<div class=\"w-grid-item-h\">\r\n\t\t\t\t\t\t<div class=\"w-post-elm post_image usg_post_image_1 stretched\"><a href=\"https:\/\/lasventastour.com\/it\/museo-plaza-toros-madrid-2-2\/\" aria-label=\"museo dell&#8217;arena di madrid\"><img loading=\"lazy\" decoding=\"async\" width=\"750\" height=\"500\" src=\"https:\/\/lasventastour.com\/wp-content\/uploads\/2023\/11\/museo-plaza-toros-madrid.webp\" class=\"attachment-large size-large\" alt=\"museo della corrida madrid\" srcset=\"https:\/\/lasventastour.com\/wp-content\/uploads\/2023\/11\/museo-plaza-toros-madrid.webp 750w, https:\/\/lasventastour.com\/wp-content\/uploads\/2023\/11\/museo-plaza-toros-madrid-600x400.webp 600w, https:\/\/lasventastour.com\/wp-content\/uploads\/2023\/11\/museo-plaza-toros-madrid-300x200.webp 300w\" sizes=\"auto, (max-width: 750px) 100vw, 750px\" \/><\/a><\/div><h2 class=\"w-post-elm post_title usg_post_title_1 entry-title color_link_inherit\"><a href=\"https:\/\/lasventastour.com\/it\/museo-plaza-toros-madrid-2-2\/\">museo dell&#8217;arena di madrid<\/a><\/h2>\t\t<\/div>\r\n\t\t\t<\/article>\r\n\t<article class=\"w-grid-item post-1092 attachment type-attachment status-inherit hentry\" data-id=\"1092\">\r\n\t\t<div class=\"w-grid-item-h\">\r\n\t\t\t\t\t\t<div class=\"w-post-elm post_image usg_post_image_1 stretched\"><a href=\"https:\/\/lasventastour.com\/it\/evento-taurino-las-ventas-2\/\" aria-label=\"Vendite di eventi di corrida\"><img loading=\"lazy\" decoding=\"async\" width=\"750\" height=\"500\" src=\"https:\/\/lasventastour.com\/wp-content\/uploads\/2023\/11\/Evento-taurino-las-ventas.webp\" class=\"attachment-large size-large\" alt=\"Corrida Madrid\" srcset=\"https:\/\/lasventastour.com\/wp-content\/uploads\/2023\/11\/Evento-taurino-las-ventas.webp 750w, https:\/\/lasventastour.com\/wp-content\/uploads\/2023\/11\/Evento-taurino-las-ventas-600x400.webp 600w, https:\/\/lasventastour.com\/wp-content\/uploads\/2023\/11\/Evento-taurino-las-ventas-300x200.webp 300w\" sizes=\"auto, (max-width: 750px) 100vw, 750px\" \/><\/a><\/div><h2 class=\"w-post-elm post_title usg_post_title_1 entry-title color_link_inherit\"><a href=\"https:\/\/lasventastour.com\/it\/evento-taurino-las-ventas-2\/\">Vendite di eventi di corrida<\/a><\/h2>\t\t<\/div>\r\n\t\t\t<\/article>\r\n<\/div><div class=\"w-grid-carousel-json hidden\" onclick='return {&quot;carousel_settings&quot;:{&quot;aria_labels&quot;:{&quot;prev&quot;:&quot;Precedente&quot;,&quot;next&quot;:&quot;Prossimo&quot;},&quot;autoplayContinual&quot;:false,&quot;autoplayHoverPause&quot;:false,&quot;autoplayTimeout&quot;:3000,&quot;autoWidth&quot;:false,&quot;smartSpeed&quot;:350,&quot;margin&quot;:0,&quot;mouseDrag&quot;:true,&quot;rtl&quot;:false,&quot;slideBy&quot;:&quot;1&quot;,&quot;touchDrag&quot;:true,&quot;slideTransition&quot;:&quot;&quot;,&quot;responsive&quot;:{&quot;0&quot;:{&quot;autoHeight&quot;:false,&quot;autoplay&quot;:true,&quot;autoWidth&quot;:false,&quot;center&quot;:false,&quot;dots&quot;:false,&quot;items&quot;:1,&quot;loop&quot;:true,&quot;nav&quot;:false,&quot;stagePadding&quot;:0,&quot;slideBy&quot;:&quot;1&quot;},&quot;601&quot;:{&quot;autoHeight&quot;:false,&quot;autoplay&quot;:true,&quot;autoWidth&quot;:false,&quot;center&quot;:false,&quot;dots&quot;:false,&quot;items&quot;:2,&quot;loop&quot;:true,&quot;nav&quot;:true,&quot;stagePadding&quot;:0,&quot;slideBy&quot;:&quot;1&quot;},&quot;1025&quot;:{&quot;autoHeight&quot;:false,&quot;autoplay&quot;:true,&quot;autoWidth&quot;:false,&quot;center&quot;:false,&quot;dots&quot;:false,&quot;items&quot;:3,&quot;loop&quot;:true,&quot;nav&quot;:true,&quot;stagePadding&quot;:0,&quot;slideBy&quot;:&quot;1&quot;},&quot;1381&quot;:{&quot;items&quot;:4,&quot;autoplay&quot;:false,&quot;center&quot;:false,&quot;dots&quot;:false,&quot;nav&quot;:true,&quot;autoHeight&quot;:false,&quot;autoWidth&quot;:false,&quot;loop&quot;:true,&quot;stagePadding&quot;:0}}}}'><\/div><\/div><\/div><\/div><\/div><\/div><\/section><section class=\"l-section wpb_row height_medium\"><div class=\"l-section-h i-cf\"><div class=\"g-cols vc_row via_grid cols_1 laptops-cols_inherit tablets-cols_inherit mobiles-cols_1 valign_middle type_default stacking_default\"><div class=\"wpb_column vc_column_container\"><div class=\"vc_column-inner\"><div class=\"wpb_text_column\"><div class=\"wpb_wrapper\"><h2>Informazioni generali<\/h2>\n<ul>\n<li>Le visite all&#8217;arena di Las Ventas vengono effettuate con un&#8217;audioguida il cui noleggio \u00e8 incluso nel prezzo del biglietto.<\/li>\n<li><strong>Disponibile in 10 lingue:<\/strong> spagnolo, inglese, francese, italiano, portoghese, cinese, russo, tedesco, giapponese e coreano.<\/li>\n<li>Alla fine del tour dobbiamo restituire l&#8217;audioguida al Museo della Corrida.<\/li>\n<li>Le visite possono essere effettuate in qualsiasi momento, dall&#8217;apertura alla chiusura della biglietteria.  <a href=\"https:\/\/lasventastour.com\/it\/orario\/\">Consulta gli orari<\/a><\/li>\n<li>Dove? Puerta Grande de La Plaza de Toros de Las Ventas: <a href=\"https:\/\/maps.app.goo.gl\/yNc5bbgRqQHyKoia8\">Google Maps<\/a> <\/li>\n<li>In caso di eventi speciali, fiere, ecc. le visite saranno effettuate in gruppo e guidate. La biglietteria ne dar\u00e0 comunicazione preventiva. <\/li>\n<\/ul>\n<\/div><\/div><div class=\"w-separator size_medium\"><\/div><div class=\"w-btn-wrapper align_center\"><a class=\"w-btn us-btn-style_1\" target=\"_blank\" rel=\"nofollow\" href=\"https:\/\/tickets.lasventastour.com\/es\/426-web-individual\/2116-las-ventas-tour-experience-visita-con-audioguia\"><span class=\"w-btn-label\">Acquista i biglietti<\/span><\/a><\/div><\/div><\/div><\/div><\/div><\/section><section class=\"l-section wpb_row us_custom_04b5345d height_medium\"><div class=\"l-section-h i-cf\"><div class=\"g-cols vc_row via_grid cols_2 laptops-cols_inherit tablets-cols_inherit mobiles-cols_1 valign_top type_default stacking_default\"><div class=\"wpb_column vc_column_container\"><div class=\"vc_column-inner\"><div class=\"wpb_text_column\"><div class=\"wpb_wrapper\"><h2>Cerchi un&#8217;esperienza da VIP?<\/h2>\n<p>Se la visita individuale all&#8217;arena non ti convince, allora stai cercando la visita VIP. Con questo biglietto avrai una guida privata che ti mostrer\u00e0 in dettaglio e in modo divertente le meraviglie nascoste di Las Ventas. <\/p>\n<p><strong>Vivi un&#8217;esperienza da corrida VIP.<\/strong><\/p>\n<\/div><\/div><div class=\"w-separator size_medium\"><\/div><div class=\"w-btn-wrapper align_none\"><a class=\"w-btn us-btn-style_1\" title=\"visita privada las ventas tour\" href=\"https:\/\/lasventastour.com\/it\/visite-guidate-private\/\"><span class=\"w-btn-label\">Per saperne di pi\u00f9<\/span><\/a><\/div><\/div><\/div><div class=\"wpb_column vc_column_container\"><div class=\"vc_column-inner\"><div class=\"w-image align_none\"><div class=\"w-image-h\"><img decoding=\"async\" width=\"640\" height=\"440\" src=\"https:\/\/lasventastour.com\/wp-content\/uploads\/2023\/09\/tour-visitas-privadas.jpg\" class=\"attachment-large size-large\" alt=\"visita guidata privata\" loading=\"lazy\" srcset=\"https:\/\/lasventastour.com\/wp-content\/uploads\/2023\/09\/tour-visitas-privadas.jpg 640w, https:\/\/lasventastour.com\/wp-content\/uploads\/2023\/09\/tour-visitas-privadas-600x413.jpg 600w, https:\/\/lasventastour.com\/wp-content\/uploads\/2023\/09\/tour-visitas-privadas-300x206.jpg 300w\" sizes=\"auto, (max-width: 640px) 100vw, 640px\" \/><\/div><\/div><\/div><\/div><\/div><\/div><\/section><section class=\"l-section wpb_row height_medium\"><div class=\"l-section-h i-cf\"><div class=\"g-cols vc_row via_grid cols_1 laptops-cols_inherit tablets-cols_inherit mobiles-cols_1 valign_middle type_default stacking_default\"><div class=\"wpb_column vc_column_container\"><div class=\"vc_column-inner\"><div class=\"wpb_text_column\"><div class=\"wpb_wrapper\"><h2 style=\"text-align: center;\" data-start=\"511\" data-end=\"597\">Domande frequenti &#8211; Visita audioguidata all&#8217;Arena di Las Ventas <span class=\"hover:entity-accent entity-underline inline cursor-pointer align-baseline\"><span class=\"whitespace-normal\">L&#8217;arena di Las Ventas<\/span><\/span><\/h2>\n<\/div><\/div><div class=\"w-separator size_medium\"><\/div><div class=\"w-tabs style_default switch_click accordion has_scrolling\" style=\"--sections-title-size:inherit\"><div class=\"w-tabs-sections titles-align_none icon_chevron cpos_right\"><div class=\"w-tabs-section\" id=\"d7e3\"><button class=\"w-tabs-section-header\" aria-controls=\"content-d7e3\" aria-expanded=\"false\"><div class=\"w-tabs-section-title\">In cosa consiste il tour audio-guidato della Plaza de Toros de Las Ventas?<\/div><div class=\"w-tabs-section-control\"><\/div><\/button><div  class=\"w-tabs-section-content\" id=\"content-d7e3\"><div class=\"w-tabs-section-content-h i-cf\"><div class=\"wpb_text_column\"><div class=\"wpb_wrapper\"><p data-start=\"676\" data-end=\"900\">La visita audio-guidata offre un tour gratuito della Plaza de Toros de Las Ventas e del Museo della Corrida, con spiegazioni chiare sulla storia, l&#8217;architettura e la tradizione, ideali per scoprire questo monumento al tuo ritmo.<\/p>\n<\/div><\/div><\/div><\/div><\/div><div class=\"w-tabs-section\" id=\"t972\"><button class=\"w-tabs-section-header\" aria-controls=\"content-t972\" aria-expanded=\"false\"><div class=\"w-tabs-section-title\">Cosa comprende il biglietto per il tour audio-guidato?<\/div><div class=\"w-tabs-section-control\"><\/div><\/button><div  class=\"w-tabs-section-content\" id=\"content-t972\"><div class=\"w-tabs-section-content-h i-cf\"><div class=\"wpb_text_column\"><div class=\"wpb_wrapper\"><p data-start=\"960\" data-end=\"979\">Il biglietto comprende:<\/p>\n<ul>\n<li data-start=\"982\" data-end=\"1024\">Accesso all&#8217;arena Plaza de Toros de Las Ventas<\/li>\n<li data-start=\"1027\" data-end=\"1052\">Accesso al Museo della Corrida<\/li>\n<li data-start=\"1055\" data-end=\"1112\">Un tour delle zone pi\u00f9 emblematiche della piazza<\/li>\n<li data-start=\"1115\" data-end=\"1171\">Audioguida (se selezionata nella modalit\u00e0 scelta)<\/li>\n<\/ul>\n<\/div><\/div><\/div><\/div><\/div><div class=\"w-tabs-section\" id=\"laa0\"><button class=\"w-tabs-section-header\" aria-controls=\"content-laa0\" aria-expanded=\"false\"><div class=\"w-tabs-section-title\">La visita \u00e8 guidata?<\/div><div class=\"w-tabs-section-control\"><\/div><\/button><div  class=\"w-tabs-section-content\" id=\"content-laa0\"><div class=\"w-tabs-section-content-h i-cf\"><div class=\"wpb_text_column\"><div class=\"wpb_wrapper\"><p>No. La visita individuale alla Plaza de Toros de Las Ventas \u00e8 un tour gratuito e autoguidato che include l&#8217;accesso all&#8217;arena e al Museo della Corrida, senza guida.<\/p>\n<\/div><\/div><\/div><\/div><\/div><div class=\"w-tabs-section\" id=\"kbd2\"><button class=\"w-tabs-section-header\" aria-controls=\"content-kbd2\" aria-expanded=\"false\"><div class=\"w-tabs-section-title\">Quanto dura il tour audio-guidato?<\/div><div class=\"w-tabs-section-control\"><\/div><\/button><div  class=\"w-tabs-section-content\" id=\"content-kbd2\"><div class=\"w-tabs-section-content-h i-cf\"><div class=\"wpb_text_column\"><div class=\"wpb_wrapper\"><p data-start=\"1451\" data-end=\"1601\">La durata media \u00e8 compresa tra <strong data-start=\"1481\" data-end=\"1504\">45 minuti e 1 ora<\/strong>, anche se puoi adattarla completamente al tuo ritmo e al tempo che desideri dedicare a ogni spazio.<\/p>\n<\/div><\/div><\/div><\/div><\/div><div class=\"w-tabs-section\" id=\"gd3e\"><button class=\"w-tabs-section-header\" aria-controls=\"content-gd3e\" aria-expanded=\"false\"><div class=\"w-tabs-section-title\">In quali lingue \u00e8 disponibile l&#039;audioguida?<\/div><div class=\"w-tabs-section-control\"><\/div><\/button><div  class=\"w-tabs-section-content\" id=\"content-gd3e\"><div class=\"w-tabs-section-content-h i-cf\"><div class=\"wpb_text_column\"><div class=\"wpb_wrapper\"><p data-start=\"2848\" data-end=\"3000\">L&#8217;audioguida \u00e8 disponibile in diverse lingue, ideale per i visitatori internazionali. Le lingue disponibili sono indicate durante il processo di prenotazione. <\/p>\n<ul>\n<li data-start=\"130\" data-end=\"144\">\ud83c\uddea\ud83c\uddf8 Inglese<\/li>\n<li data-start=\"147\" data-end=\"160\">\ud83c\uddec\ud83c\udde7 Inglese<\/li>\n<li data-start=\"163\" data-end=\"177\">\ud83c\uddeb\ud83c\uddf7 Francese<\/li>\n<li data-start=\"180\" data-end=\"195\">\ud83c\uddee\ud83c\uddf9 Italiano<\/li>\n<li data-start=\"198\" data-end=\"211\">\ud83c\udde9\ud83c\uddea Tedesco<\/li>\n<li data-start=\"214\" data-end=\"230\">\ud83c\uddf5\ud83c\uddf9 Portoghese<\/li>\n<li data-start=\"233\" data-end=\"245\">\ud83c\udde8\ud83c\uddf3 Cinese<\/li>\n<li data-start=\"248\" data-end=\"259\">\ud83c\uddf7\ud83c\uddfa Russo<\/li>\n<\/ul>\n<\/div><\/div><\/div><\/div><\/div><div class=\"w-tabs-section\" id=\"xe6c\"><button class=\"w-tabs-section-header\" aria-controls=\"content-xe6c\" aria-expanded=\"false\"><div class=\"w-tabs-section-title\">Devo prenotare in anticipo?<\/div><div class=\"w-tabs-section-control\"><\/div><\/button><div  class=\"w-tabs-section-content\" id=\"content-xe6c\"><div class=\"w-tabs-section-content-h i-cf\"><div class=\"wpb_text_column\"><div class=\"wpb_wrapper\"><p>Non \u00e8 necessario. Tuttavia, puoi sempre prenotare online in anticipo per garantire la disponibilit\u00e0, soprattutto nei fine settimana, nei giorni festivi e nell&#8217;alta stagione turistica di Madrid.<\/p>\n<\/div><\/div><\/div><\/div><\/div><div class=\"w-tabs-section\" id=\"qf99\"><button class=\"w-tabs-section-header\" aria-controls=\"content-qf99\" aria-expanded=\"false\"><div class=\"w-tabs-section-title\">Posso visitare l&#039;arena il giorno della corrida?<\/div><div class=\"w-tabs-section-control\"><\/div><\/button><div  class=\"w-tabs-section-content\" id=\"content-qf99\"><div class=\"w-tabs-section-content-h i-cf\"><div class=\"wpb_text_column\"><div class=\"wpb_wrapper\"><p data-start=\"1886\" data-end=\"2057\">Nei giorni di corsa, alcuni spazi potrebbero non essere disponibili o il percorso potrebbe essere modificato per motivi operativi.<\/p>\n<\/div><\/div><\/div><\/div><\/div><div class=\"w-tabs-section\" id=\"g187\"><button class=\"w-tabs-section-header\" aria-controls=\"content-g187\" aria-expanded=\"false\"><div class=\"w-tabs-section-title\">Quali aree vengono visitate durante il tour?<\/div><div class=\"w-tabs-section-control\"><\/div><\/button><div  class=\"w-tabs-section-content\" id=\"content-g187\"><div class=\"w-tabs-section-content-h i-cf\"><div class=\"wpb_text_column\"><div class=\"wpb_wrapper\"><p data-start=\"2112\" data-end=\"2192\">Durante la visita individuale potrai accedere, a seconda della disponibilit\u00e0, ad aree quali:<\/p>\n<ol>\n<li><strong>PUERTA GRANDE:<\/strong> il luogo in cui i toreri sognano di essere portati in spalla dai migliori tifosi del mondo.<\/li>\n<li><strong>LA TERRAZZA: <\/strong>scoprirai i dettagli architettonici della piazza.<\/li>\n<li><strong>TORO BRAVO:<\/strong> il re della fiesta, \u00e8 allevato in condizioni eccezionali, in mezzo alla natura.<\/li>\n<li><strong>TENDIDOS Y PALCO: <\/strong>una visita panoramica dai tendidos per capire lo sviluppo di una corrida.<\/li>\n<li><strong>PUERTA DE ARRASTRE:<\/strong> la porta che il toro attraversa dopo la sua eroica morte tra gli applausi del pubblico.<\/li>\n<li><strong>RUEDO:<\/strong> Dove avviene la cosa pi\u00f9 importante, il luogo in cui il toro e il torero si affrontano.<\/li>\n<li><strong>PORTA TORILES:<\/strong> dall&#8217;oscurit\u00e0 di uno spazio ristretto, il toro esce per affrontare il suo destino.<\/li>\n<li><b>PORTA DELLE QUADRILLAS E DEL PASE\u00cdLLO:<\/b> in questa porta i toreri aspettano il pase\u00edllo tra nervi e paure, un luogo dove l&#8217;emozione \u00e8 al massimo.<\/li>\n<li><strong>NURSERY:<\/strong> il luogo che nessun torero vorrebbe visitare, ma che tutti finiscono per visitare.<\/li>\n<li><strong>CAPPELLA:<\/strong> un luogo di culto religioso per l&#8217;intimit\u00e0 dei toreri.<\/li>\n<li><strong>IL MUSEO DEL TORO DI MADRID: <\/strong>la sua struttura \u00e8 stata progettata per mettere in risalto i tori e i toreri<strong>. <\/strong><\/li>\n<\/ol>\n<p>*Il percorso pu\u00f2 essere modificato a causa di lavori di manutenzione o altri impedimenti.<\/p>\n<\/div><\/div><\/div><\/div><\/div><div class=\"w-tabs-section\" id=\"g2a8\"><button class=\"w-tabs-section-header\" aria-controls=\"content-g2a8\" aria-expanded=\"false\"><div class=\"w-tabs-section-title\">La visita \u00e8 adatta ai bambini?<\/div><div class=\"w-tabs-section-control\"><\/div><\/button><div  class=\"w-tabs-section-content\" id=\"content-g2a8\"><div class=\"w-tabs-section-content-h i-cf\"><div class=\"wpb_text_column\"><div class=\"wpb_wrapper\"><p>S\u00ec, \u00e8 una visita culturale adatta a tutti. \u00c8 un modo educativo per conoscere la storia e l&#8217;architettura di uno dei monumenti pi\u00f9 importanti di Madrid.<\/p>\n<\/div><\/div><\/div><\/div><\/div><div class=\"w-tabs-section\" id=\"t3cf\"><button class=\"w-tabs-section-header\" aria-controls=\"content-t3cf\" aria-expanded=\"false\"><div class=\"w-tabs-section-title\">\u00c8 accessibile alle persone con mobilit\u00e0 ridotta?<\/div><div class=\"w-tabs-section-control\"><\/div><\/button><div  class=\"w-tabs-section-content\" id=\"content-t3cf\"><div class=\"w-tabs-section-content-h i-cf\"><div class=\"wpb_text_column\"><div class=\"wpb_wrapper\"><p data-start=\"2593\" data-end=\"2791\">Gran parte del tour \u00e8 accessibile, anche se a causa dell&#8217;architettura storica dell&#8217;edificio potrebbero esserci aree con accesso limitato. Per esigenze specifiche si consiglia di consultare preventivamente il sito. <\/p>\n<\/div><\/div><\/div><\/div><\/div><div class=\"w-tabs-section\" id=\"w523\"><button class=\"w-tabs-section-header\" aria-controls=\"content-w523\" aria-expanded=\"false\"><div class=\"w-tabs-section-title\">Posso scattare foto durante la visita?<\/div><div class=\"w-tabs-section-control\"><\/div><\/button><div  class=\"w-tabs-section-content\" id=\"content-w523\"><div class=\"w-tabs-section-content-h i-cf\"><div class=\"wpb_text_column\"><div class=\"wpb_wrapper\"><p data-start=\"3049\" data-end=\"3125\">S\u00ec, \u00e8 consentito scattare fotografie per uso personale durante il tour. Tuttavia, non \u00e8 consentito all&#8217;interno del Museo della Corrida. <\/p>\n<\/div><\/div><\/div><\/div><\/div><div class=\"w-tabs-section\" id=\"u659\"><button class=\"w-tabs-section-header\" aria-controls=\"content-u659\" aria-expanded=\"false\"><div class=\"w-tabs-section-title\">La visita pu\u00f2 essere cancellata o modificata?<\/div><div class=\"w-tabs-section-control\"><\/div><\/button><div  class=\"w-tabs-section-content\" id=\"content-u659\"><div class=\"w-tabs-section-content-h i-cf\"><div class=\"wpb_text_column\"><div class=\"wpb_wrapper\"><p data-start=\"3354\" data-end=\"3497\">Le condizioni di cancellazione o modifica dipendono dal tipo di biglietto acquistato. Queste informazioni sono riportate in dettaglio durante il processo di acquisto. <\/p>\n<\/div><\/div><\/div><\/div><\/div><div class=\"w-tabs-section\" id=\"f781\"><button class=\"w-tabs-section-header\" aria-controls=\"content-f781\" aria-expanded=\"false\"><div class=\"w-tabs-section-title\">Perch\u00e9 visitare la Plaza de Toros de Las Ventas?<\/div><div class=\"w-tabs-section-control\"><\/div><\/button><div  class=\"w-tabs-section-content\" id=\"content-f781\"><div class=\"w-tabs-section-content-h i-cf\"><div class=\"wpb_text_column\"><div class=\"wpb_wrapper\"><p data-start=\"3558\" data-end=\"3755\">Perch\u00e9 \u00e8 uno dei monumenti pi\u00f9 emblematici di Madrid, un simbolo della cultura e della tradizione spagnola e una visita essenziale per comprendere la storia della corrida e dell&#8217;architettura neomudejar.<\/p>\n<\/div><\/div><\/div><\/div><\/div><\/div><\/div><\/div><\/div><\/div><\/div><\/section>\n","protected":false},"excerpt":{"rendered":"","protected":false},"author":1,"featured_media":0,"parent":0,"menu_order":0,"comment_status":"closed","ping_status":"closed","template":"","meta":{"footnotes":""},"class_list":["post-2448","page","type-page","status-publish","hentry"],"yoast_head":"<!-- This site is optimized with the Yoast SEO plugin v27.4 - https:\/\/yoast.com\/product\/yoast-seo-wordpress\/ -->\n<title>\u25b7 Visita con audioguida | Tour Plaza de Toros Las Ventas Madrid<\/title>\n<meta name=\"description\" content=\"Visita con audioguida all&#039;arena Las Ventas di Madrid: Tour + Museo + Audioguida + Esperienze virtuali [Incluso nel biglietto].\" \/>\n<meta name=\"robots\" content=\"index, follow, max-snippet:-1, max-image-preview:large, max-video-preview:-1\" \/>\n<link rel=\"canonical\" href=\"https:\/\/lasventastour.com\/it\/visita-individuale\/\" \/>\n<meta property=\"og:locale\" content=\"it_IT\" \/>\n<meta property=\"og:type\" content=\"article\" \/>\n<meta property=\"og:title\" content=\"\u25b7 Visita con audioguida | Tour Plaza de Toros Las Ventas Madrid\" \/>\n<meta property=\"og:description\" content=\"Visita con audioguida all&#039;arena Las Ventas di Madrid: Tour + Museo + Audioguida + Esperienze virtuali [Incluso nel biglietto].\" \/>\n<meta property=\"og:url\" content=\"https:\/\/lasventastour.com\/it\/visita-individuale\/\" \/>\n<meta property=\"og:site_name\" content=\"Las Ventas Tour\" \/>\n<meta property=\"article:modified_time\" content=\"2026-02-16T15:03:10+00:00\" \/>\n<meta property=\"og:image\" content=\"https:\/\/lasventastour.com\/wp-content\/uploads\/2023\/12\/paseillo-en-las-ventas.webp\" \/>\n\t<meta property=\"og:image:width\" content=\"511\" \/>\n\t<meta property=\"og:image:height\" content=\"280\" \/>\n\t<meta property=\"og:image:type\" content=\"image\/webp\" \/>\n<meta name=\"twitter:card\" content=\"summary_large_image\" \/>\n<meta name=\"twitter:label1\" content=\"Tempo di lettura stimato\" \/>\n\t<meta name=\"twitter:data1\" content=\"4 minuti\" \/>\n<script type=\"application\/ld+json\" class=\"yoast-schema-graph\">{\"@context\":\"https:\\\/\\\/schema.org\",\"@graph\":[{\"@type\":\"WebPage\",\"@id\":\"https:\\\/\\\/lasventastour.com\\\/it\\\/visita-individuale\\\/\",\"url\":\"https:\\\/\\\/lasventastour.com\\\/it\\\/visita-individuale\\\/\",\"name\":\"\u25b7 Visita con audioguida | Tour Plaza de Toros Las Ventas Madrid\",\"isPartOf\":{\"@id\":\"https:\\\/\\\/lasventastour.com\\\/it\\\/#website\"},\"datePublished\":\"2023-09-28T11:31:33+00:00\",\"dateModified\":\"2026-02-16T15:03:10+00:00\",\"description\":\"Visita con audioguida all'arena Las Ventas di Madrid: Tour + Museo + Audioguida + Esperienze virtuali [Incluso nel biglietto].\",\"breadcrumb\":{\"@id\":\"https:\\\/\\\/lasventastour.com\\\/it\\\/visita-individuale\\\/#breadcrumb\"},\"inLanguage\":\"it-IT\",\"potentialAction\":[{\"@type\":\"ReadAction\",\"target\":[\"https:\\\/\\\/lasventastour.com\\\/it\\\/visita-individuale\\\/\"]}]},{\"@type\":\"BreadcrumbList\",\"@id\":\"https:\\\/\\\/lasventastour.com\\\/it\\\/visita-individuale\\\/#breadcrumb\",\"itemListElement\":[{\"@type\":\"ListItem\",\"position\":1,\"name\":\"Portada\",\"item\":\"https:\\\/\\\/lasventastour.com\\\/it\\\/\"},{\"@type\":\"ListItem\",\"position\":2,\"name\":\"Tour audioguidato\"}]},{\"@type\":\"WebSite\",\"@id\":\"https:\\\/\\\/lasventastour.com\\\/it\\\/#website\",\"url\":\"https:\\\/\\\/lasventastour.com\\\/it\\\/\",\"name\":\"Las Ventas Tour\",\"description\":\"Tour Las Ventas | Plaza de Toros de Madrid | Web Oficial\",\"publisher\":{\"@id\":\"https:\\\/\\\/lasventastour.com\\\/it\\\/#organization\"},\"alternateName\":\"Las Ventas Tour\",\"potentialAction\":[{\"@type\":\"SearchAction\",\"target\":{\"@type\":\"EntryPoint\",\"urlTemplate\":\"https:\\\/\\\/lasventastour.com\\\/it\\\/?s={search_term_string}\"},\"query-input\":{\"@type\":\"PropertyValueSpecification\",\"valueRequired\":true,\"valueName\":\"search_term_string\"}}],\"inLanguage\":\"it-IT\"},{\"@type\":\"Organization\",\"@id\":\"https:\\\/\\\/lasventastour.com\\\/it\\\/#organization\",\"name\":\"Las Ventas Tour\",\"alternateName\":\"Las Ventas Tour\",\"url\":\"https:\\\/\\\/lasventastour.com\\\/it\\\/\",\"logo\":{\"@type\":\"ImageObject\",\"inLanguage\":\"it-IT\",\"@id\":\"https:\\\/\\\/lasventastour.com\\\/it\\\/#\\\/schema\\\/logo\\\/image\\\/\",\"url\":\"https:\\\/\\\/lasventastour.com\\\/wp-content\\\/uploads\\\/2024\\\/09\\\/cropped-Logo-Las-Ventas-1.webp\",\"contentUrl\":\"https:\\\/\\\/lasventastour.com\\\/wp-content\\\/uploads\\\/2024\\\/09\\\/cropped-Logo-Las-Ventas-1.webp\",\"width\":512,\"height\":512,\"caption\":\"Las Ventas Tour\"},\"image\":{\"@id\":\"https:\\\/\\\/lasventastour.com\\\/it\\\/#\\\/schema\\\/logo\\\/image\\\/\"},\"sameAs\":[\"https:\\\/\\\/www.instagram.com\\\/lasventastour\\\/\"]}]}<\/script>\n<!-- \/ Yoast SEO plugin. -->","yoast_head_json":{"title":"\u25b7 Visita con audioguida | Tour Plaza de Toros Las Ventas Madrid","description":"Visita con audioguida all'arena Las Ventas di Madrid: Tour + Museo + Audioguida + Esperienze virtuali [Incluso nel biglietto].","robots":{"index":"index","follow":"follow","max-snippet":"max-snippet:-1","max-image-preview":"max-image-preview:large","max-video-preview":"max-video-preview:-1"},"canonical":"https:\/\/lasventastour.com\/it\/visita-individuale\/","og_locale":"it_IT","og_type":"article","og_title":"\u25b7 Visita con audioguida | Tour Plaza de Toros Las Ventas Madrid","og_description":"Visita con audioguida all'arena Las Ventas di Madrid: Tour + Museo + Audioguida + Esperienze virtuali [Incluso nel biglietto].","og_url":"https:\/\/lasventastour.com\/it\/visita-individuale\/","og_site_name":"Las Ventas Tour","article_modified_time":"2026-02-16T15:03:10+00:00","og_image":[{"width":511,"height":280,"url":"https:\/\/lasventastour.com\/wp-content\/uploads\/2023\/12\/paseillo-en-las-ventas.webp","type":"image\/webp"}],"twitter_card":"summary_large_image","twitter_misc":{"Tempo di lettura stimato":"4 minuti"},"schema":{"@context":"https:\/\/schema.org","@graph":[{"@type":"WebPage","@id":"https:\/\/lasventastour.com\/it\/visita-individuale\/","url":"https:\/\/lasventastour.com\/it\/visita-individuale\/","name":"\u25b7 Visita con audioguida | Tour Plaza de Toros Las Ventas Madrid","isPartOf":{"@id":"https:\/\/lasventastour.com\/it\/#website"},"datePublished":"2023-09-28T11:31:33+00:00","dateModified":"2026-02-16T15:03:10+00:00","description":"Visita con audioguida all'arena Las Ventas di Madrid: Tour + Museo + Audioguida + Esperienze virtuali [Incluso nel biglietto].","breadcrumb":{"@id":"https:\/\/lasventastour.com\/it\/visita-individuale\/#breadcrumb"},"inLanguage":"it-IT","potentialAction":[{"@type":"ReadAction","target":["https:\/\/lasventastour.com\/it\/visita-individuale\/"]}]},{"@type":"BreadcrumbList","@id":"https:\/\/lasventastour.com\/it\/visita-individuale\/#breadcrumb","itemListElement":[{"@type":"ListItem","position":1,"name":"Portada","item":"https:\/\/lasventastour.com\/it\/"},{"@type":"ListItem","position":2,"name":"Tour audioguidato"}]},{"@type":"WebSite","@id":"https:\/\/lasventastour.com\/it\/#website","url":"https:\/\/lasventastour.com\/it\/","name":"Las Ventas Tour","description":"Tour Las Ventas | Plaza de Toros de Madrid | Web Oficial","publisher":{"@id":"https:\/\/lasventastour.com\/it\/#organization"},"alternateName":"Las Ventas Tour","potentialAction":[{"@type":"SearchAction","target":{"@type":"EntryPoint","urlTemplate":"https:\/\/lasventastour.com\/it\/?s={search_term_string}"},"query-input":{"@type":"PropertyValueSpecification","valueRequired":true,"valueName":"search_term_string"}}],"inLanguage":"it-IT"},{"@type":"Organization","@id":"https:\/\/lasventastour.com\/it\/#organization","name":"Las Ventas Tour","alternateName":"Las Ventas Tour","url":"https:\/\/lasventastour.com\/it\/","logo":{"@type":"ImageObject","inLanguage":"it-IT","@id":"https:\/\/lasventastour.com\/it\/#\/schema\/logo\/image\/","url":"https:\/\/lasventastour.com\/wp-content\/uploads\/2024\/09\/cropped-Logo-Las-Ventas-1.webp","contentUrl":"https:\/\/lasventastour.com\/wp-content\/uploads\/2024\/09\/cropped-Logo-Las-Ventas-1.webp","width":512,"height":512,"caption":"Las Ventas Tour"},"image":{"@id":"https:\/\/lasventastour.com\/it\/#\/schema\/logo\/image\/"},"sameAs":["https:\/\/www.instagram.com\/lasventastour\/"]}]}},"_links":{"self":[{"href":"https:\/\/lasventastour.com\/it\/wp-json\/wp\/v2\/pages\/2448","targetHints":{"allow":["GET"]}}],"collection":[{"href":"https:\/\/lasventastour.com\/it\/wp-json\/wp\/v2\/pages"}],"about":[{"href":"https:\/\/lasventastour.com\/it\/wp-json\/wp\/v2\/types\/page"}],"author":[{"embeddable":true,"href":"https:\/\/lasventastour.com\/it\/wp-json\/wp\/v2\/users\/1"}],"replies":[{"embeddable":true,"href":"https:\/\/lasventastour.com\/it\/wp-json\/wp\/v2\/comments?post=2448"}],"version-history":[{"count":20,"href":"https:\/\/lasventastour.com\/it\/wp-json\/wp\/v2\/pages\/2448\/revisions"}],"predecessor-version":[{"id":6252,"href":"https:\/\/lasventastour.com\/it\/wp-json\/wp\/v2\/pages\/2448\/revisions\/6252"}],"wp:attachment":[{"href":"https:\/\/lasventastour.com\/it\/wp-json\/wp\/v2\/media?parent=2448"}],"curies":[{"name":"wp","href":"https:\/\/api.w.org\/{rel}","templated":true}]}}