{"id":2406,"date":"2023-09-28T12:13:19","date_gmt":"2023-09-28T12:13:19","guid":{"rendered":"https:\/\/lasventastour.com\/visita-guidata-per-gruppi\/"},"modified":"2026-04-28T11:01:33","modified_gmt":"2026-04-28T11:01:33","slug":"gruppi-di-visite-guidate","status":"publish","type":"page","link":"https:\/\/lasventastour.com\/it\/gruppi-di-visite-guidate\/","title":{"rendered":"Visita per gruppi e centri educativi"},"content":{"rendered":"<section class=\"l-section wpb_row us_custom_f9d0b101 height_auto color_primary with_img parallax_ver parallaxdir_reversed\"><div class=\"l-section-img\" role=\"img\" aria-label=\"Tour privati per gruppi\" data-img-width=\"1200\" data-img-height=\"900\" style=\"background-image: url(https:\/\/lasventastour.com\/wp-content\/uploads\/2023\/11\/visitas-grupales-las-ventas-tour.webp);\"><\/div><div class=\"l-section-overlay\" style=\"background:linear-gradient(90deg,#1b122f,rgba(54,54,54,0.00))\"><\/div><div class=\"l-section-h i-cf\"><div class=\"g-cols vc_row via_grid cols_1 laptops-cols_inherit tablets-cols_inherit mobiles-cols_1 valign_middle type_default stacking_default\" style=\"--columns-gap:0rem;\"><div class=\"wpb_column vc_column_container\"><div class=\"vc_column-inner\"><div class=\"w-separator size_medium\"><\/div><h1 class=\"w-text us_custom_51aa7753 us_animate_this\"><span class=\"w-text-h\"><span class=\"w-text-value\">Visite per gruppi e centri educativi<\/span><\/span><\/h1><div class=\"w-separator size_small\"><\/div><div class=\"w-text us_custom_444d1fbc us_animate_this\"><span class=\"w-text-h\"><span class=\"w-text-value\">Tour d&#039;ingresso + Museo + Guida privata<\/span><\/span><\/div><div class=\"w-separator size_large\"><\/div><div class=\"w-hwrapper valign_top align_none\" style=\"--hwrapper-gap:1.2rem\"><div class=\"w-btn-wrapper align_none\"><a class=\"w-btn us-btn-style_1\" target=\"_blank\" rel=\"nofollow\" href=\"https:\/\/tickets.lasventastour.com\/es\/439-web-grupos\/2135-visita-grupos-guiada\"><span class=\"w-btn-label\">Visita del gruppo di lettura<\/span><\/a><\/div><\/div><div class=\"w-separator size_large\"><\/div><\/div><\/div><\/div><\/div><\/section><section class=\"l-section wpb_row height_medium\"><div class=\"l-section-h i-cf\"><div class=\"g-cols vc_row via_grid cols_1 laptops-cols_inherit tablets-cols_inherit mobiles-cols_1 valign_top type_default stacking_default\"><div class=\"wpb_column vc_column_container\"><div class=\"vc_column-inner\"><div class=\"wpb_text_column\"><div class=\"wpb_wrapper\"><h2 style=\"text-align: center;\">Incluso nella tua visita di gruppo all&#8217;arena Las Ventas di Madrid<\/h2>\n<p>Le visite per gruppi e centri educativi sono progettate con <strong>un approccio culturale e pedagogico, adattato a diverse et\u00e0 e profili<\/strong>, rendendo Las Ventas un&#8217;esperienza educativa all&#8217;interno dell&#8217;offerta culturale e di svago di Madrid.<\/p>\n<\/div><\/div><div class=\"w-separator size_large\"><\/div><div class=\"g-cols wpb_row via_grid cols_3 laptops-cols_inherit tablets-cols_inherit mobiles-cols_1 valign_top type_default stacking_default\" style=\"--columns-gap:3rem;\"><div class=\"wpb_column vc_column_container\"><div class=\"vc_column-inner\"><div class=\"w-iconbox iconpos_left style_outlined color_primary align_left\"><div class=\"w-iconbox-icon\" style=\"font-size:2rem;\"><i class=\"fad fa-person-sign\"><\/i><\/div><div class=\"w-iconbox-meta\"><h3 class=\"w-iconbox-title\">Guida privata<\/h3><div class=\"w-iconbox-text\"><p>Una delle nostre guide ti spiegher\u00e0 tutti i segreti della piazza e risponder\u00e0 a tutte le tue domande.<\/p>\n<\/div><\/div><\/div><\/div><\/div><div class=\"wpb_column vc_column_container\"><div class=\"vc_column-inner\"><div class=\"w-iconbox iconpos_left style_outlined color_primary align_left\"><div class=\"w-iconbox-icon\" style=\"font-size:2rem;\"><i class=\"fad fa-star\"><\/i><\/div><div class=\"w-iconbox-meta\"><h3 class=\"w-iconbox-title\">Esperienza VIP<\/h3><div class=\"w-iconbox-text\"><p>Con una guida, ti mostreremo i luoghi migliori, le lezioni di corrida, le curiosit\u00e0 nascoste dell&#8217;arena e molto altro ancora.<\/p>\n<\/div><\/div><\/div><\/div><\/div><div class=\"wpb_column vc_column_container\"><div class=\"vc_column-inner\"><div class=\"w-iconbox iconpos_left style_outlined color_primary align_left\"><div class=\"w-iconbox-icon\" style=\"font-size:2rem;\"><i class=\"fad fa-landmark\"><\/i><\/div><div class=\"w-iconbox-meta\"><h3 class=\"w-iconbox-title\">Museo della Corrida<\/h3><div class=\"w-iconbox-text\"><p>Ti spiegheremo in modo divertente le opere di tauromachia che abbiamo nel museo della tauromachia in modo che tu possa capire cosa stai vedendo.<\/p>\n<\/div><\/div><\/div><\/div><\/div><\/div><div class=\"w-separator size_small with_line width_default thick_1 style_solid color_border align_center\"><div class=\"w-separator-h\"><\/div><\/div><\/div><\/div><\/div><\/div><\/section><section class=\"l-section wpb_row height_medium\"><div class=\"l-section-h i-cf\"><div class=\"g-cols vc_row via_grid cols_1 laptops-cols_inherit tablets-cols_inherit mobiles-cols_1 valign_top type_default stacking_default\"><div class=\"wpb_column vc_column_container\"><div class=\"vc_column-inner\"><div class=\"wpb_text_column\"><div class=\"wpb_wrapper\"><h2 style=\"text-align: center;\">Esperienze incluse nella visita<\/h2>\n<\/div><\/div><\/div><\/div><\/div><\/div><\/section><section class=\"l-section wpb_row height_auto\"><div class=\"l-section-h i-cf\"><div class=\"g-cols vc_row via_grid cols_2 laptops-cols_inherit tablets-cols_inherit mobiles-cols_1 valign_middle type_boxes reversed stacking_default\" style=\"--columns-gap:0rem;\"><div class=\"wpb_column vc_column_container us_custom_c70c97eb has_bg_color\"><div class=\"vc_column-inner\"><div class=\"wpb_text_column\"><div class=\"wpb_wrapper\"><h3>1. Conoscenza a 360\u00ba delle vendite<\/h3>\n<p>La nostra guida privata ti insegner\u00e0 tutto sul mondo della corrida e sull&#8217;arena:<\/p>\n<ul>\n<li>Storia ed evoluzione della corrida.<\/li>\n<li>Ti insegniamo l&#8217;arte della corrida come un vero matador.<\/li>\n<li>Tutto ci\u00f2 che \u00e8 accaduto negli ultimi 100 anni: guerre, transizione spagnola, concerti ed eventi, ecc.<\/li>\n<li>Curiosit\u00e0 che pochissime persone conoscono e che tu imparerai.<\/li>\n<\/ul>\n<\/div><\/div><\/div><\/div><div class=\"wpb_column vc_column_container us_custom_f31e7416 has_bg_color\"><div class=\"vc_column-inner\"><div class=\"w-separator size_custom\" style=\"height:20vh\"><\/div><\/div><\/div><\/div><\/div><\/section><section class=\"l-section wpb_row height_auto\"><div class=\"l-section-h i-cf\"><div class=\"g-cols vc_row via_grid cols_2 laptops-cols_inherit tablets-cols_inherit mobiles-cols_1 valign_middle type_boxes stacking_default\" style=\"--columns-gap:0rem;\"><div class=\"wpb_column vc_column_container us_custom_23b04438 has_bg_color\"><div class=\"vc_column-inner\"><div class=\"w-video us_custom_96ecd230 align_none ratio_initial with_overlay has_iframe\" style=\"background-image:url(https:\/\/lasventastour.com\/wp-content\/uploads\/2023\/11\/juego-toreo-virtual.webp);\" onclick=\"return {&quot;player_id&quot;:&quot;youtube-q43a&quot;,&quot;player_api&quot;:&quot;\\\/\\\/www.youtube.com\\\/player_api&quot;,&quot;player_html&quot;:&quot;&lt;div id=\\&quot;youtube-q43a\\&quot;&gt;&lt;\\\/div&gt;&lt;script&gt;\\r\\n\\t\\t\\twindow.USYTPlayers = ( window.USYTPlayers || { initYTFunctions: [], optionsYT: [], USYTInited: false } );\\r\\n\\t\\t\\twindow.USYTPlayers.optionsYT.push( {\\r\\n\\t\\t\\t\\tplayerID: \\&quot;youtube-q43a\\&quot;,\\r\\n\\t\\t\\t\\tvideoID: \\&quot;sucbjmJRf0U\\&quot;,\\r\\n\\t\\t\\t\\tplayerVars: {\\&quot;autoplay\\&quot;:1,\\&quot;controls\\&quot;:1,\\&quot;origin\\&quot;:\\&quot;https:\\\\\\\/\\\\\\\/lasventastour.com\\\\\\\/it\\\\\\\/\\&quot;,\\&quot;loop\\&quot;:0,\\&quot;mute\\&quot;:0,\\&quot;playlist\\&quot;:\\&quot;sucbjmJRf0U\\&quot;}\\r\\n\\t\\t\\t} );\\r\\n\\t\\t\\tif ( window.USYTPlayers.USYTInited === false ) {\\r\\n\\t\\t\\t\\t\\\/\\\/ Trying to override other possible WP YT API calls if our element is used\\r\\n\\t\\t\\t\\twindow.USYTPlayers.USYTInited = true;\\r\\n\\r\\n\\t\\t\\t\\twindow.onYouTubePlayerAPIReady = function() {\\r\\n\\t\\t\\t\\t\\tfor ( var i in window.USYTPlayers.optionsYT ) {\\r\\n\\t\\t\\t\\t\\t\\tvar _playerParams = window.USYTPlayers.optionsYT[ i ];\\r\\n\\t\\t\\t\\t\\t\\t$us.YTPlayers[ _playerParams.playerID ] = new YT.Player( _playerParams.playerID, {\\r\\n\\t\\t\\t\\t\\t\\t\\tvideoId: _playerParams.videoID,\\r\\n\\t\\t\\t\\t\\t\\t\\tplayerVars: _playerParams.playerVars\\r\\n\\t\\t\\t\\t\\t\\t} );\\r\\n\\t\\t\\t\\t\\t}\\r\\n\\t\\t\\t\\t}\\r\\n\\t\\t\\t}\\r\\n\\t\\t\\tif ( !!window.YT ) {\\r\\n\\t\\t\\t\\t$us.YTPlayers[\\&quot;youtube-q43a\\&quot;] = new YT.Player( \\&quot;youtube-q43a\\&quot;, {\\r\\n\\t\\t\\t\\t\\tvideoId: \\&quot;sucbjmJRf0U\\&quot;,\\r\\n\\t\\t\\t\\t\\tplayerVars: {\\&quot;autoplay\\&quot;:1,\\&quot;controls\\&quot;:1,\\&quot;origin\\&quot;:\\&quot;https:\\\\\\\/\\\\\\\/lasventastour.com\\\\\\\/it\\\\\\\/\\&quot;,\\&quot;loop\\&quot;:0,\\&quot;mute\\&quot;:0,\\&quot;playlist\\&quot;:\\&quot;sucbjmJRf0U\\&quot;}\\r\\n\\t\\t\\t\\t} );\\r\\n\\t\\t\\t}\\r\\n\\t\\t&lt;\\\/script&gt;&quot;}\"><button class=\"w-video-play\" type=\"button\" aria-label=\"Play\"><span class=\"w-video-play-icon\" style=\"font-size:1.5rem;background:var(--color-header-middle-text-hover);color:#ffffff\"><\/span><\/button><div class=\"w-video-h\"><\/div><\/div><\/div><\/div><div class=\"wpb_column vc_column_container us_custom_c70c97eb has_bg_color\"><div class=\"vc_column-inner\"><div class=\"wpb_text_column\"><div class=\"wpb_wrapper\"><h3>Simulatore di realt\u00e0 virtuale<\/h3>\n<p>Vuoi diventare un torero? Entra nella nostra mini arena, indossa gli occhiali e affronta un toro virtuale di 600 kg. Il nostro staff ti insegner\u00e0 a combattere con arte e potrai uscire dall&#8217;arena attraverso il cancello principale.  <\/p>\n<p>Vince chi totalizza pi\u00f9 punti!<\/p>\n<\/div><\/div><\/div><\/div><\/div><\/div><\/section><section class=\"l-section wpb_row height_auto\"><div class=\"l-section-h i-cf\"><div class=\"g-cols vc_row via_grid cols_2 laptops-cols_inherit tablets-cols_inherit mobiles-cols_1 valign_middle type_boxes reversed stacking_default\" style=\"--columns-gap:0rem;\"><div class=\"wpb_column vc_column_container us_custom_c70c97eb has_bg_color\"><div class=\"vc_column-inner\"><div class=\"wpb_text_column\"><div class=\"wpb_wrapper\"><h3>3. Esperienze coinvolgenti<\/h3>\n<p>In questa sala potrai conoscere il mondo della corrida in modo divertente e simpatico. La sala \u00e8 dotata di schermi su cui puoi vedere video molto interessanti sulla storia dell&#8217;arena e sui toreri pi\u00f9 famosi che hanno combattuto a Las Ventas. <\/p>\n<p>Entra e respira la passione della corrida!<\/p>\n<\/div><\/div><\/div><\/div><div class=\"wpb_column vc_column_container us_custom_41195194 has_bg_color\"><div class=\"vc_column-inner\"><div class=\"w-separator size_custom\" style=\"height:20vh\"><\/div><\/div><\/div><\/div><\/div><\/section><section class=\"l-section wpb_row height_medium\"><div class=\"l-section-h i-cf\"><div class=\"g-cols vc_row via_grid cols_1 laptops-cols_inherit tablets-cols_inherit mobiles-cols_1 valign_middle type_default stacking_default\"><div class=\"wpb_column vc_column_container\"><div class=\"vc_column-inner\"><div class=\"wpb_text_column\"><div class=\"wpb_wrapper\"><h2 style=\"text-align: center;\">Tutto ci\u00f2 che vedrai durante una visita di gruppo alla Plaza de Toros de Las Ventas Madrid<\/h2>\n<\/div><\/div><div class=\"w-separator size_medium\"><\/div><div class=\"g-cols wpb_row via_grid cols_2 laptops-cols_inherit tablets-cols_inherit mobiles-cols_1 valign_top type_default reversed stacking_default\" style=\"--columns-gap:3rem;\"><div class=\"wpb_column vc_column_container\"><div class=\"vc_column-inner\"><div class=\"wpb_text_column\"><div class=\"wpb_wrapper\"><ul>\n<li><strong>PUERTA GRANDE:<\/strong> il luogo in cui i toreri sognano di essere portati in spalla dai migliori tifosi del mondo.<\/li>\n<li><strong>LA TERRAZZA<\/strong>: scoprirai i dettagli architettonici della piazza.<\/li>\n<li><strong>TORO BRAVO:<\/strong> il re della fiesta, \u00e8 allevato in condizioni eccezionali, in mezzo alla natura.<\/li>\n<li><strong>TENDIDOS Y PALCO:<\/strong> una visita panoramica dai tendidos per capire lo sviluppo di una corrida.<\/li>\n<li><strong>PUERTA DE ARRASTRE:<\/strong> La puerta que cuza el toro tras su heroica muerte entre los aplausos del p\u00fablico.<br \/>\n<strong>RUEDO:<\/strong> Donde lo importante ocurre, el lugar que enfrenta al toro y al torero.<\/li>\n<li><strong>PORTA TORILES:<\/strong> dall&#8217;oscurit\u00e0 di uno spazio ristretto, il toro esce per affrontare il suo destino.<\/li>\n<li><strong>PORTA DELLE QUADRILLAS E DEL PASE\u00cdLLO:<\/strong> in questa porta i toreri aspettano il pase\u00edllo tra nervi e paure, un luogo dove l&#8217;emozione \u00e8 al massimo.<\/li>\n<li><strong>NURSERY:<\/strong> il luogo che nessun torero vorrebbe visitare, ma che tutti finiscono per visitare.<\/li>\n<li><strong>CAPPELLA:<\/strong> un luogo di culto religioso per l&#8217;intimit\u00e0 dei toreri.<\/li>\n<li><strong>IL MUSEO DEL TORO DI MADRID<\/strong>: la sua struttura \u00e8 stata progettata per mettere in risalto i tori e i toreri.<\/li>\n<\/ul>\n<p>*Il percorso pu\u00f2 essere modificato a causa di lavori di manutenzione o altri impedimenti.<\/p>\n<\/div><\/div><\/div><\/div><div class=\"wpb_column vc_column_container\"><div class=\"vc_column-inner\"><div class=\"w-image align_none\"><div class=\"w-image-h\"><img decoding=\"async\" width=\"922\" height=\"1024\" src=\"https:\/\/lasventastour.com\/wp-content\/uploads\/2024\/08\/Recorrido-tour-plaza-toros-madrid.webp\" class=\"attachment-large size-large\" alt=\"Cosa vedere nell&#039;arena di Madrid\" loading=\"lazy\" srcset=\"https:\/\/lasventastour.com\/wp-content\/uploads\/2024\/08\/Recorrido-tour-plaza-toros-madrid.webp 922w, https:\/\/lasventastour.com\/wp-content\/uploads\/2024\/08\/Recorrido-tour-plaza-toros-madrid-600x666.webp 600w, https:\/\/lasventastour.com\/wp-content\/uploads\/2024\/08\/Recorrido-tour-plaza-toros-madrid-270x300.webp 270w\" sizes=\"auto, (max-width: 922px) 100vw, 922px\" \/><\/div><\/div><\/div><\/div><\/div><\/div><\/div><\/div><\/div><\/section><section class=\"l-section wpb_row height_medium\"><div class=\"l-section-h i-cf\"><div class=\"g-cols vc_row via_grid cols_1 laptops-cols_inherit tablets-cols_inherit mobiles-cols_1 valign_top type_default stacking_default\"><div class=\"wpb_column vc_column_container\"><div class=\"vc_column-inner\"><div class=\"w-grid us_carousel type_carousel layout_galleria_default preload_style_spinner items_4\" id=\"us_grid_1\" style=\"--items:4;--gap:5px;\"><style>.layout_galleria_default .w-grid-item-h{}.layout_galleria_default .usg_post_image_1{margin-bottom:0.5rem!important}.layout_galleria_default .usg_post_title_1{font-size:1rem!important}<\/style><div class=\"w-grid-list owl-carousel valign_stretch dotstyle_circle navstyle_circle arrows-ver-pos_middle arrows-hor-pos_on_sides_outside arrows-disabled_hide owl-responsive-2000 with_arrows\" style=\"--transition-duration:350ms;--arrows-size:1.5rem;--arrows-hor-offset:calc(0px + 5px);--arrows-gap:10px;\">\t<article class=\"w-grid-item post-1100 attachment type-attachment status-inherit hentry\" data-id=\"1100\">\r\n\t\t<div class=\"w-grid-item-h\">\r\n\t\t\t\t\t\t<div class=\"w-post-elm post_image usg_post_image_1 stretched\"><a href=\"https:\/\/lasventastour.com\/it\/foto-grande-lvt-750x500-15-2\/\" aria-label=\"Foto grande LVT 750&#215;500 (15)\"><img loading=\"lazy\" decoding=\"async\" width=\"750\" height=\"500\" src=\"https:\/\/lasventastour.com\/wp-content\/uploads\/2023\/11\/Foto-grande-LVT-750x500-15.png\" class=\"attachment-large size-large\" alt=\"visitare l&#039;arena di madrid\" srcset=\"https:\/\/lasventastour.com\/wp-content\/uploads\/2023\/11\/Foto-grande-LVT-750x500-15.png 750w, https:\/\/lasventastour.com\/wp-content\/uploads\/2023\/11\/Foto-grande-LVT-750x500-15-600x400.png 600w, https:\/\/lasventastour.com\/wp-content\/uploads\/2023\/11\/Foto-grande-LVT-750x500-15-300x200.png 300w\" sizes=\"auto, (max-width: 750px) 100vw, 750px\" \/><\/a><\/div><h2 class=\"w-post-elm post_title usg_post_title_1 entry-title color_link_inherit\"><a href=\"https:\/\/lasventastour.com\/it\/foto-grande-lvt-750x500-15-2\/\">Foto grande LVT 750&#215;500 (15)<\/a><\/h2>\t\t<\/div>\r\n\t\t\t<\/article>\r\n\t<article class=\"w-grid-item post-1092 attachment type-attachment status-inherit hentry\" data-id=\"1092\">\r\n\t\t<div class=\"w-grid-item-h\">\r\n\t\t\t\t\t\t<div class=\"w-post-elm post_image usg_post_image_1 stretched\"><a href=\"https:\/\/lasventastour.com\/it\/evento-taurino-las-ventas-2\/\" aria-label=\"Vendite di eventi di corrida\"><img loading=\"lazy\" decoding=\"async\" width=\"750\" height=\"500\" src=\"https:\/\/lasventastour.com\/wp-content\/uploads\/2023\/11\/Evento-taurino-las-ventas.webp\" class=\"attachment-large size-large\" alt=\"Corrida Madrid\" srcset=\"https:\/\/lasventastour.com\/wp-content\/uploads\/2023\/11\/Evento-taurino-las-ventas.webp 750w, https:\/\/lasventastour.com\/wp-content\/uploads\/2023\/11\/Evento-taurino-las-ventas-600x400.webp 600w, https:\/\/lasventastour.com\/wp-content\/uploads\/2023\/11\/Evento-taurino-las-ventas-300x200.webp 300w\" sizes=\"auto, (max-width: 750px) 100vw, 750px\" \/><\/a><\/div><h2 class=\"w-post-elm post_title usg_post_title_1 entry-title color_link_inherit\"><a href=\"https:\/\/lasventastour.com\/it\/evento-taurino-las-ventas-2\/\">Vendite di eventi di corrida<\/a><\/h2>\t\t<\/div>\r\n\t\t\t<\/article>\r\n\t<article class=\"w-grid-item post-1028 attachment type-attachment status-inherit hentry\" data-id=\"1028\">\r\n\t\t<div class=\"w-grid-item-h\">\r\n\t\t\t\t\t\t<div class=\"w-post-elm post_image usg_post_image_1 stretched\"><a href=\"https:\/\/lasventastour.com\/it\/visitas-a-las-ventas-2\/\" aria-label=\"visite all&#8217;arena\"><img loading=\"lazy\" decoding=\"async\" width=\"750\" height=\"500\" src=\"https:\/\/lasventastour.com\/wp-content\/uploads\/2023\/11\/visitas-a-las-ventas.webp\" class=\"attachment-large size-large\" alt=\"Cosa vedere nel tour dell&#039;arena di Madrid\" srcset=\"https:\/\/lasventastour.com\/wp-content\/uploads\/2023\/11\/visitas-a-las-ventas.webp 750w, https:\/\/lasventastour.com\/wp-content\/uploads\/2023\/11\/visitas-a-las-ventas-600x400.webp 600w, https:\/\/lasventastour.com\/wp-content\/uploads\/2023\/11\/visitas-a-las-ventas-300x200.webp 300w\" sizes=\"auto, (max-width: 750px) 100vw, 750px\" \/><\/a><\/div><h2 class=\"w-post-elm post_title usg_post_title_1 entry-title color_link_inherit\"><a href=\"https:\/\/lasventastour.com\/it\/visitas-a-las-ventas-2\/\">visite all&#8217;arena<\/a><\/h2>\t\t<\/div>\r\n\t\t\t<\/article>\r\n\t<article class=\"w-grid-item post-1068 attachment type-attachment status-inherit hentry\" data-id=\"1068\">\r\n\t\t<div class=\"w-grid-item-h\">\r\n\t\t\t\t\t\t<div class=\"w-post-elm post_image usg_post_image_1 stretched\"><a href=\"https:\/\/lasventastour.com\/it\/ruedo-plaza-toros-2\/\" aria-label=\"anello dell&#8217;arena\"><img loading=\"lazy\" decoding=\"async\" width=\"750\" height=\"500\" src=\"https:\/\/lasventastour.com\/wp-content\/uploads\/2023\/11\/ruedo-plaza-toros.webp\" class=\"attachment-large size-large\" alt=\"arena delle vendite di madrid\" srcset=\"https:\/\/lasventastour.com\/wp-content\/uploads\/2023\/11\/ruedo-plaza-toros.webp 750w, https:\/\/lasventastour.com\/wp-content\/uploads\/2023\/11\/ruedo-plaza-toros-600x400.webp 600w, https:\/\/lasventastour.com\/wp-content\/uploads\/2023\/11\/ruedo-plaza-toros-300x200.webp 300w\" sizes=\"auto, (max-width: 750px) 100vw, 750px\" \/><\/a><\/div><h2 class=\"w-post-elm post_title usg_post_title_1 entry-title color_link_inherit\"><a href=\"https:\/\/lasventastour.com\/it\/ruedo-plaza-toros-2\/\">anello dell&#8217;arena<\/a><\/h2>\t\t<\/div>\r\n\t\t\t<\/article>\r\n\t<article class=\"w-grid-item post-1052 attachment type-attachment status-inherit hentry\" data-id=\"1052\">\r\n\t\t<div class=\"w-grid-item-h\">\r\n\t\t\t\t\t\t<div class=\"w-post-elm post_image usg_post_image_1 stretched\"><a href=\"https:\/\/lasventastour.com\/it\/museo-plaza-toros-madrid-2-2\/\" aria-label=\"museo dell&#8217;arena di madrid\"><img loading=\"lazy\" decoding=\"async\" width=\"750\" height=\"500\" src=\"https:\/\/lasventastour.com\/wp-content\/uploads\/2023\/11\/museo-plaza-toros-madrid.webp\" class=\"attachment-large size-large\" alt=\"museo della corrida madrid\" srcset=\"https:\/\/lasventastour.com\/wp-content\/uploads\/2023\/11\/museo-plaza-toros-madrid.webp 750w, https:\/\/lasventastour.com\/wp-content\/uploads\/2023\/11\/museo-plaza-toros-madrid-600x400.webp 600w, https:\/\/lasventastour.com\/wp-content\/uploads\/2023\/11\/museo-plaza-toros-madrid-300x200.webp 300w\" sizes=\"auto, (max-width: 750px) 100vw, 750px\" \/><\/a><\/div><h2 class=\"w-post-elm post_title usg_post_title_1 entry-title color_link_inherit\"><a href=\"https:\/\/lasventastour.com\/it\/museo-plaza-toros-madrid-2-2\/\">museo dell&#8217;arena di madrid<\/a><\/h2>\t\t<\/div>\r\n\t\t\t<\/article>\r\n\t<article class=\"w-grid-item post-1076 attachment type-attachment status-inherit hentry\" data-id=\"1076\">\r\n\t\t<div class=\"w-grid-item-h\">\r\n\t\t\t\t\t\t<div class=\"w-post-elm post_image usg_post_image_1 stretched\"><a href=\"https:\/\/lasventastour.com\/it\/feria-taurina-madrid-2\/\" aria-label=\"fiera della corrida di madrid\"><img loading=\"lazy\" decoding=\"async\" width=\"750\" height=\"500\" src=\"https:\/\/lasventastour.com\/wp-content\/uploads\/2023\/11\/feria-taurina-madrid.webp\" class=\"attachment-large size-large\" alt=\"evento corrida madrid\" srcset=\"https:\/\/lasventastour.com\/wp-content\/uploads\/2023\/11\/feria-taurina-madrid.webp 750w, https:\/\/lasventastour.com\/wp-content\/uploads\/2023\/11\/feria-taurina-madrid-600x400.webp 600w, https:\/\/lasventastour.com\/wp-content\/uploads\/2023\/11\/feria-taurina-madrid-300x200.webp 300w\" sizes=\"auto, (max-width: 750px) 100vw, 750px\" \/><\/a><\/div><h2 class=\"w-post-elm post_title usg_post_title_1 entry-title color_link_inherit\"><a href=\"https:\/\/lasventastour.com\/it\/feria-taurina-madrid-2\/\">fiera della corrida di madrid<\/a><\/h2>\t\t<\/div>\r\n\t\t\t<\/article>\r\n\t<article class=\"w-grid-item post-1084 attachment type-attachment status-inherit hentry\" data-id=\"1084\">\r\n\t\t<div class=\"w-grid-item-h\">\r\n\t\t\t\t\t\t<div class=\"w-post-elm post_image usg_post_image_1 stretched\"><a href=\"https:\/\/lasventastour.com\/it\/puerta-grande-plaza-toros-2\/\" aria-label=\"arena della grande porta\"><img loading=\"lazy\" decoding=\"async\" width=\"750\" height=\"500\" src=\"https:\/\/lasventastour.com\/wp-content\/uploads\/2023\/11\/puerta-grande-plaza-toros.webp\" class=\"attachment-large size-large\" alt=\"grandi vendite di porte\" srcset=\"https:\/\/lasventastour.com\/wp-content\/uploads\/2023\/11\/puerta-grande-plaza-toros.webp 750w, https:\/\/lasventastour.com\/wp-content\/uploads\/2023\/11\/puerta-grande-plaza-toros-600x400.webp 600w, https:\/\/lasventastour.com\/wp-content\/uploads\/2023\/11\/puerta-grande-plaza-toros-300x200.webp 300w\" sizes=\"auto, (max-width: 750px) 100vw, 750px\" \/><\/a><\/div><h2 class=\"w-post-elm post_title usg_post_title_1 entry-title color_link_inherit\"><a href=\"https:\/\/lasventastour.com\/it\/puerta-grande-plaza-toros-2\/\">arena della grande porta<\/a><\/h2>\t\t<\/div>\r\n\t\t\t<\/article>\r\n<\/div><div class=\"w-grid-carousel-json hidden\" onclick='return {&quot;carousel_settings&quot;:{&quot;aria_labels&quot;:{&quot;prev&quot;:&quot;Precedente&quot;,&quot;next&quot;:&quot;Prossimo&quot;},&quot;autoplayContinual&quot;:false,&quot;autoplayContinualCss&quot;:false,&quot;autoplayHoverPause&quot;:false,&quot;autoplayTimeout&quot;:3000,&quot;autoWidth&quot;:false,&quot;smartSpeed&quot;:350,&quot;margin&quot;:0,&quot;mouseDrag&quot;:true,&quot;rtl&quot;:false,&quot;slideBy&quot;:&quot;1&quot;,&quot;touchDrag&quot;:true,&quot;slideTransition&quot;:&quot;&quot;,&quot;responsive&quot;:{&quot;0&quot;:{&quot;autoHeight&quot;:false,&quot;autoplay&quot;:true,&quot;autoplayContinualCss&quot;:false,&quot;autoWidth&quot;:false,&quot;center&quot;:false,&quot;dots&quot;:false,&quot;items&quot;:1,&quot;loop&quot;:true,&quot;nav&quot;:false,&quot;stagePadding&quot;:0,&quot;slideBy&quot;:&quot;1&quot;,&quot;touchDrag&quot;:true,&quot;mouseDrag&quot;:true},&quot;601&quot;:{&quot;autoHeight&quot;:false,&quot;autoplay&quot;:true,&quot;autoplayContinualCss&quot;:false,&quot;autoWidth&quot;:false,&quot;center&quot;:false,&quot;dots&quot;:false,&quot;items&quot;:2,&quot;loop&quot;:true,&quot;nav&quot;:true,&quot;stagePadding&quot;:0,&quot;slideBy&quot;:&quot;1&quot;,&quot;touchDrag&quot;:true,&quot;mouseDrag&quot;:true},&quot;1025&quot;:{&quot;autoHeight&quot;:false,&quot;autoplay&quot;:true,&quot;autoplayContinualCss&quot;:false,&quot;autoWidth&quot;:false,&quot;center&quot;:false,&quot;dots&quot;:false,&quot;items&quot;:3,&quot;loop&quot;:true,&quot;nav&quot;:true,&quot;stagePadding&quot;:0,&quot;slideBy&quot;:&quot;1&quot;,&quot;touchDrag&quot;:true,&quot;mouseDrag&quot;:true},&quot;1381&quot;:{&quot;items&quot;:4,&quot;autoplay&quot;:false,&quot;autoplayContinualCss&quot;:false,&quot;center&quot;:false,&quot;dots&quot;:false,&quot;nav&quot;:true,&quot;autoHeight&quot;:false,&quot;autoWidth&quot;:false,&quot;loop&quot;:true,&quot;stagePadding&quot;:0}}}}'><\/div><\/div><\/div><\/div><\/div><\/div><\/section><section class=\"l-section wpb_row height_medium\"><div class=\"l-section-h i-cf\"><div class=\"g-cols vc_row via_grid cols_1 laptops-cols_inherit tablets-cols_inherit mobiles-cols_1 valign_top type_default stacking_default\"><div class=\"wpb_column vc_column_container\"><div class=\"vc_column-inner\"><div class=\"wpb_text_column\"><div class=\"wpb_wrapper\"><h2>Informazioni generali<\/h2>\n<ul>\n<li><strong>Lingue:<\/strong> inglese, francese e spagnolo. Altre lingue disponibili su richiesta. Il tour pu\u00f2 essere condotto anche con un&#8217;audioguida se non disponiamo di una guida che parli la lingua richiesta. <\/li>\n<li><strong>Orari di apertura:<\/strong> su richiesta.<\/li>\n<li><strong>Durata:<\/strong> circa 1 ora e 30 minuti.<\/li>\n<li><strong>Richiesto:<\/strong> tour minimo per 15 persone<\/li>\n<\/ul>\n<p>Nel caso di una scuola, gli insegnanti avranno l&#8217;ingresso gratuito per ogni 10 alunni.<\/p>\n<\/div><\/div><\/div><\/div><\/div><\/div><\/section><section class=\"l-section wpb_row height_medium\"><div class=\"l-section-h i-cf\"><div class=\"g-cols vc_row via_grid cols_1 laptops-cols_inherit tablets-cols_inherit mobiles-cols_1 valign_middle type_default stacking_default\"><div class=\"wpb_column vc_column_container\"><div class=\"vc_column-inner\"><div class=\"wpb_text_column\"><div class=\"wpb_wrapper\"><h2 style=\"text-align: center;\" data-start=\"511\" data-end=\"597\">Domande frequenti - Visite per gruppi e centri educativi all&#8217;Arena di Las Ventas <span class=\"hover:entity-accent entity-underline inline cursor-pointer align-baseline\"><span class=\"whitespace-normal\">L&#8217;arena di Las Ventas<\/span><\/span><\/h2>\n<\/div><\/div><div class=\"w-separator size_medium\"><\/div><div class=\"w-tabs style_default switch_click accordion has_scrolling\" style=\"--sections-title-size:inherit\"><div class=\"w-tabs-sections titles-align_none icon_chevron cpos_right\"><div class=\"w-tabs-section\" id=\"u807\"><button class=\"w-tabs-section-header\" aria-controls=\"content-u807\" aria-expanded=\"false\"><div class=\"w-tabs-section-title\">In cosa consiste la visita alla Plaza de Toros de Las Ventas per gruppi e centri educativi?<\/div><div class=\"w-tabs-section-control\"><\/div><\/button><div  class=\"w-tabs-section-content\" id=\"content-u807\"><div class=\"w-tabs-section-content-h i-cf\"><div class=\"wpb_text_column\"><div class=\"wpb_wrapper\"><p data-start=\"548\" data-end=\"782\">La visita per gruppi e centri educativi \u00e8 un tour guidato della Plaza de Toros de Las Ventas e del suo Museo della Corrida, pensato per studenti e gruppi, con contenuti adattati all&#8217;et\u00e0 e al livello accademico dei partecipanti.<\/p>\n<\/div><\/div><\/div><\/div><\/div><div class=\"w-tabs-section\" id=\"z953\"><button class=\"w-tabs-section-header\" aria-controls=\"content-z953\" aria-expanded=\"false\"><div class=\"w-tabs-section-title\">La visita scolastica include una guida ufficiale?<\/div><div class=\"w-tabs-section-control\"><\/div><\/button><div  class=\"w-tabs-section-content\" id=\"content-z953\"><div class=\"w-tabs-section-content-h i-cf\"><div class=\"wpb_text_column\"><div class=\"wpb_wrapper\"><p data-start=\"835\" data-end=\"1027\">S\u00ec, tutte le visite per i centri educativi includono una guida ufficiale specializzata che spiega la storia, l&#8217;architettura e il contesto culturale della piazza in modo didattico e adatto al gruppo. <\/p>\n<\/div><\/div><\/div><\/div><\/div><div class=\"w-tabs-section\" id=\"waac\"><button class=\"w-tabs-section-header\" aria-controls=\"content-waac\" aria-expanded=\"false\"><div class=\"w-tabs-section-title\">Quali sono le fasce d&#039;et\u00e0 che possono partecipare alla visita didattica?<\/div><div class=\"w-tabs-section-control\"><\/div><\/button><div  class=\"w-tabs-section-content\" id=\"content-waac\"><div class=\"w-tabs-section-content-h i-cf\"><div class=\"wpb_text_column\"><div class=\"wpb_wrapper\"><p data-start=\"1088\" data-end=\"1283\">La visita \u00e8 adatta a gruppi di studenti della scuola primaria, secondaria, di maturit\u00e0, di formazione professionale e universitari. Il contenuto viene adattato in base all&#8217;et\u00e0 e agli obiettivi educativi del centro. <\/p>\n<\/div><\/div><\/div><\/div><\/div><div class=\"w-tabs-section\" id=\"ubdd\"><button class=\"w-tabs-section-header\" aria-controls=\"content-ubdd\" aria-expanded=\"false\"><div class=\"w-tabs-section-title\">Quanto dura il tour per le scuole e i gruppi scolastici?<\/div><div class=\"w-tabs-section-control\"><\/div><\/button><div  class=\"w-tabs-section-content\" id=\"content-ubdd\"><div class=\"w-tabs-section-content-h i-cf\"><div class=\"wpb_text_column\"><div class=\"wpb_wrapper\"><p data-start=\"1352\" data-end=\"1469\">La durata \u00e8 di circa 60-90 minuti, a seconda delle dimensioni del gruppo e del programma educativo selezionato.<\/p>\n<\/div><\/div><\/div><\/div><\/div><div class=\"w-tabs-section\" id=\"dd24\"><button class=\"w-tabs-section-header\" aria-controls=\"content-dd24\" aria-expanded=\"false\"><div class=\"w-tabs-section-title\">Quali spazi vengono visitati durante il tour educativo?<\/div><div class=\"w-tabs-section-control\"><\/div><\/button><div  class=\"w-tabs-section-content\" id=\"content-dd24\"><div class=\"w-tabs-section-content-h i-cf\"><div class=\"wpb_text_column\"><div class=\"wpb_wrapper\"><p data-start=\"1538\" data-end=\"1565\">Il tour pu\u00f2 includere:<\/p>\n<ul>\n<li data-start=\"1568\" data-end=\"1578\">L&#8217;arena<\/li>\n<li data-start=\"1581\" data-end=\"1594\">Il vicolo<\/li>\n<li data-start=\"1597\" data-end=\"1611\">La posa<\/li>\n<li data-start=\"1614\" data-end=\"1647\">Aree storiche della piazza<\/li>\n<li data-start=\"1650\" data-end=\"1668\">Il Museo della Corrida<\/li>\n<\/ul>\n<p data-start=\"1670\" data-end=\"1745\">L&#8217;itinerario pu\u00f2 essere adattato in base alla disponibilit\u00e0 e alle esigenze del gruppo.<\/p>\n<\/div><\/div><\/div><\/div><\/div><div class=\"w-tabs-section\" id=\"se62\"><button class=\"w-tabs-section-header\" aria-controls=\"content-se62\" aria-expanded=\"false\"><div class=\"w-tabs-section-title\">\u00c8 necessario prenotare in anticipo per una visita scolastica?<\/div><div class=\"w-tabs-section-control\"><\/div><\/button><div  class=\"w-tabs-section-content\" id=\"content-se62\"><div class=\"w-tabs-section-content-h i-cf\"><div class=\"wpb_text_column\"><div class=\"wpb_wrapper\"><p data-start=\"1820\" data-end=\"1986\">S\u00ec, la prenotazione anticipata \u00e8 obbligatoria per i gruppi e le scuole. Ti consigliamo di richiedere la disponibilit\u00e0 in anticipo, soprattutto durante la stagione scolastica.  <\/p>\n<\/div><\/div><\/div><\/div><\/div><div class=\"w-tabs-section\" id=\"lfb0\"><button class=\"w-tabs-section-header\" aria-controls=\"content-lfb0\" aria-expanded=\"false\"><div class=\"w-tabs-section-title\">Quanti studenti possono far parte di un gruppo?<\/div><div class=\"w-tabs-section-control\"><\/div><\/button><div  class=\"w-tabs-section-content\" id=\"content-lfb0\"><div class=\"w-tabs-section-content-h i-cf\"><div class=\"wpb_text_column\"><div class=\"wpb_wrapper\"><p data-start=\"2048\" data-end=\"2231\">Il numero massimo per gruppo pu\u00f2 variare a seconda dell&#8217;organizzazione interna. I gruppi pi\u00f9 numerosi vengono divisi in sottogruppi con diverse guide per garantire un&#8217;esperienza sicura e adeguata. <\/p>\n<\/div><\/div><\/div><\/div><\/div><div class=\"w-tabs-section\" id=\"g0cf\"><button class=\"w-tabs-section-header\" aria-controls=\"content-g0cf\" aria-expanded=\"false\"><div class=\"w-tabs-section-title\">La visita ha un contenuto culturale e storico?<\/div><div class=\"w-tabs-section-control\"><\/div><\/button><div  class=\"w-tabs-section-content\" id=\"content-g0cf\"><div class=\"w-tabs-section-content-h i-cf\"><div class=\"wpb_text_column\"><div class=\"wpb_wrapper\"><p data-start=\"2292\" data-end=\"2500\">S\u00ec, la visita si concentra sul valore storico, architettonico e culturale della Plaza de Toros de Las Ventas come monumento emblematico di Madrid, contestualizzando la sua importanza all&#8217;interno del patrimonio spagnolo. <\/p>\n<\/div><\/div><\/div><\/div><\/div><div class=\"w-tabs-section\" id=\"r1db\"><button class=\"w-tabs-section-header\" aria-controls=\"content-r1db\" aria-expanded=\"false\"><div class=\"w-tabs-section-title\">La visita didattica \u00e8 adatta agli studenti internazionali?<\/div><div class=\"w-tabs-section-control\"><\/div><\/button><div  class=\"w-tabs-section-content\" id=\"content-r1db\"><div class=\"w-tabs-section-content-h i-cf\"><div class=\"wpb_text_column\"><div class=\"wpb_wrapper\"><p data-start=\"2579\" data-end=\"2756\">S\u00ec, il tour pu\u00f2 essere condotto in diverse lingue ed \u00e8 particolarmente interessante per gli studenti internazionali che desiderano conoscere un&#8217;icona architettonica e culturale di Madrid. <\/p>\n<\/div><\/div><\/div><\/div><\/div><div class=\"w-tabs-section\" id=\"i30c\"><button class=\"w-tabs-section-header\" aria-controls=\"content-i30c\" aria-expanded=\"false\"><div class=\"w-tabs-section-title\">La Plaza de Toros de Las Ventas \u00e8 un luogo sicuro per le visite scolastiche?<\/div><div class=\"w-tabs-section-control\"><\/div><\/button><div  class=\"w-tabs-section-content\" id=\"content-i30c\"><div class=\"w-tabs-section-content-h i-cf\"><div class=\"wpb_text_column\"><div class=\"wpb_wrapper\"><p data-start=\"2844\" data-end=\"3007\">S\u00ec, le visite sono organizzate secondo protocolli di sicurezza e supervisionate da personale specializzato, garantendo un ambiente adatto ai centri educativi. <\/p>\n<\/div><\/div><\/div><\/div><\/div><div class=\"w-tabs-section\" id=\"u426\"><button class=\"w-tabs-section-header\" aria-controls=\"content-u426\" aria-expanded=\"false\"><div class=\"w-tabs-section-title\">Dove si trova la Plaza de Toros de Las Ventas?<\/div><div class=\"w-tabs-section-control\"><\/div><\/button><div  class=\"w-tabs-section-content\" id=\"content-u426\"><div class=\"w-tabs-section-content-h i-cf\"><div class=\"wpb_text_column\"><div class=\"wpb_wrapper\"><p data-start=\"3072\" data-end=\"3234\">La Plaza de Toros de Las Ventas si trova a Madrid ed \u00e8 ben servita dai trasporti pubblici, il che facilita l&#8217;arrivo di scuole e gruppi organizzati.<\/p>\n<\/div><\/div><\/div><\/div><\/div><div class=\"w-tabs-section\" id=\"b53b\"><button class=\"w-tabs-section-header\" aria-controls=\"content-b53b\" aria-expanded=\"false\"><div class=\"w-tabs-section-title\">Come richiedere un preventivo per una visita di gruppo?<\/div><div class=\"w-tabs-section-control\"><\/div><\/button><div  class=\"w-tabs-section-content\" id=\"content-b53b\"><div class=\"w-tabs-section-content-h i-cf\"><div class=\"wpb_text_column\"><div class=\"wpb_wrapper\"><p data-start=\"3300\" data-end=\"3528\">Il budget per le visite di gruppo e i centri educativi viene richiesto direttamente tramite il modulo di contatto sul sito ufficiale. Il team organizzer\u00e0 la visita in base al numero di studenti, alla data e alle esigenze specifiche. <\/p>\n<\/div><\/div><\/div><\/div><\/div><\/div><\/div><\/div><\/div><\/div><\/div><\/section><section class=\"l-section wpb_row height_medium\"><div class=\"l-section-h i-cf\"><div class=\"g-cols vc_row via_grid cols_1 laptops-cols_inherit tablets-cols_inherit mobiles-cols_1 valign_top type_default stacking_default\"><div class=\"wpb_column vc_column_container\"><div class=\"vc_column-inner\"><\/div><\/div><\/div><\/div><\/section>\n","protected":false},"excerpt":{"rendered":"","protected":false},"author":1,"featured_media":0,"parent":0,"menu_order":0,"comment_status":"closed","ping_status":"closed","template":"","meta":{"footnotes":""},"class_list":["post-2406","page","type-page","status-publish","hentry"],"yoast_head":"<!-- This site is optimized with the Yoast SEO plugin v27.5 - https:\/\/yoast.com\/product\/yoast-seo-wordpress\/ -->\n<title>\u25b7 Visite di gruppo e centri educativi | Arena di Las Ventas<\/title>\n<meta name=\"description\" content=\"Visite di gruppo alla Plaza de Toros las Ventas e al Museo della Corrida di Madrid: approccio culturale ed educativo, adatto a diverse et\u00e0 e profili.\" \/>\n<meta name=\"robots\" content=\"index, follow, max-snippet:-1, max-image-preview:large, max-video-preview:-1\" \/>\n<link rel=\"canonical\" href=\"https:\/\/lasventastour.com\/it\/gruppi-di-visite-guidate\/\" \/>\n<meta property=\"og:locale\" content=\"it_IT\" \/>\n<meta property=\"og:type\" content=\"article\" \/>\n<meta property=\"og:title\" content=\"\u25b7 Visite di gruppo e centri educativi | Arena di Las Ventas\" \/>\n<meta property=\"og:description\" content=\"Visite di gruppo alla Plaza de Toros las Ventas e al Museo della Corrida di Madrid: approccio culturale ed educativo, adatto a diverse et\u00e0 e profili.\" \/>\n<meta property=\"og:url\" content=\"https:\/\/lasventastour.com\/it\/gruppi-di-visite-guidate\/\" \/>\n<meta property=\"og:site_name\" content=\"Las Ventas Tour\" \/>\n<meta property=\"article:modified_time\" content=\"2026-04-28T11:01:33+00:00\" \/>\n<meta property=\"og:image\" content=\"https:\/\/lasventastour.com\/wp-content\/uploads\/2023\/12\/paseillo-en-las-ventas.webp\" \/>\n\t<meta property=\"og:image:width\" content=\"511\" \/>\n\t<meta property=\"og:image:height\" content=\"280\" \/>\n\t<meta property=\"og:image:type\" content=\"image\/webp\" \/>\n<meta name=\"twitter:card\" content=\"summary_large_image\" \/>\n<meta name=\"twitter:label1\" content=\"Tempo di lettura stimato\" \/>\n\t<meta name=\"twitter:data1\" content=\"3 minuto\" \/>\n<script type=\"application\/ld+json\" class=\"yoast-schema-graph\">{\"@context\":\"https:\\\/\\\/schema.org\",\"@graph\":[{\"@type\":\"WebPage\",\"@id\":\"https:\\\/\\\/lasventastour.com\\\/it\\\/gruppi-di-visite-guidate\\\/\",\"url\":\"https:\\\/\\\/lasventastour.com\\\/it\\\/gruppi-di-visite-guidate\\\/\",\"name\":\"\u25b7 Visite di gruppo e centri educativi | Arena di Las Ventas\",\"isPartOf\":{\"@id\":\"https:\\\/\\\/lasventastour.com\\\/it\\\/#website\"},\"datePublished\":\"2023-09-28T12:13:19+00:00\",\"dateModified\":\"2026-04-28T11:01:33+00:00\",\"description\":\"Visite di gruppo alla Plaza de Toros las Ventas e al Museo della Corrida di Madrid: approccio culturale ed educativo, adatto a diverse et\u00e0 e profili.\",\"breadcrumb\":{\"@id\":\"https:\\\/\\\/lasventastour.com\\\/it\\\/gruppi-di-visite-guidate\\\/#breadcrumb\"},\"inLanguage\":\"it-IT\",\"potentialAction\":[{\"@type\":\"ReadAction\",\"target\":[\"https:\\\/\\\/lasventastour.com\\\/it\\\/gruppi-di-visite-guidate\\\/\"]}]},{\"@type\":\"BreadcrumbList\",\"@id\":\"https:\\\/\\\/lasventastour.com\\\/it\\\/gruppi-di-visite-guidate\\\/#breadcrumb\",\"itemListElement\":[{\"@type\":\"ListItem\",\"position\":1,\"name\":\"Portada\",\"item\":\"https:\\\/\\\/lasventastour.com\\\/it\\\/\"},{\"@type\":\"ListItem\",\"position\":2,\"name\":\"Visita per gruppi e centri educativi\"}]},{\"@type\":\"WebSite\",\"@id\":\"https:\\\/\\\/lasventastour.com\\\/it\\\/#website\",\"url\":\"https:\\\/\\\/lasventastour.com\\\/it\\\/\",\"name\":\"Las Ventas Tour\",\"description\":\"Tour Las Ventas | Plaza de Toros de Madrid | Web Oficial\",\"publisher\":{\"@id\":\"https:\\\/\\\/lasventastour.com\\\/it\\\/#organization\"},\"alternateName\":\"Las Ventas Tour\",\"potentialAction\":[{\"@type\":\"SearchAction\",\"target\":{\"@type\":\"EntryPoint\",\"urlTemplate\":\"https:\\\/\\\/lasventastour.com\\\/it\\\/?s={search_term_string}\"},\"query-input\":{\"@type\":\"PropertyValueSpecification\",\"valueRequired\":true,\"valueName\":\"search_term_string\"}}],\"inLanguage\":\"it-IT\"},{\"@type\":\"Organization\",\"@id\":\"https:\\\/\\\/lasventastour.com\\\/it\\\/#organization\",\"name\":\"Las Ventas Tour\",\"alternateName\":\"Las Ventas Tour\",\"url\":\"https:\\\/\\\/lasventastour.com\\\/it\\\/\",\"logo\":{\"@type\":\"ImageObject\",\"inLanguage\":\"it-IT\",\"@id\":\"https:\\\/\\\/lasventastour.com\\\/it\\\/#\\\/schema\\\/logo\\\/image\\\/\",\"url\":\"https:\\\/\\\/lasventastour.com\\\/wp-content\\\/uploads\\\/2024\\\/09\\\/cropped-Logo-Las-Ventas-1.webp\",\"contentUrl\":\"https:\\\/\\\/lasventastour.com\\\/wp-content\\\/uploads\\\/2024\\\/09\\\/cropped-Logo-Las-Ventas-1.webp\",\"width\":512,\"height\":512,\"caption\":\"Las Ventas Tour\"},\"image\":{\"@id\":\"https:\\\/\\\/lasventastour.com\\\/it\\\/#\\\/schema\\\/logo\\\/image\\\/\"},\"sameAs\":[\"https:\\\/\\\/www.instagram.com\\\/lasventastour\\\/\"]}]}<\/script>\n<!-- \/ Yoast SEO plugin. -->","yoast_head_json":{"title":"\u25b7 Visite di gruppo e centri educativi | Arena di Las Ventas","description":"Visite di gruppo alla Plaza de Toros las Ventas e al Museo della Corrida di Madrid: approccio culturale ed educativo, adatto a diverse et\u00e0 e profili.","robots":{"index":"index","follow":"follow","max-snippet":"max-snippet:-1","max-image-preview":"max-image-preview:large","max-video-preview":"max-video-preview:-1"},"canonical":"https:\/\/lasventastour.com\/it\/gruppi-di-visite-guidate\/","og_locale":"it_IT","og_type":"article","og_title":"\u25b7 Visite di gruppo e centri educativi | Arena di Las Ventas","og_description":"Visite di gruppo alla Plaza de Toros las Ventas e al Museo della Corrida di Madrid: approccio culturale ed educativo, adatto a diverse et\u00e0 e profili.","og_url":"https:\/\/lasventastour.com\/it\/gruppi-di-visite-guidate\/","og_site_name":"Las Ventas Tour","article_modified_time":"2026-04-28T11:01:33+00:00","og_image":[{"width":511,"height":280,"url":"https:\/\/lasventastour.com\/wp-content\/uploads\/2023\/12\/paseillo-en-las-ventas.webp","type":"image\/webp"}],"twitter_card":"summary_large_image","twitter_misc":{"Tempo di lettura stimato":"3 minuto"},"schema":{"@context":"https:\/\/schema.org","@graph":[{"@type":"WebPage","@id":"https:\/\/lasventastour.com\/it\/gruppi-di-visite-guidate\/","url":"https:\/\/lasventastour.com\/it\/gruppi-di-visite-guidate\/","name":"\u25b7 Visite di gruppo e centri educativi | Arena di Las Ventas","isPartOf":{"@id":"https:\/\/lasventastour.com\/it\/#website"},"datePublished":"2023-09-28T12:13:19+00:00","dateModified":"2026-04-28T11:01:33+00:00","description":"Visite di gruppo alla Plaza de Toros las Ventas e al Museo della Corrida di Madrid: approccio culturale ed educativo, adatto a diverse et\u00e0 e profili.","breadcrumb":{"@id":"https:\/\/lasventastour.com\/it\/gruppi-di-visite-guidate\/#breadcrumb"},"inLanguage":"it-IT","potentialAction":[{"@type":"ReadAction","target":["https:\/\/lasventastour.com\/it\/gruppi-di-visite-guidate\/"]}]},{"@type":"BreadcrumbList","@id":"https:\/\/lasventastour.com\/it\/gruppi-di-visite-guidate\/#breadcrumb","itemListElement":[{"@type":"ListItem","position":1,"name":"Portada","item":"https:\/\/lasventastour.com\/it\/"},{"@type":"ListItem","position":2,"name":"Visita per gruppi e centri educativi"}]},{"@type":"WebSite","@id":"https:\/\/lasventastour.com\/it\/#website","url":"https:\/\/lasventastour.com\/it\/","name":"Las Ventas Tour","description":"Tour Las Ventas | Plaza de Toros de Madrid | Web Oficial","publisher":{"@id":"https:\/\/lasventastour.com\/it\/#organization"},"alternateName":"Las Ventas Tour","potentialAction":[{"@type":"SearchAction","target":{"@type":"EntryPoint","urlTemplate":"https:\/\/lasventastour.com\/it\/?s={search_term_string}"},"query-input":{"@type":"PropertyValueSpecification","valueRequired":true,"valueName":"search_term_string"}}],"inLanguage":"it-IT"},{"@type":"Organization","@id":"https:\/\/lasventastour.com\/it\/#organization","name":"Las Ventas Tour","alternateName":"Las Ventas Tour","url":"https:\/\/lasventastour.com\/it\/","logo":{"@type":"ImageObject","inLanguage":"it-IT","@id":"https:\/\/lasventastour.com\/it\/#\/schema\/logo\/image\/","url":"https:\/\/lasventastour.com\/wp-content\/uploads\/2024\/09\/cropped-Logo-Las-Ventas-1.webp","contentUrl":"https:\/\/lasventastour.com\/wp-content\/uploads\/2024\/09\/cropped-Logo-Las-Ventas-1.webp","width":512,"height":512,"caption":"Las Ventas Tour"},"image":{"@id":"https:\/\/lasventastour.com\/it\/#\/schema\/logo\/image\/"},"sameAs":["https:\/\/www.instagram.com\/lasventastour\/"]}]}},"_links":{"self":[{"href":"https:\/\/lasventastour.com\/it\/wp-json\/wp\/v2\/pages\/2406","targetHints":{"allow":["GET"]}}],"collection":[{"href":"https:\/\/lasventastour.com\/it\/wp-json\/wp\/v2\/pages"}],"about":[{"href":"https:\/\/lasventastour.com\/it\/wp-json\/wp\/v2\/types\/page"}],"author":[{"embeddable":true,"href":"https:\/\/lasventastour.com\/it\/wp-json\/wp\/v2\/users\/1"}],"replies":[{"embeddable":true,"href":"https:\/\/lasventastour.com\/it\/wp-json\/wp\/v2\/comments?post=2406"}],"version-history":[{"count":11,"href":"https:\/\/lasventastour.com\/it\/wp-json\/wp\/v2\/pages\/2406\/revisions"}],"predecessor-version":[{"id":43192,"href":"https:\/\/lasventastour.com\/it\/wp-json\/wp\/v2\/pages\/2406\/revisions\/43192"}],"wp:attachment":[{"href":"https:\/\/lasventastour.com\/it\/wp-json\/wp\/v2\/media?parent=2406"}],"curies":[{"name":"wp","href":"https:\/\/api.w.org\/{rel}","templated":true}]}}