{"id":2261,"date":"2023-09-28T14:35:15","date_gmt":"2023-09-28T14:35:15","guid":{"rendered":"https:\/\/lasventastour.com\/biglietti-per-la-corrida-las-ventas\/"},"modified":"2026-04-17T10:05:13","modified_gmt":"2026-04-17T10:05:13","slug":"biglietti-per-la-corrida-las-ventas-madrid","status":"publish","type":"page","link":"https:\/\/lasventastour.com\/it\/biglietti-per-la-corrida-las-ventas-madrid\/","title":{"rendered":"Biglietti per la corrida"},"content":{"rendered":"<section class=\"l-section wpb_row height_medium\"><div class=\"l-section-h i-cf\"><div class=\"g-cols vc_row via_grid cols_1 laptops-cols_inherit tablets-cols_inherit mobiles-cols_1 valign_top type_default stacking_default\"><div class=\"wpb_column vc_column_container\"><div class=\"vc_column-inner\"><div class=\"wpb_text_column\"><div class=\"wpb_wrapper\"><h1 style=\"text-align: center;\">Biglietti Corrida Las Ventas Madrid 2026<\/h1>\n<\/div><\/div><div class=\"w-separator size_medium\"><\/div><div class=\"wpb_text_column\"><div class=\"wpb_wrapper\"><p id=\"intro-code\">In questa pagina puoi acquistare i biglietti ufficiali per le corride nella Plaza de Toros de Las Ventas de Madrid 2026. Abbiamo biglietti per tutte le categorie di posti: barriera, contrabarrera, tendido, grada, andanada e palchi VIP, in zone di sole, sole e ombra e ombra. Seleziona la data che preferisci e ricevi subito il tuo biglietto in PDF via e-mail, senza doverlo ritirare al botteghino.  <\/p>\n<\/div><\/div><div class=\"w-separator size_medium\"><\/div><div class=\"w-grid us_product_list type_grid layout_negozio_moderno cols_4 preload_style_spinner\" id=\"us_product_list_j1d1\" style=\"--columns:4;--gap:1.5rem;\"><style>@media (max-width:1024px){#us_product_list_j1d1{--columns:2!important}}@media (max-width:600px){#us_product_list_j1d1{--columns:1!important}}.layout_negozio_moderno .w-grid-item-h{}.layout_negozio_moderno .usg_product_field_1{color:#fff!important;font-size:12px!important;font-weight:700!important;text-transform:uppercase!important;position:absolute!important;top:10px!important;left:10px!important;padding-left:0.8rem!important;padding-right:0.8rem!important;border-radius:9em!important;background:var(--color-content-primary)!important}.layout_negozio_moderno .usg_post_title_1{font-size:1rem!important;margin-top:0.8rem!important;margin-bottom:0.2rem!important}.layout_negozio_moderno .usg_product_field_2{margin-bottom:0.2rem!important}.layout_negozio_moderno .usg_product_field_3{font-weight:700!important}.layout_negozio_moderno .usg_add_to_cart_1{font-size:0.8rem!important;margin-top:0.4rem!important;border-radius:var(--site-border-radius)!important}<\/style><div class=\"w-grid-list\">\t<article class=\"w-grid-item size_1x1 post-25333 product type-product status-publish has-post-thumbnail product_cat-senza-categoria first instock taxable shipping-taxable purchasable product-type-variable\" data-id=\"25333\">\r\n\t\t<div class=\"w-grid-item-h\">\r\n\t\t\t\t\t\t<div class=\"w-post-elm post_image usg_post_image_1 stretched\"><a href=\"https:\/\/lasventastour.com\/it\/producto\/corrida-19-aprile-copia\/\" aria-label=\"Novillada 1 maggio\"><img loading=\"lazy\" decoding=\"async\" width=\"300\" height=\"300\" src=\"https:\/\/lasventastour.com\/wp-content\/uploads\/2026\/04\/Novillada-1-mayo-300x300.webp\" class=\"attachment-woocommerce_thumbnail size-woocommerce_thumbnail wp-post-image\" alt=\"Novillada 1 maggio madrid\" srcset=\"https:\/\/lasventastour.com\/wp-content\/uploads\/2026\/04\/Novillada-1-mayo-300x300.webp 300w, https:\/\/lasventastour.com\/wp-content\/uploads\/2026\/04\/Novillada-1-mayo-150x150.webp 150w, https:\/\/lasventastour.com\/wp-content\/uploads\/2026\/04\/Novillada-1-mayo.webp 500w\" sizes=\"auto, (max-width: 300px) 100vw, 300px\" \/><\/a><\/div><h2 class=\"w-post-elm post_title usg_post_title_1 woocommerce-loop-product__title color_link_inherit\"><a href=\"https:\/\/lasventastour.com\/it\/producto\/corrida-19-aprile-copia\/\">Novillada 1 maggio<\/a><\/h2><p class=\"w-post-elm product_field price usg_product_field_3\"><span class=\"woocommerce-Price-amount amount\" aria-hidden=\"true\"><bdi>6,00&nbsp;<span class=\"woocommerce-Price-currencySymbol\">&euro;<\/span><\/bdi><\/span> <span aria-hidden=\"true\">-<\/span> <span class=\"woocommerce-Price-amount amount\" aria-hidden=\"true\"><bdi>107,00&nbsp;<span class=\"woocommerce-Price-currencySymbol\">&euro;<\/span><\/bdi><\/span><span class=\"screen-reader-text\">Fascia di prezzo: da 6,00&nbsp;&euro; a 107,00&nbsp;&euro;<\/span><\/p><div class=\"w-btn-wrapper woocommerce usg_add_to_cart_1 has_border_radius has_font_size\"><a href=\"https:\/\/lasventastour.com\/it\/producto\/corrida-19-aprile-copia\/\" aria-describedby=\"woocommerce_loop_add_to_cart_link_describedby_25333\" data-quantity=\"1\" class=\"button product_type_variable add_to_cart_button\" data-product_id=\"25333\" data-product_sku=\"\" aria-label=\"Seleziona le opzioni per &ldquo;Novillada 1 maggio&rdquo;\" rel=\"nofollow\"><i class=\"g-preloader type_1\"><\/i><span class=\"w-btn-label\">Scegli<\/span><\/a>\t<span id=\"woocommerce_loop_add_to_cart_link_describedby_25333\" class=\"screen-reader-text\">\n\t\tQuesto prodotto ha pi\u00f9 varianti. Le opzioni possono essere scelte nella pagina del prodotto\t<\/span>\n<\/div>\t\t<\/div>\r\n\t\t\t<\/article>\r\n\t<article class=\"w-grid-item size_1x1 post-30225 product type-product status-publish has-post-thumbnail product_cat-biglietti-vip  instock taxable shipping-taxable purchasable product-type-variable\" data-id=\"30225\">\r\n\t\t<div class=\"w-grid-item-h\">\r\n\t\t\t\t\t\t<div class=\"w-post-elm post_image usg_post_image_1 stretched\"><a href=\"https:\/\/lasventastour.com\/it\/producto\/biglietti-tendido-premium\/\" aria-label=\"Biglietti Tendido Premium\"><img loading=\"lazy\" decoding=\"async\" width=\"300\" height=\"300\" src=\"https:\/\/lasventastour.com\/wp-content\/uploads\/2026\/04\/Entrada-VIP-las-ventas-300x300.webp\" class=\"attachment-woocommerce_thumbnail size-woocommerce_thumbnail wp-post-image\" alt=\"Entrada VIP plaza de toros madrid\" srcset=\"https:\/\/lasventastour.com\/wp-content\/uploads\/2026\/04\/Entrada-VIP-las-ventas-300x300.webp 300w, https:\/\/lasventastour.com\/wp-content\/uploads\/2026\/04\/Entrada-VIP-las-ventas-150x150.webp 150w, https:\/\/lasventastour.com\/wp-content\/uploads\/2026\/04\/Entrada-VIP-las-ventas.webp 500w\" sizes=\"auto, (max-width: 300px) 100vw, 300px\" \/><\/a><\/div><h2 class=\"w-post-elm post_title usg_post_title_1 woocommerce-loop-product__title color_link_inherit\"><a href=\"https:\/\/lasventastour.com\/it\/producto\/biglietti-tendido-premium\/\">Biglietti Tendido Premium<\/a><\/h2><p class=\"w-post-elm product_field price usg_product_field_3\"><span class=\"woocommerce-Price-amount amount\"><bdi>171,17&nbsp;<span class=\"woocommerce-Price-currencySymbol\">&euro;<\/span><\/bdi><\/span><\/p><div class=\"w-btn-wrapper woocommerce usg_add_to_cart_1 has_border_radius has_font_size\"><a href=\"https:\/\/lasventastour.com\/it\/producto\/biglietti-tendido-premium\/\" aria-describedby=\"woocommerce_loop_add_to_cart_link_describedby_30225\" data-quantity=\"1\" class=\"button product_type_variable add_to_cart_button\" data-product_id=\"30225\" data-product_sku=\"\" aria-label=\"Seleziona le opzioni per &ldquo;Biglietti Tendido Premium&rdquo;\" rel=\"nofollow\"><i class=\"g-preloader type_1\"><\/i><span class=\"w-btn-label\">Scegli<\/span><\/a>\t<span id=\"woocommerce_loop_add_to_cart_link_describedby_30225\" class=\"screen-reader-text\">\n\t\tQuesto prodotto ha pi\u00f9 varianti. Le opzioni possono essere scelte nella pagina del prodotto\t<\/span>\n<\/div>\t\t<\/div>\r\n\t\t\t<\/article>\r\n\t<article class=\"w-grid-item size_1x1 post-29765 product type-product status-publish has-post-thumbnail product_cat-biglietti-vip last instock taxable shipping-taxable purchasable product-type-variable\" data-id=\"29765\">\r\n\t\t<div class=\"w-grid-item-h\">\r\n\t\t\t\t\t\t<div class=\"w-post-elm post_image usg_post_image_1 stretched\"><a href=\"https:\/\/lasventastour.com\/it\/producto\/biglietti-premium-box-sala-alcala\/\" aria-label=\"Biglietti Premium Box +Sala Alcal\u00e1\"><img loading=\"lazy\" decoding=\"async\" width=\"300\" height=\"300\" src=\"https:\/\/lasventastour.com\/wp-content\/uploads\/2026\/04\/Entrada-VIP-las-ventas-300x300.webp\" class=\"attachment-woocommerce_thumbnail size-woocommerce_thumbnail wp-post-image\" alt=\"Entrada VIP plaza de toros madrid\" srcset=\"https:\/\/lasventastour.com\/wp-content\/uploads\/2026\/04\/Entrada-VIP-las-ventas-300x300.webp 300w, https:\/\/lasventastour.com\/wp-content\/uploads\/2026\/04\/Entrada-VIP-las-ventas-150x150.webp 150w, https:\/\/lasventastour.com\/wp-content\/uploads\/2026\/04\/Entrada-VIP-las-ventas.webp 500w\" sizes=\"auto, (max-width: 300px) 100vw, 300px\" \/><\/a><\/div><h2 class=\"w-post-elm post_title usg_post_title_1 woocommerce-loop-product__title color_link_inherit\"><a href=\"https:\/\/lasventastour.com\/it\/producto\/biglietti-premium-box-sala-alcala\/\">Biglietti Premium Box +Sala Alcal\u00e1<\/a><\/h2><p class=\"w-post-elm product_field price usg_product_field_3\"><span class=\"woocommerce-Price-amount amount\"><bdi>247,75&nbsp;<span class=\"woocommerce-Price-currencySymbol\">&euro;<\/span><\/bdi><\/span><\/p><div class=\"w-btn-wrapper woocommerce usg_add_to_cart_1 has_border_radius has_font_size\"><a href=\"https:\/\/lasventastour.com\/it\/producto\/biglietti-premium-box-sala-alcala\/\" aria-describedby=\"woocommerce_loop_add_to_cart_link_describedby_29765\" data-quantity=\"1\" class=\"button product_type_variable add_to_cart_button\" data-product_id=\"29765\" data-product_sku=\"\" aria-label=\"Seleziona le opzioni per &ldquo;Biglietti Premium Box +Sala Alcal\u00e1&rdquo;\" rel=\"nofollow\"><i class=\"g-preloader type_1\"><\/i><span class=\"w-btn-label\">Scegli<\/span><\/a>\t<span id=\"woocommerce_loop_add_to_cart_link_describedby_29765\" class=\"screen-reader-text\">\n\t\tQuesto prodotto ha pi\u00f9 varianti. Le opzioni possono essere scelte nella pagina del prodotto\t<\/span>\n<\/div>\t\t<\/div>\r\n\t\t\t<\/article>\r\n\t<article class=\"w-grid-item size_1x1 post-30117 product type-product status-publish has-post-thumbnail product_cat-biglietti-vip first instock taxable shipping-taxable purchasable product-type-variable\" data-id=\"30117\">\r\n\t\t<div class=\"w-grid-item-h\">\r\n\t\t\t\t\t\t<div class=\"w-post-elm post_image usg_post_image_1 stretched\"><a href=\"https:\/\/lasventastour.com\/it\/producto\/biglietti-tendido-premium-sala-alcala\/\" aria-label=\"Biglietti Tendido Premium + Sala Alcal\u00e1\"><img loading=\"lazy\" decoding=\"async\" width=\"300\" height=\"300\" src=\"https:\/\/lasventastour.com\/wp-content\/uploads\/2026\/04\/Entrada-VIP-las-ventas-300x300.webp\" class=\"attachment-woocommerce_thumbnail size-woocommerce_thumbnail wp-post-image\" alt=\"Entrada VIP plaza de toros madrid\" srcset=\"https:\/\/lasventastour.com\/wp-content\/uploads\/2026\/04\/Entrada-VIP-las-ventas-300x300.webp 300w, https:\/\/lasventastour.com\/wp-content\/uploads\/2026\/04\/Entrada-VIP-las-ventas-150x150.webp 150w, https:\/\/lasventastour.com\/wp-content\/uploads\/2026\/04\/Entrada-VIP-las-ventas.webp 500w\" sizes=\"auto, (max-width: 300px) 100vw, 300px\" \/><\/a><\/div><h2 class=\"w-post-elm post_title usg_post_title_1 woocommerce-loop-product__title color_link_inherit\"><a href=\"https:\/\/lasventastour.com\/it\/producto\/biglietti-tendido-premium-sala-alcala\/\">Biglietti Tendido Premium + Sala Alcal\u00e1<\/a><\/h2><p class=\"w-post-elm product_field price usg_product_field_3\"><span class=\"woocommerce-Price-amount amount\" aria-hidden=\"true\"><bdi>315,32&nbsp;<span class=\"woocommerce-Price-currencySymbol\">&euro;<\/span><\/bdi><\/span> <span aria-hidden=\"true\">-<\/span> <span class=\"woocommerce-Price-amount amount\" aria-hidden=\"true\"><bdi>405,41&nbsp;<span class=\"woocommerce-Price-currencySymbol\">&euro;<\/span><\/bdi><\/span><span class=\"screen-reader-text\">Fascia di prezzo: da 315,32&nbsp;&euro; a 405,41&nbsp;&euro;<\/span><\/p><div class=\"w-btn-wrapper woocommerce usg_add_to_cart_1 has_border_radius has_font_size\"><a href=\"https:\/\/lasventastour.com\/it\/producto\/biglietti-tendido-premium-sala-alcala\/\" aria-describedby=\"woocommerce_loop_add_to_cart_link_describedby_30117\" data-quantity=\"1\" class=\"button product_type_variable add_to_cart_button\" data-product_id=\"30117\" data-product_sku=\"\" aria-label=\"Seleziona le opzioni per &ldquo;Biglietti Tendido Premium + Sala Alcal\u00e1&rdquo;\" rel=\"nofollow\"><i class=\"g-preloader type_1\"><\/i><span class=\"w-btn-label\">Scegli<\/span><\/a>\t<span id=\"woocommerce_loop_add_to_cart_link_describedby_30117\" class=\"screen-reader-text\">\n\t\tQuesto prodotto ha pi\u00f9 varianti. Le opzioni possono essere scelte nella pagina del prodotto\t<\/span>\n<\/div>\t\t<\/div>\r\n\t\t\t<\/article>\r\n\t<article class=\"w-grid-item size_1x1 post-29565 product type-product status-publish has-post-thumbnail product_cat-biglietti-vip  instock taxable shipping-taxable purchasable product-type-variable\" data-id=\"29565\">\r\n\t\t<div class=\"w-grid-item-h\">\r\n\t\t\t\t\t\t<div class=\"w-post-elm post_image usg_post_image_1 stretched\"><a href=\"https:\/\/lasventastour.com\/it\/producto\/biglietti-premium-box\/\" aria-label=\"Biglietti Premium Box\"><img loading=\"lazy\" decoding=\"async\" width=\"300\" height=\"300\" src=\"https:\/\/lasventastour.com\/wp-content\/uploads\/2026\/04\/Entrada-VIP-las-ventas-300x300.webp\" class=\"attachment-woocommerce_thumbnail size-woocommerce_thumbnail wp-post-image\" alt=\"Entrada VIP plaza de toros madrid\" srcset=\"https:\/\/lasventastour.com\/wp-content\/uploads\/2026\/04\/Entrada-VIP-las-ventas-300x300.webp 300w, https:\/\/lasventastour.com\/wp-content\/uploads\/2026\/04\/Entrada-VIP-las-ventas-150x150.webp 150w, https:\/\/lasventastour.com\/wp-content\/uploads\/2026\/04\/Entrada-VIP-las-ventas.webp 500w\" sizes=\"auto, (max-width: 300px) 100vw, 300px\" \/><\/a><\/div><h2 class=\"w-post-elm post_title usg_post_title_1 woocommerce-loop-product__title color_link_inherit\"><a href=\"https:\/\/lasventastour.com\/it\/producto\/biglietti-premium-box\/\">Biglietti Premium Box<\/a><\/h2><p class=\"w-post-elm product_field price usg_product_field_3\"><span class=\"woocommerce-Price-amount amount\"><bdi>157,66&nbsp;<span class=\"woocommerce-Price-currencySymbol\">&euro;<\/span><\/bdi><\/span><\/p><div class=\"w-btn-wrapper woocommerce usg_add_to_cart_1 has_border_radius has_font_size\"><a href=\"https:\/\/lasventastour.com\/it\/producto\/biglietti-premium-box\/\" aria-describedby=\"woocommerce_loop_add_to_cart_link_describedby_29565\" data-quantity=\"1\" class=\"button product_type_variable add_to_cart_button\" data-product_id=\"29565\" data-product_sku=\"\" aria-label=\"Seleziona le opzioni per &ldquo;Biglietti Premium Box&rdquo;\" rel=\"nofollow\"><i class=\"g-preloader type_1\"><\/i><span class=\"w-btn-label\">Scegli<\/span><\/a>\t<span id=\"woocommerce_loop_add_to_cart_link_describedby_29565\" class=\"screen-reader-text\">\n\t\tQuesto prodotto ha pi\u00f9 varianti. Le opzioni possono essere scelte nella pagina del prodotto\t<\/span>\n<\/div>\t\t<\/div>\r\n\t\t\t<\/article>\r\n<\/div><div class=\"g-loadmore hidden\"><div class=\"g-preloader type_1\"><div><\/div><\/div><\/div><div class=\"w-grid-list-json hidden\" onclick='return {&quot;max_num_pages&quot;:0,&quot;paginationBase&quot;:&quot;page&quot;,&quot;pagination&quot;:&quot;none&quot;,&quot;paged&quot;:1,&quot;ajaxData&quot;:{&quot;action&quot;:&quot;us_ajax_product_list&quot;,&quot;meta_type&quot;:&quot;post&quot;,&quot;object_id&quot;:0,&quot;template_vars&quot;:{&quot;shortcode_base&quot;:&quot;us_product_list&quot;,&quot;paged&quot;:1,&quot;max_num_pages&quot;:0,&quot;no_results&quot;:false,&quot;is_product_list&quot;:true,&quot;found_posts&quot;:0,&quot;per_page&quot;:12,&quot;items_count&quot;:5,&quot;orderby_random_seed&quot;:null,&quot;source&quot;:&quot;all&quot;,&quot;ids&quot;:&quot;&quot;,&quot;apply_url_params&quot;:0,&quot;onsale_only&quot;:0,&quot;featured_only&quot;:0,&quot;exclude_out_of_stock&quot;:0,&quot;exclude_hidden&quot;:1,&quot;exclude_current_product&quot;:1,&quot;exclude_prev_posts&quot;:0,&quot;enable_items_offset&quot;:0,&quot;items_offset&quot;:&quot;1&quot;,&quot;price_compare&quot;:&quot;none&quot;,&quot;price&quot;:&quot;99.99&quot;,&quot;price_max&quot;:&quot;299.99&quot;,&quot;tax_query_relation&quot;:&quot;none&quot;,&quot;tax_query&quot;:[{&quot;operator&quot;:&quot;IN&quot;,&quot;taxonomy&quot;:&quot;product_cat&quot;,&quot;terms&quot;:&quot;&quot;,&quot;include_children&quot;:0}],&quot;meta_query_relation&quot;:&quot;none&quot;,&quot;meta_query&quot;:[{&quot;key&quot;:&quot;custom_field_name&quot;,&quot;compare&quot;:&quot;=&quot;,&quot;value&quot;:&quot;&quot;}],&quot;orderby&quot;:&quot;date&quot;,&quot;orderby_custom_field&quot;:&quot;&quot;,&quot;orderby_recent_sales_days&quot;:&quot;30&quot;,&quot;orderby_custom_type&quot;:0,&quot;order_invert&quot;:0,&quot;show_all&quot;:0,&quot;quantity&quot;:&quot;12&quot;,&quot;posts_per_archive_page&quot;:0,&quot;no_items_action&quot;:&quot;message&quot;,&quot;no_items_message&quot;:&quot;Nessun risultato trovato.&quot;,&quot;no_items_page_block&quot;:&quot;&quot;,&quot;pagination&quot;:&quot;none&quot;,&quot;pagination_style&quot;:&quot;&quot;,&quot;pagination_btn_text&quot;:&quot;Carica altro&quot;,&quot;pagination_btn_size&quot;:&quot;&quot;,&quot;pagination_btn_style&quot;:&quot;1&quot;,&quot;pagination_btn_fullwidth&quot;:0,&quot;items_layout&quot;:&quot;negozio_moderno&quot;,&quot;type&quot;:&quot;grid&quot;,&quot;items_valign&quot;:0,&quot;ignore_items_size&quot;:0,&quot;columns&quot;:&quot;4&quot;,&quot;items_gap&quot;:&quot;1.5rem&quot;,&quot;load_animation&quot;:&quot;none&quot;,&quot;items_preload_style&quot;:&quot;spinner&quot;,&quot;img_size&quot;:&quot;default&quot;,&quot;title_size&quot;:&quot;&quot;,&quot;items_ratio&quot;:&quot;default&quot;,&quot;items_ratio_width&quot;:&quot;21&quot;,&quot;items_ratio_height&quot;:&quot;9&quot;,&quot;overriding_link&quot;:&quot;%7B%22url%22%3A%22%22%7D&quot;,&quot;popup_page_template&quot;:&quot;0&quot;,&quot;popup_width&quot;:&quot;&quot;,&quot;popup_arrows&quot;:1,&quot;breakpoint_1_width&quot;:&quot;1381px&quot;,&quot;breakpoint_1_cols&quot;:&quot;default&quot;,&quot;breakpoint_1_quantity&quot;:&quot;&quot;,&quot;breakpoint_1_gap&quot;:&quot;&quot;,&quot;breakpoint_2_width&quot;:&quot;1025px&quot;,&quot;breakpoint_2_cols&quot;:&quot;2&quot;,&quot;breakpoint_2_quantity&quot;:&quot;&quot;,&quot;breakpoint_2_gap&quot;:&quot;&quot;,&quot;breakpoint_3_width&quot;:&quot;601px&quot;,&quot;breakpoint_3_cols&quot;:&quot;1&quot;,&quot;breakpoint_3_quantity&quot;:&quot;&quot;,&quot;breakpoint_3_gap&quot;:&quot;&quot;,&quot;conditions_operator&quot;:&quot;always&quot;,&quot;conditions&quot;:[],&quot;css&quot;:null,&quot;el_class&quot;:&quot;&quot;,&quot;el_id&quot;:&quot;&quot;,&quot;enable_custom_html_atts&quot;:0,&quot;custom_html_atts&quot;:null,&quot;hide_on_states&quot;:&quot;&quot;,&quot;hide_for_sticky&quot;:0,&quot;hide_for_not_sticky&quot;:0,&quot;hide_below&quot;:&quot;0px&quot;,&quot;hide_above&quot;:&quot;0px&quot;,&quot;classes&quot;:&quot;&quot;},&quot;found_posts&quot;:0,&quot;per_page&quot;:12},&quot;facetedFilter&quot;:[]}'><\/div><\/div><\/div><\/div><\/div><\/div><\/section><section class=\"l-section wpb_row height_medium\"><div class=\"l-section-h i-cf\"><div class=\"g-cols vc_row via_grid cols_2 laptops-cols_inherit tablets-cols_inherit mobiles-cols_1 valign_middle type_default stacking_default\"><div class=\"wpb_column vc_column_container\"><div class=\"vc_column-inner\"><div class=\"wpb_text_column\"><div class=\"wpb_wrapper\"><h2>Tipi di biglietti disponibili<\/h2>\n<ol>\n<li><strong>Barrera:<\/strong> sono i posti pi\u00f9 vicini all&#8217;arena. Avrai la vista migliore e sarai pi\u00f9 vicino all&#8217;azione. <\/li>\n<li><strong>Controbarriera:<\/strong> sono gli ingressi situati subito dopo gli ingressi a barriera. Hanno la stessa qualit\u00e0 di visione ma con una maggiore sicurezza. <\/li>\n<li><strong>Tendido:<\/strong> sono i posti situati nella zona centrale dell&#8217;arena. Hanno una certa vicinanza all&#8217;arena e si trovano a un livello pi\u00f9 alto. Si possono trovare posti bassi e alti.  <\/li>\n<li><strong>Grada:<\/strong> Permettono di avere una visione completa della piazza e dello spettacolo della corrida ad un prezzo ridotto.<\/li>\n<li><strong>Andanada:<\/strong> sono i posti pi\u00f9 alti della piazza. Allo stesso tempo, sono i biglietti pi\u00f9 economici. <\/li>\n<li><strong>Palchi VIP:<\/strong> i palchi VIP sono situati nelle zone migliori delle tribune. Dispongono di uno spazio chiuso e di servizi premium. <\/li>\n<\/ol>\n<\/div><\/div><\/div><\/div><div class=\"wpb_column vc_column_container\"><div class=\"vc_column-inner\"><div class=\"w-image align_center\"><div class=\"w-image-h\"><img decoding=\"async\" width=\"700\" height=\"778\" src=\"https:\/\/lasventastour.com\/wp-content\/uploads\/2024\/01\/Tipos-de-entradas-toros-madrid.webp\" class=\"attachment-large size-large\" alt=\"Tipi di biglietti per le vendite di Madrid\" loading=\"lazy\" srcset=\"https:\/\/lasventastour.com\/wp-content\/uploads\/2024\/01\/Tipos-de-entradas-toros-madrid.webp 700w, https:\/\/lasventastour.com\/wp-content\/uploads\/2024\/01\/Tipos-de-entradas-toros-madrid-600x667.webp 600w, https:\/\/lasventastour.com\/wp-content\/uploads\/2024\/01\/Tipos-de-entradas-toros-madrid-270x300.webp 270w\" sizes=\"auto, (max-width: 700px) 100vw, 700px\" \/><\/div><\/div><\/div><\/div><\/div><\/div><\/section><section class=\"l-section wpb_row height_medium\"><div class=\"l-section-h i-cf\"><div class=\"g-cols vc_row via_grid cols_1 laptops-cols_inherit tablets-cols_inherit mobiles-cols_1 valign_top type_default stacking_default\"><div class=\"wpb_column vc_column_container\"><div class=\"vc_column-inner\"><div class=\"wpb_text_column\"><div class=\"wpb_wrapper\"><h2 style=\"text-align: center;\">Calendario della stagione 2026 di Las Ventas Madrid<\/h2>\n<\/div><\/div><div class=\"w-separator size_small\"><\/div><div class=\"wpb_text_column\"><div class=\"wpb_wrapper\"><p style=\"text-align: center;\">\ud83d\udcc5 Consulta qui il programma completo e aggiornato delle corride nella Plaza de Toros de Las Ventas di Madrid.<\/p>\n<\/div><\/div><div class=\"w-separator size_small\"><\/div><div class=\"wpb_text_column\"><div class=\"wpb_wrapper\"><table style=\"width: 100%; border-collapse: collapse; table-layout: auto;\">\n<thead>\n<tr>\n<th style=\"border: 1px solid #ddd; padding: 10px; text-align: left; white-space: nowrap; width: 18%;\">Data<\/th>\n<th style=\"border: 1px solid #ddd; padding: 10px; text-align: left; width: 28%;\">Festejo<\/th>\n<th style=\"border: 1px solid #ddd; padding: 10px; text-align: left; width: 18%;\">Bestiame<\/th>\n<th style=\"border: 1px solid #ddd; padding: 10px; text-align: left; width: 36%;\">Toreri<\/th>\n<\/tr>\n<\/thead>\n<tbody>\n<tr>\n<td style=\"border: 1px solid #ddd; padding: 10px; white-space: nowrap;\">Dom. 29 marzo &#8211; 18:00 h.<\/td>\n<td style=\"border: 1px solid #ddd; padding: 10px;\">Domenica delle Palme &#8211; Corrida<\/td>\n<td style=\"border: 1px solid #ddd; padding: 10px;\">Dolores Aguirre<\/td>\n<td style=\"border: 1px solid #ddd; padding: 10px;\">Antonio Ferrera &#8211; Isaac Fonseca &#8211; Cristian P\u00e9rez (conferma alternativa)<\/td>\n<\/tr>\n<tr>\n<td style=\"border: 1px solid #ddd; padding: 10px; white-space: nowrap;\">Dom. 5 aprile &#8211; 18:00 h.<\/td>\n<td style=\"border: 1px solid #ddd; padding: 10px;\">Domenica di Pasqua &#8211; Corrida<\/td>\n<td style=\"border: 1px solid #ddd; padding: 10px;\">Mart\u00edn Lorca<\/td>\n<td style=\"border: 1px solid #ddd; padding: 10px;\">Curro D\u00edaz &#8211; Rafa Serna &#8211; Diego San Rom\u00e1n<\/td>\n<\/tr>\n<tr>\n<td style=\"border: 1px solid #ddd; padding: 10px; white-space: nowrap;\">Dom. 12 aprile &#8211; 18:00 h.<\/td>\n<td style=\"border: 1px solid #ddd; padding: 10px;\">Novillada con picadors<\/td>\n<td style=\"border: 1px solid #ddd; padding: 10px;\">S\u00e1nchez Herrero Bros. <\/td>\n<td style=\"border: 1px solid #ddd; padding: 10px;\">Jes\u00fas Romero &#8211; Mariscal Ruiz &#8211; Pedro Andr\u00e9s (presentazione)<\/td>\n<\/tr>\n<tr>\n<td style=\"border: 1px solid #ddd; padding: 10px; white-space: nowrap;\">Dom. 19 aprile &#8211; 18:00 h.<\/td>\n<td style=\"border: 1px solid #ddd; padding: 10px;\">Novillada con picadors<\/td>\n<td style=\"border: 1px solid #ddd; padding: 10px;\">Antonio Palla<\/td>\n<td style=\"border: 1px solid #ddd; padding: 10px;\">El Mella &#8211; Cid de Mar\u00eda &#8211; Tom\u00e1s Bastos<\/td>\n<\/tr>\n<tr>\n<td style=\"border: 1px solid #ddd; padding: 10px; white-space: nowrap;\">Dom. 26 aprile &#8211; 18:00 h.<\/td>\n<td style=\"border: 1px solid #ddd; padding: 10px;\">Corrida<\/td>\n<td style=\"border: 1px solid #ddd; padding: 10px;\">Palha<\/td>\n<td style=\"border: 1px solid #ddd; padding: 10px;\">S\u00e1nchez Vara &#8211; Francisco Jos\u00e9 Espada &#8211; Luis Gerpe<\/td>\n<\/tr>\n<tr>\n<td style=\"border: 1px solid #ddd; padding: 10px; white-space: nowrap;\">Ven. 1 maggio &#8211; 18:30 h.<\/td>\n<td style=\"border: 1px solid #ddd; padding: 10px;\">Novillada con picadors<\/td>\n<td style=\"border: 1px solid #ddd; padding: 10px;\">Il bestiame della CAM<\/td>\n<td style=\"border: 1px solid #ddd; padding: 10px;\">David L\u00f3pez &#8211; \u00c1lvaro Serrano (presentazione) &#8211; Joel Ram\u00edrez (presentazione)<\/td>\n<\/tr>\n<tr>\n<td style=\"border: 1px solid #ddd; padding: 10px; white-space: nowrap;\">Sab. 2 maggio &#8211; 18:30 h.<\/td>\n<td style=\"border: 1px solid #ddd; padding: 10px;\">Corrida Goyesca<\/td>\n<td style=\"border: 1px solid #ddd; padding: 10px;\">El Pilar<\/td>\n<td style=\"border: 1px solid #ddd; padding: 10px;\">Uceda Leal &#8211; El Cid &#8211; Javier Cort\u00e9s<\/td>\n<\/tr>\n<tr>\n<td style=\"border: 1px solid #ddd; padding: 10px; white-space: nowrap;\">Dom. 3 maggio &#8211; 18:30 h.<\/td>\n<td style=\"border: 1px solid #ddd; padding: 10px;\">Novillada con picadors<\/td>\n<td style=\"border: 1px solid #ddd; padding: 10px;\">Couto de Fornilhos<\/td>\n<td style=\"border: 1px solid #ddd; padding: 10px;\">Mario Arruza &#8211; Cristian Gonz\u00e1lez &#8211; Juan Alberto Torrijos<\/td>\n<\/tr>\n<\/tbody>\n<\/table>\n<\/div><\/div><div class=\"w-separator size_medium\"><\/div><div class=\"wpb_text_column\"><div class=\"wpb_wrapper\"><h2>Prezzi Corrida Madrid 2026<\/h2>\n<p>Ecco i prezzi di partenza per le corride nella Plaza de Toros de Las Ventas Madrid a seconda dei posti scelti:<\/p>\n<\/div><\/div><div class=\"w-separator size_small\"><\/div><div class=\"w-tabs layout_hor style_radio2 switch_click has_scrolling\" style=\"--sections-title-size:max( 1.2rem, 1.2vw )\"><div class=\"w-tabs-list items_3 align_justify\" style=\"font-family:var(--h1-font-family);\"><div class=\"w-tabs-list-h\"><button class=\"w-tabs-item active\" aria-controls=\"content-ba10\" aria-expanded=\"false\"><span class=\"w-tabs-item-title\">Ombra<\/span><\/button><button class=\"w-tabs-item\" aria-controls=\"content-y1c6\" aria-expanded=\"false\"><span class=\"w-tabs-item-title\">Sole e ombra<\/span><\/button><button class=\"w-tabs-item\" aria-controls=\"content-m91c\" aria-expanded=\"false\"><span class=\"w-tabs-item-title\">Sol<\/span><\/button><\/div><\/div><div class=\"w-tabs-sections titles-align_none icon_chevron cpos_right\"><div class=\"w-tabs-section active\" id=\"ba10\"><button class=\"w-tabs-section-header active\" aria-controls=\"content-ba10\" aria-expanded=\"true\"><div class=\"w-tabs-section-title\">Ombra<\/div><div class=\"w-tabs-section-control\"><\/div><\/button><div  class=\"w-tabs-section-content\" id=\"content-ba10\"><div class=\"w-tabs-section-content-h i-cf\"><div class=\"g-cols wpb_row via_grid cols_2 laptops-cols_inherit tablets-cols_inherit mobiles-cols_1 valign_top type_default stacking_default\" style=\"--columns-gap:3rem;\"><div class=\"wpb_column vc_column_container\"><div class=\"vc_column-inner\"><div class=\"wpb_text_column\"><div class=\"wpb_wrapper\"><h3>Voci d&#8217;ombra<\/h3>\n<ul>\n<li><strong>Barriera:<\/strong> a partire da 120\u20ac.<\/li>\n<li><strong>Controbarriera:<\/strong> a partire da 110\u20ac.<\/li>\n<li><strong>Tetti bassi e alti:<\/strong> da 45\u20ac a 80\u20ac in base all&#8217;altezza<\/li>\n<li><strong>Grada:<\/strong> A partire da \u20ac30<\/li>\n<li><strong>Andanada:<\/strong> A partire da \u20ac25<\/li>\n<\/ul>\n<p>*NOTA<strong>:<\/strong> i biglietti ombreggiati sono i pi\u00f9 costosi perch\u00e9 si trovano in posti dove non batte il sole e quindi \u00e8 pi\u00f9 comodo e piacevole godersi lo spettacolo grazie alla migliore visibilit\u00e0 e al minor calore per lo spettatore.<\/p>\n<\/div><\/div><\/div><\/div><div class=\"wpb_column vc_column_container\"><div class=\"vc_column-inner\"><div class=\"w-image align_center\"><div class=\"w-image-h\"><img decoding=\"async\" width=\"700\" height=\"700\" src=\"https:\/\/lasventastour.com\/wp-content\/uploads\/2024\/01\/Mapa-plaza-de-toros.webp\" class=\"attachment-large size-large\" alt=\"Mappa dei posti a sedere dell&#039;arena di Las Ventas\" loading=\"lazy\" srcset=\"https:\/\/lasventastour.com\/wp-content\/uploads\/2024\/01\/Mapa-plaza-de-toros.webp 700w, https:\/\/lasventastour.com\/wp-content\/uploads\/2024\/01\/Mapa-plaza-de-toros-300x300.webp 300w, https:\/\/lasventastour.com\/wp-content\/uploads\/2024\/01\/Mapa-plaza-de-toros-150x150.webp 150w, https:\/\/lasventastour.com\/wp-content\/uploads\/2024\/01\/Mapa-plaza-de-toros-600x600.webp 600w\" sizes=\"auto, (max-width: 700px) 100vw, 700px\" \/><\/div><\/div><\/div><\/div><\/div><\/div><\/div><\/div><div class=\"w-tabs-section\" id=\"y1c6\"><button class=\"w-tabs-section-header\" aria-controls=\"content-y1c6\" aria-expanded=\"false\"><div class=\"w-tabs-section-title\">Sole e ombra<\/div><div class=\"w-tabs-section-control\"><\/div><\/button><div  class=\"w-tabs-section-content\" id=\"content-y1c6\"><div class=\"w-tabs-section-content-h i-cf\"><div class=\"g-cols wpb_row via_grid cols_2 laptops-cols_inherit tablets-cols_inherit mobiles-cols_1 valign_top type_default stacking_default\" style=\"--columns-gap:3rem;\"><div class=\"wpb_column vc_column_container\"><div class=\"vc_column-inner\"><div class=\"wpb_text_column\"><div class=\"wpb_wrapper\"><h3>Biglietti Sol y Sombra<\/h3>\n<ul>\n<li><strong>Barriera:<\/strong> a partire da 120\u20ac.<\/li>\n<li><strong>Controbarriera:<\/strong> a partire da 110\u20ac.<\/li>\n<li><strong>Tetto basso:<\/strong> tra \u20ac45 e \u20ac80 a seconda dell&#8217;altezza<\/li>\n<li><strong>Tendenza alta:<\/strong><\/li>\n<li><strong>Grada:<\/strong> A partire da \u20ac30<\/li>\n<li><strong>Andanada:<\/strong> A partire da \u20ac25<\/li>\n<\/ul>\n<p>*NOTA<strong>:<\/strong> questi biglietti hanno un prezzo intermedio a causa del fatto che durante la corrida i tuoi posti saranno al sole e successivamente all&#8217;ombra.<\/p>\n<\/div><\/div><\/div><\/div><div class=\"wpb_column vc_column_container\"><div class=\"vc_column-inner\"><div class=\"w-image align_center\"><div class=\"w-image-h\"><img decoding=\"async\" width=\"700\" height=\"700\" src=\"https:\/\/lasventastour.com\/wp-content\/uploads\/2024\/01\/Mapa-plaza-de-toros.webp\" class=\"attachment-large size-large\" alt=\"Mappa dei posti a sedere dell&#039;arena di Las Ventas\" loading=\"lazy\" srcset=\"https:\/\/lasventastour.com\/wp-content\/uploads\/2024\/01\/Mapa-plaza-de-toros.webp 700w, https:\/\/lasventastour.com\/wp-content\/uploads\/2024\/01\/Mapa-plaza-de-toros-300x300.webp 300w, https:\/\/lasventastour.com\/wp-content\/uploads\/2024\/01\/Mapa-plaza-de-toros-150x150.webp 150w, https:\/\/lasventastour.com\/wp-content\/uploads\/2024\/01\/Mapa-plaza-de-toros-600x600.webp 600w\" sizes=\"auto, (max-width: 700px) 100vw, 700px\" \/><\/div><\/div><\/div><\/div><\/div><\/div><\/div><\/div><div class=\"w-tabs-section\" id=\"m91c\"><button class=\"w-tabs-section-header\" aria-controls=\"content-m91c\" aria-expanded=\"false\"><div class=\"w-tabs-section-title\">Sol<\/div><div class=\"w-tabs-section-control\"><\/div><\/button><div  class=\"w-tabs-section-content\" id=\"content-m91c\"><div class=\"w-tabs-section-content-h i-cf\"><div class=\"g-cols wpb_row via_grid cols_2 laptops-cols_inherit tablets-cols_inherit mobiles-cols_1 valign_top type_default stacking_default\" style=\"--columns-gap:3rem;\"><div class=\"wpb_column vc_column_container\"><div class=\"vc_column-inner\"><div class=\"wpb_text_column\"><div class=\"wpb_wrapper\"><h3>Biglietti per il sole<\/h3>\n<ul>\n<li><strong>Barriera:<\/strong> a partire da 120\u20ac.<\/li>\n<li><strong>Controbarriera:<\/strong> a partire da 110\u20ac.<\/li>\n<li><strong>Tetto basso:<\/strong> tra \u20ac45 e \u20ac80 a seconda dell&#8217;altezza<\/li>\n<li><strong>Tendenza alta:<\/strong><\/li>\n<li><strong>Grada:<\/strong> A partire da \u20ac30<\/li>\n<li><strong>Andanada:<\/strong> A partire da \u20ac25<\/li>\n<\/ul>\n<p>*NOTA<strong>:<\/strong> questi sono i biglietti pi\u00f9 economici dell&#8217;arena perch\u00e9 il sole splende per tutta la durata della corrida. Pertanto, in questi posti il calore \u00e8 maggiore e la visibilit\u00e0 \u00e8 un po&#8217; pi\u00f9 ridotta.<\/p>\n<\/div><\/div><\/div><\/div><div class=\"wpb_column vc_column_container\"><div class=\"vc_column-inner\"><div class=\"w-image align_center\"><div class=\"w-image-h\"><img decoding=\"async\" width=\"700\" height=\"700\" src=\"https:\/\/lasventastour.com\/wp-content\/uploads\/2024\/01\/Mapa-plaza-de-toros.webp\" class=\"attachment-large size-large\" alt=\"Mappa dei posti a sedere dell&#039;arena di Las Ventas\" loading=\"lazy\" srcset=\"https:\/\/lasventastour.com\/wp-content\/uploads\/2024\/01\/Mapa-plaza-de-toros.webp 700w, https:\/\/lasventastour.com\/wp-content\/uploads\/2024\/01\/Mapa-plaza-de-toros-300x300.webp 300w, https:\/\/lasventastour.com\/wp-content\/uploads\/2024\/01\/Mapa-plaza-de-toros-150x150.webp 150w, https:\/\/lasventastour.com\/wp-content\/uploads\/2024\/01\/Mapa-plaza-de-toros-600x600.webp 600w\" sizes=\"auto, (max-width: 700px) 100vw, 700px\" \/><\/div><\/div><\/div><\/div><\/div><\/div><\/div><\/div><\/div><\/div><div class=\"g-cols wpb_row us_custom_064683f9 has_text_color via_grid cols_2 laptops-cols_inherit tablets-cols_1 mobiles-cols_1 valign_middle type_default stacking_default\" style=\"--columns-gap:0rem;\"><div class=\"wpb_column vc_column_container us_custom_2c279b99\"><div class=\"vc_column-inner\"><div class=\"w-text us_custom_a5df9810 has_text_color\"><span class=\"w-text-h\"><span class=\"w-text-value\">Preferisci fare una visita turistica?<\/span><\/span><\/div><h3 class=\"w-text\"><span class=\"w-text-h\"><span class=\"w-text-value\">Tour dell&#039;arena di Las Ventas + museo della corrida di Madrid<\/span><\/span><\/h3><\/div><\/div><div class=\"wpb_column vc_column_container us_custom_16154244\"><div class=\"vc_column-inner\"><div class=\"w-btn-wrapper default_align_right laptops_align_right tablets_align_left mobiles_align_left\"><a class=\"w-btn us-btn-style_1 us_custom_b4198c51\" href=\"https:\/\/tickets.lasventastour.com\/es\"><span class=\"w-btn-label\">Acquista i biglietti<\/span><\/a><\/div><\/div><\/div><\/div><\/div><\/div><\/div><\/div><\/section><section class=\"l-section wpb_row height_medium\"><div class=\"l-section-h i-cf\"><div class=\"g-cols vc_row via_grid cols_1 laptops-cols_inherit tablets-cols_inherit mobiles-cols_1 valign_top type_default stacking_default\"><div class=\"wpb_column vc_column_container\"><div class=\"vc_column-inner\"><div class=\"wpb_text_column\"><div class=\"wpb_wrapper\"><h2>Corrida nell&#8217;arena di Las Ventas<\/h2>\n<\/div><\/div><div class=\"w-separator size_medium\"><\/div><div class=\"g-cols wpb_row via_grid cols_3 laptops-cols_inherit tablets-cols_inherit mobiles-cols_1 valign_top type_default stacking_default\" style=\"--columns-gap:3rem;\"><div class=\"wpb_column vc_column_container\"><div class=\"vc_column-inner\"><div class=\"w-image has_ratio align_none meta_modern\"><div class=\"w-image-h\"><div style=\"padding-bottom:100%\"><\/div><img decoding=\"async\" width=\"600\" height=\"600\" src=\"https:\/\/lasventastour.com\/wp-content\/uploads\/2024\/01\/Feria-San-Isidro.jpg\" class=\"attachment-large size-large\" alt=\"Fiera della corrida di San Isidro Madrid\" loading=\"lazy\" \/><div class=\"w-image-meta\"><div class=\"w-image-title\">Fiera di San Isidro<\/div><\/div><\/div><\/div><\/div><\/div><div class=\"wpb_column vc_column_container\"><div class=\"vc_column-inner\"><div class=\"w-image has_ratio align_none meta_modern\"><div class=\"w-image-h\"><div style=\"padding-bottom:100%\"><\/div><img decoding=\"async\" width=\"600\" height=\"600\" src=\"https:\/\/lasventastour.com\/wp-content\/uploads\/2024\/01\/Feria-de-Otono.jpg\" class=\"attachment-large size-large\" alt=\"Fiera autunnale della corrida di Madrid\" loading=\"lazy\" \/><div class=\"w-image-meta\"><div class=\"w-image-title\">Fiera d'Autunno<\/div><\/div><\/div><\/div><\/div><\/div><div class=\"wpb_column vc_column_container\"><div class=\"vc_column-inner\"><div class=\"w-image align_none meta_modern\"><div class=\"w-image-h\"><img decoding=\"async\" width=\"600\" height=\"600\" src=\"https:\/\/lasventastour.com\/wp-content\/uploads\/2024\/01\/Novilladas-nocturnas-las-ventas.webp\" class=\"attachment-large size-large\" alt=\"Biglietti per la serata dell&#039;arena dei tori\" loading=\"lazy\" srcset=\"https:\/\/lasventastour.com\/wp-content\/uploads\/2024\/01\/Novilladas-nocturnas-las-ventas.webp 600w, https:\/\/lasventastour.com\/wp-content\/uploads\/2024\/01\/Novilladas-nocturnas-las-ventas-300x300.webp 300w, https:\/\/lasventastour.com\/wp-content\/uploads\/2024\/01\/Novilladas-nocturnas-las-ventas-150x150.webp 150w\" sizes=\"auto, (max-width: 600px) 100vw, 600px\" \/><div class=\"w-image-meta\"><div class=\"w-image-title\">Las ventas di corride notturne<\/div><\/div><\/div><\/div><\/div><\/div><\/div><div class=\"w-separator size_medium\"><\/div><div class=\"wpb_text_column\"><div class=\"wpb_wrapper\"><p><span>La stagione delle corride a Las Ventas inizia in primavera e dura fino all&#8217;autunno, con le grandi fiere concentrate a maggio e giugno (Feria de San Isidro) e a ottobre (Feria de Oto\u00f1o). A marzo e aprile si tengono anche singole corride, come quelle che puoi vedere in questa pagina. Durante i mesi invernali (gennaio e febbraio) di solito non ci sono corride a Madrid.  <\/span><\/p>\n<p>La vendita dei biglietti per l&#8217;arena di Madrid \u00e8 solitamente rapida, data l&#8217;alta qualit\u00e0 delle corride. I biglietti per le vendite si esauriscono rapidamente, quindi si consiglia di acquistarli il prima possibile o di prenotarli finch\u00e9 la piattaforma lo consente. <\/p>\n<p>Infine, \u00e8 bene ricordare che tutti questi festeggiamenti si svolgono durante la maggior parte dell&#8217;anno, tranne che in inverno, quindi non \u00e8 possibile acquistare i biglietti per le corride.<\/p>\n<\/div><\/div><\/div><\/div><\/div><\/div><\/section><section class=\"l-section wpb_row height_medium\"><div class=\"l-section-h i-cf\"><div class=\"g-cols vc_row via_grid cols_1 laptops-cols_inherit tablets-cols_inherit mobiles-cols_1 valign_top type_default stacking_default\"><div class=\"wpb_column vc_column_container\"><div class=\"vc_column-inner\"><div class=\"wpb_text_column\"><div class=\"wpb_wrapper\"><h2>Domande frequenti sui biglietti per gli eventi di corrida alla Plaza de Toros de Las Ventas di Madrid.<\/h2>\n<\/div><\/div><div class=\"w-separator size_medium\"><\/div><div class=\"w-tabs style_default switch_click accordion has_scrolling\" style=\"--sections-title-size:inherit\"><div class=\"w-tabs-sections titles-align_none icon_chevron cpos_right\"><div class=\"w-tabs-section\" id=\"sa69\"><button class=\"w-tabs-section-header\" aria-controls=\"content-sa69\" aria-expanded=\"false\"><div class=\"w-tabs-section-title\">Cosa considerare quando si acquista un biglietto per la corrida?<\/div><div class=\"w-tabs-section-control\"><\/div><\/button><div  class=\"w-tabs-section-content\" id=\"content-sa69\"><div class=\"w-tabs-section-content-h i-cf\"><div class=\"wpb_text_column\"><div class=\"wpb_wrapper\"><p>I biglietti per le corride non sono sempre uguali, ma variano a seconda del tipo di evento, del luogo e della presenza di sole o ombra. Partiamo dall&#8217;inizio. <\/p>\n<ol>\n<li><strong>Scegli il giorno in cui andare:<\/strong> le fiere della corrida sono composte da pi\u00f9 giorni, quindi sapere il giorno in cui vuoi andare \u00e8 fondamentale.<\/li>\n<li><strong>Informati sul tipo di corrida che si terr\u00e0:<\/strong> quella di oggi pu\u00f2 essere una corrida goyesca, una novillada, un rejoneo, ecc&#8230; Ognuna ha le sue peculiarit\u00e0 e le sue regole.<\/li>\n<li><strong>Seleziona la posizione:<\/strong> L&#8217;arena \u00e8 divisa in tre zone (sole, ombra, sole e ombra) ognuna con un prezzo diverso. Le pi\u00f9 economiche sono quelle al sole e le pi\u00f9 costose quelle all&#8217;ombra. Una volta scelta la zona, l&#8217;unica cosa da fare \u00e8 scegliere l&#8217;altezza. Barrera \u00e8 la pi\u00f9 costosa per la sua vicinanza all&#8217;arena e andanada \u00e8 la pi\u00f9 lontana e pi\u00f9 economica.   <\/li>\n<\/ol>\n<\/div><\/div><\/div><\/div><\/div><div class=\"w-tabs-section\" id=\"dc15\"><button class=\"w-tabs-section-header\" aria-controls=\"content-dc15\" aria-expanded=\"false\"><div class=\"w-tabs-section-title\">Posso scegliere il posto a sedere?<\/div><div class=\"w-tabs-section-control\"><\/div><\/button><div  class=\"w-tabs-section-content\" id=\"content-dc15\"><div class=\"w-tabs-section-content-h i-cf\"><div class=\"wpb_text_column\"><div class=\"wpb_wrapper\"><div>S\u00ec, puoi scegliere la zona e il posto che desideri.<\/div>\n<\/div><\/div><\/div><\/div><\/div><div class=\"w-tabs-section\" id=\"jd5c\"><button class=\"w-tabs-section-header\" aria-controls=\"content-jd5c\" aria-expanded=\"false\"><div class=\"w-tabs-section-title\">I biglietti per i bambini costano?<\/div><div class=\"w-tabs-section-control\"><\/div><\/button><div  class=\"w-tabs-section-content\" id=\"content-jd5c\"><div class=\"w-tabs-section-content-h i-cf\"><div class=\"wpb_text_column\"><div class=\"wpb_wrapper\"><p>Non ci sono biglietti per bambini, quindi i biglietti sono uguali indipendentemente dall&#8217;et\u00e0 del pubblico.<\/p>\n<\/div><\/div><\/div><\/div><\/div><div class=\"w-tabs-section\" id=\"ge86\"><button class=\"w-tabs-section-header\" aria-controls=\"content-ge86\" aria-expanded=\"false\"><div class=\"w-tabs-section-title\">Posso cancellare o restituire i miei biglietti?<\/div><div class=\"w-tabs-section-control\"><\/div><\/button><div  class=\"w-tabs-section-content\" id=\"content-ge86\"><div class=\"w-tabs-section-content-h i-cf\"><div class=\"wpb_text_column\"><div class=\"wpb_wrapper\"><p>I biglietti possono essere acquistati direttamente da PLAZA 1, la societ\u00e0 che gestisce l&#8217;arena. Per rimborsi o cambi di qualsiasi tipo, contatta: <a href=\"mailto:info@plazauno.es\">info@plazauno.es<\/a> |91 356 22 00<\/p>\n<\/div><\/div><\/div><\/div><\/div><div class=\"w-tabs-section\" id=\"nf9f\"><button class=\"w-tabs-section-header\" aria-controls=\"content-nf9f\" aria-expanded=\"false\"><div class=\"w-tabs-section-title\">Quando si svolge la Fiera di San Isidro 2026?<\/div><div class=\"w-tabs-section-control\"><\/div><\/button><div  class=\"w-tabs-section-content\" id=\"content-nf9f\"><div class=\"w-tabs-section-content-h i-cf\"><div class=\"wpb_text_column\"><div class=\"wpb_wrapper\"><p id=\"faq-extra\">La Feria de San Isidro 2026 presso la Plaza de Toros de Las Ventas si terr\u00e0 dall&#8217;8 maggio al 14 giugno 2026, con corride praticamente ogni giorno. Si tratta della fiera di corride pi\u00f9 importante del mondo e riunisce le figure pi\u00f9 importanti della corrida e i migliori allevamenti di bestiame. <\/p>\n<\/div><\/div><\/div><\/div><\/div><div class=\"w-tabs-section\" id=\"n0c9\"><button class=\"w-tabs-section-header\" aria-controls=\"content-n0c9\" aria-expanded=\"false\"><div class=\"w-tabs-section-title\">Qual \u00e8 la differenza tra ingressi al sole e all&#039;ombra?<\/div><div class=\"w-tabs-section-control\"><\/div><\/button><div  class=\"w-tabs-section-content\" id=\"content-n0c9\"><div class=\"w-tabs-section-content-h i-cf\"><div class=\"wpb_text_column\"><div class=\"wpb_wrapper\"><p id=\"faq-extra\">I biglietti ombreggiati corrispondono ai posti in cui il sole non splende durante la corrida, quindi sono pi\u00f9 comodi e hanno una migliore visibilit\u00e0: sono anche i pi\u00f9 costosi. I biglietti per il sole sono esposti al sole per tutta la durata dello spettacolo e sono i pi\u00f9 economici. I posti al sole e all&#8217;ombra hanno un prezzo intermedio, poich\u00e9 ricevono il sole solo durante una parte della corrida.  <\/p>\n<\/div><\/div><\/div><\/div><\/div><div class=\"w-tabs-section\" id=\"q1d5\"><button class=\"w-tabs-section-header\" aria-controls=\"content-q1d5\" aria-expanded=\"false\"><div class=\"w-tabs-section-title\">Come raggiungere la Plaza de Toros Las Ventas?<\/div><div class=\"w-tabs-section-control\"><\/div><\/button><div  class=\"w-tabs-section-content\" id=\"content-q1d5\"><div class=\"w-tabs-section-content-h i-cf\"><div class=\"wpb_text_column\"><div class=\"wpb_wrapper\"><p id=\"faq-extra\">La Plaza de Toros de Las Ventas si trova in Calle de Alcal\u00e1 237, Madrid. Il modo pi\u00f9 semplice per raggiungerla \u00e8 con la metropolitana: linea 2 (rossa), fermata Ventas. Ci sono anche diverse linee di autobus che si fermano davanti alla porta. Non \u00e8 consigliabile andare in auto nei giorni della corrida a causa della difficolt\u00e0 di parcheggio.   <\/p>\n<\/div><\/div><\/div><\/div><\/div><div class=\"w-tabs-section\" id=\"l303\"><button class=\"w-tabs-section-header\" aria-controls=\"content-l303\" aria-expanded=\"false\"><div class=\"w-tabs-section-title\">Dove si svolgono le corride a Madrid?<\/div><div class=\"w-tabs-section-control\"><\/div><\/button><div  class=\"w-tabs-section-content\" id=\"content-l303\"><div class=\"w-tabs-section-content-h i-cf\"><div class=\"wpb_text_column\"><div class=\"wpb_wrapper\"><p id=\"faq-extra\">Le corride a Madrid si tengono nella Plaza de Toros de Las Ventas, considerata la cattedrale della corrida in tutto il mondo. Con una capacit\u00e0 di oltre 23.000 spettatori, \u00e8 l&#8217;arena pi\u00f9 grande della Spagna e una delle pi\u00f9 importanti del mondo. <\/p>\n<\/div><\/div><\/div><\/div><\/div><\/div><\/div><\/div><\/div><\/div><\/div><\/section><section class=\"l-section wpb_row us_custom_5372a688 height_medium\"><div class=\"l-section-h i-cf\"><div class=\"g-cols vc_row via_grid cols_1 laptops-cols_inherit tablets-cols_inherit mobiles-cols_1 valign_top type_default stacking_default\"><div class=\"wpb_column vc_column_container\"><div class=\"vc_column-inner\"><div class=\"wpb_text_column\"><div class=\"wpb_wrapper\"><h2>Informazioni su Plaza de Toros Las Ventas<\/h2>\n<\/div><\/div><div class=\"w-separator size_medium\"><\/div><div class=\"g-cols wpb_row via_grid cols_2 laptops-cols_inherit tablets-cols_inherit mobiles-cols_1 valign_middle type_default stacking_default\" style=\"--columns-gap:3rem;\"><div class=\"wpb_column vc_column_container\"><div class=\"vc_column-inner\"><div class=\"wpb_text_column\"><div class=\"wpb_wrapper\"><p><strong>Vuoi assistere alla corrida di oggi a Madrid?<\/strong>  Puoi contattarci per qualsiasi ulteriore informazione.<\/p>\n<\/div><\/div><\/div><\/div><div class=\"wpb_column vc_column_container\"><div class=\"vc_column-inner\"><div class=\"w-iconbox iconpos_left style_default color_primary align_left\"><div class=\"w-iconbox-icon\" style=\"font-size:2rem;\"><i class=\"fas fa-phone\"><\/i><\/div><div class=\"w-iconbox-meta\"><p class=\"w-iconbox-title\" style=\"font-size:30px;\">Telefono<\/p><div class=\"w-iconbox-text\"><p>+34 675 247 690<\/p>\n<\/div><\/div><\/div><div class=\"w-separator size_medium\"><\/div><div class=\"w-iconbox iconpos_left style_default color_primary align_left\"><div class=\"w-iconbox-icon\" style=\"font-size:2rem;\"><i class=\"fas fa-envelope\"><\/i><\/div><div class=\"w-iconbox-meta\"><p class=\"w-iconbox-title\" style=\"font-size:30px;\">Contatto e-mail<\/p><div class=\"w-iconbox-text\"><p>entradas@toroshopping.com<\/p>\n<\/div><\/div><\/div><\/div><\/div><\/div><\/div><\/div><\/div><\/div><\/section>\n","protected":false},"excerpt":{"rendered":"Cosa include il cofanetto premium? Il servizio viene fornito da un&#8217;ora prima dell&#8217;evento fino alla fine dello stesso. Accesso al palco: 18:00h &#8211; 19:00h | Open bar di snack e bevande nel palco Celebrazione: 19:00h &#8211; 21:00h: servizio di catering dolce e salato nel box. Ingressi ombreggiatiFino a 20 location con viste spettacolari in posizioni...","protected":false},"author":1,"featured_media":0,"parent":0,"menu_order":0,"comment_status":"closed","ping_status":"closed","template":"","meta":{"footnotes":""},"class_list":["post-2261","page","type-page","status-publish","hentry"],"yoast_head":"<!-- This site is optimized with the Yoast SEO plugin v27.4 - https:\/\/yoast.com\/product\/yoast-seo-wordpress\/ -->\n<title>Biglietti Corrida Las Ventas Madrid 2026<\/title>\n<meta name=\"description\" content=\"Acquista i biglietti per le corride nella Plaza de Toros Las Ventas de Madrid 2026. Barrera, posti a sedere, tribuna e palchi VIP. A partire da 30\u20ac.\" \/>\n<meta name=\"robots\" content=\"index, follow, max-snippet:-1, max-image-preview:large, max-video-preview:-1\" \/>\n<link rel=\"canonical\" href=\"https:\/\/lasventastour.com\/it\/biglietti-per-la-corrida-las-ventas-madrid\/\" \/>\n<meta property=\"og:locale\" content=\"it_IT\" \/>\n<meta property=\"og:type\" content=\"article\" \/>\n<meta property=\"og:title\" content=\"Biglietti Corrida Las Ventas Madrid 2026\" \/>\n<meta property=\"og:description\" content=\"Acquista i biglietti per le corride nella Plaza de Toros Las Ventas de Madrid 2026. Barrera, posti a sedere, tribuna e palchi VIP. A partire da 30\u20ac.\" \/>\n<meta property=\"og:url\" content=\"https:\/\/lasventastour.com\/it\/biglietti-per-la-corrida-las-ventas-madrid\/\" \/>\n<meta property=\"og:site_name\" content=\"Las Ventas Tour\" \/>\n<meta property=\"article:modified_time\" content=\"2026-04-17T10:05:13+00:00\" \/>\n<meta property=\"og:image\" content=\"https:\/\/lasventastour.com\/wp-content\/uploads\/2023\/12\/paseillo-en-las-ventas.webp\" \/>\n\t<meta property=\"og:image:width\" content=\"511\" \/>\n\t<meta property=\"og:image:height\" content=\"280\" \/>\n\t<meta property=\"og:image:type\" content=\"image\/webp\" \/>\n<meta name=\"twitter:card\" content=\"summary_large_image\" \/>\n<meta name=\"twitter:label1\" content=\"Tempo di lettura stimato\" \/>\n\t<meta name=\"twitter:data1\" content=\"5 minuti\" \/>\n<script type=\"application\/ld+json\" class=\"yoast-schema-graph\">{\"@context\":\"https:\\\/\\\/schema.org\",\"@graph\":[{\"@type\":\"WebPage\",\"@id\":\"https:\\\/\\\/lasventastour.com\\\/it\\\/biglietti-per-la-corrida-las-ventas-madrid\\\/\",\"url\":\"https:\\\/\\\/lasventastour.com\\\/it\\\/biglietti-per-la-corrida-las-ventas-madrid\\\/\",\"name\":\"Biglietti Corrida Las Ventas Madrid 2026\",\"isPartOf\":{\"@id\":\"https:\\\/\\\/lasventastour.com\\\/it\\\/#website\"},\"datePublished\":\"2023-09-28T14:35:15+00:00\",\"dateModified\":\"2026-04-17T10:05:13+00:00\",\"description\":\"Acquista i biglietti per le corride nella Plaza de Toros Las Ventas de Madrid 2026. Barrera, posti a sedere, tribuna e palchi VIP. A partire da 30\u20ac.\",\"breadcrumb\":{\"@id\":\"https:\\\/\\\/lasventastour.com\\\/it\\\/biglietti-per-la-corrida-las-ventas-madrid\\\/#breadcrumb\"},\"inLanguage\":\"it-IT\",\"potentialAction\":[{\"@type\":\"ReadAction\",\"target\":[\"https:\\\/\\\/lasventastour.com\\\/it\\\/biglietti-per-la-corrida-las-ventas-madrid\\\/\"]}]},{\"@type\":\"BreadcrumbList\",\"@id\":\"https:\\\/\\\/lasventastour.com\\\/it\\\/biglietti-per-la-corrida-las-ventas-madrid\\\/#breadcrumb\",\"itemListElement\":[{\"@type\":\"ListItem\",\"position\":1,\"name\":\"Portada\",\"item\":\"https:\\\/\\\/lasventastour.com\\\/it\\\/\"},{\"@type\":\"ListItem\",\"position\":2,\"name\":\"Biglietti per la corrida\"}]},{\"@type\":\"WebSite\",\"@id\":\"https:\\\/\\\/lasventastour.com\\\/it\\\/#website\",\"url\":\"https:\\\/\\\/lasventastour.com\\\/it\\\/\",\"name\":\"Las Ventas Tour\",\"description\":\"Tour Las Ventas | Plaza de Toros de Madrid | Web Oficial\",\"publisher\":{\"@id\":\"https:\\\/\\\/lasventastour.com\\\/it\\\/#organization\"},\"alternateName\":\"Las Ventas Tour\",\"potentialAction\":[{\"@type\":\"SearchAction\",\"target\":{\"@type\":\"EntryPoint\",\"urlTemplate\":\"https:\\\/\\\/lasventastour.com\\\/it\\\/?s={search_term_string}\"},\"query-input\":{\"@type\":\"PropertyValueSpecification\",\"valueRequired\":true,\"valueName\":\"search_term_string\"}}],\"inLanguage\":\"it-IT\"},{\"@type\":\"Organization\",\"@id\":\"https:\\\/\\\/lasventastour.com\\\/it\\\/#organization\",\"name\":\"Las Ventas Tour\",\"alternateName\":\"Las Ventas Tour\",\"url\":\"https:\\\/\\\/lasventastour.com\\\/it\\\/\",\"logo\":{\"@type\":\"ImageObject\",\"inLanguage\":\"it-IT\",\"@id\":\"https:\\\/\\\/lasventastour.com\\\/it\\\/#\\\/schema\\\/logo\\\/image\\\/\",\"url\":\"https:\\\/\\\/lasventastour.com\\\/wp-content\\\/uploads\\\/2024\\\/09\\\/cropped-Logo-Las-Ventas-1.webp\",\"contentUrl\":\"https:\\\/\\\/lasventastour.com\\\/wp-content\\\/uploads\\\/2024\\\/09\\\/cropped-Logo-Las-Ventas-1.webp\",\"width\":512,\"height\":512,\"caption\":\"Las Ventas Tour\"},\"image\":{\"@id\":\"https:\\\/\\\/lasventastour.com\\\/it\\\/#\\\/schema\\\/logo\\\/image\\\/\"},\"sameAs\":[\"https:\\\/\\\/www.instagram.com\\\/lasventastour\\\/\"]}]}<\/script>\n<!-- \/ Yoast SEO plugin. -->","yoast_head_json":{"title":"Biglietti Corrida Las Ventas Madrid 2026","description":"Acquista i biglietti per le corride nella Plaza de Toros Las Ventas de Madrid 2026. Barrera, posti a sedere, tribuna e palchi VIP. A partire da 30\u20ac.","robots":{"index":"index","follow":"follow","max-snippet":"max-snippet:-1","max-image-preview":"max-image-preview:large","max-video-preview":"max-video-preview:-1"},"canonical":"https:\/\/lasventastour.com\/it\/biglietti-per-la-corrida-las-ventas-madrid\/","og_locale":"it_IT","og_type":"article","og_title":"Biglietti Corrida Las Ventas Madrid 2026","og_description":"Acquista i biglietti per le corride nella Plaza de Toros Las Ventas de Madrid 2026. Barrera, posti a sedere, tribuna e palchi VIP. A partire da 30\u20ac.","og_url":"https:\/\/lasventastour.com\/it\/biglietti-per-la-corrida-las-ventas-madrid\/","og_site_name":"Las Ventas Tour","article_modified_time":"2026-04-17T10:05:13+00:00","og_image":[{"width":511,"height":280,"url":"https:\/\/lasventastour.com\/wp-content\/uploads\/2023\/12\/paseillo-en-las-ventas.webp","type":"image\/webp"}],"twitter_card":"summary_large_image","twitter_misc":{"Tempo di lettura stimato":"5 minuti"},"schema":{"@context":"https:\/\/schema.org","@graph":[{"@type":"WebPage","@id":"https:\/\/lasventastour.com\/it\/biglietti-per-la-corrida-las-ventas-madrid\/","url":"https:\/\/lasventastour.com\/it\/biglietti-per-la-corrida-las-ventas-madrid\/","name":"Biglietti Corrida Las Ventas Madrid 2026","isPartOf":{"@id":"https:\/\/lasventastour.com\/it\/#website"},"datePublished":"2023-09-28T14:35:15+00:00","dateModified":"2026-04-17T10:05:13+00:00","description":"Acquista i biglietti per le corride nella Plaza de Toros Las Ventas de Madrid 2026. Barrera, posti a sedere, tribuna e palchi VIP. A partire da 30\u20ac.","breadcrumb":{"@id":"https:\/\/lasventastour.com\/it\/biglietti-per-la-corrida-las-ventas-madrid\/#breadcrumb"},"inLanguage":"it-IT","potentialAction":[{"@type":"ReadAction","target":["https:\/\/lasventastour.com\/it\/biglietti-per-la-corrida-las-ventas-madrid\/"]}]},{"@type":"BreadcrumbList","@id":"https:\/\/lasventastour.com\/it\/biglietti-per-la-corrida-las-ventas-madrid\/#breadcrumb","itemListElement":[{"@type":"ListItem","position":1,"name":"Portada","item":"https:\/\/lasventastour.com\/it\/"},{"@type":"ListItem","position":2,"name":"Biglietti per la corrida"}]},{"@type":"WebSite","@id":"https:\/\/lasventastour.com\/it\/#website","url":"https:\/\/lasventastour.com\/it\/","name":"Las Ventas Tour","description":"Tour Las Ventas | Plaza de Toros de Madrid | Web Oficial","publisher":{"@id":"https:\/\/lasventastour.com\/it\/#organization"},"alternateName":"Las Ventas Tour","potentialAction":[{"@type":"SearchAction","target":{"@type":"EntryPoint","urlTemplate":"https:\/\/lasventastour.com\/it\/?s={search_term_string}"},"query-input":{"@type":"PropertyValueSpecification","valueRequired":true,"valueName":"search_term_string"}}],"inLanguage":"it-IT"},{"@type":"Organization","@id":"https:\/\/lasventastour.com\/it\/#organization","name":"Las Ventas Tour","alternateName":"Las Ventas Tour","url":"https:\/\/lasventastour.com\/it\/","logo":{"@type":"ImageObject","inLanguage":"it-IT","@id":"https:\/\/lasventastour.com\/it\/#\/schema\/logo\/image\/","url":"https:\/\/lasventastour.com\/wp-content\/uploads\/2024\/09\/cropped-Logo-Las-Ventas-1.webp","contentUrl":"https:\/\/lasventastour.com\/wp-content\/uploads\/2024\/09\/cropped-Logo-Las-Ventas-1.webp","width":512,"height":512,"caption":"Las Ventas Tour"},"image":{"@id":"https:\/\/lasventastour.com\/it\/#\/schema\/logo\/image\/"},"sameAs":["https:\/\/www.instagram.com\/lasventastour\/"]}]}},"_links":{"self":[{"href":"https:\/\/lasventastour.com\/it\/wp-json\/wp\/v2\/pages\/2261","targetHints":{"allow":["GET"]}}],"collection":[{"href":"https:\/\/lasventastour.com\/it\/wp-json\/wp\/v2\/pages"}],"about":[{"href":"https:\/\/lasventastour.com\/it\/wp-json\/wp\/v2\/types\/page"}],"author":[{"embeddable":true,"href":"https:\/\/lasventastour.com\/it\/wp-json\/wp\/v2\/users\/1"}],"replies":[{"embeddable":true,"href":"https:\/\/lasventastour.com\/it\/wp-json\/wp\/v2\/comments?post=2261"}],"version-history":[{"count":28,"href":"https:\/\/lasventastour.com\/it\/wp-json\/wp\/v2\/pages\/2261\/revisions"}],"predecessor-version":[{"id":29302,"href":"https:\/\/lasventastour.com\/it\/wp-json\/wp\/v2\/pages\/2261\/revisions\/29302"}],"wp:attachment":[{"href":"https:\/\/lasventastour.com\/it\/wp-json\/wp\/v2\/media?parent=2261"}],"curies":[{"name":"wp","href":"https:\/\/api.w.org\/{rel}","templated":true}]}}