{"id":3503,"date":"2023-09-21T14:37:42","date_gmt":"2023-09-21T14:37:42","guid":{"rendered":"https:\/\/lasventastour.com\/?page_id=3503"},"modified":"2026-04-28T11:07:10","modified_gmt":"2026-04-28T11:07:10","slug":"avis-legal","status":"publish","type":"page","link":"https:\/\/lasventastour.com\/fr\/avis-legal\/","title":{"rendered":"Politique de confidentialit\u00e9"},"content":{"rendered":"<section class=\"l-section wpb_row height_medium\"><div class=\"l-section-h i-cf\"><div class=\"g-cols vc_row via_grid cols_1 laptops-cols_inherit tablets-cols_inherit mobiles-cols_1 valign_top type_default stacking_default\"><div class=\"wpb_column vc_column_container\"><div class=\"vc_column-inner\"><div class=\"wpb_text_column\"><div class=\"wpb_wrapper\"><header class=\"entry-header \">\n<h1 class=\"entry-title\">Politique de confidentialit\u00e9<\/h1>\n<\/header>\n<div class=\"entry-content clear\">\n<div class=\"page\" title=\"Page 1\">\n<div class=\"layoutArea\">\n<div class=\"column\">\n<div class=\"page\" title=\"Page 1\">\n<div class=\"layoutArea\">\n<div class=\"column\">\n<h2><b>Informations sur la protection des donn\u00e9es<\/b><\/h2>\n<p><span> <\/span><\/p>\n<ol>\n<li><b><\/b><b>Responsable du traitement de vos donn\u00e9es<\/b><\/li>\n<\/ol>\n<p><b>Responsable :<span> <\/span><\/b><span>Centre des affaires taurines de la Communaut\u00e9 de Madrid, minist\u00e8re de la pr\u00e9sidence, de la justice et de l&rsquo;int\u00e9rieur.<\/span><\/p>\n<p><b>Si\u00e8ge social :<span> <\/span><\/b><span>Centro de Asuntos Taurinos - calle Alcal\u00e1, n\u00ba 237 (Plaza de Toros de Las Ventas), 28028 Madrid.<\/span><\/p>\n<p><b>Contactez le d\u00e9l\u00e9gu\u00e9 \u00e0 la protection des donn\u00e9es :<span> <\/span><\/b><span>protecciondatospresidencia@madrid.org<\/span><span>.<\/span><\/p>\n<ol start=\"2\">\n<li><b><\/b><b>Dans quelle activit\u00e9 de traitement mes donn\u00e9es personnelles sont-elles incluses et \u00e0 quelles fins seront-elles trait\u00e9es ?<\/b><\/li>\n<\/ol>\n<p><span>Vos donn\u00e9es personnelles seront incluses dans l&rsquo;activit\u00e9 de traitement ACTIVIDAD TUR\u00cdSTICA EN LA PLAZA DE TOROS DE LAS VENTAS.<\/span><\/p>\n<p><span>Conform\u00e9ment au r\u00e8glement (UE) 2016\/679 sur la protection des donn\u00e9es personnelles (GDPR), vos donn\u00e9es seront trait\u00e9es aux fins suivantes :<\/span><\/p>\n<p><span>Gestion des visites touristiques \u00e0 la Plaza de Toros de Las Ventas et diffusion de ses activit\u00e9s touristiques aupr\u00e8s des visiteurs.<\/span><\/p>\n<ol start=\"3\">\n<li><b><\/b><b>Quelle est la l\u00e9gitimit\u00e9 sur laquelle repose la l\u00e9galit\u00e9 du traitement ?<\/b><\/li>\n<\/ol>\n<p><span>GDPR 6.1 b) le traitement est n\u00e9cessaire \u00e0 l&rsquo;ex\u00e9cution d&rsquo;un contrat auquel la personne concern\u00e9e est partie ou \u00e0 l&rsquo;ex\u00e9cution, \u00e0 sa demande, de mesures pr\u00e9contractuelles.<\/span><\/p>\n<p><span>RGPD 6.1 e) le traitement est n\u00e9cessaire \u00e0 l&rsquo;ex\u00e9cution d&rsquo;une mission d&rsquo;int\u00e9r\u00eat public ou relevant de l&rsquo;exercice de l&rsquo;autorit\u00e9 publique dont est investi le responsable du traitement.<\/span><\/p>\n<p><span>Articles 26.1.19 et 26.1.20 de la loi organique 3\/1983 du 25 f\u00e9vrier 1983 sur le statut d&rsquo;autonomie de la r\u00e9gion de Madrid.<\/span><\/p>\n<ol start=\"4\">\n<li><b><\/b><b>Comment exercer vos droits Quels sont vos droits lorsque vous nous fournissez vos donn\u00e9es ? <\/b><\/li>\n<\/ol>\n<p><span>Vous pouvez, si vous le souhaitez, exercer vos droits d&rsquo;acc\u00e8s, de rectification et d&rsquo;effacement des donn\u00e9es, ainsi que demander la limitation du traitement de vos donn\u00e9es \u00e0 caract\u00e8re personnel, vous opposer au traitement de vos donn\u00e9es \u00e0 caract\u00e8re personnel, demander la portabilit\u00e9 de vos donn\u00e9es le cas \u00e9ch\u00e9ant, ainsi que le droit de ne pas faire l&rsquo;objet d&rsquo;une d\u00e9cision individuelle fond\u00e9e exclusivement sur un traitement automatis\u00e9, y compris le profilage.<\/span><\/p>\n<p><span>Conform\u00e9ment \u00e0 la loi 39\/2015, au RGPD et \u00e0 la loi organique 3\/2018, vous pouvez exercer vos droits de la mani\u00e8re suivante<\/span><a href=\"https:\/\/gestiona7.madrid.org\/ereg_virtual_presenta\/run\/j\/InicioDistribuidor.icm\"><span> <\/span><span>Registre \u00e9lectronique<\/span><\/a><span> <\/span><span>o<\/span><a href=\"https:\/\/www.comunidad.madrid\/servicios\/informacion-atencion-ciudadano\/red-oficinas-comunidad-madrid\"><span> <\/span><span>Enregistrement sur place<\/span><\/a><span> ou dans les lieux et formulaires pr\u00e9vus \u00e0 l&rsquo;article 16.4 de la loi 39\/2015, de pr\u00e9f\u00e9rence<\/span><span> en utilisant le formulaire de demande \u00ab\u00a0<\/span><a href=\"https:\/\/tramita.comunidad.madrid\/prestacion-social\/ejercicio-derechos-proteccion-datos\"><span>Exercice des droits en mati\u00e8re de protection des donn\u00e9es personnelles.<\/span><\/a><span>\u00ab\u00a0<\/span><span>.<\/span><\/p>\n<ol start=\"5\">\n<li><b><\/b><b>Les traitements impliquant des d\u00e9cisions automatis\u00e9es, y compris le profilage, ayant des effets juridiques ou d&rsquo;autres effets pertinents.<\/b><\/li>\n<\/ol>\n<p><span>Vous avez le droit de ne pas faire l&rsquo;objet d&rsquo;une d\u00e9cision fond\u00e9e exclusivement sur un traitement automatis\u00e9, y compris le profilage, qui produit des effets juridiques vous concernant ou qui vous affecte de mani\u00e8re significative de fa\u00e7on similaire.<\/span><\/p>\n<ol start=\"6\">\n<li><b><\/b><b>Combien de temps conserverons-nous vos donn\u00e9es personnelles ?<\/b><\/li>\n<\/ol>\n<p><span>Les donn\u00e9es personnelles fournies seront conserv\u00e9es pendant la p\u00e9riode suivante :<\/span><\/p>\n<p><span>P\u00e9riode ind\u00e9termin\u00e9e. Les donn\u00e9es seront conserv\u00e9es pendant le temps n\u00e9cessaire pour atteindre la finalit\u00e9 pour laquelle elles ont \u00e9t\u00e9 collect\u00e9es et pour d\u00e9terminer les \u00e9ventuelles responsabilit\u00e9s qui pourraient d\u00e9couler de cette finalit\u00e9 et du traitement des donn\u00e9es. <\/span><\/p>\n<ol start=\"7\">\n<li><b><\/b><b>\u00c0 quels destinataires vos donn\u00e9es seront-elles communiqu\u00e9es ?<\/b><\/li>\n<\/ol>\n<p><span>Vos donn\u00e9es seront trait\u00e9es par l&rsquo;entreprise qui g\u00e8re le service de visites touristiques des ar\u00e8nes de Las Ventas :  <\/span><\/p>\n<p><span>Nom de l&rsquo;entreprise : TOROSHOPPING, S.L.  <\/span><\/p>\n<p><span>NUM\u00c9RO DE TVA : B92950146<\/span><\/p>\n<p><span>Adresse : Calle Alcal\u00e1, 237, CP : 28028, MADRID (MADRID)<\/span><\/p>\n<p><span>Contact : <\/span><span>info@lasventastour.com<\/span><span>.<\/span><\/p>\n<ol start=\"8\">\n<li><b><\/b><b>Le droit de retirer son consentement au traitement \u00e0 tout moment.<\/b><\/li>\n<\/ol>\n<p><span>Lorsque le traitement est fond\u00e9 sur un consentement explicite, vous avez le droit de retirer votre consentement \u00e0 tout moment, sans que cela n&rsquo;affecte la l\u00e9galit\u00e9 du traitement fond\u00e9 sur le consentement avant son retrait.<\/span><\/p>\n<ol start=\"9\">\n<li><b><\/b><b>Droit de d\u00e9poser une plainte aupr\u00e8s de l&rsquo;autorit\u00e9 de contr\u00f4le<\/b><b>.<\/b><\/li>\n<\/ol>\n<p><span>Vous avez le droit de d\u00e9poser une plainte aupr\u00e8s de l&rsquo;Agence espagnole de protection des donn\u00e9es (Agencia Espa\u00f1ola de Protecci\u00f3n de Datos).<\/span><a href=\"https:\/\/www.aepd.es\/\"><span> <\/span><span>https:\/\/www.aepd.es<\/span><\/a><span> si vous n&rsquo;\u00eates pas satisfait du traitement de vos donn\u00e9es personnelles.<\/span><\/p>\n<ol start=\"10\">\n<li><b><\/b><b>Cat\u00e9gorie de donn\u00e9es trait\u00e9es.<\/b><\/li>\n<\/ol>\n<p><span>Donn\u00e9es \u00e0 caract\u00e8re identifiant.<\/span><\/p>\n<ol start=\"11\">\n<li><b><\/b><b>Source des donn\u00e9es.<\/b><\/li>\n<\/ol>\n<p><span>De la part de l&rsquo;int\u00e9ress\u00e9, au moyen d&rsquo;un formulaire.<\/span><\/p>\n<ol start=\"12\">\n<li><b><\/b><b>Informations compl\u00e9mentaires<\/b><b>.<\/b><\/li>\n<\/ol>\n<p><span>Vous pouvez consulter des informations suppl\u00e9mentaires et d\u00e9taill\u00e9es ainsi que les r\u00e9glementations applicables en mati\u00e8re de protection des donn\u00e9es sur le site web de l&rsquo;Agence espagnole de protection des donn\u00e9es.<\/span><a href=\"https:\/\/www.aepd.es\/\"><span> <\/span><span>https:\/\/www.aepd.es<\/span><\/a><span>ainsi que les informations sur le registre des activit\u00e9s de traitement du responsable du traitement mentionn\u00e9 ci-dessus sur le lien suivant :<\/span><a href=\"https:\/\/www.comunidad.madrid\/protecciondedatos\"><span> <\/span><span>www.comunidad.madrid\/protecciondedatos<\/span><\/a><span>.<\/span><\/p>\n<\/div>\n<\/div>\n<\/div>\n<\/div>\n<\/div>\n<\/div>\n<\/div>\n<\/div><\/div><div class=\"w-separator size_medium with_line width_default thick_1 style_solid color_border align_center\"><div class=\"w-separator-h\"><\/div><\/div><div class=\"wpb_text_column\"><div class=\"wpb_wrapper\"><h2>Protection des donn\u00e9es personnelles dans le cadre du GDPR<\/h2>\n<p>Toroshopping, S.L., en application de la l\u00e9gislation en vigueur sur la protection des donn\u00e9es \u00e0 caract\u00e8re personnel,<br \/>\nvous informe que les donn\u00e9es \u00e0 caract\u00e8re personnel recueillies \u00e0 travers les formulaires du site web : https:\/\/lasventastour.com, sont<br \/>\nincluses dans les fichiers automatis\u00e9s sp\u00e9cifiques des utilisateurs des services de Toroshopping, S.L..<br \/>\nLa collecte et le traitement automatis\u00e9 des donn\u00e9es personnelles ont pour but de maintenir la relation commerciale<br \/>\net l&rsquo;ex\u00e9cution des activit\u00e9s d&rsquo;information, de formation, de conseil et autres de<br \/>\nToroshopping, S.L.<br \/>\nCes donn\u00e9es ne seront transf\u00e9r\u00e9es qu&rsquo;aux entit\u00e9s n\u00e9cessaires \u00e0 la seule fin de permettre \u00e0<br \/>\nde se conformer \u00e0 l&rsquo;objectif susmentionn\u00e9.<br \/>\nToroshopping, S.L. adopte les mesures n\u00e9cessaires pour garantir la s\u00e9curit\u00e9, l&rsquo;int\u00e9grit\u00e9 et la confidentialit\u00e9 des donn\u00e9es de<br \/>\nconform\u00e9ment aux dispositions du R\u00e8glement (UE) 2016\/679 du Parlement europ\u00e9en et du Conseil du 27 avril<br \/>\nde 2016 relatif \u00e0 la protection des personnes physiques \u00e0 l&rsquo;\u00e9gard du traitement des donn\u00e9es \u00e0 caract\u00e8re personnel et \u00e0 la libre circulation de ces donn\u00e9es<br \/>\n.<br \/>\nL&rsquo;utilisateur peut \u00e0 tout moment exercer les droits d&rsquo;acc\u00e8s, d&rsquo;opposition, de rectification, d&rsquo;annulation, de limitation<br \/>\net de portabilit\u00e9 reconnus dans le r\u00e8glement (UE) susmentionn\u00e9. Ces droits peuvent \u00eatre exerc\u00e9s par l&rsquo;utilisateur<br \/>\npar courrier \u00e9lectronique \u00e0 l&rsquo;adresse suivante : info@toroshopping.com ou \u00e0 l&rsquo;adresse suivante : Centro Melior Vasari. Urbanizaci\u00f3n La Alzambra,<br \/>\n3, Local 1, C.P. 29660 - Marbella (M\u00e1laga).<br \/>\nL&rsquo;utilisateur d\u00e9clare que toutes les donn\u00e9es qu&rsquo;il a fournies sont vraies et correctes, et s&rsquo;engage \u00e0 les tenir \u00e0 jour<br \/>\n, en communiquant tout changement \u00e0 Toroshopping, S.L.  <\/p>\n<h2>Objectif du traitement des donn\u00e9es personnelles :<\/h2>\n<h3>\u00c0 quelles fins traitons-nous vos donn\u00e9es personnelles ?<\/h3>\n<p>Toroshopping, S.L. traitera vos donn\u00e9es personnelles collect\u00e9es sur le site web : https:\/\/lasventastour.com,<br \/>\naux fins suivantes :<br \/>\n1. respecter les obligations commerciales, sociales, corporatives et comptables de l&rsquo;entreprise.<br \/>\n2. Fournir ses services en fonction des besoins particuliers des clients, afin d&rsquo;ex\u00e9cuter<br \/>\nles contrats sign\u00e9s.<br \/>\n3. Envoi d&rsquo;informations commerciales et de bulletins d&rsquo;information sur les nouveaux services propos\u00e9s sur le site web et dans le secteur.<br \/>\n4. Le processus d&rsquo;archivage, la mise \u00e0 jour des syst\u00e8mes, la protection et la conservation des informations et<br \/>\nles bases de donn\u00e9es de l&rsquo;entreprise.<br \/>\n5. Fournir les services demand\u00e9s par l&rsquo;utilisateur.<br \/>\n6. Envoyer des informations promotionnelles par voie \u00e9lectronique<\/p>\n<p>7. Fournir les informations demand\u00e9es par l&rsquo;utilisateur via le formulaire de contact.<\/p>\n<p>Nous vous rappelons que vous pouvez vous opposer \u00e0 l&rsquo;envoi de communications commerciales par tout moyen et \u00e0 tout moment<br \/>\n, en envoyant un courrier \u00e9lectronique \u00e0 l&rsquo;adresse indiqu\u00e9e ci-dessus.<br \/>\nLes champs de ces registres doivent \u00eatre remplis, et il est impossible d&rsquo;atteindre les objectifs<br \/>\nexprim\u00e9s si ces donn\u00e9es ne sont pas fournies.<\/p>\n<h3>Combien de temps les donn\u00e9es personnelles collect\u00e9es seront-elles conserv\u00e9es ?<\/h3>\n<p>Les donn\u00e9es personnelles fournies seront conserv\u00e9es aussi longtemps que la relation commerciale est maintenue ou que vous ne demandez pas leur suppression<br \/>\net pour la p\u00e9riode pendant laquelle des responsabilit\u00e9s l\u00e9gales peuvent d\u00e9couler des services fournis.<\/p>\n<h2>L\u00e9gitimation :<\/h2>\n<p>Le traitement de vos donn\u00e9es est effectu\u00e9 sur les bases l\u00e9gales suivantes qui le l\u00e9gitiment :<br \/>\n1. La demande d&rsquo;information et\/ou la souscription des services de Toroshopping, S.L., dont les conditions g\u00e9n\u00e9rales et<br \/>\nvous seront communiqu\u00e9es dans tous les cas, avant toute \u00e9ventuelle souscription.<br \/>\n2. Consentement libre, sp\u00e9cifique, \u00e9clair\u00e9 et sans \u00e9quivoque, dans la mesure o\u00f9 nous vous informons en mettant \u00e0 votre disposition cette politique de confidentialit\u00e9 \u00e0 l&rsquo;adresse<br \/>\n, que vous pouvez accepter, apr\u00e8s l&rsquo;avoir lue, si vous \u00eates d&rsquo;accord avec<br \/>\n, au moyen d&rsquo;une d\u00e9claration ou d&rsquo;une action affirmative claire, par exemple en cochant<br \/>\ndans une case pr\u00e9vue \u00e0 cet effet.<\/p>\n<p>Si vous ne nous fournissez pas vos donn\u00e9es, ou si vous les fournissez de mani\u00e8re incorrecte ou incompl\u00e8te, nous ne serons pas en mesure de traiter votre demande,<br \/>\nrendant totalement impossible de vous fournir les informations demand\u00e9es ou d&rsquo;ex\u00e9cuter le contrat de services.<\/p>\n<h2>Groupe cible :<\/h2>\n<p>Les donn\u00e9es ne seront pas communiqu\u00e9es \u00e0 des tiers en dehors de Toroshopping, S.L., sauf obligation l\u00e9gale.<\/p>\n<p>Donn\u00e9es collect\u00e9es par les utilisateurs des services<br \/>\nDans le cas o\u00f9 l&rsquo;utilisateur inclut des fichiers contenant des donn\u00e9es personnelles sur les serveurs partag\u00e9s de l&rsquo;h\u00e9bergement<br \/>\n, Toroshopping, S.L. n&rsquo;est pas responsable du non-respect du RGPD par l&rsquo;utilisateur.<\/p>\n<h2>Droits de propri\u00e9t\u00e9 intellectuelle https:\/\/lasventastour.com<\/h2>\n<p>Toroshopping, S.L. est titulaire de tous les droits d&rsquo;auteur, de propri\u00e9t\u00e9 intellectuelle et industrielle, de savoir-faire et de tout autre droit li\u00e9 au contenu du site web https:\/\/lasventastour.com et aux services offerts \u00e0 l&rsquo;adresse<br \/>\n, ainsi que des programmes n\u00e9cessaires \u00e0 sa mise en \u0153uvre et de l&rsquo;information connexe.<br \/>\nLa reproduction, la publication et\/ou l&rsquo;utilisation autre que strictement priv\u00e9e du contenu, en tout ou en partie, du site<br \/>\nn&rsquo;est pas autoris\u00e9e sans accord \u00e9crit pr\u00e9alable.<\/p>\n<h2>Logiciels Propri\u00e9t\u00e9 intellectuelle<\/h2>\n<p>L&rsquo;utilisateur doit respecter les programmes de tiers mis \u00e0 disposition par Toroshopping, S.L., m\u00eame s&rsquo;ils sont<br \/>\ngratuits et\/ou accessibles au public.<br \/>\nToroshopping, S.L. poss\u00e8de les droits d&rsquo;exploitation et de propri\u00e9t\u00e9 intellectuelle du logiciel.<br \/>\nL&rsquo;utilisateur n&rsquo;acquiert aucun droit ou licence sur le service contract\u00e9, sur le logiciel n\u00e9cessaire \u00e0 la fourniture<br \/>\ndu service, ni sur les informations techniques permettant de contr\u00f4ler le service, \u00e0 l&rsquo;exception des droits et licences<br \/>\nn\u00e9cessaires \u00e0 l&rsquo;ex\u00e9cution des services contract\u00e9s et uniquement pour la dur\u00e9e de<br \/>\nceux-ci.<br \/>\nPour toute action d\u00e9passant l&rsquo;ex\u00e9cution du contrat, l&rsquo;utilisateur devra obtenir l&rsquo;autorisation \u00e9crite de<br \/>\nde Toroshopping, S.L., et il lui est interdit d&rsquo;acc\u00e9der, de modifier, de visualiser la configuration, la structure et les fichiers<br \/>\ndes serveurs appartenant \u00e0 Toroshopping, S.L., en assumant la responsabilit\u00e9 civile et p\u00e9nale d\u00e9riv\u00e9e de<br \/>\ntout incident pouvant survenir dans les serveurs et les syst\u00e8mes de s\u00e9curit\u00e9 comme cons\u00e9quence directe de<br \/>\nune action n\u00e9gligente ou malveillante de sa part.<\/p>\n<h2>Propri\u00e9t\u00e9 intellectuelle du contenu h\u00e9berg\u00e9<\/h2>\n<p>Toute utilisation contraire \u00e0 la l\u00e9gislation sur la propri\u00e9t\u00e9 intellectuelle des services fournis par Toroshopping,<br \/>\nS.L. et, en particulier :<br \/>\n- Toute utilisation contraire \u00e0 la l\u00e9gislation espagnole ou qui porte atteinte aux droits de tiers est interdite.<br \/>\n- La publication ou la transmission de tout contenu qui, de l&rsquo;avis de Toroshopping, S.L., est<br \/>\nviolent, obsc\u00e8ne, abusif, ill\u00e9gal, racial, x\u00e9nophobe ou diffamatoire.<br \/>\n- Les cracks, les num\u00e9ros de s\u00e9rie de logiciels ou tout autre contenu qui enfreint les droits de propri\u00e9t\u00e9 intellectuelle de tiers<br \/>\n.<br \/>\n- la collecte et\/ou l&rsquo;utilisation des donn\u00e9es \u00e0 caract\u00e8re personnel d&rsquo;autres utilisateurs sans leur consentement explicite ou sans leur consentement<br \/>\nen violation du r\u00e8glement (UE) 2016\/679 du Parlement europ\u00e9en et du Conseil du<\/p>\n<p>27 avril 2016 relative \u00e0 la protection des personnes physiques \u00e0 l&rsquo;\u00e9gard du traitement des donn\u00e9es \u00e0 caract\u00e8re personnel<br \/>\net \u00e0 la libre circulation de ces donn\u00e9es.<br \/>\n- L&rsquo;utilisation du serveur de messagerie et des adresses \u00e9lectroniques du domaine pour envoyer<br \/>\ndes courriers \u00e9lectroniques non sollicit\u00e9s en masse.<\/p>\n<p>L&rsquo;utilisateur est enti\u00e8rement responsable du contenu de son site, des informations transmises et stock\u00e9es, des liens hypertextes<br \/>\n, des r\u00e9clamations de tiers et des actions en justice relatives \u00e0 la propri\u00e9t\u00e9 intellectuelle, aux droits de tiers<br \/>\net \u00e0 la protection des mineurs.<\/p>\n<p>L&rsquo;utilisateur est responsable du respect des lois et r\u00e8glements en vigueur et des r\u00e8gles concernant le fonctionnement du service en ligne<br \/>\n, le commerce \u00e9lectronique, les droits d&rsquo;auteur, le maintien de l&rsquo;ordre public, ainsi que<br \/>\nprincipes universels d&rsquo;utilisation de l&rsquo;Internet.<\/p>\n<p>L&rsquo;utilisateur devra indemniser Toroshopping, S.L. pour les co\u00fbts encourus par Toroshopping, S.L. dans<br \/>\npour toute cause dont la responsabilit\u00e9 est imputable \u00e0 l&rsquo;utilisateur, y compris les frais et d\u00e9penses juridiques, y compris<br \/>\ndans le cas d&rsquo;une d\u00e9cision judiciaire non d\u00e9finitive.<\/p>\n<h2>Protection des informations h\u00e9berg\u00e9es<\/h2>\n<p>Toroshopping, S.L. r\u00e9alise des copies de sauvegarde des contenus h\u00e9berg\u00e9s sur ses serveurs, mais<br \/>\nn&rsquo;est pas responsable de la perte ou de l&rsquo;effacement accidentel des donn\u00e9es par les utilisateurs. De m\u00eame,<br \/>\nne garantit pas le remplacement total des donn\u00e9es supprim\u00e9es par les utilisateurs, \u00e9tant donn\u00e9 que ces donn\u00e9es peuvent avoir \u00e9t\u00e9 supprim\u00e9es et\/ou modifi\u00e9es par<br \/>\npendant la p\u00e9riode de temps \u00e9coul\u00e9e depuis la derni\u00e8re sauvegarde.<br \/>\nLes services offerts, \u00e0 l&rsquo;exception des services de sauvegarde sp\u00e9cifiques, n&rsquo;incluent pas le remplacement des contenus<br \/>\nconserv\u00e9s dans les copies de sauvegarde r\u00e9alis\u00e9es par Toroshopping, S.L., lorsque cette perte est imputable \u00e0 l&rsquo;utilisateur<br \/>\n; dans ce cas, un tarif sera d\u00e9termin\u00e9 en fonction de la complexit\u00e9 et du volume de la r\u00e9cup\u00e9ration, toujours avec l&rsquo;acceptation pr\u00e9alable de l&rsquo;utilisateur<br \/>\n.<br \/>\nLe remplacement des donn\u00e9es supprim\u00e9es n&rsquo;est inclus dans le prix du service que lorsque la perte du contenu est due \u00e0 des causes imputables \u00e0 Toroshopping, S.L.<br \/>\n.<\/p>\n<h2>Communications commerciales<\/h2>\n<p>En application de la LSSI. Toroshopping, S.L. n&rsquo;enverra pas de communications publicitaires ou promotionnelles par courrier \u00e9lectronique<br \/>\nou tout autre moyen \u00e9quivalent de communication \u00e9lectronique qui n&rsquo;a pas \u00e9t\u00e9 pr\u00e9alablement demand\u00e9 ou<br \/>\nexpress\u00e9ment autoris\u00e9 par les destinataires.<br \/>\nDans le cas d&rsquo;utilisateurs avec lesquels il existe une relation contractuelle ant\u00e9rieure, Toroshopping, S.L. est autoris\u00e9 \u00e0 envoyer des communications publicitaires ou promotionnelles par courrier \u00e9lectronique. <\/p>\n<p>de communications commerciales se r\u00e9f\u00e9rant aux produits ou services de Toroshopping, S.L. qui sont similaires \u00e0 ceux que<br \/>\na initialement contract\u00e9s avec le client.<br \/>\nDans tous les cas, l&rsquo;utilisateur, apr\u00e8s avoir prouv\u00e9 son identit\u00e9, peut demander qu&rsquo;aucune autre information commerciale<br \/>\nne lui soit envoy\u00e9e par l&rsquo;interm\u00e9diaire des canaux du service client\u00e8le.<\/p>\n<\/div><\/div><\/div><\/div><\/div><\/div><\/section>\n","protected":false},"excerpt":{"rendered":"Politique de confidentialit\u00e9 Informations sur la protection des donn\u00e9es Responsable du traitement de vos donn\u00e9es Responsable : Centre des affaires taurines de la Communaut\u00e9 de Madrid, minist\u00e8re de la pr\u00e9sidence, de la justice et de l&rsquo;int\u00e9rieur. Si\u00e8ge social : Centro de Asuntos Taurinos - calle Alcal\u00e1, n\u00ba 237 (Plaza de Toros de Las Ventas), 28028...","protected":false},"author":1,"featured_media":0,"parent":0,"menu_order":0,"comment_status":"closed","ping_status":"open","template":"","meta":{"footnotes":""},"class_list":["post-3503","page","type-page","status-publish","hentry"],"yoast_head":"<!-- This site is optimized with the Yoast SEO plugin v27.5 - https:\/\/yoast.com\/product\/yoast-seo-wordpress\/ -->\n<title>Politique de confidentialit\u00e9 | Las Ventas Tour<\/title>\n<meta name=\"robots\" content=\"index, follow, max-snippet:-1, max-image-preview:large, max-video-preview:-1\" \/>\n<link rel=\"canonical\" href=\"https:\/\/lasventastour.com\/fr\/avis-legal\/\" \/>\n<meta property=\"og:locale\" content=\"fr_FR\" \/>\n<meta property=\"og:type\" content=\"article\" \/>\n<meta property=\"og:title\" content=\"Politique de confidentialit\u00e9 | Las Ventas Tour\" \/>\n<meta property=\"og:url\" content=\"https:\/\/lasventastour.com\/fr\/avis-legal\/\" \/>\n<meta property=\"og:site_name\" content=\"Las Ventas Tour\" \/>\n<meta property=\"article:modified_time\" content=\"2026-04-28T11:07:10+00:00\" \/>\n<meta property=\"og:image\" content=\"https:\/\/lasventastour.com\/wp-content\/uploads\/2023\/12\/paseillo-en-las-ventas.webp\" \/>\n\t<meta property=\"og:image:width\" content=\"511\" \/>\n\t<meta property=\"og:image:height\" content=\"280\" \/>\n\t<meta property=\"og:image:type\" content=\"image\/webp\" \/>\n<meta name=\"twitter:card\" content=\"summary_large_image\" \/>\n<meta name=\"twitter:label1\" content=\"Dur\u00e9e de lecture estim\u00e9e\" \/>\n\t<meta name=\"twitter:data1\" content=\"12 minutes\" \/>\n<script type=\"application\/ld+json\" class=\"yoast-schema-graph\">{\"@context\":\"https:\\\/\\\/schema.org\",\"@graph\":[{\"@type\":\"WebPage\",\"@id\":\"https:\\\/\\\/lasventastour.com\\\/fr\\\/avis-legal\\\/\",\"url\":\"https:\\\/\\\/lasventastour.com\\\/fr\\\/avis-legal\\\/\",\"name\":\"Politique de confidentialit\u00e9 | Las Ventas Tour\",\"isPartOf\":{\"@id\":\"https:\\\/\\\/lasventastour.com\\\/fr\\\/#website\"},\"datePublished\":\"2023-09-21T14:37:42+00:00\",\"dateModified\":\"2026-04-28T11:07:10+00:00\",\"breadcrumb\":{\"@id\":\"https:\\\/\\\/lasventastour.com\\\/fr\\\/avis-legal\\\/#breadcrumb\"},\"inLanguage\":\"fr-FR\",\"potentialAction\":[{\"@type\":\"ReadAction\",\"target\":[\"https:\\\/\\\/lasventastour.com\\\/fr\\\/avis-legal\\\/\"]}]},{\"@type\":\"BreadcrumbList\",\"@id\":\"https:\\\/\\\/lasventastour.com\\\/fr\\\/avis-legal\\\/#breadcrumb\",\"itemListElement\":[{\"@type\":\"ListItem\",\"position\":1,\"name\":\"Portada\",\"item\":\"https:\\\/\\\/lasventastour.com\\\/fr\\\/\"},{\"@type\":\"ListItem\",\"position\":2,\"name\":\"Politique de confidentialit\u00e9\"}]},{\"@type\":\"WebSite\",\"@id\":\"https:\\\/\\\/lasventastour.com\\\/fr\\\/#website\",\"url\":\"https:\\\/\\\/lasventastour.com\\\/fr\\\/\",\"name\":\"Las Ventas Tour\",\"description\":\"Tour Las Ventas | Plaza de Toros de Madrid | Web Oficial\",\"publisher\":{\"@id\":\"https:\\\/\\\/lasventastour.com\\\/fr\\\/#organization\"},\"alternateName\":\"Las Ventas Tour\",\"potentialAction\":[{\"@type\":\"SearchAction\",\"target\":{\"@type\":\"EntryPoint\",\"urlTemplate\":\"https:\\\/\\\/lasventastour.com\\\/fr\\\/?s={search_term_string}\"},\"query-input\":{\"@type\":\"PropertyValueSpecification\",\"valueRequired\":true,\"valueName\":\"search_term_string\"}}],\"inLanguage\":\"fr-FR\"},{\"@type\":\"Organization\",\"@id\":\"https:\\\/\\\/lasventastour.com\\\/fr\\\/#organization\",\"name\":\"Las Ventas Tour\",\"alternateName\":\"Las Ventas Tour\",\"url\":\"https:\\\/\\\/lasventastour.com\\\/fr\\\/\",\"logo\":{\"@type\":\"ImageObject\",\"inLanguage\":\"fr-FR\",\"@id\":\"https:\\\/\\\/lasventastour.com\\\/fr\\\/#\\\/schema\\\/logo\\\/image\\\/\",\"url\":\"https:\\\/\\\/lasventastour.com\\\/wp-content\\\/uploads\\\/2024\\\/09\\\/cropped-Logo-Las-Ventas-1.webp\",\"contentUrl\":\"https:\\\/\\\/lasventastour.com\\\/wp-content\\\/uploads\\\/2024\\\/09\\\/cropped-Logo-Las-Ventas-1.webp\",\"width\":512,\"height\":512,\"caption\":\"Las Ventas Tour\"},\"image\":{\"@id\":\"https:\\\/\\\/lasventastour.com\\\/fr\\\/#\\\/schema\\\/logo\\\/image\\\/\"},\"sameAs\":[\"https:\\\/\\\/www.instagram.com\\\/lasventastour\\\/\"]}]}<\/script>\n<!-- \/ Yoast SEO plugin. -->","yoast_head_json":{"title":"Politique de confidentialit\u00e9 | Las Ventas Tour","robots":{"index":"index","follow":"follow","max-snippet":"max-snippet:-1","max-image-preview":"max-image-preview:large","max-video-preview":"max-video-preview:-1"},"canonical":"https:\/\/lasventastour.com\/fr\/avis-legal\/","og_locale":"fr_FR","og_type":"article","og_title":"Politique de confidentialit\u00e9 | Las Ventas Tour","og_url":"https:\/\/lasventastour.com\/fr\/avis-legal\/","og_site_name":"Las Ventas Tour","article_modified_time":"2026-04-28T11:07:10+00:00","og_image":[{"width":511,"height":280,"url":"https:\/\/lasventastour.com\/wp-content\/uploads\/2023\/12\/paseillo-en-las-ventas.webp","type":"image\/webp"}],"twitter_card":"summary_large_image","twitter_misc":{"Dur\u00e9e de lecture estim\u00e9e":"12 minutes"},"schema":{"@context":"https:\/\/schema.org","@graph":[{"@type":"WebPage","@id":"https:\/\/lasventastour.com\/fr\/avis-legal\/","url":"https:\/\/lasventastour.com\/fr\/avis-legal\/","name":"Politique de confidentialit\u00e9 | Las Ventas Tour","isPartOf":{"@id":"https:\/\/lasventastour.com\/fr\/#website"},"datePublished":"2023-09-21T14:37:42+00:00","dateModified":"2026-04-28T11:07:10+00:00","breadcrumb":{"@id":"https:\/\/lasventastour.com\/fr\/avis-legal\/#breadcrumb"},"inLanguage":"fr-FR","potentialAction":[{"@type":"ReadAction","target":["https:\/\/lasventastour.com\/fr\/avis-legal\/"]}]},{"@type":"BreadcrumbList","@id":"https:\/\/lasventastour.com\/fr\/avis-legal\/#breadcrumb","itemListElement":[{"@type":"ListItem","position":1,"name":"Portada","item":"https:\/\/lasventastour.com\/fr\/"},{"@type":"ListItem","position":2,"name":"Politique de confidentialit\u00e9"}]},{"@type":"WebSite","@id":"https:\/\/lasventastour.com\/fr\/#website","url":"https:\/\/lasventastour.com\/fr\/","name":"Las Ventas Tour","description":"Tour Las Ventas | Plaza de Toros de Madrid | Web Oficial","publisher":{"@id":"https:\/\/lasventastour.com\/fr\/#organization"},"alternateName":"Las Ventas Tour","potentialAction":[{"@type":"SearchAction","target":{"@type":"EntryPoint","urlTemplate":"https:\/\/lasventastour.com\/fr\/?s={search_term_string}"},"query-input":{"@type":"PropertyValueSpecification","valueRequired":true,"valueName":"search_term_string"}}],"inLanguage":"fr-FR"},{"@type":"Organization","@id":"https:\/\/lasventastour.com\/fr\/#organization","name":"Las Ventas Tour","alternateName":"Las Ventas Tour","url":"https:\/\/lasventastour.com\/fr\/","logo":{"@type":"ImageObject","inLanguage":"fr-FR","@id":"https:\/\/lasventastour.com\/fr\/#\/schema\/logo\/image\/","url":"https:\/\/lasventastour.com\/wp-content\/uploads\/2024\/09\/cropped-Logo-Las-Ventas-1.webp","contentUrl":"https:\/\/lasventastour.com\/wp-content\/uploads\/2024\/09\/cropped-Logo-Las-Ventas-1.webp","width":512,"height":512,"caption":"Las Ventas Tour"},"image":{"@id":"https:\/\/lasventastour.com\/fr\/#\/schema\/logo\/image\/"},"sameAs":["https:\/\/www.instagram.com\/lasventastour\/"]}]}},"_links":{"self":[{"href":"https:\/\/lasventastour.com\/fr\/wp-json\/wp\/v2\/pages\/3503","targetHints":{"allow":["GET"]}}],"collection":[{"href":"https:\/\/lasventastour.com\/fr\/wp-json\/wp\/v2\/pages"}],"about":[{"href":"https:\/\/lasventastour.com\/fr\/wp-json\/wp\/v2\/types\/page"}],"author":[{"embeddable":true,"href":"https:\/\/lasventastour.com\/fr\/wp-json\/wp\/v2\/users\/1"}],"replies":[{"embeddable":true,"href":"https:\/\/lasventastour.com\/fr\/wp-json\/wp\/v2\/comments?post=3503"}],"version-history":[{"count":5,"href":"https:\/\/lasventastour.com\/fr\/wp-json\/wp\/v2\/pages\/3503\/revisions"}],"predecessor-version":[{"id":43252,"href":"https:\/\/lasventastour.com\/fr\/wp-json\/wp\/v2\/pages\/3503\/revisions\/43252"}],"wp:attachment":[{"href":"https:\/\/lasventastour.com\/fr\/wp-json\/wp\/v2\/media?parent=3503"}],"curies":[{"name":"wp","href":"https:\/\/api.w.org\/{rel}","templated":true}]}}