{"id":2421,"date":"2023-09-28T12:01:46","date_gmt":"2023-09-28T12:01:46","guid":{"rendered":"https:\/\/lasventastour.com\/visite-guidee-vip\/"},"modified":"2026-04-28T11:01:35","modified_gmt":"2026-04-28T11:01:35","slug":"visites-guidees-privees","status":"publish","type":"page","link":"https:\/\/lasventastour.com\/fr\/visites-guidees-privees\/","title":{"rendered":"Visite guid\u00e9e VIP"},"content":{"rendered":"<section class=\"l-section wpb_row us_custom_f9d0b101 height_auto color_primary with_img parallax_ver parallaxdir_reversed\"><div class=\"l-section-img\" role=\"img\" aria-label=\"Visite priv\u00e9e des ar\u00e8nes de Las Ventas\" data-img-width=\"1200\" data-img-height=\"900\" style=\"background-image: url(https:\/\/lasventastour.com\/wp-content\/uploads\/2023\/11\/visita-privada-plaza-de-toros-madrid.webp);\"><\/div><div class=\"l-section-overlay\" style=\"background:linear-gradient(90deg,#1b122f,rgba(54,54,54,0.00))\"><\/div><div class=\"l-section-h i-cf\"><div class=\"g-cols vc_row via_grid cols_1 laptops-cols_inherit tablets-cols_inherit mobiles-cols_1 valign_middle type_default stacking_default\" style=\"--columns-gap:0rem;\"><div class=\"wpb_column vc_column_container\"><div class=\"vc_column-inner\"><div class=\"w-separator size_medium\"><\/div><h1 class=\"w-text us_custom_51aa7753 us_animate_this\"><span class=\"w-text-h\"><span class=\"w-text-value\">Visite guid\u00e9e VIP<\/span><\/span><\/h1><div class=\"w-separator size_small\"><\/div><div class=\"w-text us_custom_444d1fbc us_animate_this\"><span class=\"w-text-h\"><span class=\"w-text-value\">Visite guid\u00e9e + mus\u00e9e + guide priv\u00e9<\/span><\/span><\/div><div class=\"w-separator size_large\"><\/div><div class=\"w-btn-wrapper align_none\"><a class=\"w-btn us-btn-style_1\" target=\"_blank\" rel=\"nofollow\" href=\"https:\/\/tickets.lasventastour.com\/es\/426-web-individual\/3130-descubre-las-ventas-visita-guiada-vip\"><span class=\"w-btn-label\">R\u00e9servez une visite<\/span><\/a><\/div><div class=\"w-separator size_large\"><\/div><\/div><\/div><\/div><\/div><\/section><section class=\"l-section wpb_row height_medium\"><div class=\"l-section-h i-cf\"><div class=\"g-cols vc_row via_grid cols_1 laptops-cols_inherit tablets-cols_inherit mobiles-cols_1 valign_top type_default stacking_default\"><div class=\"wpb_column vc_column_container\"><div class=\"vc_column-inner\"><div class=\"wpb_text_column\"><div class=\"wpb_wrapper\"><h2 style=\"text-align: center;\">Inclus dans votre billet<\/h2>\n<\/div><\/div><div class=\"w-separator size_large\"><\/div><div class=\"g-cols wpb_row via_grid cols_3 laptops-cols_inherit tablets-cols_inherit mobiles-cols_1 valign_top type_default stacking_default\" style=\"--columns-gap:3rem;\"><div class=\"wpb_column vc_column_container\"><div class=\"vc_column-inner\"><div class=\"w-iconbox iconpos_left style_outlined color_primary align_left\"><div class=\"w-iconbox-icon\" style=\"font-size:2rem;\"><i class=\"fad fa-person-sign\"><\/i><\/div><div class=\"w-iconbox-meta\"><h3 class=\"w-iconbox-title\">Guide priv\u00e9<\/h3><div class=\"w-iconbox-text\"><p>L&rsquo;un de nos guides vous expliquera tous les secrets de la place et r\u00e9pondra \u00e0 toutes vos questions.<\/p>\n<\/div><\/div><\/div><\/div><\/div><div class=\"wpb_column vc_column_container\"><div class=\"vc_column-inner\"><div class=\"w-iconbox iconpos_left style_outlined color_primary align_left\"><div class=\"w-iconbox-icon\" style=\"font-size:2rem;\"><i class=\"fad fa-star\"><\/i><\/div><div class=\"w-iconbox-meta\"><h3 class=\"w-iconbox-title\">Exp\u00e9rience VIP<\/h3><div class=\"w-iconbox-text\"><p>Avec un guide, nous vous montrerons des endroits de choix, vous pourrez utiliser les diff\u00e9rentes couches, vous apprendrez les curiosit\u00e9s cach\u00e9es de la place et bien plus encore.<\/p>\n<\/div><\/div><\/div><\/div><\/div><div class=\"wpb_column vc_column_container\"><div class=\"vc_column-inner\"><div class=\"w-iconbox iconpos_left style_outlined color_primary align_left\"><div class=\"w-iconbox-icon\" style=\"font-size:2rem;\"><i class=\"fad fa-landmark\"><\/i><\/div><div class=\"w-iconbox-meta\"><h3 class=\"w-iconbox-title\">Mus\u00e9e de la tauromachie<\/h3><div class=\"w-iconbox-text\"><p>Nous vous expliquerons de mani\u00e8re ludique les \u0153uvres taurines que nous avons dans le mus\u00e9e de la tauromachie afin que vous puissiez comprendre ce que vous voyez.<\/p>\n<\/div><\/div><\/div><\/div><\/div><\/div><div class=\"w-separator size_small with_line width_default thick_1 style_solid color_border align_center\"><div class=\"w-separator-h\"><\/div><\/div><\/div><\/div><\/div><\/div><\/section><section class=\"l-section wpb_row height_medium\"><div class=\"l-section-h i-cf\"><div class=\"g-cols vc_row via_grid cols_1 laptops-cols_inherit tablets-cols_inherit mobiles-cols_1 valign_top type_default stacking_default\"><div class=\"wpb_column vc_column_container\"><div class=\"vc_column-inner\"><div class=\"wpb_text_column\"><div class=\"wpb_wrapper\"><h2 style=\"text-align: center;\">Parmi les exp\u00e9riences v\u00e9cues, citons<\/h2>\n<\/div><\/div><\/div><\/div><\/div><\/div><\/section><section class=\"l-section wpb_row height_auto\"><div class=\"l-section-h i-cf\"><div class=\"g-cols vc_row via_grid cols_2 laptops-cols_inherit tablets-cols_inherit mobiles-cols_1 valign_middle type_boxes reversed stacking_default\" style=\"--columns-gap:0rem;\"><div class=\"wpb_column vc_column_container us_custom_c70c97eb has_bg_color\"><div class=\"vc_column-inner\"><div class=\"wpb_text_column\"><div class=\"wpb_wrapper\"><h3>1. Connaissance \u00e0 360<\/h3>\n<p>Notre guide priv\u00e9 vous apprendra tout sur le monde de la tauromachie et les ar\u00e8nes :<\/p>\n<ul>\n<li>Histoire et \u00e9volution de la tauromachie<\/li>\n<li>Nous vous enseignons l&rsquo;art de la tauromachie comme un vrai matador.<\/li>\n<li>Tout ce qui s&rsquo;est pass\u00e9 au cours des presque 100 derni\u00e8res ann\u00e9es : les guerres, la transition espagnole, les concerts et les \u00e9v\u00e9nements, etc.<\/li>\n<li>Des curiosit\u00e9s que peu de gens connaissent et que vous apprendrez.<\/li>\n<\/ul>\n<\/div><\/div><\/div><\/div><div class=\"wpb_column vc_column_container us_custom_8a76de48 has_bg_color\"><div class=\"vc_column-inner\"><div class=\"w-separator size_custom\" style=\"height:20vh\"><\/div><\/div><\/div><\/div><\/div><\/section><section class=\"l-section wpb_row height_auto\"><div class=\"l-section-h i-cf\"><div class=\"g-cols vc_row via_grid cols_2 laptops-cols_inherit tablets-cols_inherit mobiles-cols_1 valign_middle type_boxes stacking_default\" style=\"--columns-gap:0rem;\"><div class=\"wpb_column vc_column_container us_custom_23b04438 has_bg_color\"><div class=\"vc_column-inner\"><div class=\"w-video us_custom_96ecd230 align_center ratio_16x9 with_overlay has_iframe\" style=\"background-image:url(https:\/\/lasventastour.com\/wp-content\/uploads\/2023\/11\/juego-toreo-virtual.webp);\" onclick=\"return {&quot;player_id&quot;:&quot;youtube-icd0&quot;,&quot;player_api&quot;:&quot;\\\/\\\/www.youtube.com\\\/player_api&quot;,&quot;player_html&quot;:&quot;&lt;div id=\\&quot;youtube-icd0\\&quot;&gt;&lt;\\\/div&gt;&lt;script&gt;\\r\\n\\t\\t\\twindow.USYTPlayers = ( window.USYTPlayers || { initYTFunctions: [], optionsYT: [], USYTInited: false } );\\r\\n\\t\\t\\twindow.USYTPlayers.optionsYT.push( {\\r\\n\\t\\t\\t\\tplayerID: \\&quot;youtube-icd0\\&quot;,\\r\\n\\t\\t\\t\\tvideoID: \\&quot;sucbjmJRf0U\\&quot;,\\r\\n\\t\\t\\t\\tplayerVars: {\\&quot;autoplay\\&quot;:1,\\&quot;controls\\&quot;:1,\\&quot;origin\\&quot;:\\&quot;https:\\\\\\\/\\\\\\\/lasventastour.com\\\\\\\/fr\\\\\\\/\\&quot;,\\&quot;loop\\&quot;:0,\\&quot;mute\\&quot;:0,\\&quot;playlist\\&quot;:\\&quot;sucbjmJRf0U\\&quot;}\\r\\n\\t\\t\\t} );\\r\\n\\t\\t\\tif ( window.USYTPlayers.USYTInited === false ) {\\r\\n\\t\\t\\t\\t\\\/\\\/ Trying to override other possible WP YT API calls if our element is used\\r\\n\\t\\t\\t\\twindow.USYTPlayers.USYTInited = true;\\r\\n\\r\\n\\t\\t\\t\\twindow.onYouTubePlayerAPIReady = function() {\\r\\n\\t\\t\\t\\t\\tfor ( var i in window.USYTPlayers.optionsYT ) {\\r\\n\\t\\t\\t\\t\\t\\tvar _playerParams = window.USYTPlayers.optionsYT[ i ];\\r\\n\\t\\t\\t\\t\\t\\t$us.YTPlayers[ _playerParams.playerID ] = new YT.Player( _playerParams.playerID, {\\r\\n\\t\\t\\t\\t\\t\\t\\tvideoId: _playerParams.videoID,\\r\\n\\t\\t\\t\\t\\t\\t\\tplayerVars: _playerParams.playerVars\\r\\n\\t\\t\\t\\t\\t\\t} );\\r\\n\\t\\t\\t\\t\\t}\\r\\n\\t\\t\\t\\t}\\r\\n\\t\\t\\t}\\r\\n\\t\\t\\tif ( !!window.YT ) {\\r\\n\\t\\t\\t\\t$us.YTPlayers[\\&quot;youtube-icd0\\&quot;] = new YT.Player( \\&quot;youtube-icd0\\&quot;, {\\r\\n\\t\\t\\t\\t\\tvideoId: \\&quot;sucbjmJRf0U\\&quot;,\\r\\n\\t\\t\\t\\t\\tplayerVars: {\\&quot;autoplay\\&quot;:1,\\&quot;controls\\&quot;:1,\\&quot;origin\\&quot;:\\&quot;https:\\\\\\\/\\\\\\\/lasventastour.com\\\\\\\/fr\\\\\\\/\\&quot;,\\&quot;loop\\&quot;:0,\\&quot;mute\\&quot;:0,\\&quot;playlist\\&quot;:\\&quot;sucbjmJRf0U\\&quot;}\\r\\n\\t\\t\\t\\t} );\\r\\n\\t\\t\\t}\\r\\n\\t\\t&lt;\\\/script&gt;&quot;}\"><button class=\"w-video-play\" type=\"button\" aria-label=\"Lecture\"><span class=\"w-video-play-icon\" style=\"font-size:1.5rem;background:var(--color-header-middle-text-hover);color:#ffffff\"><\/span><\/button><div class=\"w-video-h\"><\/div><\/div><\/div><\/div><div class=\"wpb_column vc_column_container us_custom_c70c97eb has_bg_color\"><div class=\"vc_column-inner\"><div class=\"wpb_text_column\"><div class=\"wpb_wrapper\"><h3>Jeu de r\u00e9alit\u00e9 virtuelle<\/h3>\n<p>Vous voulez devenir torero ? Entrez dans notre mini ar\u00e8ne, mettez vos lunettes et affrontez un taureau virtuel de 600 kg dans les ar\u00e8nes m\u00eames de Las Ventas. Notre personnel vous apprendra \u00e0 tor\u00e9er avec art pour que vous puissiez sortir de l&rsquo;ar\u00e8ne par la porte principale.  <\/p>\n<p>La personne qui marque le plus de points gagne !<\/p>\n<\/div><\/div><\/div><\/div><\/div><\/div><\/section><section class=\"l-section wpb_row height_auto\"><div class=\"l-section-h i-cf\"><div class=\"g-cols vc_row via_grid cols_2 laptops-cols_inherit tablets-cols_inherit mobiles-cols_1 valign_middle type_boxes reversed stacking_default\" style=\"--columns-gap:0rem;\"><div class=\"wpb_column vc_column_container us_custom_c70c97eb has_bg_color\"><div class=\"vc_column-inner\"><div class=\"wpb_text_column\"><div class=\"wpb_wrapper\"><h3>3. salle immersive<\/h3>\n<p>Dans cette salle, vous pouvez d\u00e9couvrir le monde de la tauromachie d&rsquo;une mani\u00e8re amusante et divertissante. La salle dispose d&rsquo;\u00e9crans o\u00f9 vous verrez des vid\u00e9os tr\u00e8s int\u00e9ressantes sur l&rsquo;histoire des ar\u00e8nes, les toreros les plus c\u00e9l\u00e8bres qui ont combattu \u00e0 Las Ventas, ainsi que des photographies et de l&rsquo;art tauromachique. <\/p>\n<p>Entrez et respirez la passion de la tauromachie !<\/p>\n<\/div><\/div><\/div><\/div><div class=\"wpb_column vc_column_container us_custom_41195194 has_bg_color\"><div class=\"vc_column-inner\"><div class=\"w-separator size_custom\" style=\"height:20vh\"><\/div><\/div><\/div><\/div><\/div><\/section><section class=\"l-section wpb_row height_auto\"><div class=\"l-section-h i-cf\"><div class=\"g-cols vc_row via_grid cols_2 laptops-cols_inherit tablets-cols_inherit mobiles-cols_1 valign_middle type_boxes stacking_default\" style=\"--columns-gap:0rem;\"><div class=\"wpb_column vc_column_container us_custom_f1b3e985 has_bg_color\"><div class=\"vc_column-inner\"><div class=\"w-separator size_custom\" style=\"height:20vh\"><\/div><\/div><\/div><div class=\"wpb_column vc_column_container us_custom_c70c97eb has_bg_color\"><div class=\"vc_column-inner\"><div class=\"wpb_text_column\"><div class=\"wpb_wrapper\"><h3>4. Exp\u00e9riences virtuelles<\/h3>\n<p>Vous en voulez encore ? Dans la salle immersive, vous pourrez utiliser nos lunettes de r\u00e9alit\u00e9 virtuelle. Vous pourrez voir \u00e0 360\u00ba des \u00e9v\u00e9nements taurins aussi int\u00e9ressants que les San Fermines et vous aurez l&rsquo;impression de courir vous-m\u00eame devant les taureaux !  <\/p>\n<p>Vous pourrez \u00e9galement voir des vid\u00e9os \u00e0 360\u00ba des ar\u00e8nes, des ranchs de tauromachie et bien plus encore. Une v\u00e9ritable exp\u00e9rience !<\/p>\n<\/div><\/div><\/div><\/div><\/div><\/div><\/section><section class=\"l-section wpb_row height_medium\"><div class=\"l-section-h i-cf\"><div class=\"g-cols vc_row via_grid cols_1 laptops-cols_inherit tablets-cols_inherit mobiles-cols_1 valign_middle type_default stacking_default\"><div class=\"wpb_column vc_column_container\"><div class=\"vc_column-inner\"><div class=\"wpb_text_column\"><div class=\"wpb_wrapper\"><h2 style=\"text-align: center;\">Tout ce que vous verrez<\/h2>\n<\/div><\/div><div class=\"w-separator size_medium\"><\/div><div class=\"g-cols wpb_row via_grid cols_2 laptops-cols_inherit tablets-cols_inherit mobiles-cols_1 valign_top type_default reversed stacking_default\" style=\"--columns-gap:3rem;\"><div class=\"wpb_column vc_column_container\"><div class=\"vc_column-inner\"><div class=\"wpb_text_column\"><div class=\"wpb_wrapper\"><ul>\n<li><strong>GRANDE PORTE:<\/strong> l&rsquo;endroit o\u00f9 les toreros r\u00eavent d&rsquo;\u00eatre port\u00e9s sur les \u00e9paules des meilleurs supporters du monde.<\/li>\n<li><strong>LA TERRASSE<\/strong>: Vous d\u00e9couvrirez les d\u00e9tails architecturaux de la place.<\/li>\n<li><strong>TAUREAU DE COMBAT:<\/strong> Le roi de la f\u00eate, il est \u00e9lev\u00e9 dans des conditions exceptionnelles, en pleine nature.<\/li>\n<li><strong>TENDIDOS Y PALCO : <\/strong>Une visite panoramique des tendidos pour comprendre le d\u00e9roulement d&rsquo;une corrida.<\/li>\n<li><strong>PUERTA DE ARRASTRE :<\/strong> La porte que le taureau claque apr\u00e8s sa mort h\u00e9ro\u00efque sous les applaudissements du public.<br \/><strong>RUEDO :<\/strong> L&rsquo;endroit o\u00f9 se passe l&rsquo;essentiel, l&rsquo;endroit o\u00f9 le taureau et le torero se font face.<\/li>\n<li><strong>PORTE CORRALES :<\/strong> De l&rsquo;obscurit\u00e9 d&rsquo;un espace \u00e9troit, le taureau sort pour affronter son destin.<\/li>\n<li><strong>PORTE DES QUADRILLAS ET DU PASE\u00cdLLO :<\/strong> \u00e0 cette porte, les toreros attendent le pase\u00edllo dans un climat de nervosit\u00e9 et de peur, un lieu o\u00f9 l&rsquo;\u00e9motion est \u00e0 son comble.<\/li>\n<li><strong>LES INFIRMI\u00c8RES:<\/strong> L&rsquo;endroit qu&rsquo;aucun torero ne veut visiter, mais que tout le monde finit par visiter.<\/li>\n<li><strong>CHAPELLE :<\/strong> Coin de culte religieux pour l&rsquo;intimit\u00e9 des toreros.<br \/>MUS\u00c9E DE LA TOCHE DE MADRID : Sa structure est con\u00e7ue pour mettre en valeur les taureaux et les toreros.<\/li>\n<\/ul>\n<p>*L&rsquo;itin\u00e9raire peut \u00eatre modifi\u00e9 en raison de travaux d&rsquo;entretien ou d&rsquo;autres obstacles.<\/p>\n<\/div><\/div><\/div><\/div><div class=\"wpb_column vc_column_container\"><div class=\"vc_column-inner\"><div class=\"w-image align_none\"><div class=\"w-image-h\"><img decoding=\"async\" width=\"922\" height=\"1024\" src=\"https:\/\/lasventastour.com\/wp-content\/uploads\/2024\/08\/Recorrido-tour-plaza-toros-madrid.webp\" class=\"attachment-large size-large\" alt=\"Que voir dans les ar\u00e8nes de Madrid\" loading=\"lazy\" srcset=\"https:\/\/lasventastour.com\/wp-content\/uploads\/2024\/08\/Recorrido-tour-plaza-toros-madrid.webp 922w, https:\/\/lasventastour.com\/wp-content\/uploads\/2024\/08\/Recorrido-tour-plaza-toros-madrid-600x666.webp 600w, https:\/\/lasventastour.com\/wp-content\/uploads\/2024\/08\/Recorrido-tour-plaza-toros-madrid-270x300.webp 270w\" sizes=\"auto, (max-width: 922px) 100vw, 922px\" \/><\/div><\/div><\/div><\/div><\/div><\/div><\/div><\/div><\/div><\/section><section class=\"l-section wpb_row height_medium\"><div class=\"l-section-h i-cf\"><div class=\"g-cols vc_row via_grid cols_1 laptops-cols_inherit tablets-cols_inherit mobiles-cols_1 valign_top type_default stacking_default\"><div class=\"wpb_column vc_column_container\"><div class=\"vc_column-inner\"><div class=\"w-grid us_carousel type_carousel layout_galerie_default preload_style_spinner items_4\" id=\"us_grid_1\" style=\"--items:4;--gap:5px;\"><style>.layout_galerie_default .w-grid-item-h{}.layout_galerie_default .usg_post_image_1{margin-bottom:0.5rem!important}.layout_galerie_default .usg_post_title_1{font-size:1rem!important}<\/style><div class=\"w-grid-list owl-carousel valign_stretch dotstyle_circle navstyle_circle arrows-ver-pos_middle arrows-hor-pos_on_sides_outside arrows-disabled_hide owl-responsive-2000 with_arrows\" style=\"--transition-duration:350ms;--arrows-size:1.5rem;--arrows-hor-offset:calc(0px + 5px);--arrows-gap:10px;\">\t<article class=\"w-grid-item post-1066 attachment type-attachment status-inherit hentry\" data-id=\"1066\">\r\n\t\t<div class=\"w-grid-item-h\">\r\n\t\t\t\t\t\t<div class=\"w-post-elm post_image usg_post_image_1 stretched\"><a href=\"https:\/\/lasventastour.com\/fr\/ruedo-plaza-toros-2\/\" aria-label=\"ar\u00e8ne\"><img loading=\"lazy\" decoding=\"async\" width=\"750\" height=\"500\" src=\"https:\/\/lasventastour.com\/wp-content\/uploads\/2023\/11\/ruedo-plaza-toros.webp\" class=\"attachment-large size-large\" alt=\"ar\u00e8ne des ventes de Madrid\" srcset=\"https:\/\/lasventastour.com\/wp-content\/uploads\/2023\/11\/ruedo-plaza-toros.webp 750w, https:\/\/lasventastour.com\/wp-content\/uploads\/2023\/11\/ruedo-plaza-toros-600x400.webp 600w, https:\/\/lasventastour.com\/wp-content\/uploads\/2023\/11\/ruedo-plaza-toros-300x200.webp 300w\" sizes=\"auto, (max-width: 750px) 100vw, 750px\" \/><\/a><\/div><h2 class=\"w-post-elm post_title usg_post_title_1 entry-title color_link_inherit\"><a href=\"https:\/\/lasventastour.com\/fr\/ruedo-plaza-toros-2\/\">ar\u00e8ne<\/a><\/h2>\t\t<\/div>\r\n\t\t\t<\/article>\r\n\t<article class=\"w-grid-item post-1026 attachment type-attachment status-inherit hentry\" data-id=\"1026\">\r\n\t\t<div class=\"w-grid-item-h\">\r\n\t\t\t\t\t\t<div class=\"w-post-elm post_image usg_post_image_1 stretched\"><a href=\"https:\/\/lasventastour.com\/fr\/visitas-a-las-ventas-2\/\" aria-label=\"visites bullring Madrid\"><img loading=\"lazy\" decoding=\"async\" width=\"750\" height=\"500\" src=\"https:\/\/lasventastour.com\/wp-content\/uploads\/2023\/11\/visitas-a-las-ventas.webp\" class=\"attachment-large size-large\" alt=\"Que voir lors de la visite des ar\u00e8nes de Madrid\" srcset=\"https:\/\/lasventastour.com\/wp-content\/uploads\/2023\/11\/visitas-a-las-ventas.webp 750w, https:\/\/lasventastour.com\/wp-content\/uploads\/2023\/11\/visitas-a-las-ventas-600x400.webp 600w, https:\/\/lasventastour.com\/wp-content\/uploads\/2023\/11\/visitas-a-las-ventas-300x200.webp 300w\" sizes=\"auto, (max-width: 750px) 100vw, 750px\" \/><\/a><\/div><h2 class=\"w-post-elm post_title usg_post_title_1 entry-title color_link_inherit\"><a href=\"https:\/\/lasventastour.com\/fr\/visitas-a-las-ventas-2\/\">visites bullring Madrid<\/a><\/h2>\t\t<\/div>\r\n\t\t\t<\/article>\r\n\t<article class=\"w-grid-item post-1082 attachment type-attachment status-inherit hentry\" data-id=\"1082\">\r\n\t\t<div class=\"w-grid-item-h\">\r\n\t\t\t\t\t\t<div class=\"w-post-elm post_image usg_post_image_1 stretched\"><a href=\"https:\/\/lasventastour.com\/fr\/puerta-grande-plaza-toros-2\/\" aria-label=\"main gate of the bullring\"><img loading=\"lazy\" decoding=\"async\" width=\"750\" height=\"500\" src=\"https:\/\/lasventastour.com\/wp-content\/uploads\/2023\/11\/puerta-grande-plaza-toros.webp\" class=\"attachment-large size-large\" alt=\"big door sales\" srcset=\"https:\/\/lasventastour.com\/wp-content\/uploads\/2023\/11\/puerta-grande-plaza-toros.webp 750w, https:\/\/lasventastour.com\/wp-content\/uploads\/2023\/11\/puerta-grande-plaza-toros-600x400.webp 600w, https:\/\/lasventastour.com\/wp-content\/uploads\/2023\/11\/puerta-grande-plaza-toros-300x200.webp 300w\" sizes=\"auto, (max-width: 750px) 100vw, 750px\" \/><\/a><\/div><h2 class=\"w-post-elm post_title usg_post_title_1 entry-title color_link_inherit\"><a href=\"https:\/\/lasventastour.com\/fr\/puerta-grande-plaza-toros-2\/\">main gate of the bullring<\/a><\/h2>\t\t<\/div>\r\n\t\t\t<\/article>\r\n\t<article class=\"w-grid-item post-1090 attachment type-attachment status-inherit hentry\" data-id=\"1090\">\r\n\t\t<div class=\"w-grid-item-h\">\r\n\t\t\t\t\t\t<div class=\"w-post-elm post_image usg_post_image_1 stretched\"><a href=\"https:\/\/lasventastour.com\/fr\/evento-taurino-las-ventas-2\/\" aria-label=\"Bullfighting event las ventas\"><img loading=\"lazy\" decoding=\"async\" width=\"750\" height=\"500\" src=\"https:\/\/lasventastour.com\/wp-content\/uploads\/2023\/11\/Evento-taurino-las-ventas.webp\" class=\"attachment-large size-large\" alt=\"Bullfight in Madrid\" srcset=\"https:\/\/lasventastour.com\/wp-content\/uploads\/2023\/11\/Evento-taurino-las-ventas.webp 750w, https:\/\/lasventastour.com\/wp-content\/uploads\/2023\/11\/Evento-taurino-las-ventas-600x400.webp 600w, https:\/\/lasventastour.com\/wp-content\/uploads\/2023\/11\/Evento-taurino-las-ventas-300x200.webp 300w\" sizes=\"auto, (max-width: 750px) 100vw, 750px\" \/><\/a><\/div><h2 class=\"w-post-elm post_title usg_post_title_1 entry-title color_link_inherit\"><a href=\"https:\/\/lasventastour.com\/fr\/evento-taurino-las-ventas-2\/\">Bullfighting event las ventas<\/a><\/h2>\t\t<\/div>\r\n\t\t\t<\/article>\r\n\t<article class=\"w-grid-item post-1098 attachment type-attachment status-inherit hentry\" data-id=\"1098\">\r\n\t\t<div class=\"w-grid-item-h\">\r\n\t\t\t\t\t\t<div class=\"w-post-elm post_image usg_post_image_1 stretched\"><a href=\"https:\/\/lasventastour.com\/fr\/foto-grande-lvt-750x500-15-2\/\" aria-label=\"Foto grande LVT 750&#215;500 (15)\"><img loading=\"lazy\" decoding=\"async\" width=\"750\" height=\"500\" src=\"https:\/\/lasventastour.com\/wp-content\/uploads\/2023\/11\/Foto-grande-LVT-750x500-15.png\" class=\"attachment-large size-large\" alt=\"visit bullring madrid\" srcset=\"https:\/\/lasventastour.com\/wp-content\/uploads\/2023\/11\/Foto-grande-LVT-750x500-15.png 750w, https:\/\/lasventastour.com\/wp-content\/uploads\/2023\/11\/Foto-grande-LVT-750x500-15-600x400.png 600w, https:\/\/lasventastour.com\/wp-content\/uploads\/2023\/11\/Foto-grande-LVT-750x500-15-300x200.png 300w\" sizes=\"auto, (max-width: 750px) 100vw, 750px\" \/><\/a><\/div><h2 class=\"w-post-elm post_title usg_post_title_1 entry-title color_link_inherit\"><a href=\"https:\/\/lasventastour.com\/fr\/foto-grande-lvt-750x500-15-2\/\">Foto grande LVT 750&#215;500 (15)<\/a><\/h2>\t\t<\/div>\r\n\t\t\t<\/article>\r\n\t<article class=\"w-grid-item post-1074 attachment type-attachment status-inherit hentry\" data-id=\"1074\">\r\n\t\t<div class=\"w-grid-item-h\">\r\n\t\t\t\t\t\t<div class=\"w-post-elm post_image usg_post_image_1 stretched\"><a href=\"https:\/\/lasventastour.com\/fr\/feria-taurina-madrid-2\/\" aria-label=\"bullfighting fair madrid\"><img loading=\"lazy\" decoding=\"async\" width=\"750\" height=\"500\" src=\"https:\/\/lasventastour.com\/wp-content\/uploads\/2023\/11\/feria-taurina-madrid.webp\" class=\"attachment-large size-large\" alt=\"bullfighting event madrid\" srcset=\"https:\/\/lasventastour.com\/wp-content\/uploads\/2023\/11\/feria-taurina-madrid.webp 750w, https:\/\/lasventastour.com\/wp-content\/uploads\/2023\/11\/feria-taurina-madrid-600x400.webp 600w, https:\/\/lasventastour.com\/wp-content\/uploads\/2023\/11\/feria-taurina-madrid-300x200.webp 300w\" sizes=\"auto, (max-width: 750px) 100vw, 750px\" \/><\/a><\/div><h2 class=\"w-post-elm post_title usg_post_title_1 entry-title color_link_inherit\"><a href=\"https:\/\/lasventastour.com\/fr\/feria-taurina-madrid-2\/\">bullfighting fair madrid<\/a><\/h2>\t\t<\/div>\r\n\t\t\t<\/article>\r\n\t<article class=\"w-grid-item post-1050 attachment type-attachment status-inherit hentry\" data-id=\"1050\">\r\n\t\t<div class=\"w-grid-item-h\">\r\n\t\t\t\t\t\t<div class=\"w-post-elm post_image usg_post_image_1 stretched\"><a href=\"https:\/\/lasventastour.com\/fr\/museo-plaza-toros-madrid-2-2\/\" aria-label=\"mus\u00e9e des ar\u00e8nes de madrid\"><img loading=\"lazy\" decoding=\"async\" width=\"750\" height=\"500\" src=\"https:\/\/lasventastour.com\/wp-content\/uploads\/2023\/11\/museo-plaza-toros-madrid.webp\" class=\"attachment-large size-large\" alt=\"mus\u00e9e taurin de madrid\" srcset=\"https:\/\/lasventastour.com\/wp-content\/uploads\/2023\/11\/museo-plaza-toros-madrid.webp 750w, https:\/\/lasventastour.com\/wp-content\/uploads\/2023\/11\/museo-plaza-toros-madrid-600x400.webp 600w, https:\/\/lasventastour.com\/wp-content\/uploads\/2023\/11\/museo-plaza-toros-madrid-300x200.webp 300w\" sizes=\"auto, (max-width: 750px) 100vw, 750px\" \/><\/a><\/div><h2 class=\"w-post-elm post_title usg_post_title_1 entry-title color_link_inherit\"><a href=\"https:\/\/lasventastour.com\/fr\/museo-plaza-toros-madrid-2-2\/\">mus\u00e9e des ar\u00e8nes de madrid<\/a><\/h2>\t\t<\/div>\r\n\t\t\t<\/article>\r\n<\/div><div class=\"w-grid-carousel-json hidden\" onclick='return {&quot;carousel_settings&quot;:{&quot;aria_labels&quot;:{&quot;prev&quot;:&quot;Pr\\u00e9c\\u00e9dent&quot;,&quot;next&quot;:&quot;Suivant&quot;},&quot;autoplayContinual&quot;:false,&quot;autoplayContinualCss&quot;:false,&quot;autoplayHoverPause&quot;:false,&quot;autoplayTimeout&quot;:3000,&quot;autoWidth&quot;:false,&quot;smartSpeed&quot;:350,&quot;margin&quot;:0,&quot;mouseDrag&quot;:true,&quot;rtl&quot;:false,&quot;slideBy&quot;:&quot;1&quot;,&quot;touchDrag&quot;:true,&quot;slideTransition&quot;:&quot;&quot;,&quot;responsive&quot;:{&quot;0&quot;:{&quot;autoHeight&quot;:false,&quot;autoplay&quot;:true,&quot;autoplayContinualCss&quot;:false,&quot;autoWidth&quot;:false,&quot;center&quot;:false,&quot;dots&quot;:false,&quot;items&quot;:1,&quot;loop&quot;:true,&quot;nav&quot;:false,&quot;stagePadding&quot;:0,&quot;slideBy&quot;:&quot;1&quot;,&quot;touchDrag&quot;:true,&quot;mouseDrag&quot;:true},&quot;601&quot;:{&quot;autoHeight&quot;:false,&quot;autoplay&quot;:true,&quot;autoplayContinualCss&quot;:false,&quot;autoWidth&quot;:false,&quot;center&quot;:false,&quot;dots&quot;:false,&quot;items&quot;:2,&quot;loop&quot;:true,&quot;nav&quot;:true,&quot;stagePadding&quot;:0,&quot;slideBy&quot;:&quot;1&quot;,&quot;touchDrag&quot;:true,&quot;mouseDrag&quot;:true},&quot;1025&quot;:{&quot;autoHeight&quot;:false,&quot;autoplay&quot;:true,&quot;autoplayContinualCss&quot;:false,&quot;autoWidth&quot;:false,&quot;center&quot;:false,&quot;dots&quot;:false,&quot;items&quot;:3,&quot;loop&quot;:true,&quot;nav&quot;:true,&quot;stagePadding&quot;:0,&quot;slideBy&quot;:&quot;1&quot;,&quot;touchDrag&quot;:true,&quot;mouseDrag&quot;:true},&quot;1381&quot;:{&quot;items&quot;:4,&quot;autoplay&quot;:false,&quot;autoplayContinualCss&quot;:false,&quot;center&quot;:false,&quot;dots&quot;:false,&quot;nav&quot;:true,&quot;autoHeight&quot;:false,&quot;autoWidth&quot;:false,&quot;loop&quot;:true,&quot;stagePadding&quot;:0}}}}'><\/div><\/div><\/div><\/div><\/div><\/div><\/section><section class=\"l-section wpb_row height_medium\"><div class=\"l-section-h i-cf\"><div class=\"g-cols vc_row via_grid cols_1 laptops-cols_inherit tablets-cols_inherit mobiles-cols_1 valign_middle type_default stacking_default\"><div class=\"wpb_column vc_column_container\"><div class=\"vc_column-inner\"><div class=\"wpb_text_column\"><div class=\"wpb_wrapper\"><h2>Informations g\u00e9n\u00e9rales<\/h2>\n<ul>\n<li><strong>Disponible dans les langues suivantes :<\/strong> anglais, espagnol et fran\u00e7ais.<\/li>\n<li><strong>Les visites priv\u00e9es VIP doivent \u00eatre r\u00e9serv\u00e9es \u00e0 l&rsquo;avance.<\/strong><\/li>\n<li><strong>La dur\u00e9e moyenne de la visite<\/strong> priv\u00e9e est de 1h30.<\/li>\n<\/ul>\n<\/div><\/div><div class=\"w-separator size_medium\"><\/div><div class=\"w-btn-wrapper align_center\"><a class=\"w-btn us-btn-style_1\" target=\"_blank\" rel=\"nofollow\" href=\"https:\/\/tickets.lasventastour.com\/es\/426-web-individual\/3130-descubre-las-ventas-visita-guiada-vip\"><span class=\"w-btn-label\">Acheter des billets<\/span><\/a><\/div><\/div><\/div><\/div><\/div><\/section><section class=\"l-section wpb_row height_medium\"><div class=\"l-section-h i-cf\"><div class=\"g-cols vc_row via_grid cols_1 laptops-cols_inherit tablets-cols_inherit mobiles-cols_1 valign_middle type_default stacking_default\"><div class=\"wpb_column vc_column_container\"><div class=\"vc_column-inner\"><div class=\"wpb_text_column\"><div class=\"wpb_wrapper\"><h2 style=\"text-align: center;\" data-start=\"511\" data-end=\"597\">Foire aux questions - Visite guid\u00e9e VIP des ar\u00e8nes de Las Ventas <span class=\"hover:entity-accent entity-underline inline cursor-pointer align-baseline\"><span class=\"whitespace-normal\">Ar\u00e8nes de Las Ventas<\/span><\/span><\/h2>\n<\/div><\/div><div class=\"w-separator size_medium\"><\/div><div class=\"w-tabs style_default switch_click accordion has_scrolling\" style=\"--sections-title-size:inherit\"><div class=\"w-tabs-sections titles-align_none icon_chevron cpos_right\"><div class=\"w-tabs-section\" id=\"dc37\"><button class=\"w-tabs-section-header\" aria-controls=\"content-dc37\" aria-expanded=\"false\"><div class=\"w-tabs-section-title\">En quoi consiste la visite guid\u00e9e priv\u00e9e VIP de la Plaza de Toros de Las Ventas ?<\/div><div class=\"w-tabs-section-control\"><\/div><\/button><div  class=\"w-tabs-section-content\" id=\"content-dc37\"><div class=\"w-tabs-section-content-h i-cf\"><div class=\"wpb_text_column\"><div class=\"wpb_wrapper\"><p data-start=\"622\" data-end=\"860\">La visite guid\u00e9e priv\u00e9e VIP est une visite exclusive avec un guide officiel d\u00e9di\u00e9 uniquement \u00e0 votre groupe, qui vous permet de visiter la Plaza de Toros de Las Ventas avec des explications personnalis\u00e9es sur son histoire, son architecture et sa tradition culturelle.<\/p>\n<\/div><\/div><\/div><\/div><\/div><div class=\"w-tabs-section\" id=\"pdae\"><button class=\"w-tabs-section-header\" aria-controls=\"content-pdae\" aria-expanded=\"false\"><div class=\"w-tabs-section-title\">Qu&#039;est-ce qui est inclus dans la visite priv\u00e9e VIP ?<\/div><div class=\"w-tabs-section-control\"><\/div><\/button><div  class=\"w-tabs-section-content\" id=\"content-pdae\"><div class=\"w-tabs-section-content-h i-cf\"><div class=\"wpb_text_column\"><div class=\"wpb_wrapper\"><p data-start=\"906\" data-end=\"934\">La visite priv\u00e9e VIP comprend<\/p>\n<ul>\n<li data-start=\"937\" data-end=\"961\">Guide officiel exclusif<\/li>\n<li data-start=\"964\" data-end=\"1002\">Visite personnalis\u00e9e de la place<\/li>\n<li data-start=\"1005\" data-end=\"1060\">Acc\u00e8s aux espaces embl\u00e9matiques (sous r\u00e9serve de disponibilit\u00e9)<\/li>\n<li data-start=\"1063\" data-end=\"1089\">Entr\u00e9e au mus\u00e9e de la tauromachie<\/li>\n<li data-start=\"1092\" data-end=\"1137\">Une attention adapt\u00e9e aux int\u00e9r\u00eats du groupe<\/li>\n<\/ul>\n<\/div><\/div><\/div><\/div><\/div><div class=\"w-tabs-section\" id=\"weca\"><button class=\"w-tabs-section-header\" aria-controls=\"content-weca\" aria-expanded=\"false\"><div class=\"w-tabs-section-title\">Quelle est la diff\u00e9rence entre la visite normale et la visite priv\u00e9e VIP ?<\/div><div class=\"w-tabs-section-control\"><\/div><\/button><div  class=\"w-tabs-section-content\" id=\"content-weca\"><div class=\"w-tabs-section-content-h i-cf\"><div class=\"wpb_text_column\"><div class=\"wpb_wrapper\"><p>La visite priv\u00e9e VIP offre un guide exclusif, un horaire flexible et une visite personnalis\u00e9e, tandis que la visite standard peut \u00eatre audioguid\u00e9e ou en groupe partag\u00e9.<\/p>\n<\/div><\/div><\/div><\/div><\/div><div class=\"w-tabs-section\" id=\"cfe2\"><button class=\"w-tabs-section-header\" aria-controls=\"content-cfe2\" aria-expanded=\"false\"><div class=\"w-tabs-section-title\">Quelle est la dur\u00e9e de la visite priv\u00e9e VIP ?<\/div><div class=\"w-tabs-section-control\"><\/div><\/button><div  class=\"w-tabs-section-content\" id=\"content-cfe2\"><div class=\"w-tabs-section-content-h i-cf\"><div class=\"wpb_text_column\"><div class=\"wpb_wrapper\"><p data-start=\"1451\" data-end=\"1601\">La dur\u00e9e habituelle est comprise entre 60 et 90 minutes, mais elle peut \u00eatre adapt\u00e9e en fonction des besoins et de la disponibilit\u00e9.<\/p>\n<\/div><\/div><\/div><\/div><\/div><div class=\"w-tabs-section\" id=\"t115\"><button class=\"w-tabs-section-header\" aria-controls=\"content-t115\" aria-expanded=\"false\"><div class=\"w-tabs-section-title\">Est-il n\u00e9cessaire de r\u00e9server la visite priv\u00e9e \u00e0 l&#039;avance ?<\/div><div class=\"w-tabs-section-control\"><\/div><\/button><div  class=\"w-tabs-section-content\" id=\"content-t115\"><div class=\"w-tabs-section-content-h i-cf\"><div class=\"wpb_text_column\"><div class=\"wpb_wrapper\"><p data-start=\"1621\" data-end=\"1775\">Oui, la visite priv\u00e9e VIP n\u00e9cessite une r\u00e9servation pr\u00e9alable et une confirmation de la disponibilit\u00e9, en particulier les week-ends, les jours f\u00e9ri\u00e9s et la haute saison \u00e0 Madrid. <\/p>\n<\/div><\/div><\/div><\/div><\/div><div class=\"w-tabs-section\" id=\"j226\"><button class=\"w-tabs-section-header\" aria-controls=\"content-j226\" aria-expanded=\"false\"><div class=\"w-tabs-section-title\">Pour combien de personnes la visite priv\u00e9e est-elle pr\u00e9vue ?<\/div><div class=\"w-tabs-section-control\"><\/div><\/button><div  class=\"w-tabs-section-content\" id=\"content-j226\"><div class=\"w-tabs-section-content-h i-cf\"><div class=\"wpb_text_column\"><div class=\"wpb_wrapper\"><p data-start=\"1832\" data-end=\"1986\">La visite priv\u00e9e VIP peut \u00eatre organis\u00e9e pour des couples, des familles, des petits groupes ou des entreprises. Le format est exclusif au groupe qui fait la r\u00e9servation. <\/p>\n<\/div><\/div><\/div><\/div><\/div><div class=\"w-tabs-section\" id=\"j33c\"><button class=\"w-tabs-section-header\" aria-controls=\"content-j33c\" aria-expanded=\"false\"><div class=\"w-tabs-section-title\">Dans quelles langues la visite priv\u00e9e VIP est-elle disponible ?<\/div><div class=\"w-tabs-section-control\"><\/div><\/button><div  class=\"w-tabs-section-content\" id=\"content-j33c\"><div class=\"w-tabs-section-content-h i-cf\"><div class=\"wpb_text_column\"><div class=\"wpb_wrapper\"><p data-start=\"2055\" data-end=\"2216\">La visite priv\u00e9e VIP peut se d\u00e9rouler en plusieurs langues, selon la disponibilit\u00e9 du guide, ce qui en fait une option id\u00e9ale pour les visiteurs internationaux.<\/p>\n<\/div><\/div><\/div><\/div><\/div><div class=\"w-tabs-section\" id=\"r497\"><button class=\"w-tabs-section-header\" aria-controls=\"content-r497\" aria-expanded=\"false\"><div class=\"w-tabs-section-title\">Quelles sont les zones visit\u00e9es lors de la visite priv\u00e9e VIP ?<\/div><div class=\"w-tabs-section-control\"><\/div><\/button><div  class=\"w-tabs-section-content\" id=\"content-r497\"><div class=\"w-tabs-section-content-h i-cf\"><div class=\"wpb_text_column\"><div class=\"wpb_wrapper\"><p data-start=\"2279\" data-end=\"2343\">En fonction des op\u00e9rations de la journ\u00e9e, la visite peut comprendre les \u00e9l\u00e9ments suivants :<\/p>\n<ul>\n<li data-start=\"2346\" data-end=\"2356\">L&rsquo;ar\u00e8ne<\/li>\n<li data-start=\"2359\" data-end=\"2372\">L&rsquo;all\u00e9e<\/li>\n<li data-start=\"2375\" data-end=\"2389\">La pose<\/li>\n<li data-start=\"2392\" data-end=\"2422\">Espaces int\u00e9rieurs historiques<\/li>\n<li data-start=\"2425\" data-end=\"2443\">Le mus\u00e9e de la tauromachie<\/li>\n<\/ul>\n<p data-start=\"2445\" data-end=\"2480\">L&rsquo;itin\u00e9raire peut \u00eatre personnalis\u00e9.<\/p>\n<\/div><\/div><\/div><\/div><\/div><div class=\"w-tabs-section\" id=\"t5ab\"><button class=\"w-tabs-section-header\" aria-controls=\"content-t5ab\" aria-expanded=\"false\"><div class=\"w-tabs-section-title\">La visite priv\u00e9e VIP est-elle adapt\u00e9e aux entreprises ou aux \u00e9v\u00e9nements d&#039;entreprise ?<\/div><div class=\"w-tabs-section-control\"><\/div><\/button><div  class=\"w-tabs-section-content\" id=\"content-t5ab\"><div class=\"w-tabs-section-content-h i-cf\"><div class=\"wpb_text_column\"><div class=\"wpb_wrapper\"><p>Oui, il s&rsquo;agit d&rsquo;une option id\u00e9ale pour les \u00e9v\u00e9nements d&rsquo;entreprise, les incentives et les groupes professionnels \u00e0 la recherche d&rsquo;une exp\u00e9rience culturelle exclusive \u00e0 Madrid.<\/p>\n<\/div><\/div><\/div><\/div><\/div><div class=\"w-tabs-section\" id=\"g6b4\"><button class=\"w-tabs-section-header\" aria-controls=\"content-g6b4\" aria-expanded=\"false\"><div class=\"w-tabs-section-title\">La visite priv\u00e9e permet-elle d&#039;acc\u00e9der \u00e0 des zones exclusives ?<\/div><div class=\"w-tabs-section-control\"><\/div><\/button><div  class=\"w-tabs-section-content\" id=\"content-g6b4\"><div class=\"w-tabs-section-content-h i-cf\"><div class=\"wpb_text_column\"><div class=\"wpb_wrapper\"><p data-start=\"2783\" data-end=\"2964\">L&rsquo;acc\u00e8s \u00e0 certaines zones d\u00e9pend de la disponibilit\u00e9 et de la r\u00e9glementation le jour de la visite. Le mode VIP permet une plus grande flexibilit\u00e9 dans la visite lorsque les op\u00e9rations le permettent. <\/p>\n<\/div><\/div><\/div><\/div><\/div><div class=\"w-tabs-section\" id=\"v7ba\"><button class=\"w-tabs-section-header\" aria-controls=\"content-v7ba\" aria-expanded=\"false\"><div class=\"w-tabs-section-title\">O\u00f9 se trouve la Plaza de Toros de Las Ventas ?<\/div><div class=\"w-tabs-section-control\"><\/div><\/button><div  class=\"w-tabs-section-content\" id=\"content-v7ba\"><div class=\"w-tabs-section-content-h i-cf\"><div class=\"wpb_text_column\"><div class=\"wpb_wrapper\"><p data-start=\"3029\" data-end=\"3171\">La Plaza de Toros de Las Ventas est situ\u00e9e \u00e0 Madrid, dans le quartier de Salamanca, et constitue l&rsquo;un des monuments les plus embl\u00e9matiques de la ville.<\/p>\n<\/div><\/div><\/div><\/div><\/div><div class=\"w-tabs-section\" id=\"m8df\"><button class=\"w-tabs-section-header\" aria-controls=\"content-m8df\" aria-expanded=\"false\"><div class=\"w-tabs-section-title\">Comment r\u00e9server une visite guid\u00e9e priv\u00e9e VIP \u00e0 Las Ventas ?<\/div><div class=\"w-tabs-section-control\"><\/div><\/button><div  class=\"w-tabs-section-content\" id=\"content-m8df\"><div class=\"w-tabs-section-content-h i-cf\"><div class=\"wpb_text_column\"><div class=\"wpb_wrapper\"><p data-start=\"3243\" data-end=\"3426\">Les r\u00e9servations peuvent \u00eatre effectu\u00e9es sur le site officiel, en remplissant le formulaire d&rsquo;inscription ou en contactant l&rsquo;\u00e9quipe organisatrice pour confirmer la date, l&rsquo;heure et le nombre de personnes.<\/p>\n<\/div><\/div><\/div><\/div><\/div><\/div><\/div><\/div><\/div><\/div><\/div><\/section><section class=\"l-section wpb_row height_medium\"><div class=\"l-section-h i-cf\"><div class=\"g-cols vc_row via_grid cols_1 laptops-cols_inherit tablets-cols_inherit mobiles-cols_1 valign_top type_default stacking_default\"><div class=\"wpb_column vc_column_container\"><div class=\"vc_column-inner\"><\/div><\/div><\/div><\/div><\/section>\n","protected":false},"excerpt":{"rendered":"","protected":false},"author":1,"featured_media":186,"parent":0,"menu_order":0,"comment_status":"closed","ping_status":"closed","template":"","meta":{"footnotes":""},"class_list":["post-2421","page","type-page","status-publish","has-post-thumbnail","hentry"],"yoast_head":"<!-- This site is optimized with the Yoast SEO plugin v27.5 - https:\/\/yoast.com\/product\/yoast-seo-wordpress\/ -->\n<title>\u25b7 Billets VIP | Visite des ar\u00e8nes de Las Ventas<\/title>\n<meta name=\"description\" content=\"Guide priv\u00e9 inclus dans votre billet : Bullring Las Ventas Bullring Tour Tickets [Official Website].\" \/>\n<meta name=\"robots\" content=\"index, follow, max-snippet:-1, max-image-preview:large, max-video-preview:-1\" \/>\n<link rel=\"canonical\" href=\"https:\/\/lasventastour.com\/fr\/visites-guidees-privees\/\" \/>\n<meta property=\"og:locale\" content=\"fr_FR\" \/>\n<meta property=\"og:type\" content=\"article\" \/>\n<meta property=\"og:title\" content=\"\u25b7 Billets VIP | Visite des ar\u00e8nes de Las Ventas\" \/>\n<meta property=\"og:description\" content=\"Guide priv\u00e9 inclus dans votre billet : Bullring Las Ventas Bullring Tour Tickets [Official Website].\" \/>\n<meta property=\"og:url\" content=\"https:\/\/lasventastour.com\/fr\/visites-guidees-privees\/\" \/>\n<meta property=\"og:site_name\" content=\"Las Ventas Tour\" \/>\n<meta property=\"article:modified_time\" content=\"2026-04-28T11:01:35+00:00\" \/>\n<meta property=\"og:image\" content=\"https:\/\/lasventastour.com\/wp-content\/uploads\/2023\/09\/tour-visitas-privadas.jpg\" \/>\n\t<meta property=\"og:image:width\" content=\"640\" \/>\n\t<meta property=\"og:image:height\" content=\"440\" \/>\n\t<meta property=\"og:image:type\" content=\"image\/jpeg\" \/>\n<meta name=\"twitter:card\" content=\"summary_large_image\" \/>\n<meta name=\"twitter:label1\" content=\"Dur\u00e9e de lecture estim\u00e9e\" \/>\n\t<meta name=\"twitter:data1\" content=\"4 minutes\" \/>\n<script type=\"application\/ld+json\" class=\"yoast-schema-graph\">{\"@context\":\"https:\\\/\\\/schema.org\",\"@graph\":[{\"@type\":\"WebPage\",\"@id\":\"https:\\\/\\\/lasventastour.com\\\/fr\\\/visites-guidees-privees\\\/\",\"url\":\"https:\\\/\\\/lasventastour.com\\\/fr\\\/visites-guidees-privees\\\/\",\"name\":\"\u25b7 Billets VIP | Visite des ar\u00e8nes de Las Ventas\",\"isPartOf\":{\"@id\":\"https:\\\/\\\/lasventastour.com\\\/fr\\\/#website\"},\"primaryImageOfPage\":{\"@id\":\"https:\\\/\\\/lasventastour.com\\\/fr\\\/visites-guidees-privees\\\/#primaryimage\"},\"image\":{\"@id\":\"https:\\\/\\\/lasventastour.com\\\/fr\\\/visites-guidees-privees\\\/#primaryimage\"},\"thumbnailUrl\":\"https:\\\/\\\/lasventastour.com\\\/wp-content\\\/uploads\\\/2023\\\/09\\\/tour-visitas-privadas.jpg\",\"datePublished\":\"2023-09-28T12:01:46+00:00\",\"dateModified\":\"2026-04-28T11:01:35+00:00\",\"description\":\"Guide priv\u00e9 inclus dans votre billet : Bullring Las Ventas Bullring Tour Tickets [Official Website].\",\"breadcrumb\":{\"@id\":\"https:\\\/\\\/lasventastour.com\\\/fr\\\/visites-guidees-privees\\\/#breadcrumb\"},\"inLanguage\":\"fr-FR\",\"potentialAction\":[{\"@type\":\"ReadAction\",\"target\":[\"https:\\\/\\\/lasventastour.com\\\/fr\\\/visites-guidees-privees\\\/\"]}]},{\"@type\":\"ImageObject\",\"inLanguage\":\"fr-FR\",\"@id\":\"https:\\\/\\\/lasventastour.com\\\/fr\\\/visites-guidees-privees\\\/#primaryimage\",\"url\":\"https:\\\/\\\/lasventastour.com\\\/wp-content\\\/uploads\\\/2023\\\/09\\\/tour-visitas-privadas.jpg\",\"contentUrl\":\"https:\\\/\\\/lasventastour.com\\\/wp-content\\\/uploads\\\/2023\\\/09\\\/tour-visitas-privadas.jpg\",\"width\":640,\"height\":440,\"caption\":\"visite guid\u00e9e priv\u00e9e\"},{\"@type\":\"BreadcrumbList\",\"@id\":\"https:\\\/\\\/lasventastour.com\\\/fr\\\/visites-guidees-privees\\\/#breadcrumb\",\"itemListElement\":[{\"@type\":\"ListItem\",\"position\":1,\"name\":\"Portada\",\"item\":\"https:\\\/\\\/lasventastour.com\\\/fr\\\/\"},{\"@type\":\"ListItem\",\"position\":2,\"name\":\"Visite guid\u00e9e VIP\"}]},{\"@type\":\"WebSite\",\"@id\":\"https:\\\/\\\/lasventastour.com\\\/fr\\\/#website\",\"url\":\"https:\\\/\\\/lasventastour.com\\\/fr\\\/\",\"name\":\"Las Ventas Tour\",\"description\":\"Tour Las Ventas | Plaza de Toros de Madrid | Web Oficial\",\"publisher\":{\"@id\":\"https:\\\/\\\/lasventastour.com\\\/fr\\\/#organization\"},\"alternateName\":\"Las Ventas Tour\",\"potentialAction\":[{\"@type\":\"SearchAction\",\"target\":{\"@type\":\"EntryPoint\",\"urlTemplate\":\"https:\\\/\\\/lasventastour.com\\\/fr\\\/?s={search_term_string}\"},\"query-input\":{\"@type\":\"PropertyValueSpecification\",\"valueRequired\":true,\"valueName\":\"search_term_string\"}}],\"inLanguage\":\"fr-FR\"},{\"@type\":\"Organization\",\"@id\":\"https:\\\/\\\/lasventastour.com\\\/fr\\\/#organization\",\"name\":\"Las Ventas Tour\",\"alternateName\":\"Las Ventas Tour\",\"url\":\"https:\\\/\\\/lasventastour.com\\\/fr\\\/\",\"logo\":{\"@type\":\"ImageObject\",\"inLanguage\":\"fr-FR\",\"@id\":\"https:\\\/\\\/lasventastour.com\\\/fr\\\/#\\\/schema\\\/logo\\\/image\\\/\",\"url\":\"https:\\\/\\\/lasventastour.com\\\/wp-content\\\/uploads\\\/2024\\\/09\\\/cropped-Logo-Las-Ventas-1.webp\",\"contentUrl\":\"https:\\\/\\\/lasventastour.com\\\/wp-content\\\/uploads\\\/2024\\\/09\\\/cropped-Logo-Las-Ventas-1.webp\",\"width\":512,\"height\":512,\"caption\":\"Las Ventas Tour\"},\"image\":{\"@id\":\"https:\\\/\\\/lasventastour.com\\\/fr\\\/#\\\/schema\\\/logo\\\/image\\\/\"},\"sameAs\":[\"https:\\\/\\\/www.instagram.com\\\/lasventastour\\\/\"]}]}<\/script>\n<!-- \/ Yoast SEO plugin. -->","yoast_head_json":{"title":"\u25b7 Billets VIP | Visite des ar\u00e8nes de Las Ventas","description":"Guide priv\u00e9 inclus dans votre billet : Bullring Las Ventas Bullring Tour Tickets [Official Website].","robots":{"index":"index","follow":"follow","max-snippet":"max-snippet:-1","max-image-preview":"max-image-preview:large","max-video-preview":"max-video-preview:-1"},"canonical":"https:\/\/lasventastour.com\/fr\/visites-guidees-privees\/","og_locale":"fr_FR","og_type":"article","og_title":"\u25b7 Billets VIP | Visite des ar\u00e8nes de Las Ventas","og_description":"Guide priv\u00e9 inclus dans votre billet : Bullring Las Ventas Bullring Tour Tickets [Official Website].","og_url":"https:\/\/lasventastour.com\/fr\/visites-guidees-privees\/","og_site_name":"Las Ventas Tour","article_modified_time":"2026-04-28T11:01:35+00:00","og_image":[{"width":640,"height":440,"url":"https:\/\/lasventastour.com\/wp-content\/uploads\/2023\/09\/tour-visitas-privadas.jpg","type":"image\/jpeg"}],"twitter_card":"summary_large_image","twitter_misc":{"Dur\u00e9e de lecture estim\u00e9e":"4 minutes"},"schema":{"@context":"https:\/\/schema.org","@graph":[{"@type":"WebPage","@id":"https:\/\/lasventastour.com\/fr\/visites-guidees-privees\/","url":"https:\/\/lasventastour.com\/fr\/visites-guidees-privees\/","name":"\u25b7 Billets VIP | Visite des ar\u00e8nes de Las Ventas","isPartOf":{"@id":"https:\/\/lasventastour.com\/fr\/#website"},"primaryImageOfPage":{"@id":"https:\/\/lasventastour.com\/fr\/visites-guidees-privees\/#primaryimage"},"image":{"@id":"https:\/\/lasventastour.com\/fr\/visites-guidees-privees\/#primaryimage"},"thumbnailUrl":"https:\/\/lasventastour.com\/wp-content\/uploads\/2023\/09\/tour-visitas-privadas.jpg","datePublished":"2023-09-28T12:01:46+00:00","dateModified":"2026-04-28T11:01:35+00:00","description":"Guide priv\u00e9 inclus dans votre billet : Bullring Las Ventas Bullring Tour Tickets [Official Website].","breadcrumb":{"@id":"https:\/\/lasventastour.com\/fr\/visites-guidees-privees\/#breadcrumb"},"inLanguage":"fr-FR","potentialAction":[{"@type":"ReadAction","target":["https:\/\/lasventastour.com\/fr\/visites-guidees-privees\/"]}]},{"@type":"ImageObject","inLanguage":"fr-FR","@id":"https:\/\/lasventastour.com\/fr\/visites-guidees-privees\/#primaryimage","url":"https:\/\/lasventastour.com\/wp-content\/uploads\/2023\/09\/tour-visitas-privadas.jpg","contentUrl":"https:\/\/lasventastour.com\/wp-content\/uploads\/2023\/09\/tour-visitas-privadas.jpg","width":640,"height":440,"caption":"visite guid\u00e9e priv\u00e9e"},{"@type":"BreadcrumbList","@id":"https:\/\/lasventastour.com\/fr\/visites-guidees-privees\/#breadcrumb","itemListElement":[{"@type":"ListItem","position":1,"name":"Portada","item":"https:\/\/lasventastour.com\/fr\/"},{"@type":"ListItem","position":2,"name":"Visite guid\u00e9e VIP"}]},{"@type":"WebSite","@id":"https:\/\/lasventastour.com\/fr\/#website","url":"https:\/\/lasventastour.com\/fr\/","name":"Las Ventas Tour","description":"Tour Las Ventas | Plaza de Toros de Madrid | Web Oficial","publisher":{"@id":"https:\/\/lasventastour.com\/fr\/#organization"},"alternateName":"Las Ventas Tour","potentialAction":[{"@type":"SearchAction","target":{"@type":"EntryPoint","urlTemplate":"https:\/\/lasventastour.com\/fr\/?s={search_term_string}"},"query-input":{"@type":"PropertyValueSpecification","valueRequired":true,"valueName":"search_term_string"}}],"inLanguage":"fr-FR"},{"@type":"Organization","@id":"https:\/\/lasventastour.com\/fr\/#organization","name":"Las Ventas Tour","alternateName":"Las Ventas Tour","url":"https:\/\/lasventastour.com\/fr\/","logo":{"@type":"ImageObject","inLanguage":"fr-FR","@id":"https:\/\/lasventastour.com\/fr\/#\/schema\/logo\/image\/","url":"https:\/\/lasventastour.com\/wp-content\/uploads\/2024\/09\/cropped-Logo-Las-Ventas-1.webp","contentUrl":"https:\/\/lasventastour.com\/wp-content\/uploads\/2024\/09\/cropped-Logo-Las-Ventas-1.webp","width":512,"height":512,"caption":"Las Ventas Tour"},"image":{"@id":"https:\/\/lasventastour.com\/fr\/#\/schema\/logo\/image\/"},"sameAs":["https:\/\/www.instagram.com\/lasventastour\/"]}]}},"_links":{"self":[{"href":"https:\/\/lasventastour.com\/fr\/wp-json\/wp\/v2\/pages\/2421","targetHints":{"allow":["GET"]}}],"collection":[{"href":"https:\/\/lasventastour.com\/fr\/wp-json\/wp\/v2\/pages"}],"about":[{"href":"https:\/\/lasventastour.com\/fr\/wp-json\/wp\/v2\/types\/page"}],"author":[{"embeddable":true,"href":"https:\/\/lasventastour.com\/fr\/wp-json\/wp\/v2\/users\/1"}],"replies":[{"embeddable":true,"href":"https:\/\/lasventastour.com\/fr\/wp-json\/wp\/v2\/comments?post=2421"}],"version-history":[{"count":15,"href":"https:\/\/lasventastour.com\/fr\/wp-json\/wp\/v2\/pages\/2421\/revisions"}],"predecessor-version":[{"id":43194,"href":"https:\/\/lasventastour.com\/fr\/wp-json\/wp\/v2\/pages\/2421\/revisions\/43194"}],"wp:featuredmedia":[{"embeddable":true,"href":"https:\/\/lasventastour.com\/fr\/wp-json\/wp\/v2\/media\/186"}],"wp:attachment":[{"href":"https:\/\/lasventastour.com\/fr\/wp-json\/wp\/v2\/media?parent=2421"}],"curies":[{"name":"wp","href":"https:\/\/api.w.org\/{rel}","templated":true}]}}