{"id":2215,"date":"2023-10-02T09:36:49","date_gmt":"2023-10-02T09:36:49","guid":{"rendered":"https:\/\/lasventastour.com\/a-propos-du-carre\/"},"modified":"2025-09-16T11:18:16","modified_gmt":"2025-09-16T11:18:16","slug":"histoire-de-larene","status":"publish","type":"page","link":"https:\/\/lasventastour.com\/fr\/histoire-de-larene\/","title":{"rendered":"Histoire des Ar\u00e8nes"},"content":{"rendered":"<section class=\"l-section wpb_row height_huge width_custom color_secondary with_img\" style=\"--site-content-width:900px;\"><div class=\"l-section-img\" role=\"img\" aria-label=\"Visite individuelle des ar\u00e8nes\" data-img-width=\"564\" data-img-height=\"1058\" style=\"background-image: url(https:\/\/lasventastour.com\/wp-content\/uploads\/2023\/09\/plaza-toros-madrid.jpg);\"><\/div><div class=\"l-section-overlay\" style=\"background:rgba(0,0,0,0.65)\"><\/div><div class=\"l-section-h i-cf\"><div class=\"g-cols vc_row via_grid cols_1 laptops-cols_inherit tablets-cols_inherit mobiles-cols_1 valign_top type_default stacking_default\"><div class=\"wpb_column vc_column_container\"><div class=\"vc_column-inner\"><div class=\"w-separator size_medium\"><\/div><h1 class=\"w-text us_custom_eb849559\"><span class=\"w-text-h\"><span class=\"w-text-value\">Informations et histoire de Las Ventas<\/span><\/span><\/h1><\/div><\/div><\/div><\/div><\/section><section class=\"l-section wpb_row height_medium\"><div class=\"l-section-h i-cf\"><div class=\"g-cols vc_row via_grid cols_1 laptops-cols_inherit tablets-cols_inherit mobiles-cols_1 valign_top type_default stacking_default\"><div class=\"wpb_column vc_column_container\"><div class=\"vc_column-inner\"><div class=\"wpb_text_column\"><div class=\"wpb_wrapper\"><p>Les ar\u00e8nes de Madrid, \u00e9galement connues sous le nom de Las Ventas, sont sans aucun doute les ar\u00e8nes les plus importantes d&rsquo;Espagne et du monde.<br \/>\nSa conception, ses dimensions et son importance culturelle en font le principal monument taurin \u00e0 visiter. Ses spectacles taurins sont autant impressionants que les ar\u00e8nes elles-m\u00eames.<br \/>\nIci, nous allons vous parler des ar\u00e8nes, de leur histoire et de leurs particularit\u00e9s.<\/p>\n<\/div><\/div><div class=\"w-separator size_large\"><\/div><div class=\"g-cols wpb_row via_grid cols_3 laptops-cols_inherit tablets-cols_inherit mobiles-cols_1 valign_top type_default stacking_default\" style=\"--columns-gap:3rem;\"><div class=\"wpb_column vc_column_container\"><div class=\"vc_column-inner\"><\/div><\/div><div class=\"wpb_column vc_column_container us_custom_3a052013 has_bg_color\"><div class=\"vc_column-inner\"><div class=\"wpb_text_column\"><div class=\"wpb_wrapper\"><h3>Index<\/h3>\n<ol>\n<li><a href=\"https:\/\/lasventastour.com\/fr\/histoire-de-larene\/#origenes\">Origine du carr\u00e9<\/a><\/li>\n<li><a href=\"https:\/\/lasventastour.com\/fr\/histoire-de-larene\/#arquitectura\">L&rsquo;architecture<\/a><\/li>\n<li><a href=\"https:\/\/lasventastour.com\/fr\/histoire-de-larene\/#historia\">Histoire de la tauromachie<\/a><\/li>\n<li><a href=\"https:\/\/lasventastour.com\/fr\/histoire-de-larene\/#conciertos\">Concerts et \u00e9v\u00e8nements<\/a><\/li>\n<\/ol>\n<\/div><\/div><\/div><\/div><div class=\"wpb_column vc_column_container\"><div class=\"vc_column-inner\"><\/div><\/div><\/div><\/div><\/div><\/div><\/div><\/section><section class=\"l-section wpb_row height_medium\" id=\"origenes\"><div class=\"l-section-h i-cf\"><div class=\"g-cols vc_row via_grid cols_1 laptops-cols_inherit tablets-cols_inherit mobiles-cols_1 valign_middle type_default stacking_default\"><div class=\"wpb_column vc_column_container\"><div class=\"vc_column-inner\"><div class=\"g-cols wpb_row via_grid cols_2 laptops-cols_inherit tablets-cols_inherit mobiles-cols_1 valign_top type_default stacking_default\" style=\"--columns-gap:3rem;\"><div class=\"wpb_column vc_column_container\"><div class=\"vc_column-inner\"><div class=\"w-video align_none ratio_initial\"><div class=\"w-video-h\"><video  preload=\"metadata\" playsinline controls autoplay loop muted><source type=\"video\/mp4\" src=\"https:\/\/lasventastour.com\/wp-content\/uploads\/2024\/08\/Gift-puerta-grande.mp4\" \/><\/video><\/div><\/div><\/div><\/div><div class=\"wpb_column vc_column_container\"><div class=\"vc_column-inner\"><div class=\"wpb_text_column us_custom_525019aa\"><div class=\"wpb_wrapper\"><h2>1. L\u00b4origine des ar\u00e8nes<\/h2>\n<p>Les ar\u00e8nes <strong>de Las Ventas<\/strong> ont \u00e9t\u00e9 construites en 1929 sur le site appel\u00e9 <strong>Las Ventas del Esp\u00edritu Santo<\/strong>, auquel elles doivent son nom.<br \/>\n<strong>Il s&rsquo;agit des plus grandes ar\u00e8nes d&rsquo;Espagne<\/strong>, avec une surface totale de 45 800 m\u00e8tres carr\u00e9s et une capacit\u00e9 d&rsquo;accueil de 23 797 personnes.<br \/>\nSa piste, d&rsquo;un diam\u00e8tre de 60 m\u00e8tres, est \u00e9galement une des plus grandes du monde, apr\u00e8s celle de la Plaza de Toros de Ronda.<br \/>\n<strong>Las Ventas<\/strong> sont les troisi\u00e8mes plus grandes ar\u00e8nes du monde apr\u00e9s celles de Mexico et de la Plaza de Toros de Valencia (Venezuela). Elles sont \u00e9galement consid\u00e9r\u00e9es par les professionnels, les fans et les critiques, comme l&rsquo;ar\u00e8ne la plus importante du monde.<br \/>\n<strong>Les ar\u00e8nes de Las Ventas<\/strong> sont \u00e9galement connues sous le nom de \u00ab\u00a0La c\u00e1tedra de los vientos\u00a0\u00bb, car elles sont situ\u00e9es dans une des zones les plus venteuses de la ville de Madrid, dans le quartier de La Guindalera, dans le district central de Salamanca.<\/p>\n<\/div><\/div><\/div><\/div><\/div><div class=\"w-separator size_medium\"><\/div><div class=\"wpb_text_column\"><div class=\"wpb_wrapper\"><h3>Patrimoine historique<\/h3>\n<p>Les ar\u00e8nes de Las Ventas ont \u00e9t\u00e9 d\u00e9clar\u00e9es patrimoine historique et artistique en 1994 en raison de leur richesse historique et culturelle. Le plus grand \u00e9v\u00e9nement qu&rsquo;accueille les ar\u00e8nes de Las Ventas est sans aucun doute la Foire de San Isidro, l&rsquo;un des \u00e9v\u00e9nements qui en ont fait la meilleure ar\u00e8ne du monde. La Foire de San Isidro a \u00e9t\u00e9 cr\u00e9\u00e9e par l&rsquo;homme d&rsquo;affaires Livinio Stuyck en 1947, lorsqu&rsquo;il a cr\u00e9\u00e9 un abonnement permettant de voir jusqu&rsquo;\u00e0 5 corridas co\u00efncidant avec les festivit\u00e9s de San Isidro. Actuellement, jusqu&rsquo;\u00e0 28 corridas ont lieu quotidiennement tout au long du mois de mai.<\/p>\n<\/div><\/div><\/div><\/div><\/div><\/div><\/section><section class=\"l-section wpb_row height_medium\" id=\"arquitectura\"><div class=\"l-section-h i-cf\"><div class=\"g-cols vc_row via_grid cols_1 laptops-cols_inherit tablets-cols_inherit mobiles-cols_1 valign_top type_default stacking_default\"><div class=\"wpb_column vc_column_container\"><div class=\"vc_column-inner\"><h2 class=\"w-text\"><span class=\"w-text-h\"><span class=\"w-text-value\">2. Architecture et design<\/span><\/span><\/h2><div class=\"w-separator size_large\"><\/div><div class=\"w-tabs layout_hor style_radio switch_click has_scrolling\" style=\"--sections-title-size:1.2rem\"><div class=\"w-tabs-list items_3 align_none\" style=\"font-family:var(--h1-font-family);line-height:2;\"><div class=\"w-tabs-list-h\"><button class=\"w-tabs-item active\" aria-controls=\"content-f88b\" aria-expanded=\"false\"><span class=\"w-tabs-item-title\">Style de construction<\/span><\/button><button class=\"w-tabs-item\" aria-controls=\"content-w0f8\" aria-expanded=\"false\"><span class=\"w-tabs-item-title\">Fa\u00e7ade<\/span><\/button><button class=\"w-tabs-item\" aria-controls=\"content-ba3b\" aria-expanded=\"false\"><span class=\"w-tabs-item-title\">Statues<\/span><\/button><\/div><\/div><div class=\"w-tabs-sections titles-align_none icon_chevron cpos_right\"><div class=\"w-tabs-section active\" id=\"f88b\"><button class=\"w-tabs-section-header active\" aria-controls=\"content-f88b\" aria-expanded=\"true\"><div class=\"w-tabs-section-title\">Style de construction<\/div><div class=\"w-tabs-section-control\"><\/div><\/button><div  class=\"w-tabs-section-content\" id=\"content-f88b\"><div class=\"w-tabs-section-content-h i-cf\"><div class=\"g-cols wpb_row via_grid cols_2 laptops-cols_inherit tablets-cols_inherit mobiles-cols_1 valign_middle type_default stacking_default\" style=\"--columns-gap:3rem;\"><div class=\"wpb_column vc_column_container\"><div class=\"vc_column-inner\"><div class=\"w-image has_ratio align_none\"><div class=\"w-image-h\"><div style=\"padding-bottom:66.6667%\"><\/div><img decoding=\"async\" width=\"980\" height=\"633\" src=\"https:\/\/lasventastour.com\/wp-content\/uploads\/2024\/08\/Plaza-de-toros-de-Goya.png\" class=\"attachment-large size-large\" alt=\"Was es in der Stierkampfarena von Madrid zu sehen gibt\" loading=\"lazy\" \/><\/div><\/div><\/div><\/div><div class=\"wpb_column vc_column_container\"><div class=\"vc_column-inner\"><div class=\"wpb_text_column\"><div class=\"wpb_wrapper\"><h3>Conception de la construction<\/h3>\n<p>Les ar\u00e8nes de<strong>\u00a0Las Ventas<\/strong> ont \u00e9t\u00e9 con\u00e7ues et construites dans le style <strong>n\u00e9o-mud\u00e9jar. <\/strong>Il s&rsquo;agit d&rsquo;un style architectural revendiqu\u00e9 comme style national au XIXe si\u00e8cle, parce qu&rsquo;il est bas\u00e9 sur une conception traditionnellement hispanique.<br \/>\nLe style n\u00e9o-mud\u00e9jar est le plus caract\u00e9ristique des <strong>ar\u00e8nes en Espagne<\/strong>.<br \/>\nC&rsquo;est le pr\u00e9d\u00e9cesseur de Las Ventas, l&rsquo;ancienne <strong>Plaza de Toros de Goya<\/strong>, qui est le premier exemple connu du style n\u00e9o-mud\u00e9jar dans notre pays.<br \/>\nCette \u0153uvre d&rsquo;Emilio Rodr\u00edguez Ayuso et de Lorenzo \u00c1lvarez Capra a marqu\u00e9 un avant et un apr\u00e8s dans l&rsquo;architecture des ar\u00e8nes de toute l&rsquo;Espagne.<\/p>\n<\/div><\/div><\/div><\/div><\/div><\/div><\/div><\/div><div class=\"w-tabs-section\" id=\"w0f8\"><button class=\"w-tabs-section-header\" aria-controls=\"content-w0f8\" aria-expanded=\"false\"><div class=\"w-tabs-section-title\">Fa\u00e7ade<\/div><div class=\"w-tabs-section-control\"><\/div><\/button><div  class=\"w-tabs-section-content\" id=\"content-w0f8\"><div class=\"w-tabs-section-content-h i-cf\"><div class=\"g-cols wpb_row via_grid cols_2 laptops-cols_inherit tablets-cols_inherit mobiles-cols_1 valign_middle type_default stacking_default\" style=\"--columns-gap:3rem;\"><div class=\"wpb_column vc_column_container\"><div class=\"vc_column-inner\"><div class=\"w-image has_ratio align_none\"><div class=\"w-image-h\"><div style=\"padding-bottom:66.6667%\"><\/div><img decoding=\"async\" width=\"750\" height=\"500\" src=\"https:\/\/lasventastour.com\/wp-content\/uploads\/2024\/08\/Ceramicas-fachada-plaza.webp\" class=\"attachment-large size-large\" alt=\"D\u00e9coration de la fa\u00e7ade des ar\u00e8nes\" loading=\"lazy\" \/><\/div><\/div><\/div><\/div><div class=\"wpb_column vc_column_container\"><div class=\"vc_column-inner\"><div class=\"wpb_text_column\"><div class=\"wpb_wrapper\"><h3>Ext\u00e9rieur et plaques<\/h3>\n<p><span>La fa\u00e7ade de la Plaza est faite de briques apparentes avec des <strong>d\u00e9corations en c\u00e9ramique \u00e9maill\u00e9e<\/strong> repr\u00e9sentant les armoiries de toutes les provinces espagnoles.<br \/>\n\u00c0 titre de curiosit\u00e9, nous savons que les armoiries de <strong>M\u00e1laga, Cordoue et Huelva<\/strong> sont repr\u00e9sent\u00e9es \u00e0 deux reprises. <\/span> En revanche, Santander, Soria, Tarragona, Teruel, Valladolid, Victoria et Las Palmas sont notablement absents.<br \/>\n<strong>Ceuta et Melilla manquent <\/strong> \u00e9galement <strong>\u00e0 l&rsquo;appel <\/strong> <span><strong>qui, \u00e0 l&rsquo;\u00e9poque de leur construction, n&rsquo;\u00e9taient qu&rsquo;un protectorat espagnol<\/strong>.<br \/>\nPour une raison inconnue, Ronda a \u00e9t\u00e9 incluse, bien qu&rsquo;elle ne soit pas une province. <\/span><\/p>\n<\/div><\/div><\/div><\/div><\/div><\/div><\/div><\/div><div class=\"w-tabs-section\" id=\"ba3b\"><button class=\"w-tabs-section-header\" aria-controls=\"content-ba3b\" aria-expanded=\"false\"><div class=\"w-tabs-section-title\">Statues<\/div><div class=\"w-tabs-section-control\"><\/div><\/button><div  class=\"w-tabs-section-content\" id=\"content-ba3b\"><div class=\"w-tabs-section-content-h i-cf\"><div class=\"g-cols wpb_row via_grid cols_2 laptops-cols_inherit tablets-cols_inherit mobiles-cols_1 valign_top type_default stacking_default\" style=\"--columns-gap:3rem;\"><div class=\"wpb_column vc_column_container\"><div class=\"vc_column-inner\"><div class=\"w-image align_none\"><div class=\"w-image-h\"><img decoding=\"async\" width=\"750\" height=\"500\" src=\"https:\/\/lasventastour.com\/wp-content\/uploads\/2023\/11\/Las-ventas-plaza-toros.webp\" class=\"attachment-large size-large\" alt=\"fa\u00e7ade place taurine madrid\" loading=\"lazy\" srcset=\"https:\/\/lasventastour.com\/wp-content\/uploads\/2023\/11\/Las-ventas-plaza-toros.webp 750w, https:\/\/lasventastour.com\/wp-content\/uploads\/2023\/11\/Las-ventas-plaza-toros-600x400.webp 600w, https:\/\/lasventastour.com\/wp-content\/uploads\/2023\/11\/Las-ventas-plaza-toros-300x200.webp 300w\" sizes=\"auto, (max-width: 750px) 100vw, 750px\" \/><\/div><\/div><\/div><\/div><div class=\"wpb_column vc_column_container\"><div class=\"vc_column-inner\"><div class=\"wpb_text_column\"><div class=\"wpb_wrapper\"><h3>Statues<\/h3>\n<p>Au fil des ans, des <strong>statues<\/strong> ont \u00e9t\u00e9 plac\u00e9es \u00e0 l&rsquo;ext\u00e9rieur de la <strong>Plaza de Las Ventas<\/strong> en hommage \u00e0 plusieurs toreros importants dans l&rsquo;histoire des ar\u00e8nes de Madrid: <strong>Jos\u00e9 Cubero S\u00e1nchez \u00ab\u00a0El Yiyo\u00a0\u00bb<\/strong>, le dernier matador \u00e0 mourir d&rsquo;une encornure en Espagne (Colmenar Viejo), Madrid.<\/p>\n<p><strong>Fleming: <\/strong>beaucoup seront surpris de voir Fleming garder Las Ventas, mais les toreros ont beaucoup \u00e0 remercier l&rsquo;inventeur de la p\u00e9nicilline.<br \/>\nAvant son existence, les toreros devaient non seulement combattre les taureaux, mais aussi mener des batailles ardues contre les infections cons\u00e9cutives aux coups de corne.<br \/>\nLes blessures infect\u00e9es repr\u00e9sentaient un risque deux fois plus grand pour un torero que le coup de corne lui-m\u00eame.<\/p>\n<p><strong>Luis Miguel Domingu\u00edn<\/strong>, un hommage au torero madril\u00e8ne qui est sorti 5 fois de la <strong>Puerta Grande.<\/strong><\/p>\n<p><strong>Antonio Bienvenida<\/strong>, un des toreros madril\u00e8nes pr\u00e9f\u00e9r\u00e9s de sa g\u00e9n\u00e9ration et celui qui a combattu le plus de fois \u00e0 Las Ventas<strong>.<\/strong><\/p>\n<\/div><\/div><\/div><\/div><\/div><\/div><\/div><\/div><\/div><\/div><\/div><\/div><\/div><\/div><\/section><section class=\"l-section wpb_row us_custom_402551d6 height_medium width_custom color_footer-bottom with_shape\" style=\"--site-content-width:1000px;\"><div class=\"l-section-shape type_custom pos_top\" style=\"height:50%;\"><svg xmlns=\"http:\/\/www.w3.org\/2000\/svg\" viewBox=\"0 0 64 8\" preserveAspectRatio=\"none\" width=\"100%\" height=\"100%\">\r\n\t<path fill=\"currentColor\" d=\"M64 8 L0 8 L0 0 L64 0 Z\"\/>\r\n<\/svg><\/div><div class=\"l-section-h i-cf\"><div class=\"g-cols vc_row via_grid cols_1 laptops-cols_inherit tablets-cols_inherit mobiles-cols_1 valign_top type_default stacking_default\"><div class=\"wpb_column vc_column_container us_custom_9cf479d2\"><div class=\"vc_column-inner\"><div class=\"g-cols wpb_row us_custom_9036209b has_text_color via_grid cols_custom laptops-cols_inherit tablets-cols_3-2 mobiles-cols_1 valign_middle type_default stacking_default\" style=\"--columns-gap:2rem;--custom-columns:2.5fr 2fr 1.5fr\"><div class=\"wpb_column vc_column_container\"><div class=\"vc_column-inner\"><div class=\"w-text us_custom_f379e5e9\"><span class=\"w-text-h\"><span class=\"w-text-value\">Vous souhaitez visiter les ar\u00e8nes ?<\/span><\/span><\/div><\/div><\/div><div class=\"wpb_column vc_column_container us_custom_e28183d5\"><div class=\"vc_column-inner\"><div class=\"w-text us_custom_e5db0a2d has_text_color\"><span class=\"w-text-h\"><span class=\"w-text-value\">Visites individuelles et priv\u00e9es<\/span><\/span><\/div><div class=\"w-text\"><span class=\"w-text-h\"><span class=\"w-text-value\">\u00c0 partir de 16 euros<\/span><\/span><\/div><\/div><\/div><div class=\"wpb_column vc_column_container us_custom_ecbbf48f\"><div class=\"vc_column-inner\"><div class=\"w-btn-wrapper default_align_right laptops_align_right tablets_align_left mobiles_align_center\"><a class=\"w-btn us-btn-style_1 us_custom_b4198c51\" target=\"_blank\" href=\"https:\/\/tickets.lasventastour.com\/fr\"><span class=\"w-btn-label\">Acheter des billets<\/span><\/a><\/div><\/div><\/div><\/div><\/div><\/div><\/div><\/div><\/section><section class=\"l-section wpb_row height_medium\" id=\"historia\"><div class=\"l-section-h i-cf\"><div class=\"g-cols vc_row via_grid cols_1 laptops-cols_inherit tablets-cols_inherit mobiles-cols_1 valign_top type_default stacking_default\"><div class=\"wpb_column vc_column_container\"><div class=\"vc_column-inner\"><div class=\"wpb_text_column\"><div class=\"wpb_wrapper\"><h2>3. Histoire de la tauromachie dans les ar\u00e8nes<\/h2>\n<\/div><\/div><div class=\"w-separator size_large\"><\/div><div class=\"w-tabs layout_hor style_radio switch_click has_scrolling\" style=\"--sections-title-size:1.2rem\"><div class=\"w-tabs-list items_3 align_none\" style=\"font-family:var(--h1-font-family);line-height:2;\"><div class=\"w-tabs-list-h\"><button class=\"w-tabs-item active\" aria-controls=\"content-qed6\" aria-expanded=\"false\"><span class=\"w-tabs-item-title\">Les d\u00e9buts<\/span><\/button><button class=\"w-tabs-item\" aria-controls=\"content-j810\" aria-expanded=\"false\"><span class=\"w-tabs-item-title\">Foires taurines<\/span><\/button><button class=\"w-tabs-item\" aria-controls=\"content-b5a0\" aria-expanded=\"false\"><span class=\"w-tabs-item-title\">\u00c9v\u00e9nements l\u00e9gendaires<\/span><\/button><\/div><\/div><div class=\"w-tabs-sections titles-align_none icon_chevron cpos_right\"><div class=\"w-tabs-section active\" id=\"qed6\"><button class=\"w-tabs-section-header active\" aria-controls=\"content-qed6\" aria-expanded=\"true\"><div class=\"w-tabs-section-title\">Les d\u00e9buts<\/div><div class=\"w-tabs-section-control\"><\/div><\/button><div  class=\"w-tabs-section-content\" id=\"content-qed6\"><div class=\"w-tabs-section-content-h i-cf\"><div class=\"g-cols wpb_row via_grid cols_2 laptops-cols_inherit tablets-cols_inherit mobiles-cols_1 valign_top type_default stacking_default\" style=\"--columns-gap:3rem;\"><div class=\"wpb_column vc_column_container\"><div class=\"vc_column-inner\"><div class=\"w-image align_none\"><div class=\"w-image-h\"><img decoding=\"async\" width=\"1024\" height=\"573\" src=\"https:\/\/lasventastour.com\/wp-content\/uploads\/2024\/08\/Fotografia-antigua-Las-Ventas-1024x573.webp\" class=\"attachment-large size-large\" alt=\"D\u00e9coration de la fa\u00e7ade des ar\u00e8nes\" loading=\"lazy\" srcset=\"https:\/\/lasventastour.com\/wp-content\/uploads\/2024\/08\/Fotografia-antigua-Las-Ventas-1024x573.webp 1024w, https:\/\/lasventastour.com\/wp-content\/uploads\/2024\/08\/Fotografia-antigua-Las-Ventas-600x336.webp 600w, https:\/\/lasventastour.com\/wp-content\/uploads\/2024\/08\/Fotografia-antigua-Las-Ventas-300x168.webp 300w, https:\/\/lasventastour.com\/wp-content\/uploads\/2024\/08\/Fotografia-antigua-Las-Ventas.webp 1248w\" sizes=\"auto, (max-width: 1024px) 100vw, 1024px\" \/><\/div><\/div><\/div><\/div><div class=\"wpb_column vc_column_container\"><div class=\"vc_column-inner\"><div class=\"wpb_text_column\"><div class=\"wpb_wrapper\"><h3>Tauromachie inaugurale<\/h3>\n<ul>\n<li><strong>Premi\u00e8re corrida<\/strong>: La Plaza de Toros de Las Ventas a \u00e9t\u00e9 inaugur\u00e9e le 17 juin 1931, avec une affiche historique comprenant les toreros <strong>Diego Mazquiar\u00e1n \u00ab\u00a0Fortuna\u00a0\u00bb<\/strong>, <strong>Manuel Mej\u00edas Rapela \u00ab\u00a0Bienvenida\u00a0\u00bb<\/strong> et <strong>Cayetano Ord\u00f3\u00f1ez \u00ab\u00a0Ni\u00f1o de la Palma\u00a0\u00bb<\/strong>.<br \/>\nCet \u00e9v\u00e8nement marque le d\u00e9but d&rsquo;un \u00e2ge d&rsquo;or pour la tauromachie \u00e0 Madrid.<\/li>\n<li><strong>Impact \u00e0 l&rsquo;\u00e9poque<\/strong>: L&rsquo;inauguration de Las Ventas a marqu\u00e9 un tournant dans l&rsquo;histoire de la tauromachie en Espagne, puisque cette ar\u00e8ne d\u00e9passait en taille et en capacit\u00e9 toutes les autres ar\u00e8nes existantes dans le pays, se consolidant ainsi comme la sc\u00e8ne principale des grandes figures de la tauromachie.<\/li>\n<\/ul>\n<\/div><\/div><\/div><\/div><\/div><\/div><\/div><\/div><div class=\"w-tabs-section\" id=\"j810\"><button class=\"w-tabs-section-header\" aria-controls=\"content-j810\" aria-expanded=\"false\"><div class=\"w-tabs-section-title\">Foires taurines<\/div><div class=\"w-tabs-section-control\"><\/div><\/button><div  class=\"w-tabs-section-content\" id=\"content-j810\"><div class=\"w-tabs-section-content-h i-cf\"><div class=\"g-cols wpb_row via_grid cols_2 laptops-cols_inherit tablets-cols_inherit mobiles-cols_1 valign_middle type_default stacking_default\" style=\"--columns-gap:3rem;\"><div class=\"wpb_column vc_column_container\"><div class=\"vc_column-inner\"><div class=\"w-image has_ratio align_none\"><div class=\"w-image-h\"><div style=\"padding-bottom:66.6667%\"><\/div><img decoding=\"async\" width=\"750\" height=\"500\" src=\"https:\/\/lasventastour.com\/wp-content\/uploads\/2023\/11\/feria-taurina-madrid.webp\" class=\"attachment-large size-large\" alt=\"bullfighting event madrid\" loading=\"lazy\" \/><\/div><\/div><\/div><\/div><div class=\"wpb_column vc_column_container\"><div class=\"vc_column-inner\"><div class=\"wpb_text_column\"><div class=\"wpb_wrapper\"><h4><strong>Saison de tauromachie<\/strong><\/h4>\n<ul>\n<li><strong>Importance de la Feria de San<\/strong> <strong>Isidro<\/strong> : La Feria de San Isidro est l&rsquo;\u00e9v\u00e8nement taurin le plus important au monde et se tient chaque ann\u00e9e sur la Plaza de Las Ventas pendant les mois de mai et juin.<br \/>\nElle se compose d&rsquo;une s\u00e9rie de corridas quotidiennes qui attirent les meilleurs toreros et un public international.<\/p>\n<ul>\n<li><strong>Dur\u00e9e et structure<\/strong>: La foire dure environ un mois et comprend g\u00e9n\u00e9ralement une trentaine de corridas, ce qui en fait un test d&rsquo;endurance et d&rsquo;habilet\u00e9 pour les toreros et le b\u00e9tail.<\/li>\n<\/ul>\n<\/li>\n<li><strong>Autres \u00e9v\u00e8nements taurins<\/strong>: Outre la feria de San Isidro, Las Ventas accueille d&rsquo;autres corridas importantes comme la foire d&rsquo;automne, qui cl\u00f4ture la saison taurine, ainsi que des \u00e9v\u00e0nements ponctuels lors de f\u00eates locales et des corridas de bienfaisance.<\/li>\n<\/ul>\n<\/div><\/div><\/div><\/div><\/div><\/div><\/div><\/div><div class=\"w-tabs-section\" id=\"b5a0\"><button class=\"w-tabs-section-header\" aria-controls=\"content-b5a0\" aria-expanded=\"false\"><div class=\"w-tabs-section-title\">\u00c9v\u00e9nements l\u00e9gendaires<\/div><div class=\"w-tabs-section-control\"><\/div><\/button><div  class=\"w-tabs-section-content\" id=\"content-b5a0\"><div class=\"w-tabs-section-content-h i-cf\"><div class=\"g-cols wpb_row via_grid cols_2 laptops-cols_inherit tablets-cols_inherit mobiles-cols_1 valign_middle type_default stacking_default\" style=\"--columns-gap:3rem;\"><div class=\"wpb_column vc_column_container\"><div class=\"vc_column-inner\"><div class=\"w-image has_ratio align_none\"><div class=\"w-image-h\"><div style=\"padding-bottom:66.6667%\"><\/div><img decoding=\"async\" width=\"664\" height=\"500\" src=\"https:\/\/lasventastour.com\/wp-content\/uploads\/2024\/08\/Manolete.webp\" class=\"attachment-large size-large\" alt=\"torero manolete\" loading=\"lazy\" \/><\/div><\/div><\/div><\/div><div class=\"wpb_column vc_column_container\"><div class=\"vc_column-inner\"><div class=\"wpb_text_column\"><div class=\"wpb_wrapper\"><h3><strong>Moments historiques<\/strong><\/h3>\n<ul>\n<li><strong>Des corridas c\u00e9l\u00e8bres<\/strong>: Les ar\u00e8nes ont \u00e9t\u00e9 le th\u00e9\u00e2tre de corridas m\u00e9morables qui sont entr\u00e9es dans l&rsquo;histoire de la tauromachie.<br \/>\nParmi elles, on retiendra celle de <strong>Manuel Rodr\u00edguez \u00ab\u00a0Manolete\u00a0\u00bb<\/strong> en 1947, consid\u00e9r\u00e9e comme l&rsquo;une des meilleures de tous les temps.<br \/>\nUn autre moment embl\u00e9matique a \u00e9t\u00e9 la performance de <strong>Paco Camino<\/strong> en 1964, qui a coup\u00e9 quatre oreilles et une queue, un exploit exceptionnel dans n&rsquo;importe quelle ar\u00e8ne.<\/li>\n<li><strong>Des toreros l\u00e9gendaires<\/strong>: Las Ventas a \u00e9t\u00e9 la sc\u00e8ne o\u00f9 se sont illustr\u00e9s les plus grands toreros de l&rsquo;histoire, comme <strong>Antonio Ord\u00f3\u00f1ez<\/strong>, <strong>Luis Miguel Domingu\u00edn<\/strong>, <strong>El Juli<\/strong>, <strong>Jos\u00e9 Tom\u00e1s<\/strong> et <strong>Enrique Ponce<\/strong>, entre autres.<br \/>\nCes personnages ont non seulement marqu\u00e9 les ar\u00e8nes de leur empreinte, mais ils ont \u00e9galement contribu\u00e9 \u00e0 leur l\u00e9gende.<\/li>\n<li><strong>\u00c9v\u00e9nements marquants<\/strong>: Les ar\u00e8nes ont \u00e9galement \u00e9t\u00e9 le th\u00e9\u00e2tre d&rsquo;\u00e9v\u00e9nements tragiques, comme la corrida mortelle de <strong>Jos\u00e9 Cubero \u00ab\u00a0Yiyo\u00a0\u00bb<\/strong> en 1985, qui a choqu\u00e9 le monde de la tauromachie et les amateurs de tauromachie en g\u00e9n\u00e9ral.<br \/>\nEn outre, Las Ventas a accueilli des \u00e9v\u00e9nements caritatifs et culturels, tels que des concerts et des hommages, qui ont \u00e9largi son impact au-del\u00e0 de la tauromachie.<\/li>\n<\/ul>\n<\/div><\/div><\/div><\/div><\/div><\/div><\/div><\/div><\/div><\/div><\/div><\/div><\/div><\/div><\/section><section class=\"l-section wpb_row height_medium\" id=\"conciertos\"><div class=\"l-section-h i-cf\"><div class=\"g-cols vc_row via_grid cols_1 laptops-cols_inherit tablets-cols_inherit mobiles-cols_1 valign_top type_default stacking_default\"><div class=\"wpb_column vc_column_container\"><div class=\"vc_column-inner\"><div class=\"wpb_text_column\"><div class=\"wpb_wrapper\"><h2>4. \u00c9v\u00e8nements et spectacles historiques<\/h2>\n<\/div><\/div><div class=\"w-separator size_medium\"><\/div><div class=\"w-tabs layout_hor style_timeline2 switch_click has_scrolling\" style=\"--sections-title-size:1.2rem\"><div class=\"w-tabs-list items_5 align_justify\" style=\"font-family:var(--h1-font-family);\"><div class=\"w-tabs-list-h\"><button class=\"w-tabs-item active defined-active\" aria-controls=\"content-n31a\" aria-expanded=\"true\"><span class=\"w-tabs-item-title\">1965<\/span><\/button><button class=\"w-tabs-item\" aria-controls=\"content-t444\" aria-expanded=\"false\"><span class=\"w-tabs-item-title\">1986<\/span><\/button><button class=\"w-tabs-item\" aria-controls=\"content-o58b\" aria-expanded=\"false\"><span class=\"w-tabs-item-title\">1990<\/span><\/button><button class=\"w-tabs-item\" aria-controls=\"content-h6a5\" aria-expanded=\"false\"><span class=\"w-tabs-item-title\">1991<\/span><\/button><button class=\"w-tabs-item\" aria-controls=\"content-m7b6\" aria-expanded=\"false\"><span class=\"w-tabs-item-title\">1996<\/span><\/button><\/div><\/div><div class=\"w-tabs-sections titles-align_none icon_chevron cpos_right\"><div class=\"w-tabs-section active\" id=\"n31a\"><button class=\"w-tabs-section-header active\" aria-controls=\"content-n31a\" aria-expanded=\"true\"><div class=\"w-tabs-section-title\">1965<\/div><div class=\"w-tabs-section-control\"><\/div><\/button><div  class=\"w-tabs-section-content\" id=\"content-n31a\"><div class=\"w-tabs-section-content-h i-cf\"><div class=\"wpb_text_column\"><div class=\"wpb_wrapper\"><p>Les Beatles ont donn\u00e9 un concert historique \u00e0 Las Ventas le 2 juillet, lors de leur tourn\u00e9e en Espagne.<br \/>\nCet \u00e9v\u00e8nement a marqu\u00e9 un tournant dans l&rsquo;histoire du rock dans le pays et a attir\u00e9 des milliers de jeunes au plus fort de l&rsquo;effervescence de la \u00ab\u00a0beatlemania\u00a0\u00bb.<\/p>\n<\/div><\/div><\/div><\/div><\/div><div class=\"w-tabs-section\" id=\"t444\"><button class=\"w-tabs-section-header\" aria-controls=\"content-t444\" aria-expanded=\"false\"><div class=\"w-tabs-section-title\">1986<\/div><div class=\"w-tabs-section-control\"><\/div><\/button><div  class=\"w-tabs-section-content\" id=\"content-t444\"><div class=\"w-tabs-section-content-h i-cf\"><div class=\"wpb_text_column\"><div class=\"wpb_wrapper\"><p>C\u00e9l\u00e9bration de la tourn\u00e9e d&rsquo;<strong>AC\/DC<\/strong> dans le cadre de leur \u00ab\u00a0Who Made Who Tour\u00a0\u00bb.<br \/>\nLe groupe australien a rempli la place avec son style rock caract\u00e9ristique.<\/p>\n<\/div><\/div><\/div><\/div><\/div><div class=\"w-tabs-section\" id=\"o58b\"><button class=\"w-tabs-section-header\" aria-controls=\"content-o58b\" aria-expanded=\"false\"><div class=\"w-tabs-section-title\">1990<\/div><div class=\"w-tabs-section-control\"><\/div><\/button><div  class=\"w-tabs-section-content\" id=\"content-o58b\"><div class=\"w-tabs-section-content-h i-cf\"><div class=\"wpb_text_column\"><div class=\"wpb_wrapper\"><p>Le groupe britannique <strong>The Rolling Stones<\/strong> a pr\u00e9sent\u00e9 son \u00ab\u00a0Urban Jungle Tour\u00a0\u00bb \u00e0 Las Ventas, lors d&rsquo;un concert massif qui a confirm\u00e9 l&rsquo;utilisation de la place comme sc\u00e8ne pour de grands \u00e9v\u00e8nements musicaux.<\/p>\n<\/div><\/div><\/div><\/div><\/div><div class=\"w-tabs-section\" id=\"h6a5\"><button class=\"w-tabs-section-header\" aria-controls=\"content-h6a5\" aria-expanded=\"false\"><div class=\"w-tabs-section-title\">1991<\/div><div class=\"w-tabs-section-control\"><\/div><\/button><div  class=\"w-tabs-section-content\" id=\"content-h6a5\"><div class=\"w-tabs-section-content-h i-cf\"><div class=\"wpb_text_column\"><div class=\"wpb_wrapper\"><p>La <strong>soir\u00e9e de boxe Pernell Whitaker<\/strong> a eu lieu, au cours de laquelle le c\u00e9l\u00e8bre boxeur am\u00e9ricain a d\u00e9fendu son titre mondial.<\/p>\n<\/div><\/div><\/div><\/div><\/div><div class=\"w-tabs-section\" id=\"m7b6\"><button class=\"w-tabs-section-header\" aria-controls=\"content-m7b6\" aria-expanded=\"false\"><div class=\"w-tabs-section-title\">1996<\/div><div class=\"w-tabs-section-control\"><\/div><\/button><div  class=\"w-tabs-section-content\" id=\"content-m7b6\"><div class=\"w-tabs-section-content-h i-cf\"><div class=\"wpb_text_column\"><div class=\"wpb_wrapper\"><p><strong>Bruce Springsteen<\/strong> s&rsquo;est produit au Plaza \u00e0 l&rsquo;occasion de sa tourn\u00e9e \u00ab\u00a0Ghost of Tom Joad\u00a0\u00bb, d\u00e9montrant une fois de plus la polyvalence du lieu pour s&rsquo;adapter \u00e0 diff\u00e9rents styles musicaux.<\/p>\n<\/div><\/div><\/div><\/div><\/div><\/div><\/div><\/div><\/div><\/div><\/div><\/section><section class=\"l-section wpb_row height_medium\"><div class=\"l-section-h i-cf\"><div class=\"g-cols vc_row via_grid cols_1 laptops-cols_inherit tablets-cols_inherit mobiles-cols_1 valign_top type_default stacking_default\"><div class=\"wpb_column vc_column_container\"><div class=\"vc_column-inner\"><div class=\"wpb_text_column\"><div class=\"wpb_wrapper\"><h2 style=\"text-align: center;\">Articles int\u00e9ressants sur les ar\u00e8nes<\/h2>\n<\/div><\/div><div class=\"w-separator size_medium\"><\/div><div class=\"w-grid us_carousel type_carousel layout_blog_6 preload_style_spinner items_3 ratio_4x3\" id=\"us_grid_1\" style=\"--items:3;--gap:1.5rem;--item-ratio:0.75;\"><style>.layout_blog_6 .w-grid-item-h{}.layout_blog_6 .usg_post_image_1{transition-duration:0.3s;transform-origin:50% 50%;transform:scale(1) translate(0%,0%)}.layout_blog_6 .w-grid-item-h:focus-within .usg_post_image_1,.layout_blog_6 .w-grid-item-h:hover .usg_post_image_1{transform:scale(1.1) translate(0%,0%);opacity:1}.layout_blog_6 .usg_post_image_1{position:absolute!important;top:0!important;right:0!important;bottom:0!important;left:0!important}.layout_blog_6 .usg_post_title_1{font-size:1.4rem!important;color:inherit!important}.layout_blog_6 .usg_post_taxonomy_1{font-weight:700!important;text-transform:uppercase!important;margin-right:0.6rem!important}.layout_blog_6 .usg_vwrapper_1{color:var(--color-content-heading)!important;position:absolute!important;left:0!important;right:2rem!important;bottom:0!important;padding-top:0.8rem!important;padding-right:2rem!important;background:var(--color-content-bg)!important}.layout_blog_6 .usg_hwrapper_1{font-size:14px!important;line-height:20px!important;color:var(--color-content-faded)!important}@media (max-width:600px){.layout_blog_6 .usg_post_title_1{font-size:1.2rem!important}}<\/style><div class=\"w-grid-list owl-carousel valign_stretch dotstyle_circle navstyle_circle arrows-ver-pos_middle arrows-hor-pos_on_sides_outside arrows-disabled_hide owl-responsive-2000 with_dots with_arrows\" style=\"--transition-duration:350ms;--arrows-size:1.5rem;--arrows-hor-offset:calc(0px + 1.5rem);--arrows-gap:10px;\">\t<article class=\"w-grid-item post-24958 post type-post status-publish format-standard has-post-thumbnail hentry category-activites category-culture-fr category-curiosites category-nouvelles\" data-id=\"24958\">\r\n\t\t<div class=\"w-grid-item-h\">\r\n\t\t\t\t\t\t<div class=\"w-post-elm post_image usg_post_image_1 stretched\"><a href=\"https:\/\/lasventastour.com\/fr\/spectacle-de-flamenco-a-madrid-las-ventas-tour-le-meilleur-flamenco-en-direct-dans-un-tablao\/\" aria-label=\"Spectacle de flamenco \u00e0 Madrid + Las Ventas Tour : le meilleur flamenco en direct dans un tablao\"><img loading=\"lazy\" decoding=\"async\" width=\"1024\" height=\"819\" src=\"https:\/\/lasventastour.com\/wp-content\/uploads\/2026\/03\/Espectaculo-Flamenco-en-Madrid10.jpeg\" class=\"attachment-large size-large wp-post-image\" alt=\"ass Flamenco \u00e0 Madrid10\" srcset=\"https:\/\/lasventastour.com\/wp-content\/uploads\/2026\/03\/Espectaculo-Flamenco-en-Madrid10.jpeg 1024w, https:\/\/lasventastour.com\/wp-content\/uploads\/2026\/03\/Espectaculo-Flamenco-en-Madrid10-600x480.jpeg 600w, https:\/\/lasventastour.com\/wp-content\/uploads\/2026\/03\/Espectaculo-Flamenco-en-Madrid10-300x240.jpeg 300w\" sizes=\"auto, (max-width: 1024px) 100vw, 1024px\" \/><\/a><\/div><div class=\"w-vwrapper usg_vwrapper_1 has_text_color align_none valign_top\"><div class=\"w-hwrapper usg_hwrapper_1 has_text_color align_none valign_top wrap\"><div class=\"w-post-elm post_taxonomy usg_post_taxonomy_1 style_simple\"><a class=\"term-64 term-activites\" href=\"https:\/\/lasventastour.com\/fr\/category\/activites\/\"><span class=\"w-btn-label\">Activites<\/span><\/a><b>, <\/b><a class=\"term-191 term-culture-fr\" href=\"https:\/\/lasventastour.com\/fr\/category\/culture-fr\/\"><span class=\"w-btn-label\">Culture<\/span><\/a><b>, <\/b><a class=\"term-43 term-curiosites\" href=\"https:\/\/lasventastour.com\/fr\/category\/curiosites\/\"><span class=\"w-btn-label\">Curiosit\u00e9s<\/span><\/a><b>, <\/b><a class=\"term-51 term-nouvelles\" href=\"https:\/\/lasventastour.com\/fr\/category\/nouvelles\/\"><span class=\"w-btn-label\">Nouvelles<\/span><\/a><\/div><time class=\"w-post-elm post_date usg_post_date_1 entry-date published\" datetime=\"2026-03-27T16:15:17+00:00\" title=\"27 mars 2026 \u00e0 16:15:17 +00:00\">il y a 1 mois<\/time><\/div><h2 class=\"w-post-elm post_title usg_post_title_1 has_text_color entry-title color_link_inherit\"><a href=\"https:\/\/lasventastour.com\/fr\/spectacle-de-flamenco-a-madrid-las-ventas-tour-le-meilleur-flamenco-en-direct-dans-un-tablao\/\">Spectacle de flamenco \u00e0 Madrid + Las Ventas Tour : le meilleur flamenco en direct dans un tablao<\/a><\/h2><\/div>\t\t<\/div>\r\n\t\t\t<\/article>\r\n\t<article class=\"w-grid-item post-5394 post type-post status-publish format-standard has-post-thumbnail hentry category-activites category-culture-fr category-curiosites category-nouvelles\" data-id=\"5394\">\r\n\t\t<div class=\"w-grid-item-h\">\r\n\t\t\t\t\t\t<div class=\"w-post-elm post_image usg_post_image_1 stretched\"><a href=\"https:\/\/lasventastour.com\/fr\/las-ventas-tour-et-le-musee-de-la-tauromachie-de-madrid-presentent-leurs-nouvelles-experiences-de-realite-virtuelle-a-360o-a-fitur-2026\/\" aria-label=\"Las Ventas Tour et le mus\u00e9e de la tauromachie de Madrid pr\u00e9sentent leurs nouvelles exp\u00e9riences de r\u00e9alit\u00e9 virtuelle \u00e0 360\u00ba \u00e0 FITUR 2026\"><img loading=\"lazy\" decoding=\"async\" width=\"700\" height=\"362\" src=\"https:\/\/lasventastour.com\/wp-content\/uploads\/2026\/01\/FITUR-2026.jpg\" class=\"attachment-large size-large wp-post-image\" alt=\"\" srcset=\"https:\/\/lasventastour.com\/wp-content\/uploads\/2026\/01\/FITUR-2026.jpg 700w, https:\/\/lasventastour.com\/wp-content\/uploads\/2026\/01\/FITUR-2026-600x310.jpg 600w, https:\/\/lasventastour.com\/wp-content\/uploads\/2026\/01\/FITUR-2026-300x155.jpg 300w\" sizes=\"auto, (max-width: 700px) 100vw, 700px\" \/><\/a><\/div><div class=\"w-vwrapper usg_vwrapper_1 has_text_color align_none valign_top\"><div class=\"w-hwrapper usg_hwrapper_1 has_text_color align_none valign_top wrap\"><div class=\"w-post-elm post_taxonomy usg_post_taxonomy_1 style_simple\"><a class=\"term-64 term-activites\" href=\"https:\/\/lasventastour.com\/fr\/category\/activites\/\"><span class=\"w-btn-label\">Activites<\/span><\/a><b>, <\/b><a class=\"term-191 term-culture-fr\" href=\"https:\/\/lasventastour.com\/fr\/category\/culture-fr\/\"><span class=\"w-btn-label\">Culture<\/span><\/a><b>, <\/b><a class=\"term-43 term-curiosites\" href=\"https:\/\/lasventastour.com\/fr\/category\/curiosites\/\"><span class=\"w-btn-label\">Curiosit\u00e9s<\/span><\/a><b>, <\/b><a class=\"term-51 term-nouvelles\" href=\"https:\/\/lasventastour.com\/fr\/category\/nouvelles\/\"><span class=\"w-btn-label\">Nouvelles<\/span><\/a><\/div><time class=\"w-post-elm post_date usg_post_date_1 entry-date published\" datetime=\"2026-01-19T13:06:15+00:00\" title=\"19 janvier 2026 \u00e0 13:06:15 +00:00\">il y a 3 mois<\/time><\/div><h2 class=\"w-post-elm post_title usg_post_title_1 has_text_color entry-title color_link_inherit\"><a href=\"https:\/\/lasventastour.com\/fr\/las-ventas-tour-et-le-musee-de-la-tauromachie-de-madrid-presentent-leurs-nouvelles-experiences-de-realite-virtuelle-a-360o-a-fitur-2026\/\">Las Ventas Tour et le mus\u00e9e de la tauromachie de Madrid pr\u00e9sentent leurs nouvelles exp\u00e9riences de r\u00e9alit\u00e9 virtuelle \u00e0 360\u00ba \u00e0 FITUR 2026<\/a><\/h2><\/div>\t\t<\/div>\r\n\t\t\t<\/article>\r\n\t<article class=\"w-grid-item post-5440 post type-post status-publish format-standard has-post-thumbnail hentry category-activites category-culture-fr category-curiosites category-nouvelles\" data-id=\"5440\">\r\n\t\t<div class=\"w-grid-item-h\">\r\n\t\t\t\t\t\t<div class=\"w-post-elm post_image usg_post_image_1 stretched\"><a href=\"https:\/\/lasventastour.com\/fr\/las-ventas-tour-membre-de-madrid-unique-destination-une-experience-touristique-unique-a-madrid\/\" aria-label=\"Las Ventas Tour, membre de Madrid Unique Destination : une exp\u00e9rience touristique unique \u00e0 Madrid\"><img loading=\"lazy\" decoding=\"async\" width=\"1024\" height=\"678\" src=\"https:\/\/lasventastour.com\/wp-content\/uploads\/2025\/12\/DSC0228-1-1024x678.jpg\" class=\"attachment-large size-large wp-post-image\" alt=\"Las Ventas Tour membre de Madrid Destination unique\" srcset=\"https:\/\/lasventastour.com\/wp-content\/uploads\/2025\/12\/DSC0228-1-1024x678.jpg 1024w, https:\/\/lasventastour.com\/wp-content\/uploads\/2025\/12\/DSC0228-1-scaled-600x398.jpg 600w, https:\/\/lasventastour.com\/wp-content\/uploads\/2025\/12\/DSC0228-1-300x199.jpg 300w\" sizes=\"auto, (max-width: 1024px) 100vw, 1024px\" \/><\/a><\/div><div class=\"w-vwrapper usg_vwrapper_1 has_text_color align_none valign_top\"><div class=\"w-hwrapper usg_hwrapper_1 has_text_color align_none valign_top wrap\"><div class=\"w-post-elm post_taxonomy usg_post_taxonomy_1 style_simple\"><a class=\"term-64 term-activites\" href=\"https:\/\/lasventastour.com\/fr\/category\/activites\/\"><span class=\"w-btn-label\">Activites<\/span><\/a><b>, <\/b><a class=\"term-191 term-culture-fr\" href=\"https:\/\/lasventastour.com\/fr\/category\/culture-fr\/\"><span class=\"w-btn-label\">Culture<\/span><\/a><b>, <\/b><a class=\"term-43 term-curiosites\" href=\"https:\/\/lasventastour.com\/fr\/category\/curiosites\/\"><span class=\"w-btn-label\">Curiosit\u00e9s<\/span><\/a><b>, <\/b><a class=\"term-51 term-nouvelles\" href=\"https:\/\/lasventastour.com\/fr\/category\/nouvelles\/\"><span class=\"w-btn-label\">Nouvelles<\/span><\/a><\/div><time class=\"w-post-elm post_date usg_post_date_1 entry-date published\" datetime=\"2025-12-17T13:46:51+00:00\" title=\"17 d\u00e9cembre 2025 \u00e0 13:46:51 +00:00\">il y a 4 mois<\/time><\/div><h2 class=\"w-post-elm post_title usg_post_title_1 has_text_color entry-title color_link_inherit\"><a href=\"https:\/\/lasventastour.com\/fr\/las-ventas-tour-membre-de-madrid-unique-destination-une-experience-touristique-unique-a-madrid\/\">Las Ventas Tour, membre de Madrid Unique Destination : une exp\u00e9rience touristique unique \u00e0 Madrid<\/a><\/h2><\/div>\t\t<\/div>\r\n\t\t\t<\/article>\r\n\t<article class=\"w-grid-item post-3164 post type-post status-publish format-standard has-post-thumbnail hentry category-activites category-curiosites category-nouvelles\" data-id=\"3164\">\r\n\t\t<div class=\"w-grid-item-h\">\r\n\t\t\t\t\t\t<div class=\"w-post-elm post_image usg_post_image_1 stretched\"><a href=\"https:\/\/lasventastour.com\/fr\/les-5-meilleurs-restaurants-de-tauromachie-a-madrid\/\" aria-label=\"Guide gastronomique : De la Piste \u00e0 l&rsquo;Assiette : Les saveurs essentielles pr\u00e8s de Las Ventas\"><img loading=\"lazy\" decoding=\"async\" width=\"1024\" height=\"768\" src=\"https:\/\/lasventastour.com\/wp-content\/uploads\/2023\/09\/restaurante-taurino.jpg\" class=\"attachment-large size-large wp-post-image\" alt=\"\" srcset=\"https:\/\/lasventastour.com\/wp-content\/uploads\/2023\/09\/restaurante-taurino.jpg 1024w, https:\/\/lasventastour.com\/wp-content\/uploads\/2023\/09\/restaurante-taurino-600x450.jpg 600w, https:\/\/lasventastour.com\/wp-content\/uploads\/2023\/09\/restaurante-taurino-300x225.jpg 300w\" sizes=\"auto, (max-width: 1024px) 100vw, 1024px\" \/><\/a><\/div><div class=\"w-vwrapper usg_vwrapper_1 has_text_color align_none valign_top\"><div class=\"w-hwrapper usg_hwrapper_1 has_text_color align_none valign_top wrap\"><div class=\"w-post-elm post_taxonomy usg_post_taxonomy_1 style_simple\"><a class=\"term-64 term-activites\" href=\"https:\/\/lasventastour.com\/fr\/category\/activites\/\"><span class=\"w-btn-label\">Activites<\/span><\/a><b>, <\/b><a class=\"term-43 term-curiosites\" href=\"https:\/\/lasventastour.com\/fr\/category\/curiosites\/\"><span class=\"w-btn-label\">Curiosit\u00e9s<\/span><\/a><b>, <\/b><a class=\"term-51 term-nouvelles\" href=\"https:\/\/lasventastour.com\/fr\/category\/nouvelles\/\"><span class=\"w-btn-label\">Nouvelles<\/span><\/a><\/div><time class=\"w-post-elm post_date usg_post_date_1 entry-date published\" datetime=\"2024-09-09T11:20:20+00:00\" title=\"9 septembre 2024 \u00e0 11:20:20 +00:00\">il y a 2 ans<\/time><\/div><h2 class=\"w-post-elm post_title usg_post_title_1 has_text_color entry-title color_link_inherit\"><a href=\"https:\/\/lasventastour.com\/fr\/les-5-meilleurs-restaurants-de-tauromachie-a-madrid\/\">Guide gastronomique : De la Piste \u00e0 l&rsquo;Assiette : Les saveurs essentielles pr\u00e8s de Las Ventas<\/a><\/h2><\/div>\t\t<\/div>\r\n\t\t\t<\/article>\r\n\t<article class=\"w-grid-item post-2565 post type-post status-publish format-standard has-post-thumbnail hentry category-curiosites\" data-id=\"2565\">\r\n\t\t<div class=\"w-grid-item-h\">\r\n\t\t\t\t\t\t<div class=\"w-post-elm post_image usg_post_image_1 stretched\"><a href=\"https:\/\/lasventastour.com\/fr\/plan-de-salle-des-arenes-de-las-ventas\/\" aria-label=\"Plan de salle des ar\u00e8nes de Las Ventas\"><img loading=\"lazy\" decoding=\"async\" width=\"700\" height=\"700\" src=\"https:\/\/lasventastour.com\/wp-content\/uploads\/2024\/01\/Mapa-plaza-de-toros.webp\" class=\"attachment-large size-large wp-post-image\" alt=\"Plan des places dans les ar\u00e8nes de Las Ventas\" srcset=\"https:\/\/lasventastour.com\/wp-content\/uploads\/2024\/01\/Mapa-plaza-de-toros.webp 700w, https:\/\/lasventastour.com\/wp-content\/uploads\/2024\/01\/Mapa-plaza-de-toros-300x300.webp 300w, https:\/\/lasventastour.com\/wp-content\/uploads\/2024\/01\/Mapa-plaza-de-toros-150x150.webp 150w, https:\/\/lasventastour.com\/wp-content\/uploads\/2024\/01\/Mapa-plaza-de-toros-600x600.webp 600w\" sizes=\"auto, (max-width: 700px) 100vw, 700px\" \/><\/a><\/div><div class=\"w-vwrapper usg_vwrapper_1 has_text_color align_none valign_top\"><div class=\"w-hwrapper usg_hwrapper_1 has_text_color align_none valign_top wrap\"><div class=\"w-post-elm post_taxonomy usg_post_taxonomy_1 style_simple\"><a class=\"term-43 term-curiosites\" href=\"https:\/\/lasventastour.com\/fr\/category\/curiosites\/\"><span class=\"w-btn-label\">Curiosit\u00e9s<\/span><\/a><\/div><time class=\"w-post-elm post_date usg_post_date_1 entry-date published\" datetime=\"2024-08-29T13:50:14+00:00\" title=\"29 ao\u00fbt 2024 \u00e0 13:50:14 +00:00\">il y a 2 ans<\/time><\/div><h2 class=\"w-post-elm post_title usg_post_title_1 has_text_color entry-title color_link_inherit\"><a href=\"https:\/\/lasventastour.com\/fr\/plan-de-salle-des-arenes-de-las-ventas\/\">Plan de salle des ar\u00e8nes de Las Ventas<\/a><\/h2><\/div>\t\t<\/div>\r\n\t\t\t<\/article>\r\n\t<article class=\"w-grid-item post-2593 post type-post status-publish format-standard has-post-thumbnail hentry category-curiosites\" data-id=\"2593\">\r\n\t\t<div class=\"w-grid-item-h\">\r\n\t\t\t\t\t\t<div class=\"w-post-elm post_image usg_post_image_1 stretched\"><a href=\"https:\/\/lasventastour.com\/fr\/la-tribune-royale\/\" aria-label=\"La tribune royale\"><img loading=\"lazy\" decoding=\"async\" width=\"750\" height=\"535\" src=\"https:\/\/lasventastour.com\/wp-content\/uploads\/2023\/12\/los-tendidos-y-el-palco-real.webp\" class=\"attachment-large size-large wp-post-image\" alt=\"Foire taurine de San Isidro Madrid\" srcset=\"https:\/\/lasventastour.com\/wp-content\/uploads\/2023\/12\/los-tendidos-y-el-palco-real.webp 750w, https:\/\/lasventastour.com\/wp-content\/uploads\/2023\/12\/los-tendidos-y-el-palco-real-600x428.webp 600w, https:\/\/lasventastour.com\/wp-content\/uploads\/2023\/12\/los-tendidos-y-el-palco-real-300x214.webp 300w\" sizes=\"auto, (max-width: 750px) 100vw, 750px\" \/><\/a><\/div><div class=\"w-vwrapper usg_vwrapper_1 has_text_color align_none valign_top\"><div class=\"w-hwrapper usg_hwrapper_1 has_text_color align_none valign_top wrap\"><div class=\"w-post-elm post_taxonomy usg_post_taxonomy_1 style_simple\"><a class=\"term-43 term-curiosites\" href=\"https:\/\/lasventastour.com\/fr\/category\/curiosites\/\"><span class=\"w-btn-label\">Curiosit\u00e9s<\/span><\/a><\/div><time class=\"w-post-elm post_date usg_post_date_1 entry-date published\" datetime=\"2024-08-27T11:52:25+00:00\" title=\"27 ao\u00fbt 2024 \u00e0 11:52:25 +00:00\">il y a 2 ans<\/time><\/div><h2 class=\"w-post-elm post_title usg_post_title_1 has_text_color entry-title color_link_inherit\"><a href=\"https:\/\/lasventastour.com\/fr\/la-tribune-royale\/\">La tribune royale<\/a><\/h2><\/div>\t\t<\/div>\r\n\t\t\t<\/article>\r\n\t<article class=\"w-grid-item post-2653 post type-post status-publish format-standard has-post-thumbnail hentry category-curiosites\" data-id=\"2653\">\r\n\t\t<div class=\"w-grid-item-h\">\r\n\t\t\t\t\t\t<div class=\"w-post-elm post_image usg_post_image_1 stretched\"><a href=\"https:\/\/lasventastour.com\/fr\/les-terrasses\/\" aria-label=\"Les terrasses\"><img loading=\"lazy\" decoding=\"async\" width=\"1024\" height=\"683\" src=\"https:\/\/lasventastour.com\/wp-content\/uploads\/2024\/08\/Terrazas-plaza-toros-1024x683.webp\" class=\"attachment-large size-large wp-post-image\" alt=\"\" srcset=\"https:\/\/lasventastour.com\/wp-content\/uploads\/2024\/08\/Terrazas-plaza-toros-1024x683.webp 1024w, https:\/\/lasventastour.com\/wp-content\/uploads\/2024\/08\/Terrazas-plaza-toros-600x400.webp 600w, https:\/\/lasventastour.com\/wp-content\/uploads\/2024\/08\/Terrazas-plaza-toros-300x200.webp 300w, https:\/\/lasventastour.com\/wp-content\/uploads\/2024\/08\/Terrazas-plaza-toros.webp 1200w\" sizes=\"auto, (max-width: 1024px) 100vw, 1024px\" \/><\/a><\/div><div class=\"w-vwrapper usg_vwrapper_1 has_text_color align_none valign_top\"><div class=\"w-hwrapper usg_hwrapper_1 has_text_color align_none valign_top wrap\"><div class=\"w-post-elm post_taxonomy usg_post_taxonomy_1 style_simple\"><a class=\"term-43 term-curiosites\" href=\"https:\/\/lasventastour.com\/fr\/category\/curiosites\/\"><span class=\"w-btn-label\">Curiosit\u00e9s<\/span><\/a><\/div><time class=\"w-post-elm post_date usg_post_date_1 entry-date published\" datetime=\"2024-08-27T11:52:09+00:00\" title=\"27 ao\u00fbt 2024 \u00e0 11:52:09 +00:00\">il y a 2 ans<\/time><\/div><h2 class=\"w-post-elm post_title usg_post_title_1 has_text_color entry-title color_link_inherit\"><a href=\"https:\/\/lasventastour.com\/fr\/les-terrasses\/\">Les terrasses<\/a><\/h2><\/div>\t\t<\/div>\r\n\t\t\t<\/article>\r\n\t<article class=\"w-grid-item post-2671 post type-post status-publish format-standard has-post-thumbnail hentry category-curiosites\" data-id=\"2671\">\r\n\t\t<div class=\"w-grid-item-h\">\r\n\t\t\t\t\t\t<div class=\"w-post-elm post_image usg_post_image_1 stretched\"><a href=\"https:\/\/lasventastour.com\/fr\/porte-des-torils\/\" aria-label=\"Porte des toriles\"><img loading=\"lazy\" decoding=\"async\" width=\"750\" height=\"535\" src=\"https:\/\/lasventastour.com\/wp-content\/uploads\/2023\/12\/puerta-de-toriles.webp\" class=\"attachment-large size-large wp-post-image\" alt=\"Foire taurine de San Isidro Madrid\" srcset=\"https:\/\/lasventastour.com\/wp-content\/uploads\/2023\/12\/puerta-de-toriles.webp 750w, https:\/\/lasventastour.com\/wp-content\/uploads\/2023\/12\/puerta-de-toriles-600x428.webp 600w, https:\/\/lasventastour.com\/wp-content\/uploads\/2023\/12\/puerta-de-toriles-300x214.webp 300w\" sizes=\"auto, (max-width: 750px) 100vw, 750px\" \/><\/a><\/div><div class=\"w-vwrapper usg_vwrapper_1 has_text_color align_none valign_top\"><div class=\"w-hwrapper usg_hwrapper_1 has_text_color align_none valign_top wrap\"><div class=\"w-post-elm post_taxonomy usg_post_taxonomy_1 style_simple\"><a class=\"term-43 term-curiosites\" href=\"https:\/\/lasventastour.com\/fr\/category\/curiosites\/\"><span class=\"w-btn-label\">Curiosit\u00e9s<\/span><\/a><\/div><time class=\"w-post-elm post_date usg_post_date_1 entry-date published\" datetime=\"2023-12-26T15:19:00+00:00\" title=\"26 d\u00e9cembre 2023 \u00e0 15:19:00 +00:00\">il y a 2 ans<\/time><\/div><h2 class=\"w-post-elm post_title usg_post_title_1 has_text_color entry-title color_link_inherit\"><a href=\"https:\/\/lasventastour.com\/fr\/porte-des-torils\/\">Porte des toriles<\/a><\/h2><\/div>\t\t<\/div>\r\n\t\t\t<\/article>\r\n\t<article class=\"w-grid-item post-2969 post type-post status-publish format-standard has-post-thumbnail hentry category-curiosites\" data-id=\"2969\">\r\n\t\t<div class=\"w-grid-item-h\">\r\n\t\t\t\t\t\t<div class=\"w-post-elm post_image usg_post_image_1 stretched\"><a href=\"https:\/\/lasventastour.com\/fr\/la-porte-de-derriere\/\" aria-label=\"Porte de chalut Las Ventas\"><img loading=\"lazy\" decoding=\"async\" width=\"591\" height=\"478\" src=\"https:\/\/lasventastour.com\/wp-content\/uploads\/2023\/12\/puerta-de-arrastre.webp\" class=\"attachment-large size-large wp-post-image\" alt=\"Foire taurine de San Isidro Madrid\" srcset=\"https:\/\/lasventastour.com\/wp-content\/uploads\/2023\/12\/puerta-de-arrastre.webp 591w, https:\/\/lasventastour.com\/wp-content\/uploads\/2023\/12\/puerta-de-arrastre-300x243.webp 300w\" sizes=\"auto, (max-width: 591px) 100vw, 591px\" \/><\/a><\/div><div class=\"w-vwrapper usg_vwrapper_1 has_text_color align_none valign_top\"><div class=\"w-hwrapper usg_hwrapper_1 has_text_color align_none valign_top wrap\"><div class=\"w-post-elm post_taxonomy usg_post_taxonomy_1 style_simple\"><a class=\"term-43 term-curiosites\" href=\"https:\/\/lasventastour.com\/fr\/category\/curiosites\/\"><span class=\"w-btn-label\">Curiosit\u00e9s<\/span><\/a><\/div><time class=\"w-post-elm post_date usg_post_date_1 entry-date published\" datetime=\"2023-12-18T15:26:02+00:00\" title=\"18 d\u00e9cembre 2023 \u00e0 15:26:02 +00:00\">il y a 2 ans<\/time><\/div><h2 class=\"w-post-elm post_title usg_post_title_1 has_text_color entry-title color_link_inherit\"><a href=\"https:\/\/lasventastour.com\/fr\/la-porte-de-derriere\/\">Porte de chalut Las Ventas<\/a><\/h2><\/div>\t\t<\/div>\r\n\t\t\t<\/article>\r\n\t<article class=\"w-grid-item post-3012 post type-post status-publish format-standard has-post-thumbnail hentry category-curiosites\" data-id=\"3012\">\r\n\t\t<div class=\"w-grid-item-h\">\r\n\t\t\t\t\t\t<div class=\"w-post-elm post_image usg_post_image_1 stretched\"><a href=\"https:\/\/lasventastour.com\/fr\/corrida-virtuelle\/\" aria-label=\"Corrida virtuelle\"><img loading=\"lazy\" decoding=\"async\" width=\"1024\" height=\"576\" src=\"https:\/\/lasventastour.com\/wp-content\/uploads\/2023\/12\/toreo_virtual_2-1024x576.jpg\" class=\"attachment-large size-large wp-post-image\" alt=\"the bullfighting parade\" srcset=\"https:\/\/lasventastour.com\/wp-content\/uploads\/2023\/12\/toreo_virtual_2-1024x576.jpg 1024w, https:\/\/lasventastour.com\/wp-content\/uploads\/2023\/12\/toreo_virtual_2-600x337.jpg 600w, https:\/\/lasventastour.com\/wp-content\/uploads\/2023\/12\/toreo_virtual_2-300x169.jpg 300w, https:\/\/lasventastour.com\/wp-content\/uploads\/2023\/12\/toreo_virtual_2.jpg 1300w\" sizes=\"auto, (max-width: 1024px) 100vw, 1024px\" \/><\/a><\/div><div class=\"w-vwrapper usg_vwrapper_1 has_text_color align_none valign_top\"><div class=\"w-hwrapper usg_hwrapper_1 has_text_color align_none valign_top wrap\"><div class=\"w-post-elm post_taxonomy usg_post_taxonomy_1 style_simple\"><a class=\"term-43 term-curiosites\" href=\"https:\/\/lasventastour.com\/fr\/category\/curiosites\/\"><span class=\"w-btn-label\">Curiosit\u00e9s<\/span><\/a><\/div><time class=\"w-post-elm post_date usg_post_date_1 entry-date published\" datetime=\"2023-12-14T15:20:51+00:00\" title=\"14 d\u00e9cembre 2023 \u00e0 15:20:51 +00:00\">il y a 2 ans<\/time><\/div><h2 class=\"w-post-elm post_title usg_post_title_1 has_text_color entry-title color_link_inherit\"><a href=\"https:\/\/lasventastour.com\/fr\/corrida-virtuelle\/\">Corrida virtuelle<\/a><\/h2><\/div>\t\t<\/div>\r\n\t\t\t<\/article>\r\n<\/div><div class=\"w-grid-carousel-json hidden\" onclick='return {&quot;carousel_settings&quot;:{&quot;aria_labels&quot;:{&quot;prev&quot;:&quot;Pr\\u00e9c\\u00e9dent&quot;,&quot;next&quot;:&quot;Suivant&quot;},&quot;autoplayContinual&quot;:false,&quot;autoplayHoverPause&quot;:false,&quot;autoplayTimeout&quot;:6000,&quot;autoWidth&quot;:false,&quot;smartSpeed&quot;:350,&quot;margin&quot;:0,&quot;mouseDrag&quot;:true,&quot;rtl&quot;:false,&quot;slideBy&quot;:&quot;1&quot;,&quot;touchDrag&quot;:true,&quot;slideTransition&quot;:&quot;&quot;,&quot;responsive&quot;:{&quot;0&quot;:{&quot;autoHeight&quot;:false,&quot;autoplay&quot;:true,&quot;autoWidth&quot;:false,&quot;center&quot;:false,&quot;dots&quot;:true,&quot;items&quot;:1,&quot;loop&quot;:true,&quot;nav&quot;:false,&quot;stagePadding&quot;:0,&quot;slideBy&quot;:&quot;1&quot;},&quot;601&quot;:{&quot;autoHeight&quot;:false,&quot;autoplay&quot;:true,&quot;autoWidth&quot;:false,&quot;center&quot;:false,&quot;dots&quot;:true,&quot;items&quot;:2,&quot;loop&quot;:true,&quot;nav&quot;:true,&quot;stagePadding&quot;:0,&quot;slideBy&quot;:&quot;1&quot;},&quot;1025&quot;:{&quot;autoHeight&quot;:false,&quot;autoplay&quot;:true,&quot;autoWidth&quot;:false,&quot;center&quot;:false,&quot;dots&quot;:true,&quot;items&quot;:3,&quot;loop&quot;:true,&quot;nav&quot;:true,&quot;stagePadding&quot;:0,&quot;slideBy&quot;:&quot;1&quot;},&quot;1381&quot;:{&quot;items&quot;:3,&quot;autoplay&quot;:true,&quot;center&quot;:false,&quot;dots&quot;:true,&quot;nav&quot;:true,&quot;autoHeight&quot;:false,&quot;autoWidth&quot;:false,&quot;loop&quot;:true,&quot;stagePadding&quot;:0}}}}'><\/div><\/div><\/div><\/div><\/div><\/div><\/section>\n","protected":false},"excerpt":{"rendered":"Notre jeu innovant de Tauromachie Virtuelle r\u00e9unit toute l&rsquo;\u00e9motion qui entoure le monde de la tauromachie, de la bravoure et de l&rsquo;affronter la peur \u00e0 la plasticit\u00e9 de l&rsquo;art de la tauromachie, dans une exp\u00e9rience unique en R\u00e9alit\u00e9 Virtuelle Interactive. Vous pouvez d\u00e9sormais vous sentir comme un torero ! Gr\u00e2ce aux lunettes de r\u00e9alit\u00e9 virtuelle...","protected":false},"author":1,"featured_media":0,"parent":0,"menu_order":0,"comment_status":"closed","ping_status":"closed","template":"","meta":{"footnotes":""},"class_list":["post-2215","page","type-page","status-publish","hentry"],"yoast_head":"<!-- This site is optimized with the Yoast SEO plugin v27.4 - https:\/\/yoast.com\/product\/yoast-seo-wordpress\/ -->\n<title>\u25b7 \u00c0 propos des ar\u00e8nes de Madrid | Architecture et histoire<\/title>\n<meta name=\"description\" content=\"D\u00e9couvrez tout ce que vous devez savoir sur les ar\u00e8nes de Las Ventas: Photographies et informations int\u00e9ressantes sur les ar\u00e8nes\" \/>\n<meta name=\"robots\" content=\"index, follow, max-snippet:-1, max-image-preview:large, max-video-preview:-1\" \/>\n<link rel=\"canonical\" href=\"https:\/\/lasventastour.com\/fr\/histoire-de-larene\/\" \/>\n<meta property=\"og:locale\" content=\"fr_FR\" \/>\n<meta property=\"og:type\" content=\"article\" \/>\n<meta property=\"og:title\" content=\"\u25b7 \u00c0 propos des ar\u00e8nes de Madrid | Architecture et histoire\" \/>\n<meta property=\"og:description\" content=\"D\u00e9couvrez tout ce que vous devez savoir sur les ar\u00e8nes de Las Ventas: Photographies et informations int\u00e9ressantes sur les ar\u00e8nes\" \/>\n<meta property=\"og:url\" content=\"https:\/\/lasventastour.com\/fr\/histoire-de-larene\/\" \/>\n<meta property=\"og:site_name\" content=\"Las Ventas Tour\" \/>\n<meta property=\"article:modified_time\" content=\"2025-09-16T11:18:16+00:00\" \/>\n<meta property=\"og:image\" content=\"https:\/\/lasventastour.com\/wp-content\/uploads\/2023\/12\/paseillo-en-las-ventas.webp\" \/>\n\t<meta property=\"og:image:width\" content=\"511\" \/>\n\t<meta property=\"og:image:height\" content=\"280\" \/>\n\t<meta property=\"og:image:type\" content=\"image\/webp\" \/>\n<meta name=\"twitter:card\" content=\"summary_large_image\" \/>\n<meta name=\"twitter:label1\" content=\"Dur\u00e9e de lecture estim\u00e9e\" \/>\n\t<meta name=\"twitter:data1\" content=\"7 minutes\" \/>\n<script type=\"application\/ld+json\" class=\"yoast-schema-graph\">{\"@context\":\"https:\\\/\\\/schema.org\",\"@graph\":[{\"@type\":\"WebPage\",\"@id\":\"https:\\\/\\\/lasventastour.com\\\/fr\\\/histoire-de-larene\\\/\",\"url\":\"https:\\\/\\\/lasventastour.com\\\/fr\\\/histoire-de-larene\\\/\",\"name\":\"\u25b7 \u00c0 propos des ar\u00e8nes de Madrid | Architecture et histoire\",\"isPartOf\":{\"@id\":\"https:\\\/\\\/lasventastour.com\\\/fr\\\/#website\"},\"datePublished\":\"2023-10-02T09:36:49+00:00\",\"dateModified\":\"2025-09-16T11:18:16+00:00\",\"description\":\"D\u00e9couvrez tout ce que vous devez savoir sur les ar\u00e8nes de Las Ventas: Photographies et informations int\u00e9ressantes sur les ar\u00e8nes\",\"breadcrumb\":{\"@id\":\"https:\\\/\\\/lasventastour.com\\\/fr\\\/histoire-de-larene\\\/#breadcrumb\"},\"inLanguage\":\"fr-FR\",\"potentialAction\":[{\"@type\":\"ReadAction\",\"target\":[\"https:\\\/\\\/lasventastour.com\\\/fr\\\/histoire-de-larene\\\/\"]}]},{\"@type\":\"BreadcrumbList\",\"@id\":\"https:\\\/\\\/lasventastour.com\\\/fr\\\/histoire-de-larene\\\/#breadcrumb\",\"itemListElement\":[{\"@type\":\"ListItem\",\"position\":1,\"name\":\"Portada\",\"item\":\"https:\\\/\\\/lasventastour.com\\\/fr\\\/\"},{\"@type\":\"ListItem\",\"position\":2,\"name\":\"Histoire des Ar\u00e8nes\"}]},{\"@type\":\"WebSite\",\"@id\":\"https:\\\/\\\/lasventastour.com\\\/fr\\\/#website\",\"url\":\"https:\\\/\\\/lasventastour.com\\\/fr\\\/\",\"name\":\"Las Ventas Tour\",\"description\":\"Tour Las Ventas | Plaza de Toros de Madrid | Web Oficial\",\"publisher\":{\"@id\":\"https:\\\/\\\/lasventastour.com\\\/fr\\\/#organization\"},\"alternateName\":\"Las Ventas Tour\",\"potentialAction\":[{\"@type\":\"SearchAction\",\"target\":{\"@type\":\"EntryPoint\",\"urlTemplate\":\"https:\\\/\\\/lasventastour.com\\\/fr\\\/?s={search_term_string}\"},\"query-input\":{\"@type\":\"PropertyValueSpecification\",\"valueRequired\":true,\"valueName\":\"search_term_string\"}}],\"inLanguage\":\"fr-FR\"},{\"@type\":\"Organization\",\"@id\":\"https:\\\/\\\/lasventastour.com\\\/fr\\\/#organization\",\"name\":\"Las Ventas Tour\",\"alternateName\":\"Las Ventas Tour\",\"url\":\"https:\\\/\\\/lasventastour.com\\\/fr\\\/\",\"logo\":{\"@type\":\"ImageObject\",\"inLanguage\":\"fr-FR\",\"@id\":\"https:\\\/\\\/lasventastour.com\\\/fr\\\/#\\\/schema\\\/logo\\\/image\\\/\",\"url\":\"https:\\\/\\\/lasventastour.com\\\/wp-content\\\/uploads\\\/2024\\\/09\\\/cropped-Logo-Las-Ventas-1.webp\",\"contentUrl\":\"https:\\\/\\\/lasventastour.com\\\/wp-content\\\/uploads\\\/2024\\\/09\\\/cropped-Logo-Las-Ventas-1.webp\",\"width\":512,\"height\":512,\"caption\":\"Las Ventas Tour\"},\"image\":{\"@id\":\"https:\\\/\\\/lasventastour.com\\\/fr\\\/#\\\/schema\\\/logo\\\/image\\\/\"},\"sameAs\":[\"https:\\\/\\\/www.instagram.com\\\/lasventastour\\\/\"]}]}<\/script>\n<!-- \/ Yoast SEO plugin. -->","yoast_head_json":{"title":"\u25b7 \u00c0 propos des ar\u00e8nes de Madrid | Architecture et histoire","description":"D\u00e9couvrez tout ce que vous devez savoir sur les ar\u00e8nes de Las Ventas: Photographies et informations int\u00e9ressantes sur les ar\u00e8nes","robots":{"index":"index","follow":"follow","max-snippet":"max-snippet:-1","max-image-preview":"max-image-preview:large","max-video-preview":"max-video-preview:-1"},"canonical":"https:\/\/lasventastour.com\/fr\/histoire-de-larene\/","og_locale":"fr_FR","og_type":"article","og_title":"\u25b7 \u00c0 propos des ar\u00e8nes de Madrid | Architecture et histoire","og_description":"D\u00e9couvrez tout ce que vous devez savoir sur les ar\u00e8nes de Las Ventas: Photographies et informations int\u00e9ressantes sur les ar\u00e8nes","og_url":"https:\/\/lasventastour.com\/fr\/histoire-de-larene\/","og_site_name":"Las Ventas Tour","article_modified_time":"2025-09-16T11:18:16+00:00","og_image":[{"width":511,"height":280,"url":"https:\/\/lasventastour.com\/wp-content\/uploads\/2023\/12\/paseillo-en-las-ventas.webp","type":"image\/webp"}],"twitter_card":"summary_large_image","twitter_misc":{"Dur\u00e9e de lecture estim\u00e9e":"7 minutes"},"schema":{"@context":"https:\/\/schema.org","@graph":[{"@type":"WebPage","@id":"https:\/\/lasventastour.com\/fr\/histoire-de-larene\/","url":"https:\/\/lasventastour.com\/fr\/histoire-de-larene\/","name":"\u25b7 \u00c0 propos des ar\u00e8nes de Madrid | Architecture et histoire","isPartOf":{"@id":"https:\/\/lasventastour.com\/fr\/#website"},"datePublished":"2023-10-02T09:36:49+00:00","dateModified":"2025-09-16T11:18:16+00:00","description":"D\u00e9couvrez tout ce que vous devez savoir sur les ar\u00e8nes de Las Ventas: Photographies et informations int\u00e9ressantes sur les ar\u00e8nes","breadcrumb":{"@id":"https:\/\/lasventastour.com\/fr\/histoire-de-larene\/#breadcrumb"},"inLanguage":"fr-FR","potentialAction":[{"@type":"ReadAction","target":["https:\/\/lasventastour.com\/fr\/histoire-de-larene\/"]}]},{"@type":"BreadcrumbList","@id":"https:\/\/lasventastour.com\/fr\/histoire-de-larene\/#breadcrumb","itemListElement":[{"@type":"ListItem","position":1,"name":"Portada","item":"https:\/\/lasventastour.com\/fr\/"},{"@type":"ListItem","position":2,"name":"Histoire des Ar\u00e8nes"}]},{"@type":"WebSite","@id":"https:\/\/lasventastour.com\/fr\/#website","url":"https:\/\/lasventastour.com\/fr\/","name":"Las Ventas Tour","description":"Tour Las Ventas | Plaza de Toros de Madrid | Web Oficial","publisher":{"@id":"https:\/\/lasventastour.com\/fr\/#organization"},"alternateName":"Las Ventas Tour","potentialAction":[{"@type":"SearchAction","target":{"@type":"EntryPoint","urlTemplate":"https:\/\/lasventastour.com\/fr\/?s={search_term_string}"},"query-input":{"@type":"PropertyValueSpecification","valueRequired":true,"valueName":"search_term_string"}}],"inLanguage":"fr-FR"},{"@type":"Organization","@id":"https:\/\/lasventastour.com\/fr\/#organization","name":"Las Ventas Tour","alternateName":"Las Ventas Tour","url":"https:\/\/lasventastour.com\/fr\/","logo":{"@type":"ImageObject","inLanguage":"fr-FR","@id":"https:\/\/lasventastour.com\/fr\/#\/schema\/logo\/image\/","url":"https:\/\/lasventastour.com\/wp-content\/uploads\/2024\/09\/cropped-Logo-Las-Ventas-1.webp","contentUrl":"https:\/\/lasventastour.com\/wp-content\/uploads\/2024\/09\/cropped-Logo-Las-Ventas-1.webp","width":512,"height":512,"caption":"Las Ventas Tour"},"image":{"@id":"https:\/\/lasventastour.com\/fr\/#\/schema\/logo\/image\/"},"sameAs":["https:\/\/www.instagram.com\/lasventastour\/"]}]}},"_links":{"self":[{"href":"https:\/\/lasventastour.com\/fr\/wp-json\/wp\/v2\/pages\/2215","targetHints":{"allow":["GET"]}}],"collection":[{"href":"https:\/\/lasventastour.com\/fr\/wp-json\/wp\/v2\/pages"}],"about":[{"href":"https:\/\/lasventastour.com\/fr\/wp-json\/wp\/v2\/types\/page"}],"author":[{"embeddable":true,"href":"https:\/\/lasventastour.com\/fr\/wp-json\/wp\/v2\/users\/1"}],"replies":[{"embeddable":true,"href":"https:\/\/lasventastour.com\/fr\/wp-json\/wp\/v2\/comments?post=2215"}],"version-history":[{"count":11,"href":"https:\/\/lasventastour.com\/fr\/wp-json\/wp\/v2\/pages\/2215\/revisions"}],"predecessor-version":[{"id":5085,"href":"https:\/\/lasventastour.com\/fr\/wp-json\/wp\/v2\/pages\/2215\/revisions\/5085"}],"wp:attachment":[{"href":"https:\/\/lasventastour.com\/fr\/wp-json\/wp\/v2\/media?parent=2215"}],"curies":[{"name":"wp","href":"https:\/\/api.w.org\/{rel}","templated":true}]}}