{"id":2131,"date":"2023-09-27T13:48:55","date_gmt":"2023-09-27T13:48:55","guid":{"rendered":"https:\/\/lasventastour.com\/fahrplaene\/"},"modified":"2026-03-13T14:20:34","modified_gmt":"2026-03-13T14:20:34","slug":"oeffnungszeiten","status":"publish","type":"page","link":"https:\/\/lasventastour.com\/de\/oeffnungszeiten\/","title":{"rendered":"Fahrpl\u00e4ne"},"content":{"rendered":"<section class=\"l-section wpb_row us_custom_eef79b84 height_medium with_shape\"><div class=\"l-section-shape type_custom pos_bottom hor_flip\" style=\"height:40%;\"><svg xmlns=\"http:\/\/www.w3.org\/2000\/svg\" viewBox=\"0 0 64 8\" preserveAspectRatio=\"none\" width=\"100%\" height=\"100%\">\r\n\t<path fill=\"currentColor\" d=\"M64 8 L0 8 L0 0 L64 0 Z\"\/>\r\n<\/svg><\/div><div class=\"l-section-h i-cf\"><div class=\"g-cols vc_row via_grid cols_1 laptops-cols_inherit tablets-cols_inherit mobiles-cols_1 valign_top type_default stacking_default\"><div class=\"wpb_column vc_column_container\"><div class=\"vc_column-inner\"><h1 class=\"w-text us_custom_eb849559\"><span class=\"w-text-h\"><span class=\"w-text-value\">\u00d6ffnungszeiten \u2013 Tour durch die Stierkampfarena von Madrid<\/span><\/span><\/h1><div class=\"w-separator size_medium\"><\/div><div class=\"g-cols wpb_row us_custom_d3ffd6e9 via_grid cols_2-1 laptops-cols_3-2 tablets-cols_1 mobiles-cols_1 valign_middle type_default stacking_default\" style=\"--columns-gap:0rem;\"><div class=\"wpb_column vc_column_container us_custom_c25dae36\"><div class=\"vc_column-inner\"><h3 class=\"w-text\"><span class=\"w-text-h\"><span class=\"w-text-value\">Besuchstage<\/span><\/span><\/h3><div class=\"wpb_text_column\"><div class=\"wpb_wrapper\"><ul>\n<li><strong>April bis Oktober<\/strong><\/li>\n<\/ul>\n<p><strong>Ge\u00f6ffnet von Montag bis Sonntag von 10:00 bis 19:00 Uhr (letzter Einlass um 18:00 Uhr)*<\/strong><\/p>\n<p>*Ausgenommen Tage mit Stierk\u00e4mpfen (sonntags und w\u00e4hrend der Feria de San Isidro), an denen die Tour 3 Stunden vor Beginn der Veranstaltung endet.<\/p>\n<ul>\n<li><strong>November bis M\u00e4rz<\/strong><\/li>\n<\/ul>\n<p><strong>Ge\u00f6ffnet von Montag bis Sonntag von 10:00h - 18:00h (letzter Einlass 17:00h)<br \/>\n<\/strong><\/p>\n<p>*Ausgenommen Tage mit Stierk\u00e4mpfen (sonntags und w\u00e4hrend der Feria de San Isidro), an denen die Tour 3 Stunden vor Beginn der Veranstaltung endet.<\/p>\n<p><strong>*Samstag, 14. M\u00e4rz 10:00h - 17:00h (letzter Einlass um 16:00h)<\/strong><\/p>\n<\/div><\/div><div class=\"w-separator us_custom_da7ceeb3 size_small has_font_size with_line width_default thick_1 style_solid color_border align_none with_text with_content\"><div class=\"w-separator-h\"><h6 class=\"w-separator-text\"><span>Schlie\u00dftage<\/span><\/h6><\/div><\/div><div class=\"w-hwrapper valign_top wrap align_none\" style=\"--hwrapper-gap:1.2rem\"><div class=\"w-text\"><span class=\"w-text-h\"><span class=\"w-text-value\">12. Oktober<\/span><\/span><\/div><div class=\"w-text\"><span class=\"w-text-h\"><span class=\"w-text-value\">25. Dezember<\/span><\/span><\/div><div class=\"w-text\"><span class=\"w-text-h\"><span class=\"w-text-value\">1. Januar<\/span><\/span><\/div><\/div><\/div><\/div><div class=\"wpb_column vc_column_container us_custom_16085f45 has_bg_color\"><div class=\"vc_column-inner\"><div class=\"w-text us_custom_eb849559\"><span class=\"w-text-h\"><span class=\"w-text-value\">Besuchen Sie den Platz<\/span><\/span><\/div><div class=\"w-text us_custom_494b480a has_text_color\"><span class=\"w-text-h\"><span class=\"w-text-value\">Ab 16\u20ac.<\/span><\/span><\/div><div class=\"w-btn-wrapper align_justify\"><a class=\"w-btn us-btn-style_1\" target=\"_blank\" href=\"https:\/\/tickets.lasventastour.com\/es\"><span class=\"w-btn-label\">Besuch buchen<\/span><\/a><\/div><div class=\"w-separator size_custom\" style=\"height:1rem\"><\/div><\/div><\/div><\/div><\/div><\/div><\/div><\/div><\/section><section class=\"l-section wpb_row height_medium\"><div class=\"l-section-h i-cf\"><div class=\"g-cols vc_row via_grid cols_1 laptops-cols_inherit tablets-cols_inherit mobiles-cols_1 valign_top type_default stacking_default\"><div class=\"wpb_column vc_column_container\"><div class=\"vc_column-inner\"><div class=\"wpb_text_column\"><div class=\"wpb_wrapper\"><h3>Anmerkungen:<\/h3>\n<ul>\n<li>Aus organisatorischen Gr\u00fcnden kann die Tour ihre Route und ihren Zeitplan \u00e4ndern, wor\u00fcber der Besucher vor dem Zugang informiert wird. Wenn Sie Fragen haben, kontaktieren Sie uns bitte telefonisch unter Tel. Info:  <span> <\/span><a href=\"tel:34687739032\" target=\"_blank\" rel=\"noopener\">+34 687 73 90 32<\/a><\/li>\n<li>Die Las Ventas-Tour ist f\u00fcr Menschen mit Behinderungen und Rollstuhlfahrer zug\u00e4nglich.<\/li>\n<li>Der Ticketschalter ist bis 1 Stunde vor Schlie\u00dfung ge\u00f6ffnet.<\/li>\n<\/ul>\n<\/div><\/div><\/div><\/div><\/div><\/div><\/section><section class=\"l-section wpb_row height_medium\"><div class=\"l-section-h i-cf\"><div class=\"g-cols vc_row via_grid cols_1 laptops-cols_inherit tablets-cols_inherit mobiles-cols_1 valign_top type_default stacking_default\"><div class=\"wpb_column vc_column_container\"><div class=\"vc_column-inner\"><div class=\"wpb_text_column\"><div class=\"wpb_wrapper\"><h2>Arten von Besuchen, die Sie durchf\u00fchren k\u00f6nnen:<\/h2>\n<\/div><\/div><div class=\"w-separator size_medium\"><\/div><div class=\"g-cols wpb_row via_grid cols_3 laptops-cols_inherit tablets-cols_inherit mobiles-cols_1 valign_top type_default stacking_default\" style=\"--columns-gap:3rem;\"><div class=\"wpb_column vc_column_container\"><div class=\"vc_column-inner\"><div class=\"w-ibanner us_custom_2d937f4f has_text_color animation_phorcys ratio_3x2 easing_ease\"><a title=\"Besuchen Sie den Verkauf mit audiguia\" href=\"https:\/\/lasventastour.com\/de\/besuch-mit-audioguide\/\" aria-label=\"Audioguided Tour und immersive Erlebnisse\"><\/a><div class=\"w-ibanner-h\"><div class=\"w-ibanner-image\" style=\"background-image: url(https:\/\/lasventastour.com\/wp-content\/uploads\/2023\/09\/tour-Visita-individual.jpg)\"><\/div><div class=\"w-ibanner-content\"><div class=\"w-ibanner-content-h\"><h3 class=\"w-ibanner-title\">Audioguided Tour und immersive Erlebnisse<\/h3><div class=\"w-ibanner-desc\"><\/div><\/div><\/div><\/div><\/div><\/div><\/div><div class=\"wpb_column vc_column_container\"><div class=\"vc_column-inner\"><div class=\"w-ibanner us_custom_a10ddd82 has_text_color animation_phorcys ratio_3x2 easing_ease\"><a title=\"Tour Las Ventas mit privatem F\u00fchrer\" href=\"https:\/\/lasventastour.com\/de\/private-gefuehrte-besuche\/\" aria-label=\"VIP Tour mit privatem F\u00fchrer\"><\/a><div class=\"w-ibanner-h\"><div class=\"w-ibanner-image\" style=\"background-image: url(https:\/\/lasventastour.com\/wp-content\/uploads\/2023\/09\/tour-visitas-privadas.jpg)\"><\/div><div class=\"w-ibanner-content\"><div class=\"w-ibanner-content-h\"><h3 class=\"w-ibanner-title\">VIP Tour mit privatem F\u00fchrer<\/h3><div class=\"w-ibanner-desc\"><\/div><\/div><\/div><\/div><\/div><\/div><\/div><div class=\"wpb_column vc_column_container\"><div class=\"vc_column-inner\"><div class=\"w-ibanner us_custom_a10ddd82 has_text_color animation_phorcys ratio_3x2 easing_ease\"><a title=\"Tournee-Verkaufsgruppen\" href=\"https:\/\/lasventastour.com\/es\/visita-guiada-grupos\/\" aria-label=\"Gef\u00fchrte Gruppenreisen\"><\/a><div class=\"w-ibanner-h\"><div class=\"w-ibanner-image\" style=\"background-image: url(https:\/\/lasventastour.com\/wp-content\/uploads\/2023\/09\/tour-visitas-grupales.jpg)\"><\/div><div class=\"w-ibanner-content\"><div class=\"w-ibanner-content-h\"><h3 class=\"w-ibanner-title\">Gef\u00fchrte Gruppenreisen<\/h3><div class=\"w-ibanner-desc\"><\/div><\/div><\/div><\/div><\/div><\/div><\/div><\/div><\/div><\/div><\/div><\/div><\/section>\n","protected":false},"excerpt":{"rendered":"\u00d6ffnungszeiten \u2013 Tour durch die Stierkampfarena von MadridBesuchstage April bis Oktober Ge\u00f6ffnet von Montag bis Sonntag von 10:00 bis 19:00 Uhr (letzter Einlass um 18:00 Uhr)* *Ausgenommen Tage mit Stierk\u00e4mpfen (sonntags und w\u00e4hrend der Feria de San Isidro), an denen die Tour 3 Stunden vor Beginn der Veranstaltung endet. November bis M\u00e4rz Ge\u00f6ffnet von Montag...","protected":false},"author":1,"featured_media":0,"parent":0,"menu_order":0,"comment_status":"closed","ping_status":"closed","template":"","meta":{"footnotes":""},"class_list":["post-2131","page","type-page","status-publish","hentry"],"yoast_head":"<!-- This site is optimized with the Yoast SEO plugin v27.5 - https:\/\/yoast.com\/product\/yoast-seo-wordpress\/ -->\n<title>\u25b7 Fahrpl\u00e4ne | Tour Plaza de Toros Las Ventas Madrid [Offizielle Website] [Offizielle Website].<\/title>\n<meta name=\"description\" content=\"Besuchen Sie die Plaza de Toros de Las Ventas in Madrid | Informieren Sie sich vor Ihrem Besuch \u00fcber die \u00d6ffnungs- und Schlie\u00dfzeiten der Las Ventas Tour.\" \/>\n<meta name=\"robots\" content=\"index, follow, max-snippet:-1, max-image-preview:large, max-video-preview:-1\" \/>\n<link rel=\"canonical\" href=\"https:\/\/lasventastour.com\/de\/oeffnungszeiten\/\" \/>\n<meta property=\"og:locale\" content=\"de_DE\" \/>\n<meta property=\"og:type\" content=\"article\" \/>\n<meta property=\"og:title\" content=\"\u25b7 Fahrpl\u00e4ne | Tour Plaza de Toros Las Ventas Madrid [Offizielle Website] [Offizielle Website].\" \/>\n<meta property=\"og:description\" content=\"Besuchen Sie die Plaza de Toros de Las Ventas in Madrid | Informieren Sie sich vor Ihrem Besuch \u00fcber die \u00d6ffnungs- und Schlie\u00dfzeiten der Las Ventas Tour.\" \/>\n<meta property=\"og:url\" content=\"https:\/\/lasventastour.com\/de\/oeffnungszeiten\/\" \/>\n<meta property=\"og:site_name\" content=\"Las Ventas Tour\" \/>\n<meta property=\"article:modified_time\" content=\"2026-03-13T14:20:34+00:00\" \/>\n<meta property=\"og:image\" content=\"https:\/\/lasventastour.com\/wp-content\/uploads\/2023\/12\/paseillo-en-las-ventas.webp\" \/>\n\t<meta property=\"og:image:width\" content=\"511\" \/>\n\t<meta property=\"og:image:height\" content=\"280\" \/>\n\t<meta property=\"og:image:type\" content=\"image\/webp\" \/>\n<meta name=\"twitter:card\" content=\"summary_large_image\" \/>\n<meta name=\"twitter:label1\" content=\"Gesch\u00e4tzte Lesezeit\" \/>\n\t<meta name=\"twitter:data1\" content=\"1\u00a0Minute\" \/>\n<script type=\"application\/ld+json\" class=\"yoast-schema-graph\">{\"@context\":\"https:\\\/\\\/schema.org\",\"@graph\":[{\"@type\":\"WebPage\",\"@id\":\"https:\\\/\\\/lasventastour.com\\\/de\\\/oeffnungszeiten\\\/\",\"url\":\"https:\\\/\\\/lasventastour.com\\\/de\\\/oeffnungszeiten\\\/\",\"name\":\"\u25b7 Fahrpl\u00e4ne | Tour Plaza de Toros Las Ventas Madrid [Offizielle Website] [Offizielle Website].\",\"isPartOf\":{\"@id\":\"https:\\\/\\\/lasventastour.com\\\/de\\\/#website\"},\"datePublished\":\"2023-09-27T13:48:55+00:00\",\"dateModified\":\"2026-03-13T14:20:34+00:00\",\"description\":\"Besuchen Sie die Plaza de Toros de Las Ventas in Madrid | Informieren Sie sich vor Ihrem Besuch \u00fcber die \u00d6ffnungs- und Schlie\u00dfzeiten der Las Ventas Tour.\",\"breadcrumb\":{\"@id\":\"https:\\\/\\\/lasventastour.com\\\/de\\\/oeffnungszeiten\\\/#breadcrumb\"},\"inLanguage\":\"de\",\"potentialAction\":[{\"@type\":\"ReadAction\",\"target\":[\"https:\\\/\\\/lasventastour.com\\\/de\\\/oeffnungszeiten\\\/\"]}]},{\"@type\":\"BreadcrumbList\",\"@id\":\"https:\\\/\\\/lasventastour.com\\\/de\\\/oeffnungszeiten\\\/#breadcrumb\",\"itemListElement\":[{\"@type\":\"ListItem\",\"position\":1,\"name\":\"Portada\",\"item\":\"https:\\\/\\\/lasventastour.com\\\/de\\\/\"},{\"@type\":\"ListItem\",\"position\":2,\"name\":\"Fahrpl\u00e4ne\"}]},{\"@type\":\"WebSite\",\"@id\":\"https:\\\/\\\/lasventastour.com\\\/de\\\/#website\",\"url\":\"https:\\\/\\\/lasventastour.com\\\/de\\\/\",\"name\":\"Las Ventas Tour\",\"description\":\"Tour Las Ventas | Plaza de Toros de Madrid | Web Oficial\",\"publisher\":{\"@id\":\"https:\\\/\\\/lasventastour.com\\\/de\\\/#organization\"},\"alternateName\":\"Las Ventas Tour\",\"potentialAction\":[{\"@type\":\"SearchAction\",\"target\":{\"@type\":\"EntryPoint\",\"urlTemplate\":\"https:\\\/\\\/lasventastour.com\\\/de\\\/?s={search_term_string}\"},\"query-input\":{\"@type\":\"PropertyValueSpecification\",\"valueRequired\":true,\"valueName\":\"search_term_string\"}}],\"inLanguage\":\"de\"},{\"@type\":\"Organization\",\"@id\":\"https:\\\/\\\/lasventastour.com\\\/de\\\/#organization\",\"name\":\"Las Ventas Tour\",\"alternateName\":\"Las Ventas Tour\",\"url\":\"https:\\\/\\\/lasventastour.com\\\/de\\\/\",\"logo\":{\"@type\":\"ImageObject\",\"inLanguage\":\"de\",\"@id\":\"https:\\\/\\\/lasventastour.com\\\/de\\\/#\\\/schema\\\/logo\\\/image\\\/\",\"url\":\"https:\\\/\\\/lasventastour.com\\\/wp-content\\\/uploads\\\/2024\\\/09\\\/cropped-Logo-Las-Ventas-1.webp\",\"contentUrl\":\"https:\\\/\\\/lasventastour.com\\\/wp-content\\\/uploads\\\/2024\\\/09\\\/cropped-Logo-Las-Ventas-1.webp\",\"width\":512,\"height\":512,\"caption\":\"Las Ventas Tour\"},\"image\":{\"@id\":\"https:\\\/\\\/lasventastour.com\\\/de\\\/#\\\/schema\\\/logo\\\/image\\\/\"},\"sameAs\":[\"https:\\\/\\\/www.instagram.com\\\/lasventastour\\\/\"]}]}<\/script>\n<!-- \/ Yoast SEO plugin. -->","yoast_head_json":{"title":"\u25b7 Fahrpl\u00e4ne | Tour Plaza de Toros Las Ventas Madrid [Offizielle Website] [Offizielle Website].","description":"Besuchen Sie die Plaza de Toros de Las Ventas in Madrid | Informieren Sie sich vor Ihrem Besuch \u00fcber die \u00d6ffnungs- und Schlie\u00dfzeiten der Las Ventas Tour.","robots":{"index":"index","follow":"follow","max-snippet":"max-snippet:-1","max-image-preview":"max-image-preview:large","max-video-preview":"max-video-preview:-1"},"canonical":"https:\/\/lasventastour.com\/de\/oeffnungszeiten\/","og_locale":"de_DE","og_type":"article","og_title":"\u25b7 Fahrpl\u00e4ne | Tour Plaza de Toros Las Ventas Madrid [Offizielle Website] [Offizielle Website].","og_description":"Besuchen Sie die Plaza de Toros de Las Ventas in Madrid | Informieren Sie sich vor Ihrem Besuch \u00fcber die \u00d6ffnungs- und Schlie\u00dfzeiten der Las Ventas Tour.","og_url":"https:\/\/lasventastour.com\/de\/oeffnungszeiten\/","og_site_name":"Las Ventas Tour","article_modified_time":"2026-03-13T14:20:34+00:00","og_image":[{"width":511,"height":280,"url":"https:\/\/lasventastour.com\/wp-content\/uploads\/2023\/12\/paseillo-en-las-ventas.webp","type":"image\/webp"}],"twitter_card":"summary_large_image","twitter_misc":{"Gesch\u00e4tzte Lesezeit":"1\u00a0Minute"},"schema":{"@context":"https:\/\/schema.org","@graph":[{"@type":"WebPage","@id":"https:\/\/lasventastour.com\/de\/oeffnungszeiten\/","url":"https:\/\/lasventastour.com\/de\/oeffnungszeiten\/","name":"\u25b7 Fahrpl\u00e4ne | Tour Plaza de Toros Las Ventas Madrid [Offizielle Website] [Offizielle Website].","isPartOf":{"@id":"https:\/\/lasventastour.com\/de\/#website"},"datePublished":"2023-09-27T13:48:55+00:00","dateModified":"2026-03-13T14:20:34+00:00","description":"Besuchen Sie die Plaza de Toros de Las Ventas in Madrid | Informieren Sie sich vor Ihrem Besuch \u00fcber die \u00d6ffnungs- und Schlie\u00dfzeiten der Las Ventas Tour.","breadcrumb":{"@id":"https:\/\/lasventastour.com\/de\/oeffnungszeiten\/#breadcrumb"},"inLanguage":"de","potentialAction":[{"@type":"ReadAction","target":["https:\/\/lasventastour.com\/de\/oeffnungszeiten\/"]}]},{"@type":"BreadcrumbList","@id":"https:\/\/lasventastour.com\/de\/oeffnungszeiten\/#breadcrumb","itemListElement":[{"@type":"ListItem","position":1,"name":"Portada","item":"https:\/\/lasventastour.com\/de\/"},{"@type":"ListItem","position":2,"name":"Fahrpl\u00e4ne"}]},{"@type":"WebSite","@id":"https:\/\/lasventastour.com\/de\/#website","url":"https:\/\/lasventastour.com\/de\/","name":"Las Ventas Tour","description":"Tour Las Ventas | Plaza de Toros de Madrid | Web Oficial","publisher":{"@id":"https:\/\/lasventastour.com\/de\/#organization"},"alternateName":"Las Ventas Tour","potentialAction":[{"@type":"SearchAction","target":{"@type":"EntryPoint","urlTemplate":"https:\/\/lasventastour.com\/de\/?s={search_term_string}"},"query-input":{"@type":"PropertyValueSpecification","valueRequired":true,"valueName":"search_term_string"}}],"inLanguage":"de"},{"@type":"Organization","@id":"https:\/\/lasventastour.com\/de\/#organization","name":"Las Ventas Tour","alternateName":"Las Ventas Tour","url":"https:\/\/lasventastour.com\/de\/","logo":{"@type":"ImageObject","inLanguage":"de","@id":"https:\/\/lasventastour.com\/de\/#\/schema\/logo\/image\/","url":"https:\/\/lasventastour.com\/wp-content\/uploads\/2024\/09\/cropped-Logo-Las-Ventas-1.webp","contentUrl":"https:\/\/lasventastour.com\/wp-content\/uploads\/2024\/09\/cropped-Logo-Las-Ventas-1.webp","width":512,"height":512,"caption":"Las Ventas Tour"},"image":{"@id":"https:\/\/lasventastour.com\/de\/#\/schema\/logo\/image\/"},"sameAs":["https:\/\/www.instagram.com\/lasventastour\/"]}]}},"_links":{"self":[{"href":"https:\/\/lasventastour.com\/de\/wp-json\/wp\/v2\/pages\/2131","targetHints":{"allow":["GET"]}}],"collection":[{"href":"https:\/\/lasventastour.com\/de\/wp-json\/wp\/v2\/pages"}],"about":[{"href":"https:\/\/lasventastour.com\/de\/wp-json\/wp\/v2\/types\/page"}],"author":[{"embeddable":true,"href":"https:\/\/lasventastour.com\/de\/wp-json\/wp\/v2\/users\/1"}],"replies":[{"embeddable":true,"href":"https:\/\/lasventastour.com\/de\/wp-json\/wp\/v2\/comments?post=2131"}],"version-history":[{"count":45,"href":"https:\/\/lasventastour.com\/de\/wp-json\/wp\/v2\/pages\/2131\/revisions"}],"predecessor-version":[{"id":9750,"href":"https:\/\/lasventastour.com\/de\/wp-json\/wp\/v2\/pages\/2131\/revisions\/9750"}],"wp:attachment":[{"href":"https:\/\/lasventastour.com\/de\/wp-json\/wp\/v2\/media?parent=2131"}],"curies":[{"name":"wp","href":"https:\/\/api.w.org\/{rel}","templated":true}]}}